{"id":5478,"date":"2026-05-06T16:20:56","date_gmt":"2026-05-06T14:20:56","guid":{"rendered":"https:\/\/wiki.s12.at\/index.php\/naby-keita\/"},"modified":"2026-05-06T16:20:56","modified_gmt":"2026-05-06T14:20:56","slug":"naby-keita","status":"publish","type":"page","link":"https:\/\/wiki.s12.at\/index.php\/naby-keita\/","title":{"rendered":"Naby Keita"},"content":{"rendered":"<div class=\"mw-parser-output\">\n<div class=\"thumb tright\">\n<div class=\"thumbinner\" style=\"width:302px;\"><a href=\"\/Datei:FC_Red_Bull_Salzburg_vs._SV_Gr%C3%B6dig_01.JPG\" class=\"image\"><img fetchpriority=\"high\" alt=\"FC Red Bull Salzburg vs. SV Gr\u00f6dig 01.JPG\" src=\"\/images\/thumb\/1\/12\/FC_Red_Bull_Salzburg_vs._SV_Gr%C3%B6dig_01.JPG\/330px-FC_Red_Bull_Salzburg_vs._SV_Gr%C3%B6dig_01.JPG%3Futm_source%3Dcommons.wikimedia.org%26utm_campaign%3Dimageinfo%26utm_content%3Dthumbnail\" decoding=\"async\" width=\"300\" height=\"579\" class=\"thumbimage\" srcset=\"\/images\/thumb\/1\/12\/FC_Red_Bull_Salzburg_vs._SV_Gr%C3%B6dig_01.JPG\/500px-FC_Red_Bull_Salzburg_vs._SV_Gr%C3%B6dig_01.JPG%3Futm_source%3Dcommons.wikimedia.org%26utm_campaign%3Dimageinfo%26utm_content%3Dthumbnail 1.5x, \/images\/thumb\/1\/12\/FC_Red_Bull_Salzburg_vs._SV_Gr%C3%B6dig_01.JPG\/FC_Red_Bull_Salzburg_vs._SV_Gr%C3%B6dig_01.JPG%3Futm_source%3Dcommons.wikimedia.org%26utm_campaign%3Dimageinfo%26utm_content%3Dthumbnail_unscaled 2x\" \/><\/a>  <\/p>\n<div class=\"thumbcaption\">\n<div class=\"magnify\"><a href=\"\/Datei:FC_Red_Bull_Salzburg_vs._SV_Gr%C3%B6dig_01.JPG\" class=\"internal\" title=\"vergr\u00f6\u00dfern\"><\/a><\/div>\n<\/div>\n<\/div>\n<\/div>\n<ul>\n<li>Name: <b>Naby Keita<\/b><\/li>\n<li>Vollst\u00e4ndiger Name:Naby Deco Keita<\/li>\n<li>Geburtstag: 10. Februar 1995<\/li>\n<li>Geburtsort:  Conakry<\/li>\n<li>Nationalit\u00e4t: Guinea<\/li>\n<li>Gr\u00f6\u00dfe:172 cm<\/li>\n<li>R\u00fcckennummer:8<\/li>\n<li>Position:Mittelfeld<\/li>\n<\/ul>\n<h2><span class=\"mw-headline\" id=\"Stationen\">Stationen<\/span><a href=\"\/index.php?title=Naby_Keita&amp;action=edit&amp;section=1\" title=\"Abschnitt bearbeiten: Stationen\">Bearbeiten<\/a><span class=\"mw-editsection-bracket\">]<\/span><\/span><\/h2>\n<ul>\n<li>FC Istres B<\/li>\n<li>FC Istres<\/li>\n<li>FC Red Bull Salzburg (2014- 2016)<\/li>\n<li>RB Leipzig<\/li>\n<\/ul>\n<h2><span class=\"mw-headline\" id=\"Erfolge_undEhrungen\">Erfolge undEhrungen<\/span><a href=\"\/index.php?title=Naby_Keita&amp;action=edit&amp;section=2\" title=\"Abschnitt bearbeiten: Erfolge undEhrungen\">Bearbeiten<\/a><span class=\"mw-editsection-bracket\">]<\/span><\/span><\/h2>\n<ul>\n<li>\u00d6sterreichischer meister 2015<\/li>\n<li>\u00d6sterreichischer Cupsieger 2015<\/li>\n<li>Guinea Fu\u00dfballer des Jahres 2015<\/li>\n<\/ul>\n<\/div>\n","protected":false},"excerpt":{"rendered":"<p>Name: Naby Keita Vollst\u00e4ndiger Name:Naby Deco Keita Geburtstag: 10. Februar 1995 Geburtsort: Conakry Nationalit\u00e4t: Guinea Gr\u00f6\u00dfe:172 cm R\u00fcckennummer:8 Position:Mittelfeld StationenBearbeiten] FC Istres B FC Istres FC Red Bull Salzburg (2014- 2016) RB Leipzig Erfolge undEhrungenBearbeiten] \u00d6sterreichischer meister 2015 \u00d6sterreichischer Cupsieger 2015 Guinea Fu\u00dfballer des Jahres 2015<\/p>\n","protected":false},"author":1,"featured_media":0,"parent":0,"menu_order":0,"comment_status":"closed","ping_status":"closed","template":"","meta":{"footnotes":""},"class_list":["post-5478","page","type-page","status-publish","hentry"],"_links":{"self":[{"href":"https:\/\/wiki.s12.at\/index.php\/wp-json\/wp\/v2\/pages\/5478","targetHints":{"allow":["GET"]}}],"collection":[{"href":"https:\/\/wiki.s12.at\/index.php\/wp-json\/wp\/v2\/pages"}],"about":[{"href":"https:\/\/wiki.s12.at\/index.php\/wp-json\/wp\/v2\/types\/page"}],"author":[{"embeddable":true,"href":"https:\/\/wiki.s12.at\/index.php\/wp-json\/wp\/v2\/users\/1"}],"replies":[{"embeddable":true,"href":"https:\/\/wiki.s12.at\/index.php\/wp-json\/wp\/v2\/comments?post=5478"}],"version-history":[{"count":0,"href":"https:\/\/wiki.s12.at\/index.php\/wp-json\/wp\/v2\/pages\/5478\/revisions"}],"wp:attachment":[{"href":"https:\/\/wiki.s12.at\/index.php\/wp-json\/wp\/v2\/media?parent=5478"}],"curies":[{"name":"wp","href":"https:\/\/api.w.org\/{rel}","templated":true}]}}