{"id":5461,"date":"2026-05-06T16:20:43","date_gmt":"2026-05-06T14:20:43","guid":{"rendered":"https:\/\/wiki.s12.at\/index.php\/mohammad-sadeqi\/"},"modified":"2026-05-06T16:20:43","modified_gmt":"2026-05-06T14:20:43","slug":"mohammad-sadeqi","status":"publish","type":"page","link":"https:\/\/wiki.s12.at\/index.php\/mohammad-sadeqi\/","title":{"rendered":"Mohammad Sadeqi"},"content":{"rendered":"<div class=\"mw-parser-output\">\n<div class=\"thumb tright\">\n<div class=\"thumbinner\" style=\"width:302px;\"><a href=\"\/Datei:FC_Liefering_vs._Young_Violets_Austria_Wien_(2023-06-04)_26.jpg\" class=\"image\"><img fetchpriority=\"high\" alt=\"FC Liefering vs. Young Violets Austria Wien (2023-06-04) 26.jpg\" src=\"\/images\/thumb\/7\/7c\/FC_Liefering_vs._Young_Violets_Austria_Wien_%282023-06-04%29_26.jpg\/330px-FC_Liefering_vs._Young_Violets_Austria_Wien_%282023-06-04%29_26.jpg%3Futm_source%3Dcommons.wikimedia.org%26utm_campaign%3Dimageinfo%26utm_content%3Dthumbnail\" decoding=\"async\" width=\"300\" height=\"335\" class=\"thumbimage\" srcset=\"\/images\/thumb\/7\/7c\/FC_Liefering_vs._Young_Violets_Austria_Wien_%282023-06-04%29_26.jpg\/500px-FC_Liefering_vs._Young_Violets_Austria_Wien_%282023-06-04%29_26.jpg%3Futm_source%3Dcommons.wikimedia.org%26utm_campaign%3Dimageinfo%26utm_content%3Dthumbnail 1.5x, \/images\/thumb\/7\/7c\/FC_Liefering_vs._Young_Violets_Austria_Wien_%282023-06-04%29_26.jpg\/960px-FC_Liefering_vs._Young_Violets_Austria_Wien_%282023-06-04%29_26.jpg%3Futm_source%3Dcommons.wikimedia.org%26utm_campaign%3Dimageinfo%26utm_content%3Dthumbnail 2x\" \/><\/a>  <\/p>\n<div class=\"thumbcaption\">\n<div class=\"magnify\"><a href=\"\/Datei:FC_Liefering_vs._Young_Violets_Austria_Wien_(2023-06-04)_26.jpg\" class=\"internal\" title=\"vergr\u00f6\u00dfern\"><\/a><\/div>\n<\/div>\n<\/div>\n<\/div>\n<ul>\n<li>Name: <b>Mohammad Sadeqi<\/b><\/li>\n<li>Geburtstag: 8. J\u00e4nner 2004<\/li>\n<li>Geburtsort:<\/li>\n<li>Nationalit\u00e4t: \u00d6sterreich<\/li>\n<li>Position: Mittelfeld<\/li>\n<\/ul>\n<h2><span class=\"mw-headline\" id=\"Stationen\">Stationen<\/span><a href=\"\/index.php?title=Mohammad_Sadeqi&amp;action=edit&amp;section=1\" title=\"Abschnitt bearbeiten: Stationen\">Bearbeiten<\/a><span class=\"mw-editsection-bracket\">]<\/span><\/span><\/h2>\n<ul>\n<li>SPG Roppen\/Karres Jugend<\/li>\n<li>Wacker Innsbruck Jugend<\/li>\n<li>FC Liefering Jugend<\/li>\n<li>Akademie Red Bull Salzburg U15, U16, U18<\/li>\n<li>FC Liefering<\/li>\n<li>SV Horn (Leihe)<\/li>\n<\/ul>\n<\/div>\n","protected":false},"excerpt":{"rendered":"<p>Name: Mohammad Sadeqi Geburtstag: 8. J\u00e4nner 2004 Geburtsort: Nationalit\u00e4t: \u00d6sterreich Position: Mittelfeld StationenBearbeiten] SPG Roppen\/Karres Jugend Wacker Innsbruck Jugend FC Liefering Jugend Akademie Red Bull Salzburg U15, U16, U18 FC Liefering SV Horn (Leihe)<\/p>\n","protected":false},"author":1,"featured_media":0,"parent":0,"menu_order":0,"comment_status":"closed","ping_status":"closed","template":"","meta":{"footnotes":""},"class_list":["post-5461","page","type-page","status-publish","hentry"],"_links":{"self":[{"href":"https:\/\/wiki.s12.at\/index.php\/wp-json\/wp\/v2\/pages\/5461","targetHints":{"allow":["GET"]}}],"collection":[{"href":"https:\/\/wiki.s12.at\/index.php\/wp-json\/wp\/v2\/pages"}],"about":[{"href":"https:\/\/wiki.s12.at\/index.php\/wp-json\/wp\/v2\/types\/page"}],"author":[{"embeddable":true,"href":"https:\/\/wiki.s12.at\/index.php\/wp-json\/wp\/v2\/users\/1"}],"replies":[{"embeddable":true,"href":"https:\/\/wiki.s12.at\/index.php\/wp-json\/wp\/v2\/comments?post=5461"}],"version-history":[{"count":0,"href":"https:\/\/wiki.s12.at\/index.php\/wp-json\/wp\/v2\/pages\/5461\/revisions"}],"wp:attachment":[{"href":"https:\/\/wiki.s12.at\/index.php\/wp-json\/wp\/v2\/media?parent=5461"}],"curies":[{"name":"wp","href":"https:\/\/api.w.org\/{rel}","templated":true}]}}