{"id":5460,"date":"2026-05-06T16:20:43","date_gmt":"2026-05-06T14:20:43","guid":{"rendered":"https:\/\/wiki.s12.at\/index.php\/mohamed-camara\/"},"modified":"2026-05-06T16:20:43","modified_gmt":"2026-05-06T14:20:43","slug":"mohamed-camara","status":"publish","type":"page","link":"https:\/\/wiki.s12.at\/index.php\/mohamed-camara\/","title":{"rendered":"Mohamed Camara"},"content":{"rendered":"<div class=\"mw-parser-output\">\n<div class=\"thumb tright\">\n<div class=\"thumbinner\" style=\"width:302px;\"><a href=\"\/Datei:FC_Liefering_gegen_SK_Vorw%C3%A4rts_Steyr_(Testspiel,_10._Februar_2018)_03.jpg\" class=\"image\"><img fetchpriority=\"high\" alt=\"FC Liefering gegen SK Vorw\u00e4rts Steyr (Testspiel, 10. Februar 2018) 03.jpg\" src=\"\/images\/thumb\/e\/ed\/FC_Liefering_gegen_SK_Vorw%C3%A4rts_Steyr_%28Testspiel%2C_10._Februar_2018%29_03.jpg\/330px-FC_Liefering_gegen_SK_Vorw%C3%A4rts_Steyr_%28Testspiel%2C_10._Februar_2018%29_03.jpg%3Futm_source%3Dcommons.wikimedia.org%26utm_campaign%3Dimageinfo%26utm_content%3Dthumbnail\" decoding=\"async\" width=\"300\" height=\"257\" class=\"thumbimage\" srcset=\"\/images\/thumb\/e\/ed\/FC_Liefering_gegen_SK_Vorw%C3%A4rts_Steyr_%28Testspiel%2C_10._Februar_2018%29_03.jpg\/500px-FC_Liefering_gegen_SK_Vorw%C3%A4rts_Steyr_%28Testspiel%2C_10._Februar_2018%29_03.jpg%3Futm_source%3Dcommons.wikimedia.org%26utm_campaign%3Dimageinfo%26utm_content%3Dthumbnail 1.5x, \/images\/thumb\/e\/ed\/FC_Liefering_gegen_SK_Vorw%C3%A4rts_Steyr_%28Testspiel%2C_10._Februar_2018%29_03.jpg\/960px-FC_Liefering_gegen_SK_Vorw%C3%A4rts_Steyr_%28Testspiel%2C_10._Februar_2018%29_03.jpg%3Futm_source%3Dcommons.wikimedia.org%26utm_campaign%3Dimageinfo%26utm_content%3Dthumbnail 2x\" \/><\/a>  <\/p>\n<div class=\"thumbcaption\">\n<div class=\"magnify\"><a href=\"\/Datei:FC_Liefering_gegen_SK_Vorw%C3%A4rts_Steyr_(Testspiel,_10._Februar_2018)_03.jpg\" class=\"internal\" title=\"vergr\u00f6\u00dfern\"><\/a><\/div>\n<\/div>\n<\/div>\n<\/div>\n<ul>\n<li>Name: <b>Mohamed Camara<\/b><\/li>\n<li>Geburtstag: 6. J\u00e4nner 2000<\/li>\n<li>Geburtsort:<\/li>\n<li>Geburtsland: Mali<\/li>\n<li>Gr\u00f6\u00dfe: 175 cm<\/li>\n<li>Position: Mittelfeldspieler<\/li>\n<li>Nationalteam: Mali<\/li>\n<\/ul>\n<h2><span class=\"mw-headline\" id=\"Stationen\">Stationen<\/span><a href=\"\/index.php?title=Mohamed_Camara&amp;action=edit&amp;section=1\" title=\"Abschnitt bearbeiten: Stationen\">Bearbeiten<\/a><span class=\"mw-editsection-bracket\">]<\/span><\/span><\/h2>\n<ul>\n<li>AS Real Bamako<\/li>\n<li>FC Red Bull Salzburg (2018-2022 )<\/li>\n<li>FC Liefering Leihe (2018-2019 )<\/li>\n<li>TSV Hartberg Leihe (2019)<\/li>\n<li>AS Monaco<\/li>\n<\/ul>\n<h2><span class=\"mw-headline\" id=\"Erfolge\">Erfolge<\/span><a href=\"\/index.php?title=Mohamed_Camara&amp;action=edit&amp;section=2\" title=\"Abschnitt bearbeiten: Erfolge\">Bearbeiten<\/a><span class=\"mw-editsection-bracket\">]<\/span><\/span><\/h2>\n<ul>\n<li>\u00d6sterreichischer Meister: 2020, 2021, 2022<\/li>\n<li>\u00d6sterreichischer Cupsieger: 2020, 2021, 2022<\/li>\n<\/ul>\n<h2><span class=\"mw-headline\" id=\"Besonderes\">Besonderes<\/span><a href=\"\/index.php?title=Mohamed_Camara&amp;action=edit&amp;section=3\" title=\"Abschnitt bearbeiten: Besonderes\">Bearbeiten<\/a><span class=\"mw-editsection-bracket\">]<\/span><\/span><\/h2>\n<p>2021 wurde er f\u00fcr Doping 3 Monate von der UEFA gesperrt, da er bei einem Einsatz ein verbotenes Mittel einnahm, das ihm der Teamarzt verschrieben hatte.\n<\/p>\n<h2><span class=\"mw-headline\" id=\"Bilder\">Bilder<\/span><a href=\"\/index.php?title=Mohamed_Camara&amp;action=edit&amp;section=4\" title=\"Abschnitt bearbeiten: Bilder\">Bearbeiten<\/a><span class=\"mw-editsection-bracket\">]<\/span><\/span><\/h2>\n<p><img alt=\"\" src=\"\/images\/thumb\/4\/4a\/Commons-logo.svg\/langde-20px-Commons-logo.svg.png%3Futm_source%3Dcommons.wikimedia.org%26utm_campaign%3Dimageinfo%26utm_content%3Dthumbnail\" decoding=\"async\" title=\"Commons\" width=\"12\" height=\"16\" srcset=\"\/images\/thumb\/4\/4a\/Commons-logo.svg\/langde-40px-Commons-logo.svg.png%3Futm_source%3Dcommons.wikimedia.org%26utm_campaign%3Dimageinfo%26utm_content%3Dthumbnail 2x\" \/>&#160;<b><a href=\"http:\/\/commons.wikimedia.org\/wiki\/Category:Mohamed_Camara\" class=\"extiw\" title=\"commons:Category:Mohamed Camara\">Mohamed Camara<\/a><\/b>&#160;\u2013 Sammlung von Bildern, Videos und Audiodateien auf <a href=\"\/Wikimedia_Commons\" title=\"Wikimedia Commons\">Wikimedia Commons<\/a>\n<\/p>\n<h2><span class=\"mw-headline\" id=\"Erfolge_2\">Erfolge<\/span><a href=\"\/index.php?title=Mohamed_Camara&amp;action=edit&amp;section=5\" title=\"Abschnitt bearbeiten: Erfolge\">Bearbeiten<\/a><span class=\"mw-editsection-bracket\">]<\/span><\/span><\/h2>\n<ul>\n<li>Kapit\u00e4n der U-17-Fu\u00dfballnationalmannschaft beim Afrikacup und der Weltmeisterschaft<\/li>\n<\/ul>\n<\/div>\n","protected":false},"excerpt":{"rendered":"<p>Name: Mohamed Camara Geburtstag: 6. J\u00e4nner 2000 Geburtsort: Geburtsland: Mali Gr\u00f6\u00dfe: 175 cm Position: Mittelfeldspieler Nationalteam: Mali StationenBearbeiten] AS Real Bamako FC Red Bull Salzburg (2018-2022 ) FC Liefering Leihe (2018-2019 ) TSV Hartberg Leihe (2019) AS Monaco ErfolgeBearbeiten] \u00d6sterreichischer Meister: 2020, 2021, 2022 \u00d6sterreichischer Cupsieger: 2020, 2021, 2022 BesonderesBearbeiten] 2021 wurde er f\u00fcr Doping [&hellip;]<\/p>\n","protected":false},"author":1,"featured_media":0,"parent":0,"menu_order":0,"comment_status":"closed","ping_status":"closed","template":"","meta":{"footnotes":""},"class_list":["post-5460","page","type-page","status-publish","hentry"],"_links":{"self":[{"href":"https:\/\/wiki.s12.at\/index.php\/wp-json\/wp\/v2\/pages\/5460","targetHints":{"allow":["GET"]}}],"collection":[{"href":"https:\/\/wiki.s12.at\/index.php\/wp-json\/wp\/v2\/pages"}],"about":[{"href":"https:\/\/wiki.s12.at\/index.php\/wp-json\/wp\/v2\/types\/page"}],"author":[{"embeddable":true,"href":"https:\/\/wiki.s12.at\/index.php\/wp-json\/wp\/v2\/users\/1"}],"replies":[{"embeddable":true,"href":"https:\/\/wiki.s12.at\/index.php\/wp-json\/wp\/v2\/comments?post=5460"}],"version-history":[{"count":0,"href":"https:\/\/wiki.s12.at\/index.php\/wp-json\/wp\/v2\/pages\/5460\/revisions"}],"wp:attachment":[{"href":"https:\/\/wiki.s12.at\/index.php\/wp-json\/wp\/v2\/media?parent=5460"}],"curies":[{"name":"wp","href":"https:\/\/api.w.org\/{rel}","templated":true}]}}