{"id":5444,"date":"2026-05-06T16:20:10","date_gmt":"2026-05-06T14:20:10","guid":{"rendered":"https:\/\/wiki.s12.at\/index.php\/mihael-rajic\/"},"modified":"2026-05-06T16:20:10","modified_gmt":"2026-05-06T14:20:10","slug":"mihael-rajic","status":"publish","type":"page","link":"https:\/\/wiki.s12.at\/index.php\/mihael-rajic\/","title":{"rendered":"Mihael Rajic"},"content":{"rendered":"<div class=\"mw-parser-output\">\n<div class=\"thumb tright\">\n<div class=\"thumbinner\" style=\"width:182px;\"><a href=\"\/Datei:Mihael_Rajic_-_FC_V%C3%B6cklabruck.jpg\" class=\"image\"><img alt=\"Mihael Rajic - FC V\u00f6cklabruck.jpg\" src=\"\/images\/thumb\/9\/9d\/Mihael_Rajic_-_FC_V%C3%B6cklabruck.jpg\/250px-Mihael_Rajic_-_FC_V%C3%B6cklabruck.jpg%3Futm_source%3Dcommons.wikimedia.org%26utm_campaign%3Dimageinfo%26utm_content%3Dthumbnail\" decoding=\"async\" width=\"180\" height=\"270\" class=\"thumbimage\" srcset=\"\/images\/thumb\/9\/9d\/Mihael_Rajic_-_FC_V%C3%B6cklabruck.jpg\/330px-Mihael_Rajic_-_FC_V%C3%B6cklabruck.jpg%3Futm_source%3Dcommons.wikimedia.org%26utm_campaign%3Dimageinfo%26utm_content%3Dthumbnail 1.5x, \/images\/thumb\/9\/9d\/Mihael_Rajic_-_FC_V%C3%B6cklabruck.jpg\/500px-Mihael_Rajic_-_FC_V%C3%B6cklabruck.jpg%3Futm_source%3Dcommons.wikimedia.org%26utm_campaign%3Dimageinfo%26utm_content%3Dthumbnail 2x\" \/><\/a>  <\/p>\n<div class=\"thumbcaption\">\n<div class=\"magnify\"><a href=\"\/Datei:Mihael_Rajic_-_FC_V%C3%B6cklabruck.jpg\" class=\"internal\" title=\"vergr\u00f6\u00dfern\"><\/a><\/div>\n<\/div>\n<\/div>\n<\/div>\n<ul>\n<li>Name: <b>Mihael Raji\u010d<\/b><\/li>\n<li>Geburtstag: 8. Oktober 1984<\/li>\n<li>Geburtsland: Kroatien (ehem. Jugoslawien)<\/li>\n<li>Nationalit\u00e4t: Kroate <a href=\"\/Datei:Flag_of_Croatia.svg\" class=\"image\" title=\"Kroate\"><img alt=\"Kroate\" src=\"\/images\/thumb\/1\/1b\/Flag_of_Croatia.svg\/langde-20px-Flag_of_Croatia.svg.png%3Futm_source%3Dcommons.wikimedia.org%26utm_campaign%3Dimageinfo%26utm_content%3Dthumbnail\" decoding=\"async\" width=\"20\" height=\"10\" srcset=\"\/images\/thumb\/1\/1b\/Flag_of_Croatia.svg\/langde-40px-Flag_of_Croatia.svg.png%3Futm_source%3Dcommons.wikimedia.org%26utm_campaign%3Dimageinfo%26utm_content%3Dthumbnail 1.5x\" \/><\/a><\/li>\n<li>2. Nationalit\u00e4t: \u00d6sterreicher <a href=\"\/Datei:Flag_of_Austria.svg\" class=\"image\" title=\"\u00d6sterreicher\"><img alt=\"\u00d6sterreicher\" src=\"\/images\/thumb\/4\/41\/Flag_of_Austria.svg\/langde-20px-Flag_of_Austria.svg.png%3Futm_source%3Dcommons.wikimedia.org%26utm_campaign%3Dimageinfo%26utm_content%3Dthumbnail\" decoding=\"async\" width=\"20\" height=\"13\" srcset=\"\/images\/thumb\/4\/41\/Flag_of_Austria.svg\/langde-40px-Flag_of_Austria.svg.png%3Futm_source%3Dcommons.wikimedia.org%26utm_campaign%3Dimageinfo%26utm_content%3Dthumbnail 1.5x\" \/><\/a><\/li>\n<li>Gr\u00f6\u00dfe: 179 cm<\/li>\n<li>Position: Verteidiger<\/li>\n<li>Starker Fu\u00df: Links<\/li>\n<li>Spiele f\u00fcr Salzburg: 13 Spiele (0 Tore)<\/li>\n<\/ul>\n<h2><span class=\"mw-headline\" id=\"Stationen\">Stationen<\/span><a href=\"\/index.php?title=Mihael_Rajic&amp;action=edit&amp;section=1\" title=\"Abschnitt bearbeiten: Stationen\">Bearbeiten<\/a><span class=\"mw-editsection-bracket\">]<\/span><\/span><\/h2>\n<ul>\n<li>SV Salzburg (2002-2005)<\/li>\n<li>Red Bull Salzburg Juniors (2005)<\/li>\n<li>SC Austria Lustenau (2005-2008)<\/li>\n<li>SC Rheindorf Altach (2008)<\/li>\n<li>1. FC V\u00f6cklabruck (2009)<\/li>\n<li>SV Ried (2009-2010)<\/li>\n<li>FC Pasching  (2010)<\/li>\n<li>SV Austria Salzburg neu (2011- )<\/li>\n<\/ul>\n<h2><span class=\"mw-headline\" id=\"Besonderes\">Besonderes<\/span><a href=\"\/index.php?title=Mihael_Rajic&amp;action=edit&amp;section=2\" title=\"Abschnitt bearbeiten: Besonderes\">Bearbeiten<\/a><span class=\"mw-editsection-bracket\">]<\/span><\/span><\/h2>\n<p>Mihael Raji\u010d ist \u00f6sterreichisch-kroatischer Doppelstaatsb\u00fcrger.\n<\/p>\n<\/div>\n","protected":false},"excerpt":{"rendered":"<p>Name: Mihael Raji\u010d Geburtstag: 8. Oktober 1984 Geburtsland: Kroatien (ehem. Jugoslawien) Nationalit\u00e4t: Kroate 2. Nationalit\u00e4t: \u00d6sterreicher Gr\u00f6\u00dfe: 179 cm Position: Verteidiger Starker Fu\u00df: Links Spiele f\u00fcr Salzburg: 13 Spiele (0 Tore) StationenBearbeiten] SV Salzburg (2002-2005) Red Bull Salzburg Juniors (2005) SC Austria Lustenau (2005-2008) SC Rheindorf Altach (2008) 1. FC V\u00f6cklabruck (2009) SV Ried (2009-2010) [&hellip;]<\/p>\n","protected":false},"author":1,"featured_media":0,"parent":0,"menu_order":0,"comment_status":"closed","ping_status":"closed","template":"","meta":{"footnotes":""},"class_list":["post-5444","page","type-page","status-publish","hentry"],"_links":{"self":[{"href":"https:\/\/wiki.s12.at\/index.php\/wp-json\/wp\/v2\/pages\/5444","targetHints":{"allow":["GET"]}}],"collection":[{"href":"https:\/\/wiki.s12.at\/index.php\/wp-json\/wp\/v2\/pages"}],"about":[{"href":"https:\/\/wiki.s12.at\/index.php\/wp-json\/wp\/v2\/types\/page"}],"author":[{"embeddable":true,"href":"https:\/\/wiki.s12.at\/index.php\/wp-json\/wp\/v2\/users\/1"}],"replies":[{"embeddable":true,"href":"https:\/\/wiki.s12.at\/index.php\/wp-json\/wp\/v2\/comments?post=5444"}],"version-history":[{"count":0,"href":"https:\/\/wiki.s12.at\/index.php\/wp-json\/wp\/v2\/pages\/5444\/revisions"}],"wp:attachment":[{"href":"https:\/\/wiki.s12.at\/index.php\/wp-json\/wp\/v2\/media?parent=5444"}],"curies":[{"name":"wp","href":"https:\/\/api.w.org\/{rel}","templated":true}]}}