{"id":5441,"date":"2026-05-06T16:20:06","date_gmt":"2026-05-06T14:20:06","guid":{"rendered":"https:\/\/wiki.s12.at\/index.php\/michael-switil\/"},"modified":"2026-05-06T16:20:06","modified_gmt":"2026-05-06T14:20:06","slug":"michael-switil","status":"publish","type":"page","link":"https:\/\/wiki.s12.at\/index.php\/michael-switil\/","title":{"rendered":"Michael Switil"},"content":{"rendered":"<div class=\"mw-parser-output\">\n<div class=\"thumb tright\">\n<div class=\"thumbinner\" style=\"width:302px;\"><a href=\"\/Datei:UEF_Youth_League_FC_Salzburg_gegen_AS_Roma_15.JPG\" class=\"image\"><img fetchpriority=\"high\" alt=\"UEF Youth League FC Salzburg gegen AS Roma 15.JPG\" src=\"\/images\/thumb\/5\/5f\/UEF_Youth_League_FC_Salzburg_gegen_AS_Roma_15.JPG\/330px-UEF_Youth_League_FC_Salzburg_gegen_AS_Roma_15.JPG%3Futm_source%3Dcommons.wikimedia.org%26utm_campaign%3Dimageinfo%26utm_content%3Dthumbnail\" decoding=\"async\" width=\"300\" height=\"393\" class=\"thumbimage\" srcset=\"\/images\/thumb\/5\/5f\/UEF_Youth_League_FC_Salzburg_gegen_AS_Roma_15.JPG\/500px-UEF_Youth_League_FC_Salzburg_gegen_AS_Roma_15.JPG%3Futm_source%3Dcommons.wikimedia.org%26utm_campaign%3Dimageinfo%26utm_content%3Dthumbnail 1.5x, \/images\/thumb\/5\/5f\/UEF_Youth_League_FC_Salzburg_gegen_AS_Roma_15.JPG\/960px-UEF_Youth_League_FC_Salzburg_gegen_AS_Roma_15.JPG%3Futm_source%3Dcommons.wikimedia.org%26utm_campaign%3Dimageinfo%26utm_content%3Dthumbnail 2x\" \/><\/a>  <\/p>\n<div class=\"thumbcaption\">\n<div class=\"magnify\"><a href=\"\/Datei:UEF_Youth_League_FC_Salzburg_gegen_AS_Roma_15.JPG\" class=\"internal\" title=\"vergr\u00f6\u00dfern\"><\/a><\/div>\n<\/div>\n<\/div>\n<\/div>\n<ul>\n<li>Name: <b>Michael Switil<\/b><\/li>\n<li>Geburtstag: 22. M\u00e4rz 1997<\/li>\n<li>Geburtsort:<\/li>\n<li>Geburtsland: \u00d6sterreich<\/li>\n<li>starker Fu\u00df:links<\/li>\n<li>Position: Verteidiger<\/li>\n<\/ul>\n<h2><span class=\"mw-headline\" id=\"Stationen\">Stationen<\/span><a href=\"\/index.php?title=Michael_Switil&amp;action=edit&amp;section=1\" title=\"Abschnitt bearbeiten: Stationen\">Bearbeiten<\/a><span class=\"mw-editsection-bracket\">]<\/span><\/span><\/h2>\n<ul>\n<li>Akademie Red Bull Salzburg (2011-2015)<\/li>\n<li>FC Liefering (2015- 2017 )<\/li>\n<li>SV Gr\u00f6dig (2017 ) Leihe<\/li>\n<li>SV B\u00fcrmoos<\/li>\n<\/ul>\n<h2><span class=\"mw-headline\" id=\"Bilder\">Bilder<\/span><a href=\"\/index.php?title=Michael_Switil&amp;action=edit&amp;section=2\" title=\"Abschnitt bearbeiten: Bilder\">Bearbeiten<\/a><span class=\"mw-editsection-bracket\">]<\/span><\/span><\/h2>\n<p><img alt=\"\" src=\"\/images\/thumb\/4\/4a\/Commons-logo.svg\/langde-20px-Commons-logo.svg.png%3Futm_source%3Dcommons.wikimedia.org%26utm_campaign%3Dimageinfo%26utm_content%3Dthumbnail\" decoding=\"async\" title=\"Commons\" width=\"12\" height=\"16\" srcset=\"\/images\/thumb\/4\/4a\/Commons-logo.svg\/langde-40px-Commons-logo.svg.png%3Futm_source%3Dcommons.wikimedia.org%26utm_campaign%3Dimageinfo%26utm_content%3Dthumbnail 2x\" \/>&#160;<b><a href=\"http:\/\/commons.wikimedia.org\/wiki\/Category:Michael_Switil\" class=\"extiw\" title=\"commons:Category:Michael Switil\">Michael Switil<\/a><\/b>&#160;\u2013 Sammlung von Bildern, Videos und Audiodateien auf <a href=\"\/Wikimedia_Commons\" title=\"Wikimedia Commons\">Wikimedia Commons<\/a>\n<\/p>\n<\/div>\n","protected":false},"excerpt":{"rendered":"<p>Name: Michael Switil Geburtstag: 22. M\u00e4rz 1997 Geburtsort: Geburtsland: \u00d6sterreich starker Fu\u00df:links Position: Verteidiger StationenBearbeiten] Akademie Red Bull Salzburg (2011-2015) FC Liefering (2015- 2017 ) SV Gr\u00f6dig (2017 ) Leihe SV B\u00fcrmoos BilderBearbeiten] &#160;Michael Switil&#160;\u2013 Sammlung von Bildern, Videos und Audiodateien auf Wikimedia Commons<\/p>\n","protected":false},"author":1,"featured_media":0,"parent":0,"menu_order":0,"comment_status":"closed","ping_status":"closed","template":"","meta":{"footnotes":""},"class_list":["post-5441","page","type-page","status-publish","hentry"],"_links":{"self":[{"href":"https:\/\/wiki.s12.at\/index.php\/wp-json\/wp\/v2\/pages\/5441","targetHints":{"allow":["GET"]}}],"collection":[{"href":"https:\/\/wiki.s12.at\/index.php\/wp-json\/wp\/v2\/pages"}],"about":[{"href":"https:\/\/wiki.s12.at\/index.php\/wp-json\/wp\/v2\/types\/page"}],"author":[{"embeddable":true,"href":"https:\/\/wiki.s12.at\/index.php\/wp-json\/wp\/v2\/users\/1"}],"replies":[{"embeddable":true,"href":"https:\/\/wiki.s12.at\/index.php\/wp-json\/wp\/v2\/comments?post=5441"}],"version-history":[{"count":0,"href":"https:\/\/wiki.s12.at\/index.php\/wp-json\/wp\/v2\/pages\/5441\/revisions"}],"wp:attachment":[{"href":"https:\/\/wiki.s12.at\/index.php\/wp-json\/wp\/v2\/media?parent=5441"}],"curies":[{"name":"wp","href":"https:\/\/api.w.org\/{rel}","templated":true}]}}