{"id":5431,"date":"2026-05-06T16:20:00","date_gmt":"2026-05-06T14:20:00","guid":{"rendered":"https:\/\/wiki.s12.at\/index.php\/michael-hoefler\/"},"modified":"2026-05-06T16:20:00","modified_gmt":"2026-05-06T14:20:00","slug":"michael-hoefler","status":"publish","type":"page","link":"https:\/\/wiki.s12.at\/index.php\/michael-hoefler\/","title":{"rendered":"Michael H\u00f6fler"},"content":{"rendered":"<div class=\"mw-parser-output\">\n<div class=\"thumb tright\">\n<div class=\"thumbinner\" style=\"width:302px;\"><a href=\"\/Datei:FC_Liefering_gegen_SKN_St._P%C3%B6lten_(SKY_Go_Erste_Liga)_41.JPG\" class=\"image\"><img fetchpriority=\"high\" alt=\"\" src=\"\/images\/thumb\/d\/d2\/FC_Liefering_gegen_SKN_St._P%C3%B6lten_%28SKY_Go_Erste_Liga%29_41.JPG\/330px-FC_Liefering_gegen_SKN_St._P%C3%B6lten_%28SKY_Go_Erste_Liga%29_41.JPG%3Futm_source%3Dcommons.wikimedia.org%26utm_campaign%3Dimageinfo%26utm_content%3Dthumbnail\" decoding=\"async\" width=\"300\" height=\"199\" class=\"thumbimage\" srcset=\"\/images\/thumb\/d\/d2\/FC_Liefering_gegen_SKN_St._P%C3%B6lten_%28SKY_Go_Erste_Liga%29_41.JPG\/500px-FC_Liefering_gegen_SKN_St._P%C3%B6lten_%28SKY_Go_Erste_Liga%29_41.JPG%3Futm_source%3Dcommons.wikimedia.org%26utm_campaign%3Dimageinfo%26utm_content%3Dthumbnail 1.5x, \/images\/thumb\/d\/d2\/FC_Liefering_gegen_SKN_St._P%C3%B6lten_%28SKY_Go_Erste_Liga%29_41.JPG\/960px-FC_Liefering_gegen_SKN_St._P%C3%B6lten_%28SKY_Go_Erste_Liga%29_41.JPG%3Futm_source%3Dcommons.wikimedia.org%26utm_campaign%3Dimageinfo%26utm_content%3Dthumbnail 2x\" \/><\/a>  <\/p>\n<div class=\"thumbcaption\">\n<div class=\"magnify\"><a href=\"\/Datei:FC_Liefering_gegen_SKN_St._P%C3%B6lten_(SKY_Go_Erste_Liga)_41.JPG\" class=\"internal\" title=\"vergr\u00f6\u00dfern\"><\/a><\/div>\n<p>Wikimedia Commons<\/p><\/div>\n<\/div>\n<\/div>\n<ul>\n<li>Name: <b>Michael H\u00f6fler<\/b><\/li>\n<li>Geburtstag: 1. September 1993<\/li>\n<li>Geburtsort:  \tLinz<\/li>\n<li>Nationalit\u00e4t: \u00d6sterreich <a href=\"\/Datei:Flag_of_Austria.svg\" class=\"image\" title=\"\u00d6sterreicher\"><img alt=\"\u00d6sterreicher\" src=\"\/images\/thumb\/4\/41\/Flag_of_Austria.svg\/langde-20px-Flag_of_Austria.svg.png%3Futm_source%3Dcommons.wikimedia.org%26utm_campaign%3Dimageinfo%26utm_content%3Dthumbnail\" decoding=\"async\" width=\"20\" height=\"13\" srcset=\"\/images\/thumb\/4\/41\/Flag_of_Austria.svg\/langde-40px-Flag_of_Austria.svg.png%3Futm_source%3Dcommons.wikimedia.org%26utm_campaign%3Dimageinfo%26utm_content%3Dthumbnail 1.5x\" \/><\/a><\/li>\n<li>Gr\u00f6\u00dfe:193 cm<\/li>\n<li>Nationalmannschaft:\u00d6sterreich U 17<\/li>\n<li>Position:Torh\u00fcter<\/li>\n<\/ul>\n<h2><span class=\"mw-headline\" id=\"Stationen\">Stationen<\/span><a href=\"\/index.php?title=Michael_H%C3%B6fler&amp;action=edit&amp;section=1\" title=\"Abschnitt bearbeiten: Stationen\">Bearbeiten<\/a><span class=\"mw-editsection-bracket\">]<\/span><\/span><\/h2>\n<ul>\n<li>Jugend:LASK Juniors<\/li>\n<li>FC Pasching<\/li>\n<li>FC Liefering<\/li>\n<li>SV Lafnitz<\/li>\n<li>ASK\u00d6 Oedt<\/li>\n<li>WAF Brigittenau<\/li>\n<\/ul>\n<h2><span class=\"mw-headline\" id=\"Erfolge\">Erfolge<\/span><a href=\"\/index.php?title=Michael_H%C3%B6fler&amp;action=edit&amp;section=2\" title=\"Abschnitt bearbeiten: Erfolge\">Bearbeiten<\/a><span class=\"mw-editsection-bracket\">]<\/span><\/span><\/h2>\n<ul>\n<li>Cupsieger: 2013<\/li>\n<\/ul>\n<h2><span class=\"mw-headline\" id=\"Bilder\">Bilder<\/span><a href=\"\/index.php?title=Michael_H%C3%B6fler&amp;action=edit&amp;section=3\" title=\"Abschnitt bearbeiten: Bilder\">Bearbeiten<\/a><span class=\"mw-editsection-bracket\">]<\/span><\/span><\/h2>\n<p><img alt=\"\" src=\"\/images\/thumb\/4\/4a\/Commons-logo.svg\/langde-20px-Commons-logo.svg.png%3Futm_source%3Dcommons.wikimedia.org%26utm_campaign%3Dimageinfo%26utm_content%3Dthumbnail\" decoding=\"async\" title=\"Commons\" width=\"12\" height=\"16\" srcset=\"\/images\/thumb\/4\/4a\/Commons-logo.svg\/langde-40px-Commons-logo.svg.png%3Futm_source%3Dcommons.wikimedia.org%26utm_campaign%3Dimageinfo%26utm_content%3Dthumbnail 2x\" \/>&#160;<b><a href=\"http:\/\/commons.wikimedia.org\/wiki\/Category:Michael_H%C3%B6fler\" class=\"extiw\" title=\"commons:Category:Michael H\u00f6fler\">Michael H\u00f6fler<\/a><\/b>&#160;\u2013 Sammlung von Bildern, Videos und Audiodateien auf <a href=\"\/Wikimedia_Commons\" title=\"Wikimedia Commons\">Wikimedia Commons<\/a>\n<\/p>\n<\/div>\n","protected":false},"excerpt":{"rendered":"<p>Wikimedia Commons Name: Michael H\u00f6fler Geburtstag: 1. September 1993 Geburtsort: Linz Nationalit\u00e4t: \u00d6sterreich Gr\u00f6\u00dfe:193 cm Nationalmannschaft:\u00d6sterreich U 17 Position:Torh\u00fcter StationenBearbeiten] Jugend:LASK Juniors FC Pasching FC Liefering SV Lafnitz ASK\u00d6 Oedt WAF Brigittenau ErfolgeBearbeiten] Cupsieger: 2013 BilderBearbeiten] &#160;Michael H\u00f6fler&#160;\u2013 Sammlung von Bildern, Videos und Audiodateien auf Wikimedia Commons<\/p>\n","protected":false},"author":1,"featured_media":0,"parent":0,"menu_order":0,"comment_status":"closed","ping_status":"closed","template":"","meta":{"footnotes":""},"class_list":["post-5431","page","type-page","status-publish","hentry"],"_links":{"self":[{"href":"https:\/\/wiki.s12.at\/index.php\/wp-json\/wp\/v2\/pages\/5431","targetHints":{"allow":["GET"]}}],"collection":[{"href":"https:\/\/wiki.s12.at\/index.php\/wp-json\/wp\/v2\/pages"}],"about":[{"href":"https:\/\/wiki.s12.at\/index.php\/wp-json\/wp\/v2\/types\/page"}],"author":[{"embeddable":true,"href":"https:\/\/wiki.s12.at\/index.php\/wp-json\/wp\/v2\/users\/1"}],"replies":[{"embeddable":true,"href":"https:\/\/wiki.s12.at\/index.php\/wp-json\/wp\/v2\/comments?post=5431"}],"version-history":[{"count":0,"href":"https:\/\/wiki.s12.at\/index.php\/wp-json\/wp\/v2\/pages\/5431\/revisions"}],"wp:attachment":[{"href":"https:\/\/wiki.s12.at\/index.php\/wp-json\/wp\/v2\/media?parent=5431"}],"curies":[{"name":"wp","href":"https:\/\/api.w.org\/{rel}","templated":true}]}}