{"id":5429,"date":"2026-05-06T16:19:58","date_gmt":"2026-05-06T14:19:58","guid":{"rendered":"https:\/\/wiki.s12.at\/index.php\/michael-brandner\/"},"modified":"2026-05-06T16:19:58","modified_gmt":"2026-05-06T14:19:58","slug":"michael-brandner","status":"publish","type":"page","link":"https:\/\/wiki.s12.at\/index.php\/michael-brandner\/","title":{"rendered":"Michael Brandner"},"content":{"rendered":"<div class=\"mw-parser-output\">\n<div class=\"thumb tright\">\n<div class=\"thumbinner\" style=\"width:302px;\"><a href=\"\/Datei:FC_Liefering_ver_SKN_St._P%C3%B6lten_36.JPG\" class=\"image\"><img fetchpriority=\"high\" alt=\"FC Liefering ver SKN St. P\u00f6lten 36.JPG\" src=\"\/images\/thumb\/6\/64\/FC_Liefering_ver_SKN_St._P%C3%B6lten_36.JPG\/330px-FC_Liefering_ver_SKN_St._P%C3%B6lten_36.JPG%3Futm_source%3Dcommons.wikimedia.org%26utm_campaign%3Dimageinfo%26utm_content%3Dthumbnail\" decoding=\"async\" width=\"300\" height=\"286\" class=\"thumbimage\" srcset=\"\/images\/thumb\/6\/64\/FC_Liefering_ver_SKN_St._P%C3%B6lten_36.JPG\/500px-FC_Liefering_ver_SKN_St._P%C3%B6lten_36.JPG%3Futm_source%3Dcommons.wikimedia.org%26utm_campaign%3Dimageinfo%26utm_content%3Dthumbnail 1.5x, \/images\/thumb\/6\/64\/FC_Liefering_ver_SKN_St._P%C3%B6lten_36.JPG\/960px-FC_Liefering_ver_SKN_St._P%C3%B6lten_36.JPG%3Futm_source%3Dcommons.wikimedia.org%26utm_campaign%3Dimageinfo%26utm_content%3Dthumbnail 2x\" \/><\/a>  <\/p>\n<div class=\"thumbcaption\">\n<div class=\"magnify\"><a href=\"\/Datei:FC_Liefering_ver_SKN_St._P%C3%B6lten_36.JPG\" class=\"internal\" title=\"vergr\u00f6\u00dfern\"><\/a><\/div>\n<\/div>\n<\/div>\n<\/div>\n<ul>\n<li>Name: <b>Michael Brandner<\/b><\/li>\n<li>Geburtstag: 13. Februar 1995<\/li>\n<li>Geburtsort: Salzburg<\/li>\n<li>Geburtsland: \u00d6sterreich<\/li>\n<li>Nationalit\u00e4t: \u00d6sterreicher<a href=\"\/Datei:Flag_of_Austria.svg\" class=\"image\" title=\"\u00d6sterreicher\"><img alt=\"\u00d6sterreicher\" src=\"\/images\/thumb\/4\/41\/Flag_of_Austria.svg\/langde-20px-Flag_of_Austria.svg.png%3Futm_source%3Dcommons.wikimedia.org%26utm_campaign%3Dimageinfo%26utm_content%3Dthumbnail\" decoding=\"async\" width=\"20\" height=\"13\" srcset=\"\/images\/thumb\/4\/41\/Flag_of_Austria.svg\/langde-40px-Flag_of_Austria.svg.png%3Futm_source%3Dcommons.wikimedia.org%26utm_campaign%3Dimageinfo%26utm_content%3Dthumbnail 1.5x\" \/><\/a><\/li>\n<li>Gr\u00f6\u00dfe 171 cm<\/li>\n<li>Position: Mittelfeldspieler<\/li>\n<li>Nationalmannschaft: \u00d6sterreich U17, U19<\/li>\n<\/ul>\n<h2><span class=\"mw-headline\" id=\"Stationen\">Stationen<\/span><a href=\"\/index.php?title=Michael_Brandner&amp;action=edit&amp;section=1\" title=\"Abschnitt bearbeiten: Stationen\">Bearbeiten<\/a><span class=\"mw-editsection-bracket\">]<\/span><\/span><\/h2>\n<ul>\n<li>ASK Salzburg 2002-2007<\/li>\n<li>AKA Salzburg 2007- 2013<\/li>\n<li>FC Liefering 2013-2017<\/li>\n<li>SV Ried (Leihe) 2016-2017<\/li>\n<li>SC Wiener Neustadt 2017-2019<\/li>\n<li>Blau-Wei\u00df Linz (2019- )<\/li>\n<\/ul>\n<h2><span class=\"mw-headline\" id=\"Erfolge\">Erfolge<\/span><a href=\"\/index.php?title=Michael_Brandner&amp;action=edit&amp;section=2\" title=\"Abschnitt bearbeiten: Erfolge\">Bearbeiten<\/a><span class=\"mw-editsection-bracket\">]<\/span><\/span><\/h2>\n<ul>\n<li>3. Platz U19 Europameisterschaft 2014<\/li>\n<\/ul>\n<h2><span class=\"mw-headline\" id=\"Bilder\">Bilder<\/span><a href=\"\/index.php?title=Michael_Brandner&amp;action=edit&amp;section=3\" title=\"Abschnitt bearbeiten: Bilder\">Bearbeiten<\/a><span class=\"mw-editsection-bracket\">]<\/span><\/span><\/h2>\n<p><img alt=\"\" src=\"\/images\/thumb\/4\/4a\/Commons-logo.svg\/langde-20px-Commons-logo.svg.png%3Futm_source%3Dcommons.wikimedia.org%26utm_campaign%3Dimageinfo%26utm_content%3Dthumbnail\" decoding=\"async\" title=\"Commons\" width=\"12\" height=\"16\" srcset=\"\/images\/thumb\/4\/4a\/Commons-logo.svg\/langde-40px-Commons-logo.svg.png%3Futm_source%3Dcommons.wikimedia.org%26utm_campaign%3Dimageinfo%26utm_content%3Dthumbnail 2x\" \/>&#160;<b><a href=\"http:\/\/commons.wikimedia.org\/wiki\/Category:Michael_Brandner\" class=\"extiw\" title=\"commons:Category:Michael Brandner\">Michael Brandner<\/a><\/b>&#160;\u2013 Sammlung von Bildern, Videos und Audiodateien auf <a href=\"\/Wikimedia_Commons\" title=\"Wikimedia Commons\">Wikimedia Commons<\/a>\n<\/p>\n<h2><span class=\"mw-headline\" id=\"Weblinks\">Weblinks<\/span><a href=\"\/index.php?title=Michael_Brandner&amp;action=edit&amp;section=4\" title=\"Abschnitt bearbeiten: Weblinks\">Bearbeiten<\/a><span class=\"mw-editsection-bracket\">]<\/span><\/span><\/h2>\n<p><a rel=\"nofollow\" class=\"external text\" href=\"http:\/\/www.redbulls.com\/de\/fc-liefering\/news\/saison_2014_15\/fc-liefering-elfer-mit-michael-brandner.html\">Interview <\/a>\n<\/p>\n<h2><span class=\"mw-headline\" id=\"Besonderes\">Besonderes<\/span><a href=\"\/index.php?title=Michael_Brandner&amp;action=edit&amp;section=5\" title=\"Abschnitt bearbeiten: Besonderes\">Bearbeiten<\/a><span class=\"mw-editsection-bracket\">]<\/span><\/span><\/h2>\n<p>Am 6. Februar 2013 deb\u00fctierte er in der ersten Mannschaft beim Testspiel gegen Dynamo Budweis. Er wurde in der 85. Minute f\u00fcr Andreas Ulmer eingewechselt.\n<\/p>\n<\/div>\n","protected":false},"excerpt":{"rendered":"<p>Name: Michael Brandner Geburtstag: 13. Februar 1995 Geburtsort: Salzburg Geburtsland: \u00d6sterreich Nationalit\u00e4t: \u00d6sterreicher Gr\u00f6\u00dfe 171 cm Position: Mittelfeldspieler Nationalmannschaft: \u00d6sterreich U17, U19 StationenBearbeiten] ASK Salzburg 2002-2007 AKA Salzburg 2007- 2013 FC Liefering 2013-2017 SV Ried (Leihe) 2016-2017 SC Wiener Neustadt 2017-2019 Blau-Wei\u00df Linz (2019- ) ErfolgeBearbeiten] 3. Platz U19 Europameisterschaft 2014 BilderBearbeiten] &#160;Michael Brandner&#160;\u2013 Sammlung [&hellip;]<\/p>\n","protected":false},"author":1,"featured_media":0,"parent":0,"menu_order":0,"comment_status":"closed","ping_status":"closed","template":"","meta":{"footnotes":""},"class_list":["post-5429","page","type-page","status-publish","hentry"],"_links":{"self":[{"href":"https:\/\/wiki.s12.at\/index.php\/wp-json\/wp\/v2\/pages\/5429","targetHints":{"allow":["GET"]}}],"collection":[{"href":"https:\/\/wiki.s12.at\/index.php\/wp-json\/wp\/v2\/pages"}],"about":[{"href":"https:\/\/wiki.s12.at\/index.php\/wp-json\/wp\/v2\/types\/page"}],"author":[{"embeddable":true,"href":"https:\/\/wiki.s12.at\/index.php\/wp-json\/wp\/v2\/users\/1"}],"replies":[{"embeddable":true,"href":"https:\/\/wiki.s12.at\/index.php\/wp-json\/wp\/v2\/comments?post=5429"}],"version-history":[{"count":0,"href":"https:\/\/wiki.s12.at\/index.php\/wp-json\/wp\/v2\/pages\/5429\/revisions"}],"wp:attachment":[{"href":"https:\/\/wiki.s12.at\/index.php\/wp-json\/wp\/v2\/media?parent=5429"}],"curies":[{"name":"wp","href":"https:\/\/api.w.org\/{rel}","templated":true}]}}