{"id":5425,"date":"2026-05-06T16:19:54","date_gmt":"2026-05-06T14:19:54","guid":{"rendered":"https:\/\/wiki.s12.at\/index.php\/mergim-berisha\/"},"modified":"2026-05-06T16:19:54","modified_gmt":"2026-05-06T14:19:54","slug":"mergim-berisha","status":"publish","type":"page","link":"https:\/\/wiki.s12.at\/index.php\/mergim-berisha\/","title":{"rendered":"Mergim Berisha"},"content":{"rendered":"<div class=\"mw-parser-output\">\n<div class=\"thumb tright\">\n<div class=\"thumbinner\" style=\"width:302px;\"><a href=\"\/Datei:FC_RB_Salzburg_gegen_WSG_Tirol_(_mit_Meisterteller%C3%BCbergabe_22._Mai_2021)_08.jpg\" class=\"image\"><img fetchpriority=\"high\" alt=\"FC RB Salzburg gegen WSG Tirol ( mit Meisterteller\u00fcbergabe 22. Mai 2021) 08.jpg\" src=\"\/images\/thumb\/d\/d1\/FC_RB_Salzburg_gegen_WSG_Tirol_%28_mit_Meisterteller%C3%BCbergabe_22._Mai_2021%29_08.jpg\/330px-FC_RB_Salzburg_gegen_WSG_Tirol_%28_mit_Meisterteller%C3%BCbergabe_22._Mai_2021%29_08.jpg%3Futm_source%3Dcommons.wikimedia.org%26utm_campaign%3Dimageinfo%26utm_content%3Dthumbnail\" decoding=\"async\" width=\"300\" height=\"383\" class=\"thumbimage\" srcset=\"\/images\/thumb\/d\/d1\/FC_RB_Salzburg_gegen_WSG_Tirol_%28_mit_Meisterteller%C3%BCbergabe_22._Mai_2021%29_08.jpg\/500px-FC_RB_Salzburg_gegen_WSG_Tirol_%28_mit_Meisterteller%C3%BCbergabe_22._Mai_2021%29_08.jpg%3Futm_source%3Dcommons.wikimedia.org%26utm_campaign%3Dimageinfo%26utm_content%3Dthumbnail 1.5x, \/images\/thumb\/d\/d1\/FC_RB_Salzburg_gegen_WSG_Tirol_%28_mit_Meisterteller%C3%BCbergabe_22._Mai_2021%29_08.jpg\/960px-FC_RB_Salzburg_gegen_WSG_Tirol_%28_mit_Meisterteller%C3%BCbergabe_22._Mai_2021%29_08.jpg%3Futm_source%3Dcommons.wikimedia.org%26utm_campaign%3Dimageinfo%26utm_content%3Dthumbnail 2x\" \/><\/a>  <\/p>\n<div class=\"thumbcaption\">\n<div class=\"magnify\"><a href=\"\/Datei:FC_RB_Salzburg_gegen_WSG_Tirol_(_mit_Meisterteller%C3%BCbergabe_22._Mai_2021)_08.jpg\" class=\"internal\" title=\"vergr\u00f6\u00dfern\"><\/a><\/div>\n<\/div>\n<\/div>\n<\/div>\n<ul>\n<li>Name: <b> Mergim Berisha <\/b><\/li>\n<li>Geburtstag: 11. Mai 1998<\/li>\n<li>Geburtsort: Berchtesgaden<\/li>\n<li>Geburtsland: Deutschland<\/li>\n<li>Nationalit\u00e4t:Deutscher<\/li>\n<li>Position: St\u00fcrmer<\/li>\n<li>Spiele f\u00fcr die U18: 9 Spiele (3 Tore)<\/li>\n<\/ul>\n<h2><span class=\"mw-headline\" id=\"Stationen\">Stationen<\/span><a href=\"\/index.php?title=Mergim_Berisha&amp;action=edit&amp;section=1\" title=\"Abschnitt bearbeiten: Stationen\">Bearbeiten<\/a><span class=\"mw-editsection-bracket\">]<\/span><\/span><\/h2>\n<ul>\n<li>Red Bull Salzburg Akademie U16<\/li>\n<li>Red Bull Salzburg Akademie U18<\/li>\n<li>FC Liefering (2015-2016)<\/li>\n<li>FC Red Bull Salzburg (2016- 2021 )<\/li>\n<li>LASK Linz (2017 Leihe)<\/li>\n<li>1. FC Magdeburg (2018 Leihe)<\/li>\n<li>SCR Altach (2019 Leihe)<\/li>\n<li>Fehnerbace Istanbul (2021-2023)<\/li>\n<li>FC Augsburg (2022 Leihe)<\/li>\n<li>TSG Hoffenheim (2023- )<\/li>\n<\/ul>\n<h2><span class=\"mw-headline\" id=\"Erfolge\">Erfolge<\/span><a href=\"\/index.php?title=Mergim_Berisha&amp;action=edit&amp;section=2\" title=\"Abschnitt bearbeiten: Erfolge\">Bearbeiten<\/a><span class=\"mw-editsection-bracket\">]<\/span><\/span><\/h2>\n<ul>\n<li>U21-Europameisterschaft:2021<\/li>\n<li>\u00d6sterreichischer Meister: 2017, 2020, 2021<\/li>\n<li>\u00d6sterreichischer Cupsieger: 2017, 2020, 2021<\/li>\n<li>UEFA Youth League 2017<\/li>\n<li>Championstrophy 2016: Bester Spieler des Turniers<\/li>\n<\/ul>\n<h2><span class=\"mw-headline\" id=\"Bilder\">Bilder<\/span><a href=\"\/index.php?title=Mergim_Berisha&amp;action=edit&amp;section=3\" title=\"Abschnitt bearbeiten: Bilder\">Bearbeiten<\/a><span class=\"mw-editsection-bracket\">]<\/span><\/span><\/h2>\n<p><img alt=\"\" src=\"\/images\/thumb\/4\/4a\/Commons-logo.svg\/langde-20px-Commons-logo.svg.png%3Futm_source%3Dcommons.wikimedia.org%26utm_campaign%3Dimageinfo%26utm_content%3Dthumbnail\" decoding=\"async\" title=\"Commons\" width=\"12\" height=\"16\" srcset=\"\/images\/thumb\/4\/4a\/Commons-logo.svg\/langde-40px-Commons-logo.svg.png%3Futm_source%3Dcommons.wikimedia.org%26utm_campaign%3Dimageinfo%26utm_content%3Dthumbnail 2x\" \/>&#160;<b><a href=\"http:\/\/commons.wikimedia.org\/wiki\/Category:Mergim_Berisha\" class=\"extiw\" title=\"commons:Category:Mergim Berisha\">Mergim Berisha<\/a><\/b>&#160;\u2013 Sammlung von Bildern, Videos und Audiodateien auf <a href=\"\/Wikimedia_Commons\" title=\"Wikimedia Commons\">Wikimedia Commons<\/a>\n<\/p>\n<h2><span class=\"mw-headline\" id=\"Besonderes\">Besonderes<\/span><a href=\"\/index.php?title=Mergim_Berisha&amp;action=edit&amp;section=4\" title=\"Abschnitt bearbeiten: Besonderes\">Bearbeiten<\/a><span class=\"mw-editsection-bracket\">]<\/span><\/span><\/h2>\n<p>Am 7. November 2014 wurde er in das Spiel des <a href=\"\/FC_Liefering\" title=\"FC Liefering\">FC Liefering<\/a> gegen SV Mattersburg eingewechselt und erzielte mit dem ersten Ballkontakt sein erstes Tor f\u00fcr die Lieferinger.\n<\/p>\n<\/div>\n","protected":false},"excerpt":{"rendered":"<p>Name: Mergim Berisha Geburtstag: 11. Mai 1998 Geburtsort: Berchtesgaden Geburtsland: Deutschland Nationalit\u00e4t:Deutscher Position: St\u00fcrmer Spiele f\u00fcr die U18: 9 Spiele (3 Tore) StationenBearbeiten] Red Bull Salzburg Akademie U16 Red Bull Salzburg Akademie U18 FC Liefering (2015-2016) FC Red Bull Salzburg (2016- 2021 ) LASK Linz (2017 Leihe) 1. FC Magdeburg (2018 Leihe) SCR Altach (2019 [&hellip;]<\/p>\n","protected":false},"author":1,"featured_media":0,"parent":0,"menu_order":0,"comment_status":"closed","ping_status":"closed","template":"","meta":{"footnotes":""},"class_list":["post-5425","page","type-page","status-publish","hentry"],"_links":{"self":[{"href":"https:\/\/wiki.s12.at\/index.php\/wp-json\/wp\/v2\/pages\/5425","targetHints":{"allow":["GET"]}}],"collection":[{"href":"https:\/\/wiki.s12.at\/index.php\/wp-json\/wp\/v2\/pages"}],"about":[{"href":"https:\/\/wiki.s12.at\/index.php\/wp-json\/wp\/v2\/types\/page"}],"author":[{"embeddable":true,"href":"https:\/\/wiki.s12.at\/index.php\/wp-json\/wp\/v2\/users\/1"}],"replies":[{"embeddable":true,"href":"https:\/\/wiki.s12.at\/index.php\/wp-json\/wp\/v2\/comments?post=5425"}],"version-history":[{"count":0,"href":"https:\/\/wiki.s12.at\/index.php\/wp-json\/wp\/v2\/pages\/5425\/revisions"}],"wp:attachment":[{"href":"https:\/\/wiki.s12.at\/index.php\/wp-json\/wp\/v2\/media?parent=5425"}],"curies":[{"name":"wp","href":"https:\/\/api.w.org\/{rel}","templated":true}]}}