{"id":5375,"date":"2026-05-06T16:18:49","date_gmt":"2026-05-06T14:18:49","guid":{"rendered":"https:\/\/wiki.s12.at\/index.php\/maximiliano-caufriez\/"},"modified":"2026-05-06T16:18:49","modified_gmt":"2026-05-06T14:18:49","slug":"maximiliano-caufriez","status":"publish","type":"page","link":"https:\/\/wiki.s12.at\/index.php\/maximiliano-caufriez\/","title":{"rendered":"Maximiliano Caufriez"},"content":{"rendered":"<div class=\"mw-parser-output\">\n<ul>\n<li>Name: <b>Maximiliano Caufriez<\/b><\/li>\n<li>Geburtstag: 16. Februar 1997<\/li>\n<li>Geburtsort:  Beveren<\/li>\n<li>Geburtsland: Belgien<\/li>\n<\/ul>\n<div class=\"thumb tright\">\n<div class=\"thumbinner\" style=\"width:302px;\"><a href=\"\/Datei:Maximiliano_Caufriez_2021.jpg\" class=\"image\"><img fetchpriority=\"high\" alt=\"Maximiliano Caufriez 2021.jpg\" src=\"\/images\/thumb\/9\/94\/Maximiliano_Caufriez_2021.jpg\/330px-Maximiliano_Caufriez_2021.jpg%3Futm_source%3Dcommons.wikimedia.org%26utm_campaign%3Dimageinfo%26utm_content%3Dthumbnail\" decoding=\"async\" width=\"300\" height=\"438\" class=\"thumbimage\" srcset=\"\/images\/thumb\/9\/94\/Maximiliano_Caufriez_2021.jpg\/500px-Maximiliano_Caufriez_2021.jpg%3Futm_source%3Dcommons.wikimedia.org%26utm_campaign%3Dimageinfo%26utm_content%3Dthumbnail 1.5x, \/images\/thumb\/9\/94\/Maximiliano_Caufriez_2021.jpg\/Maximiliano_Caufriez_2021.jpg%3Futm_source%3Dcommons.wikimedia.org%26utm_campaign%3Dimageinfo%26utm_content%3Dthumbnail_unscaled 2x\" \/><\/a>  <\/p>\n<div class=\"thumbcaption\">\n<div class=\"magnify\"><a href=\"\/Datei:Maximiliano_Caufriez_2021.jpg\" class=\"internal\" title=\"vergr\u00f6\u00dfern\"><\/a><\/div>\n<\/div>\n<\/div>\n<\/div>\n<ul>\n<li>Nationalit\u00e4t: Belgier <a href=\"\/Datei:Flag_of_Belgium.svg\" class=\"image\" title=\"Belgier\"><img alt=\"Belgier\" src=\"\/images\/thumb\/6\/65\/Flag_of_Belgium.svg\/langde-20px-Flag_of_Belgium.svg.png%3Futm_source%3Dcommons.wikimedia.org%26utm_campaign%3Dimageinfo%26utm_content%3Dthumbnail\" decoding=\"async\" width=\"20\" height=\"17\" srcset=\"\/images\/thumb\/6\/65\/Flag_of_Belgium.svg\/langde-40px-Flag_of_Belgium.svg.png%3Futm_source%3Dcommons.wikimedia.org%26utm_campaign%3Dimageinfo%26utm_content%3Dthumbnail 1.5x\" \/><\/a><\/li>\n<li>Gr\u00f6\u00dfe: 189 cm<\/li>\n<li>Position: Verteidigung<\/li>\n<li>Nationalmannschaft:Belgien (U18, U19, U21)<\/li>\n<li>R\u00fcckennummer: 2<\/li>\n<\/ul>\n<h2><span class=\"mw-headline\" id=\"Stationen\">Stationen<\/span><a href=\"\/index.php?title=Maximiliano_Caufriez&amp;action=edit&amp;section=1\" title=\"Abschnitt bearbeiten: Stationen\">Bearbeiten<\/a><span class=\"mw-editsection-bracket\">]<\/span><\/span><\/h2>\n<ul>\n<li>RSC Anderlecht, Standard L\u00fcttich (Jugend)<\/li>\n<li>Waasland-Beveren<\/li>\n<li>VV St. Truiden<\/li>\n<li>Spartak Moskau<\/li>\n<li>Clermont Foot<\/li>\n<li>FC Valencia (Leihe)<\/li>\n<li>FC Red Bull Salzburg (Leihe)<\/li>\n<\/ul>\n<h2><span class=\"mw-headline\" id=\"Bilder\">Bilder<\/span><a href=\"\/index.php?title=Maximiliano_Caufriez&amp;action=edit&amp;section=2\" title=\"Abschnitt bearbeiten: Bilder\">Bearbeiten<\/a><span class=\"mw-editsection-bracket\">]<\/span><\/span><\/h2>\n<p><img alt=\"\" src=\"\/images\/thumb\/4\/4a\/Commons-logo.svg\/langde-20px-Commons-logo.svg.png%3Futm_source%3Dcommons.wikimedia.org%26utm_campaign%3Dimageinfo%26utm_content%3Dthumbnail\" decoding=\"async\" title=\"Commons\" width=\"12\" height=\"16\" srcset=\"\/images\/thumb\/4\/4a\/Commons-logo.svg\/langde-40px-Commons-logo.svg.png%3Futm_source%3Dcommons.wikimedia.org%26utm_campaign%3Dimageinfo%26utm_content%3Dthumbnail 2x\" \/>&#160;<b><a href=\"http:\/\/commons.wikimedia.org\/wiki\/Category:Maximiliano_Caufriez\" class=\"extiw\" title=\"commons:Category:Maximiliano Caufriez\">Maximiliano Caufriez<\/a><\/b>&#160;\u2013 Sammlung von Bildern, Videos und Audiodateien auf <a href=\"\/Wikimedia_Commons\" title=\"Wikimedia Commons\">Wikimedia Commons<\/a>\n<\/p>\n<\/div>\n","protected":false},"excerpt":{"rendered":"<p>Name: Maximiliano Caufriez Geburtstag: 16. Februar 1997 Geburtsort: Beveren Geburtsland: Belgien Nationalit\u00e4t: Belgier Gr\u00f6\u00dfe: 189 cm Position: Verteidigung Nationalmannschaft:Belgien (U18, U19, U21) R\u00fcckennummer: 2 StationenBearbeiten] RSC Anderlecht, Standard L\u00fcttich (Jugend) Waasland-Beveren VV St. Truiden Spartak Moskau Clermont Foot FC Valencia (Leihe) FC Red Bull Salzburg (Leihe) BilderBearbeiten] &#160;Maximiliano Caufriez&#160;\u2013 Sammlung von Bildern, Videos und Audiodateien [&hellip;]<\/p>\n","protected":false},"author":1,"featured_media":0,"parent":0,"menu_order":0,"comment_status":"closed","ping_status":"closed","template":"","meta":{"footnotes":""},"class_list":["post-5375","page","type-page","status-publish","hentry"],"_links":{"self":[{"href":"https:\/\/wiki.s12.at\/index.php\/wp-json\/wp\/v2\/pages\/5375","targetHints":{"allow":["GET"]}}],"collection":[{"href":"https:\/\/wiki.s12.at\/index.php\/wp-json\/wp\/v2\/pages"}],"about":[{"href":"https:\/\/wiki.s12.at\/index.php\/wp-json\/wp\/v2\/types\/page"}],"author":[{"embeddable":true,"href":"https:\/\/wiki.s12.at\/index.php\/wp-json\/wp\/v2\/users\/1"}],"replies":[{"embeddable":true,"href":"https:\/\/wiki.s12.at\/index.php\/wp-json\/wp\/v2\/comments?post=5375"}],"version-history":[{"count":0,"href":"https:\/\/wiki.s12.at\/index.php\/wp-json\/wp\/v2\/pages\/5375\/revisions"}],"wp:attachment":[{"href":"https:\/\/wiki.s12.at\/index.php\/wp-json\/wp\/v2\/media?parent=5375"}],"curies":[{"name":"wp","href":"https:\/\/api.w.org\/{rel}","templated":true}]}}