{"id":5374,"date":"2026-05-06T16:18:49","date_gmt":"2026-05-06T14:18:49","guid":{"rendered":"https:\/\/wiki.s12.at\/index.php\/maximilian-woeber\/"},"modified":"2026-05-06T16:18:49","modified_gmt":"2026-05-06T14:18:49","slug":"maximilian-woeber","status":"publish","type":"page","link":"https:\/\/wiki.s12.at\/index.php\/maximilian-woeber\/","title":{"rendered":"Maximilian W\u00f6ber"},"content":{"rendered":"<div class=\"mw-parser-output\">\n<div class=\"thumb tright\">\n<div class=\"thumbinner\" style=\"width:302px;\"><a href=\"\/Datei:Maximilian_W%C3%B6ber_(cropped).jpg\" class=\"image\"><img fetchpriority=\"high\" alt=\"Maximilian W\u00f6ber (cropped).jpg\" src=\"\/images\/thumb\/7\/71\/Maximilian_W%C3%B6ber_%28cropped%29.jpg\/330px-Maximilian_W%C3%B6ber_%28cropped%29.jpg%3Futm_source%3Dcommons.wikimedia.org%26utm_campaign%3Dimageinfo%26utm_content%3Dthumbnail\" decoding=\"async\" width=\"300\" height=\"336\" class=\"thumbimage\" srcset=\"\/images\/thumb\/7\/71\/Maximilian_W%C3%B6ber_%28cropped%29.jpg\/500px-Maximilian_W%C3%B6ber_%28cropped%29.jpg%3Futm_source%3Dcommons.wikimedia.org%26utm_campaign%3Dimageinfo%26utm_content%3Dthumbnail 1.5x, \/images\/thumb\/7\/71\/Maximilian_W%C3%B6ber_%28cropped%29.jpg\/Maximilian_W%C3%B6ber_%28cropped%29.jpg%3Futm_source%3Dcommons.wikimedia.org%26utm_campaign%3Dimageinfo%26utm_content%3Dthumbnail_unscaled 2x\" \/><\/a>  <\/p>\n<div class=\"thumbcaption\">\n<div class=\"magnify\"><a href=\"\/Datei:Maximilian_W%C3%B6ber_(cropped).jpg\" class=\"internal\" title=\"vergr\u00f6\u00dfern\"><\/a><\/div>\n<\/div>\n<\/div>\n<\/div>\n<ul>\n<li>Name: <b>Maximilian W\u00f6ber <\/b><\/li>\n<li>Geburtstag: 4. Februar 1998<\/li>\n<li>Geburtsort: Wien<\/li>\n<li>Geburtsland: \u00d6sterreich<\/li>\n<li>Gr\u00f6\u00dfe:188 cm<\/li>\n<li>Position: Verteidiger<\/li>\n<li>Nationalmannschaft: \u00d6sterreich (U 15, U16, U17, U18, U19, U21), \u00d6sterreich<\/li>\n<\/ul>\n<h2><span class=\"mw-headline\" id=\"Stationen\">Stationen<\/span><a href=\"\/index.php?title=Maximilian_W%C3%B6ber&amp;action=edit&amp;section=1\" title=\"Abschnitt bearbeiten: Stationen\">Bearbeiten<\/a><span class=\"mw-editsection-bracket\">]<\/span><\/span><\/h2>\n<ul>\n<li>SZ Marswiese, Wiener Sportklub, SK Rapid Wien (Jugend)<\/li>\n<li>SK Rapid Wien II<\/li>\n<li>SK Rapid Wien<\/li>\n<li>Ajax Amsterdam<\/li>\n<li>Jong Ajax<\/li>\n<li>FC Sevilla<\/li>\n<li>FC Red Bull Salzburg<\/li>\n<li>Leeds United<\/li>\n<li>Borussia M\u00f6nchengladbach (Leihe)<\/li>\n<li>SV Werder Bremen (Leihe)<\/li>\n<\/ul>\n<h2><span class=\"mw-headline\" id=\"Erfolge\">Erfolge<\/span><a href=\"\/index.php?title=Maximilian_W%C3%B6ber&amp;action=edit&amp;section=2\" title=\"Abschnitt bearbeiten: Erfolge\">Bearbeiten<\/a><span class=\"mw-editsection-bracket\">]<\/span><\/span><\/h2>\n<ul>\n<li>\u00d6sterreichischer Meister: 2020, 2021, 2022<\/li>\n<li>\u00d6sterreichischer Cupsieger: 2020, 2021, 2022<\/li>\n<\/ul>\n<h2><span class=\"mw-headline\" id=\"Bilder\">Bilder<\/span><a href=\"\/index.php?title=Maximilian_W%C3%B6ber&amp;action=edit&amp;section=3\" title=\"Abschnitt bearbeiten: Bilder\">Bearbeiten<\/a><span class=\"mw-editsection-bracket\">]<\/span><\/span><\/h2>\n<p><img alt=\"\" src=\"\/images\/thumb\/4\/4a\/Commons-logo.svg\/langde-20px-Commons-logo.svg.png%3Futm_source%3Dcommons.wikimedia.org%26utm_campaign%3Dimageinfo%26utm_content%3Dthumbnail\" decoding=\"async\" title=\"Commons\" width=\"12\" height=\"16\" srcset=\"\/images\/thumb\/4\/4a\/Commons-logo.svg\/langde-40px-Commons-logo.svg.png%3Futm_source%3Dcommons.wikimedia.org%26utm_campaign%3Dimageinfo%26utm_content%3Dthumbnail 2x\" \/>&#160;<b><a href=\"http:\/\/commons.wikimedia.org\/wiki\/Category:Maximilian_W%C3%B6ber\" class=\"extiw\" title=\"commons:Category:Maximilian W\u00f6ber\">Maximilian W\u00f6ber<\/a><\/b>&#160;\u2013 Sammlung von Bildern, Videos und Audiodateien auf <a href=\"\/Wikimedia_Commons\" title=\"Wikimedia Commons\">Wikimedia Commons<\/a>\n<\/p>\n<\/div>\n","protected":false},"excerpt":{"rendered":"<p>Name: Maximilian W\u00f6ber Geburtstag: 4. Februar 1998 Geburtsort: Wien Geburtsland: \u00d6sterreich Gr\u00f6\u00dfe:188 cm Position: Verteidiger Nationalmannschaft: \u00d6sterreich (U 15, U16, U17, U18, U19, U21), \u00d6sterreich StationenBearbeiten] SZ Marswiese, Wiener Sportklub, SK Rapid Wien (Jugend) SK Rapid Wien II SK Rapid Wien Ajax Amsterdam Jong Ajax FC Sevilla FC Red Bull Salzburg Leeds United Borussia M\u00f6nchengladbach [&hellip;]<\/p>\n","protected":false},"author":1,"featured_media":0,"parent":0,"menu_order":0,"comment_status":"closed","ping_status":"closed","template":"","meta":{"footnotes":""},"class_list":["post-5374","page","type-page","status-publish","hentry"],"_links":{"self":[{"href":"https:\/\/wiki.s12.at\/index.php\/wp-json\/wp\/v2\/pages\/5374","targetHints":{"allow":["GET"]}}],"collection":[{"href":"https:\/\/wiki.s12.at\/index.php\/wp-json\/wp\/v2\/pages"}],"about":[{"href":"https:\/\/wiki.s12.at\/index.php\/wp-json\/wp\/v2\/types\/page"}],"author":[{"embeddable":true,"href":"https:\/\/wiki.s12.at\/index.php\/wp-json\/wp\/v2\/users\/1"}],"replies":[{"embeddable":true,"href":"https:\/\/wiki.s12.at\/index.php\/wp-json\/wp\/v2\/comments?post=5374"}],"version-history":[{"count":0,"href":"https:\/\/wiki.s12.at\/index.php\/wp-json\/wp\/v2\/pages\/5374\/revisions"}],"wp:attachment":[{"href":"https:\/\/wiki.s12.at\/index.php\/wp-json\/wp\/v2\/media?parent=5374"}],"curies":[{"name":"wp","href":"https:\/\/api.w.org\/{rel}","templated":true}]}}