{"id":5372,"date":"2026-05-06T16:18:48","date_gmt":"2026-05-06T14:18:48","guid":{"rendered":"https:\/\/wiki.s12.at\/index.php\/maximilian-mayer\/"},"modified":"2026-05-06T16:18:48","modified_gmt":"2026-05-06T14:18:48","slug":"maximilian-mayer","status":"publish","type":"page","link":"https:\/\/wiki.s12.at\/index.php\/maximilian-mayer\/","title":{"rendered":"Maximilian Mayer"},"content":{"rendered":"<div class=\"mw-parser-output\">\n<div class=\"thumb tright\">\n<div class=\"thumbinner\" style=\"width:302px;\"><a href=\"\/Datei:WSG_Wattens_gegen_FC_Liefering_14.jpg\" class=\"image\"><img fetchpriority=\"high\" alt=\"WSG Wattens gegen FC Liefering 14.jpg\" src=\"\/images\/thumb\/2\/26\/WSG_Wattens_gegen_FC_Liefering_14.jpg\/330px-WSG_Wattens_gegen_FC_Liefering_14.jpg%3Futm_source%3Dcommons.wikimedia.org%26utm_campaign%3Dimageinfo%26utm_content%3Dthumbnail\" decoding=\"async\" width=\"300\" height=\"269\" class=\"thumbimage\" srcset=\"\/images\/thumb\/2\/26\/WSG_Wattens_gegen_FC_Liefering_14.jpg\/500px-WSG_Wattens_gegen_FC_Liefering_14.jpg%3Futm_source%3Dcommons.wikimedia.org%26utm_campaign%3Dimageinfo%26utm_content%3Dthumbnail 1.5x, \/images\/thumb\/2\/26\/WSG_Wattens_gegen_FC_Liefering_14.jpg\/960px-WSG_Wattens_gegen_FC_Liefering_14.jpg%3Futm_source%3Dcommons.wikimedia.org%26utm_campaign%3Dimageinfo%26utm_content%3Dthumbnail 2x\" \/><\/a>  <\/p>\n<div class=\"thumbcaption\">\n<div class=\"magnify\"><a href=\"\/Datei:WSG_Wattens_gegen_FC_Liefering_14.jpg\" class=\"internal\" title=\"vergr\u00f6\u00dfern\"><\/a><\/div>\n<\/div>\n<\/div>\n<\/div>\n<ul>\n<li>Name: <b>Maximilian Mayer<\/b><\/li>\n<li>Geburtstag: 21. Juli 1998<\/li>\n<li>Geburtsort:<\/li>\n<li>Geburtsland: \u00d6sterreich<\/li>\n<li>Gr\u00f6\u00dfe:174 cm<\/li>\n<li>Position: Mittelfeld<\/li>\n<li>Nationalmannschaft:\u00d6sterreich U17<\/li>\n<\/ul>\n<h2><span class=\"mw-headline\" id=\"Stationen\">Stationen<\/span><a href=\"\/index.php?title=Maximilian_Mayer&amp;action=edit&amp;section=1\" title=\"Abschnitt bearbeiten: Stationen\">Bearbeiten<\/a><span class=\"mw-editsection-bracket\">]<\/span><\/span><\/h2>\n<ul>\n<li>Akademie Red Bull Salzburg (2011-2016)<\/li>\n<li>FC Liefering (2016- 2017)<\/li>\n<li>TSV Hartberg<\/li>\n<li>Floridsdorfer AC<\/li>\n<li>FC Marchfeld<\/li>\n<li>SC Wolkersdorf<\/li>\n<li>USV Siezenheim<\/li>\n<\/ul>\n<h2><span class=\"mw-headline\" id=\"Erfolge\">Erfolge<\/span><a href=\"\/index.php?title=Maximilian_Mayer&amp;action=edit&amp;section=2\" title=\"Abschnitt bearbeiten: Erfolge\">Bearbeiten<\/a><span class=\"mw-editsection-bracket\">]<\/span><\/span><\/h2>\n<ul>\n<li>UEFA Youth League 2017<\/li>\n<\/ul>\n<h2><span class=\"mw-headline\" id=\"Bilder\">Bilder<\/span><a href=\"\/index.php?title=Maximilian_Mayer&amp;action=edit&amp;section=3\" title=\"Abschnitt bearbeiten: Bilder\">Bearbeiten<\/a><span class=\"mw-editsection-bracket\">]<\/span><\/span><\/h2>\n<p><img alt=\"\" src=\"\/images\/thumb\/4\/4a\/Commons-logo.svg\/langde-20px-Commons-logo.svg.png%3Futm_source%3Dcommons.wikimedia.org%26utm_campaign%3Dimageinfo%26utm_content%3Dthumbnail\" decoding=\"async\" title=\"Commons\" width=\"12\" height=\"16\" srcset=\"\/images\/thumb\/4\/4a\/Commons-logo.svg\/langde-40px-Commons-logo.svg.png%3Futm_source%3Dcommons.wikimedia.org%26utm_campaign%3Dimageinfo%26utm_content%3Dthumbnail 2x\" \/>&#160;<b><a href=\"http:\/\/commons.wikimedia.org\/wiki\/Category:Maximilian_Mayer\" class=\"extiw\" title=\"commons:Category:Maximilian Mayer\">Maximilian Mayer<\/a><\/b>&#160;\u2013 Sammlung von Bildern, Videos und Audiodateien auf <a href=\"\/Wikimedia_Commons\" title=\"Wikimedia Commons\">Wikimedia Commons<\/a>\n<\/p>\n<\/div>\n","protected":false},"excerpt":{"rendered":"<p>Name: Maximilian Mayer Geburtstag: 21. Juli 1998 Geburtsort: Geburtsland: \u00d6sterreich Gr\u00f6\u00dfe:174 cm Position: Mittelfeld Nationalmannschaft:\u00d6sterreich U17 StationenBearbeiten] Akademie Red Bull Salzburg (2011-2016) FC Liefering (2016- 2017) TSV Hartberg Floridsdorfer AC FC Marchfeld SC Wolkersdorf USV Siezenheim ErfolgeBearbeiten] UEFA Youth League 2017 BilderBearbeiten] &#160;Maximilian Mayer&#160;\u2013 Sammlung von Bildern, Videos und Audiodateien auf Wikimedia Commons<\/p>\n","protected":false},"author":1,"featured_media":0,"parent":0,"menu_order":0,"comment_status":"closed","ping_status":"closed","template":"","meta":{"footnotes":""},"class_list":["post-5372","page","type-page","status-publish","hentry"],"_links":{"self":[{"href":"https:\/\/wiki.s12.at\/index.php\/wp-json\/wp\/v2\/pages\/5372","targetHints":{"allow":["GET"]}}],"collection":[{"href":"https:\/\/wiki.s12.at\/index.php\/wp-json\/wp\/v2\/pages"}],"about":[{"href":"https:\/\/wiki.s12.at\/index.php\/wp-json\/wp\/v2\/types\/page"}],"author":[{"embeddable":true,"href":"https:\/\/wiki.s12.at\/index.php\/wp-json\/wp\/v2\/users\/1"}],"replies":[{"embeddable":true,"href":"https:\/\/wiki.s12.at\/index.php\/wp-json\/wp\/v2\/comments?post=5372"}],"version-history":[{"count":0,"href":"https:\/\/wiki.s12.at\/index.php\/wp-json\/wp\/v2\/pages\/5372\/revisions"}],"wp:attachment":[{"href":"https:\/\/wiki.s12.at\/index.php\/wp-json\/wp\/v2\/media?parent=5372"}],"curies":[{"name":"wp","href":"https:\/\/api.w.org\/{rel}","templated":true}]}}