{"id":5356,"date":"2026-05-06T16:18:36","date_gmt":"2026-05-06T14:18:36","guid":{"rendered":"https:\/\/wiki.s12.at\/index.php\/matteo-meisl\/"},"modified":"2026-05-06T16:18:36","modified_gmt":"2026-05-06T14:18:36","slug":"matteo-meisl","status":"publish","type":"page","link":"https:\/\/wiki.s12.at\/index.php\/matteo-meisl\/","title":{"rendered":"Matteo Meisl"},"content":{"rendered":"<div class=\"mw-parser-output\">\n<div class=\"thumb tright\">\n<div class=\"thumbinner\" style=\"width:302px;\"><a href=\"\/Datei:FC_Salzburg_gegen_Girondins_Bordeaux_(UEFA_Youth_League_17._Oktober_2017)_46.jpg\" class=\"image\"><img fetchpriority=\"high\" alt=\"FC Salzburg gegen Girondins Bordeaux (UEFA Youth League 17. Oktober 2017) 46.jpg\" src=\"\/images\/thumb\/4\/44\/FC_Salzburg_gegen_Girondins_Bordeaux_%28UEFA_Youth_League_17._Oktober_2017%29_46.jpg\/330px-FC_Salzburg_gegen_Girondins_Bordeaux_%28UEFA_Youth_League_17._Oktober_2017%29_46.jpg%3Futm_source%3Dcommons.wikimedia.org%26utm_campaign%3Dimageinfo%26utm_content%3Dthumbnail\" decoding=\"async\" width=\"300\" height=\"443\" class=\"thumbimage\" srcset=\"\/images\/thumb\/4\/44\/FC_Salzburg_gegen_Girondins_Bordeaux_%28UEFA_Youth_League_17._Oktober_2017%29_46.jpg\/500px-FC_Salzburg_gegen_Girondins_Bordeaux_%28UEFA_Youth_League_17._Oktober_2017%29_46.jpg%3Futm_source%3Dcommons.wikimedia.org%26utm_campaign%3Dimageinfo%26utm_content%3Dthumbnail 1.5x, \/images\/thumb\/4\/44\/FC_Salzburg_gegen_Girondins_Bordeaux_%28UEFA_Youth_League_17._Oktober_2017%29_46.jpg\/960px-FC_Salzburg_gegen_Girondins_Bordeaux_%28UEFA_Youth_League_17._Oktober_2017%29_46.jpg%3Futm_source%3Dcommons.wikimedia.org%26utm_campaign%3Dimageinfo%26utm_content%3Dthumbnail 2x\" \/><\/a>  <\/p>\n<div class=\"thumbcaption\">\n<div class=\"magnify\"><a href=\"\/Datei:FC_Salzburg_gegen_Girondins_Bordeaux_(UEFA_Youth_League_17._Oktober_2017)_46.jpg\" class=\"internal\" title=\"vergr\u00f6\u00dfern\"><\/a><\/div>\n<\/div>\n<\/div>\n<\/div>\n<ul>\n<li>Name: <b>Matteo Meisl<\/b><\/li>\n<li>Geburtstag: 27. Dezember  2000<\/li>\n<li>Geburtsort:<\/li>\n<li>Geburtsland: \u00d6sterreich<\/li>\n<li>Gr\u00f6\u00dfe:<\/li>\n<li>Position: Verteidiger<\/li>\n<\/ul>\n<h2><span class=\"mw-headline\" id=\"Besonderes\">Besonderes<\/span><a href=\"\/index.php?title=Matteo_Meisl&amp;action=edit&amp;section=1\" title=\"Abschnitt bearbeiten: Besonderes\">Bearbeiten<\/a><span class=\"mw-editsection-bracket\">]<\/span><\/span><\/h2>\n<p>Matteo ist der j\u00fcngere Bruder des Lieferingers <a href=\"\/Luca_Meisl\" title=\"Luca Meisl\">Luca Meisl<\/a>.\n<\/p>\n<h2><span class=\"mw-headline\" id=\"Stationen\">Stationen<\/span><a href=\"\/index.php?title=Matteo_Meisl&amp;action=edit&amp;section=2\" title=\"Abschnitt bearbeiten: Stationen\">Bearbeiten<\/a><span class=\"mw-editsection-bracket\">]<\/span><\/span><\/h2>\n<ul>\n<li>Kuchl, Red Bull Salzburg Jugend<\/li>\n<li>AKA Red Bull Salzburg (U15)<\/li>\n<li>AKA Red Bull Salzburg (U16)<\/li>\n<li>AKA Red Bull Salzburg (U18)<\/li>\n<li>FC Red Bull Salzburg (U19)<\/li>\n<li>FK Austria Wien II\/ FK Austria Wien<\/li>\n<li>Admira Wacker<\/li>\n<\/ul>\n<\/div>\n","protected":false},"excerpt":{"rendered":"<p>Name: Matteo Meisl Geburtstag: 27. Dezember 2000 Geburtsort: Geburtsland: \u00d6sterreich Gr\u00f6\u00dfe: Position: Verteidiger BesonderesBearbeiten] Matteo ist der j\u00fcngere Bruder des Lieferingers Luca Meisl. StationenBearbeiten] Kuchl, Red Bull Salzburg Jugend AKA Red Bull Salzburg (U15) AKA Red Bull Salzburg (U16) AKA Red Bull Salzburg (U18) FC Red Bull Salzburg (U19) FK Austria Wien II\/ FK Austria [&hellip;]<\/p>\n","protected":false},"author":1,"featured_media":0,"parent":0,"menu_order":0,"comment_status":"closed","ping_status":"closed","template":"","meta":{"footnotes":""},"class_list":["post-5356","page","type-page","status-publish","hentry"],"_links":{"self":[{"href":"https:\/\/wiki.s12.at\/index.php\/wp-json\/wp\/v2\/pages\/5356","targetHints":{"allow":["GET"]}}],"collection":[{"href":"https:\/\/wiki.s12.at\/index.php\/wp-json\/wp\/v2\/pages"}],"about":[{"href":"https:\/\/wiki.s12.at\/index.php\/wp-json\/wp\/v2\/types\/page"}],"author":[{"embeddable":true,"href":"https:\/\/wiki.s12.at\/index.php\/wp-json\/wp\/v2\/users\/1"}],"replies":[{"embeddable":true,"href":"https:\/\/wiki.s12.at\/index.php\/wp-json\/wp\/v2\/comments?post=5356"}],"version-history":[{"count":0,"href":"https:\/\/wiki.s12.at\/index.php\/wp-json\/wp\/v2\/pages\/5356\/revisions"}],"wp:attachment":[{"href":"https:\/\/wiki.s12.at\/index.php\/wp-json\/wp\/v2\/media?parent=5356"}],"curies":[{"name":"wp","href":"https:\/\/api.w.org\/{rel}","templated":true}]}}