{"id":5355,"date":"2026-05-06T16:18:35","date_gmt":"2026-05-06T14:18:35","guid":{"rendered":"https:\/\/wiki.s12.at\/index.php\/mathias-honsak\/"},"modified":"2026-05-06T16:18:35","modified_gmt":"2026-05-06T14:18:35","slug":"mathias-honsak","status":"publish","type":"page","link":"https:\/\/wiki.s12.at\/index.php\/mathias-honsak\/","title":{"rendered":"Mathias Honsak"},"content":{"rendered":"<div class=\"mw-parser-output\">\n<div class=\"thumb tright\">\n<div class=\"thumbinner\" style=\"width:302px;\"><a href=\"\/Datei:FC_Liefering_gegen_FC_Wacker_Innsbruck_(3.Oktober_2014)_49.JPG\" class=\"image\"><img fetchpriority=\"high\" alt=\"FC Liefering gegen FC Wacker Innsbruck (3.Oktober 2014) 49.JPG\" src=\"\/images\/thumb\/1\/16\/FC_Liefering_gegen_FC_Wacker_Innsbruck_%283.Oktober_2014%29_49.JPG\/330px-FC_Liefering_gegen_FC_Wacker_Innsbruck_%283.Oktober_2014%29_49.JPG%3Futm_source%3Dcommons.wikimedia.org%26utm_campaign%3Dimageinfo%26utm_content%3Dthumbnail\" decoding=\"async\" width=\"300\" height=\"297\" class=\"thumbimage\" srcset=\"\/images\/thumb\/1\/16\/FC_Liefering_gegen_FC_Wacker_Innsbruck_%283.Oktober_2014%29_49.JPG\/500px-FC_Liefering_gegen_FC_Wacker_Innsbruck_%283.Oktober_2014%29_49.JPG%3Futm_source%3Dcommons.wikimedia.org%26utm_campaign%3Dimageinfo%26utm_content%3Dthumbnail 1.5x, \/images\/thumb\/1\/16\/FC_Liefering_gegen_FC_Wacker_Innsbruck_%283.Oktober_2014%29_49.JPG\/960px-FC_Liefering_gegen_FC_Wacker_Innsbruck_%283.Oktober_2014%29_49.JPG%3Futm_source%3Dcommons.wikimedia.org%26utm_campaign%3Dimageinfo%26utm_content%3Dthumbnail 2x\" \/><\/a>  <\/p>\n<div class=\"thumbcaption\">\n<div class=\"magnify\"><a href=\"\/Datei:FC_Liefering_gegen_FC_Wacker_Innsbruck_(3.Oktober_2014)_49.JPG\" class=\"internal\" title=\"vergr\u00f6\u00dfern\"><\/a><\/div>\n<\/div>\n<\/div>\n<\/div>\n<ul>\n<li>Name: <b>Mathias Honsak<\/b><\/li>\n<li>Geburtstag: 20. Dezember 1996<\/li>\n<li>Geburtsort:  \tWien<\/li>\n<li>Nationalit\u00e4t: \u00d6sterreich <a href=\"\/Datei:Flag_of_Austria.svg\" class=\"image\" title=\"\u00d6sterreicher\"><img alt=\"\u00d6sterreicher\" src=\"\/images\/thumb\/4\/41\/Flag_of_Austria.svg\/langde-20px-Flag_of_Austria.svg.png%3Futm_source%3Dcommons.wikimedia.org%26utm_campaign%3Dimageinfo%26utm_content%3Dthumbnail\" decoding=\"async\" width=\"20\" height=\"13\" srcset=\"\/images\/thumb\/4\/41\/Flag_of_Austria.svg\/langde-40px-Flag_of_Austria.svg.png%3Futm_source%3Dcommons.wikimedia.org%26utm_campaign%3Dimageinfo%26utm_content%3Dthumbnail 1.5x\" \/><\/a><\/li>\n<li>Gr\u00f6\u00dfe: 188 cm<\/li>\n<li>Position: St\u00fcrmer, Mittelfeld<\/li>\n<\/ul>\n<h2><span class=\"mw-headline\" id=\"Stationen\">Stationen<\/span><a href=\"\/index.php?title=Mathias_Honsak&amp;action=edit&amp;section=1\" title=\"Abschnitt bearbeiten: Stationen\">Bearbeiten<\/a><span class=\"mw-editsection-bracket\">]<\/span><\/span><\/h2>\n<ul>\n<li>Jugend:FAC, FK Austria Wien, FC Stadlau<\/li>\n<li>FC Liefering (2014- )<\/li>\n<li>FC Red Bull Salzburg (2017-2019 )<\/li>\n<li>SV Ried (Leihe) (2016-2017 )<\/li>\n<li>SCR Altach (Leihe) (2017- 2018)<\/li>\n<li>Holstein Kiel (Leihe)( 2018- 2019)<\/li>\n<li>SV Darmstadt 98<\/li>\n<\/ul>\n<h2><span class=\"mw-headline\" id=\"Bilder\">Bilder<\/span><a href=\"\/index.php?title=Mathias_Honsak&amp;action=edit&amp;section=2\" title=\"Abschnitt bearbeiten: Bilder\">Bearbeiten<\/a><span class=\"mw-editsection-bracket\">]<\/span><\/span><\/h2>\n<p><img alt=\"\" src=\"\/images\/thumb\/4\/4a\/Commons-logo.svg\/langde-20px-Commons-logo.svg.png%3Futm_source%3Dcommons.wikimedia.org%26utm_campaign%3Dimageinfo%26utm_content%3Dthumbnail\" decoding=\"async\" title=\"Commons\" width=\"12\" height=\"16\" srcset=\"\/images\/thumb\/4\/4a\/Commons-logo.svg\/langde-40px-Commons-logo.svg.png%3Futm_source%3Dcommons.wikimedia.org%26utm_campaign%3Dimageinfo%26utm_content%3Dthumbnail 2x\" \/>&#160;<b><a href=\"http:\/\/commons.wikimedia.org\/wiki\/Category:Mathias_Honsak\" class=\"extiw\" title=\"commons:Category:Mathias Honsak\">Mathias Honsak<\/a><\/b>&#160;\u2013 Sammlung von Bildern, Videos und Audiodateien auf <a href=\"\/Wikimedia_Commons\" title=\"Wikimedia Commons\">Wikimedia Commons<\/a>\n<\/p>\n<\/div>\n","protected":false},"excerpt":{"rendered":"<p>Name: Mathias Honsak Geburtstag: 20. Dezember 1996 Geburtsort: Wien Nationalit\u00e4t: \u00d6sterreich Gr\u00f6\u00dfe: 188 cm Position: St\u00fcrmer, Mittelfeld StationenBearbeiten] Jugend:FAC, FK Austria Wien, FC Stadlau FC Liefering (2014- ) FC Red Bull Salzburg (2017-2019 ) SV Ried (Leihe) (2016-2017 ) SCR Altach (Leihe) (2017- 2018) Holstein Kiel (Leihe)( 2018- 2019) SV Darmstadt 98 BilderBearbeiten] &#160;Mathias Honsak&#160;\u2013 [&hellip;]<\/p>\n","protected":false},"author":1,"featured_media":0,"parent":0,"menu_order":0,"comment_status":"closed","ping_status":"closed","template":"","meta":{"footnotes":""},"class_list":["post-5355","page","type-page","status-publish","hentry"],"_links":{"self":[{"href":"https:\/\/wiki.s12.at\/index.php\/wp-json\/wp\/v2\/pages\/5355","targetHints":{"allow":["GET"]}}],"collection":[{"href":"https:\/\/wiki.s12.at\/index.php\/wp-json\/wp\/v2\/pages"}],"about":[{"href":"https:\/\/wiki.s12.at\/index.php\/wp-json\/wp\/v2\/types\/page"}],"author":[{"embeddable":true,"href":"https:\/\/wiki.s12.at\/index.php\/wp-json\/wp\/v2\/users\/1"}],"replies":[{"embeddable":true,"href":"https:\/\/wiki.s12.at\/index.php\/wp-json\/wp\/v2\/comments?post=5355"}],"version-history":[{"count":0,"href":"https:\/\/wiki.s12.at\/index.php\/wp-json\/wp\/v2\/pages\/5355\/revisions"}],"wp:attachment":[{"href":"https:\/\/wiki.s12.at\/index.php\/wp-json\/wp\/v2\/media?parent=5355"}],"curies":[{"name":"wp","href":"https:\/\/api.w.org\/{rel}","templated":true}]}}