{"id":5343,"date":"2026-05-06T16:18:17","date_gmt":"2026-05-06T14:18:17","guid":{"rendered":"https:\/\/wiki.s12.at\/index.php\/martin-hinteregger\/"},"modified":"2026-05-06T16:18:17","modified_gmt":"2026-05-06T14:18:17","slug":"martin-hinteregger","status":"publish","type":"page","link":"https:\/\/wiki.s12.at\/index.php\/martin-hinteregger\/","title":{"rendered":"Martin Hinteregger"},"content":{"rendered":"<div class=\"mw-parser-output\">\n<div class=\"thumb tright\">\n<div class=\"thumbinner\" style=\"width:232px;\"><a href=\"\/Datei:Martin_Hinteregger.JPG\" class=\"image\"><img fetchpriority=\"high\" alt=\"\" src=\"\/images\/thumb\/4\/47\/Martin_Hinteregger.JPG\/250px-Martin_Hinteregger.JPG%3Futm_source%3Dcommons.wikimedia.org%26utm_campaign%3Dimageinfo%26utm_content%3Dthumbnail\" decoding=\"async\" width=\"230\" height=\"505\" class=\"thumbimage\" srcset=\"\/images\/thumb\/4\/47\/Martin_Hinteregger.JPG\/500px-Martin_Hinteregger.JPG%3Futm_source%3Dcommons.wikimedia.org%26utm_campaign%3Dimageinfo%26utm_content%3Dthumbnail 1.5x\" \/><\/a>  <\/p>\n<div class=\"thumbcaption\">\n<div class=\"magnify\"><a href=\"\/Datei:Martin_Hinteregger.JPG\" class=\"internal\" title=\"vergr\u00f6\u00dfern\"><\/a><\/div>\n<p>Martin Hinteregger<\/p><\/div>\n<\/div>\n<\/div>\n<ul>\n<li>Name: <b>Martin Hinteregger<\/b><\/li>\n<li>Spitzname: Hinte, Meschtei<\/li>\n<li>Geburtstag: 7. September 1992<\/li>\n<li>Geburtsort: Feldkirchen<\/li>\n<li>Geburtsland: \u00d6sterreich<\/li>\n<li>Nationalit\u00e4t: \u00d6sterreicher <a href=\"\/Datei:Flag_of_Austria.svg\" class=\"image\" title=\"\u00d6sterreicher\"><img alt=\"\u00d6sterreicher\" src=\"\/images\/thumb\/4\/41\/Flag_of_Austria.svg\/langde-20px-Flag_of_Austria.svg.png%3Futm_source%3Dcommons.wikimedia.org%26utm_campaign%3Dimageinfo%26utm_content%3Dthumbnail\" decoding=\"async\" width=\"20\" height=\"13\" srcset=\"\/images\/thumb\/4\/41\/Flag_of_Austria.svg\/langde-40px-Flag_of_Austria.svg.png%3Futm_source%3Dcommons.wikimedia.org%26utm_campaign%3Dimageinfo%26utm_content%3Dthumbnail 1.5x\" \/><\/a><\/li>\n<li>Gr\u00f6\u00dfe: 184 cm<\/li>\n<li>Position: Innenverteidiger<\/li>\n<li>Starker Fu\u00df: Links<\/li>\n<li>R\u00fcckennummer: 36<\/li>\n<li>Bundesligaspiele f\u00fcr Salzburg: 53 Spiele (0 Tore)<\/li>\n<\/ul>\n<h2><span class=\"mw-headline\" id=\"Stationen\">Stationen<\/span><a href=\"\/index.php?title=Martin_Hinteregger&amp;action=edit&amp;section=1\" title=\"Abschnitt bearbeiten: Stationen\">Bearbeiten<\/a><span class=\"mw-editsection-bracket\">]<\/span><\/span><\/h2>\n<ul>\n<li>SGA Sirnitz (1999-2007)<\/li>\n<li>AKA\/BNZ Red Bull Salzburg (2006-2009)<\/li>\n<li>Red Bull Juniors (2009-2010)<\/li>\n<li>Red Bull Salzburg (seit 2010)<\/li>\n<li>Borussia M\u00f6nchengladbach (2016 ) Leihe<\/li>\n<li>FC Augsburg (2016 &#8211; 2019 )<\/li>\n<li>Eintracht Frankfurt (2019-2022 )<\/li>\n<li>SGA Sirnitz (2022-2024)<\/li>\n<li>SK Austria Klagenfurt (2024- )<\/li>\n<\/ul>\n<h2><span id=\"Titel_.26_Erfolge\"><\/span><span class=\"mw-headline\" id=\"Titel_&amp;_Erfolge\">Titel &amp; Erfolge<\/span><a href=\"\/index.php?title=Martin_Hinteregger&amp;action=edit&amp;section=2\" title=\"Abschnitt bearbeiten: Titel &amp; Erfolge\">Bearbeiten<\/a><span class=\"mw-editsection-bracket\">]<\/span><\/span><\/h2>\n<ul>\n<li>\u00d6sterreichischer Meister: 2012, 2014<\/li>\n<li>\u00d6sterreichischer Cupsieger: 2012, 2014<\/li>\n<li>UEFA Europa League: 2022<\/li>\n<\/ul>\n<h2><span class=\"mw-headline\" id=\"Besonderes\">Besonderes<\/span><a href=\"\/index.php?title=Martin_Hinteregger&amp;action=edit&amp;section=3\" title=\"Abschnitt bearbeiten: Besonderes\">Bearbeiten<\/a><span class=\"mw-editsection-bracket\">]<\/span><\/span><\/h2>\n<p>Martin Hinteregger entstammt aus einer sportbegeisterten Familie. Bereits sein Gro\u00dfvater war in der Gr\u00fcndungszeit der SGA Sirnitz als Sportler aktiv. Sp\u00e4ter fand auch Martins Vater Franz Hinteregger zum Verein und ist dort noch immer als Fu\u00dfballjugendtrainer und Nachwuchsleiter t\u00e4tig. Auch Martins Schwester Christina ist Teil des Klubs; sie spielt als Libero in der dortigen Damenmannschaft und ist nebenbei Schriftf\u00fchrerin und U-8 Trainerin des Vereins.\n<\/p>\n<p>Im <b>Mai 2012<\/b> erhielt er, da sich Andreas Ulmer verletzt hatte, seine erste Einberufung in das A-Nationalteam.\n<\/p>\n<h2><span class=\"mw-headline\" id=\"Bilder\">Bilder<\/span><a href=\"\/index.php?title=Martin_Hinteregger&amp;action=edit&amp;section=4\" title=\"Abschnitt bearbeiten: Bilder\">Bearbeiten<\/a><span class=\"mw-editsection-bracket\">]<\/span><\/span><\/h2>\n<ul class=\"gallery mw-gallery-traditional\">\n<li class=\"gallerybox\" style=\"width: 155px\">\n<div style=\"width: 155px\">\n<div class=\"thumb\" style=\"width: 150px;\">\n<div style=\"margin:32.5px auto;\"><a href=\"\/Datei:RBS-Lyon70.jpg\" class=\"image\"><img alt=\"RBS-Lyon70.jpg\" src=\"\/images\/thumb\/0\/07\/RBS-Lyon70.jpg\/120px-RBS-Lyon70.jpg%3Futm_source%3Dcommons.wikimedia.org%26utm_campaign%3Dimageinfo%26utm_content%3Dthumbnail\" decoding=\"async\" width=\"120\" height=\"85\" srcset=\"\/images\/thumb\/0\/07\/RBS-Lyon70.jpg\/250px-RBS-Lyon70.jpg%3Futm_source%3Dcommons.wikimedia.org%26utm_campaign%3Dimageinfo%26utm_content%3Dthumbnail 1.5x\" \/><\/a><\/div>\n<\/div>\n<div class=\"gallerytext\">\n\t\t\t<\/div>\n<\/p><\/div>\n<\/li>\n<li class=\"gallerybox\" style=\"width: 155px\">\n<div style=\"width: 155px\">\n<div class=\"thumb\" style=\"width: 150px;\">\n<div style=\"margin:16px auto;\"><a href=\"\/Datei:Ried_Salzburg6.jpg\" class=\"image\"><img loading=\"lazy\" alt=\"Ried Salzburg6.jpg\" src=\"\/images\/thumb\/f\/ff\/Ried_Salzburg6.jpg\/120px-Ried_Salzburg6.jpg%3Futm_source%3Dcommons.wikimedia.org%26utm_campaign%3Dimageinfo%26utm_content%3Dthumbnail\" decoding=\"async\" width=\"120\" height=\"118\" srcset=\"\/images\/thumb\/f\/ff\/Ried_Salzburg6.jpg\/250px-Ried_Salzburg6.jpg%3Futm_source%3Dcommons.wikimedia.org%26utm_campaign%3Dimageinfo%26utm_content%3Dthumbnail 1.5x\" \/><\/a><\/div>\n<\/div>\n<div class=\"gallerytext\">\n\t\t\t<\/div>\n<\/p><\/div>\n<\/li>\n<li class=\"gallerybox\" style=\"width: 155px\">\n<div style=\"width: 155px\">\n<div class=\"thumb\" style=\"width: 150px;\">\n<div style=\"margin:15px auto;\"><a href=\"\/Datei:Ried_Salzburg2.jpg\" class=\"image\"><img loading=\"lazy\" alt=\"Ried Salzburg2.jpg\" src=\"\/images\/thumb\/6\/67\/Ried_Salzburg2.jpg\/120px-Ried_Salzburg2.jpg%3Futm_source%3Dcommons.wikimedia.org%26utm_campaign%3Dimageinfo%26utm_content%3Dthumbnail\" decoding=\"async\" width=\"105\" height=\"120\" srcset=\"\/images\/thumb\/6\/67\/Ried_Salzburg2.jpg\/250px-Ried_Salzburg2.jpg%3Futm_source%3Dcommons.wikimedia.org%26utm_campaign%3Dimageinfo%26utm_content%3Dthumbnail 1.5x\" \/><\/a><\/div>\n<\/div>\n<div class=\"gallerytext\">\n\t\t\t<\/div>\n<\/p><\/div>\n<\/li>\n<li class=\"gallerybox\" style=\"width: 155px\">\n<div style=\"width: 155px\">\n<div class=\"thumb\" style=\"width: 150px;\">\n<div style=\"margin:15px auto;\"><a href=\"\/Datei:Ried_Salzburg77.jpg\" class=\"image\"><img loading=\"lazy\" alt=\"Ried Salzburg77.jpg\" src=\"\/images\/thumb\/8\/86\/Ried_Salzburg77.jpg\/120px-Ried_Salzburg77.jpg%3Futm_source%3Dcommons.wikimedia.org%26utm_campaign%3Dimageinfo%26utm_content%3Dthumbnail\" decoding=\"async\" width=\"80\" height=\"120\" srcset=\"\/images\/thumb\/8\/86\/Ried_Salzburg77.jpg\/250px-Ried_Salzburg77.jpg%3Futm_source%3Dcommons.wikimedia.org%26utm_campaign%3Dimageinfo%26utm_content%3Dthumbnail 1.5x\" \/><\/a><\/div>\n<\/div>\n<div class=\"gallerytext\">\n\t\t\t<\/div>\n<\/p><\/div>\n<\/li>\n<li class=\"gallerybox\" style=\"width: 155px\">\n<div style=\"width: 155px\">\n<div class=\"thumb\" style=\"width: 150px;\">\n<div style=\"margin:15px auto;\"><a href=\"\/Datei:Martin_Hinteregger54.jpg\" class=\"image\"><img loading=\"lazy\" alt=\"Martin Hinteregger54.jpg\" src=\"\/images\/thumb\/e\/e8\/Martin_Hinteregger54.jpg\/120px-Martin_Hinteregger54.jpg%3Futm_source%3Dcommons.wikimedia.org%26utm_campaign%3Dimageinfo%26utm_content%3Dthumbnail\" decoding=\"async\" width=\"76\" height=\"120\" srcset=\"\/images\/thumb\/e\/e8\/Martin_Hinteregger54.jpg\/250px-Martin_Hinteregger54.jpg%3Futm_source%3Dcommons.wikimedia.org%26utm_campaign%3Dimageinfo%26utm_content%3Dthumbnail 2x\" \/><\/a><\/div>\n<\/div>\n<div class=\"gallerytext\">\n\t\t\t<\/div>\n<\/p><\/div>\n<\/li>\n<li class=\"gallerybox\" style=\"width: 155px\">\n<div style=\"width: 155px\">\n<div class=\"thumb\" style=\"width: 150px;\">\n<div style=\"margin:15px auto;\"><a href=\"\/Datei:Martin_Hinteregger63.jpg\" class=\"image\"><img loading=\"lazy\" alt=\"Martin Hinteregger63.jpg\" src=\"\/images\/thumb\/5\/56\/Martin_Hinteregger63.jpg\/120px-Martin_Hinteregger63.jpg%3Futm_source%3Dcommons.wikimedia.org%26utm_campaign%3Dimageinfo%26utm_content%3Dthumbnail\" decoding=\"async\" width=\"99\" height=\"120\" srcset=\"\/images\/thumb\/5\/56\/Martin_Hinteregger63.jpg\/250px-Martin_Hinteregger63.jpg%3Futm_source%3Dcommons.wikimedia.org%26utm_campaign%3Dimageinfo%26utm_content%3Dthumbnail 1.5x\" \/><\/a><\/div>\n<\/div>\n<div class=\"gallerytext\">\n\t\t\t<\/div>\n<\/p><\/div>\n<\/li>\n<li class=\"gallerybox\" style=\"width: 155px\">\n<div style=\"width: 155px\">\n<div class=\"thumb\" style=\"width: 150px;\">\n<div style=\"margin:15px auto;\"><a href=\"\/Datei:Martin_Hinteregger56.jpg\" class=\"image\"><img loading=\"lazy\" alt=\"Martin Hinteregger56.jpg\" src=\"\/images\/thumb\/1\/1d\/Martin_Hinteregger56.jpg\/120px-Martin_Hinteregger56.jpg%3Futm_source%3Dcommons.wikimedia.org%26utm_campaign%3Dimageinfo%26utm_content%3Dthumbnail\" decoding=\"async\" width=\"95\" height=\"120\" srcset=\"\/images\/thumb\/1\/1d\/Martin_Hinteregger56.jpg\/250px-Martin_Hinteregger56.jpg%3Futm_source%3Dcommons.wikimedia.org%26utm_campaign%3Dimageinfo%26utm_content%3Dthumbnail 1.5x\" \/><\/a><\/div>\n<\/div>\n<div class=\"gallerytext\">\n\t\t\t<\/div>\n<\/p><\/div>\n<\/li>\n<\/ul>\n<h2><span class=\"mw-headline\" id=\"Weitere_Bilder\">Weitere Bilder<\/span><a href=\"\/index.php?title=Martin_Hinteregger&amp;action=edit&amp;section=5\" title=\"Abschnitt bearbeiten: Weitere Bilder\">Bearbeiten<\/a><span class=\"mw-editsection-bracket\">]<\/span><\/span><\/h2>\n<p><img loading=\"lazy\" alt=\"\" src=\"\/images\/thumb\/4\/4a\/Commons-logo.svg\/langde-20px-Commons-logo.svg.png%3Futm_source%3Dcommons.wikimedia.org%26utm_campaign%3Dimageinfo%26utm_content%3Dthumbnail\" decoding=\"async\" title=\"Commons\" width=\"12\" height=\"16\" srcset=\"\/images\/thumb\/4\/4a\/Commons-logo.svg\/langde-40px-Commons-logo.svg.png%3Futm_source%3Dcommons.wikimedia.org%26utm_campaign%3Dimageinfo%26utm_content%3Dthumbnail 2x\" \/>&#160;<b><a href=\"http:\/\/commons.wikimedia.org\/wiki\/Category:Martin_Hinteregger\" class=\"extiw\" title=\"commons:Category:Martin Hinteregger\">Martin Hinteregger<\/a><\/b>&#160;\u2013 Sammlung von Bildern, Videos und Audiodateien auf <a href=\"\/Wikimedia_Commons\" title=\"Wikimedia Commons\">Wikimedia Commons<\/a>\n<\/p>\n<h2><span class=\"mw-headline\" id=\"Weblinks\">Weblinks<\/span><a href=\"\/index.php?title=Martin_Hinteregger&amp;action=edit&amp;section=6\" title=\"Abschnitt bearbeiten: Weblinks\">Bearbeiten<\/a><span class=\"mw-editsection-bracket\">]<\/span><\/span><\/h2>\n<ul>\n<li><a rel=\"nofollow\" class=\"external text\" href=\"http:\/\/www.90minuten.at\/index.php\/magazin\/interviews\/11587-martin-hinteregger-austria-hat-auch-das-noetige-glueck?limitstart=0\">Interview auf 90min.at<\/a><\/li>\n<li><a rel=\"nofollow\" class=\"external text\" href=\"http:\/\/www.salzburg12.at\/2013\/03\/hinteregger-fur-mich-zahlt-nur-der-meistertitel\/\">Interview mit salzburg12.at<\/a><\/li>\n<\/ul>\n<p><center>&lt;youtube&gt;4aNzfZYPbqc&lt;\/youtube&gt;<\/center><\/div>\n","protected":false},"excerpt":{"rendered":"<p>Martin Hinteregger Name: Martin Hinteregger Spitzname: Hinte, Meschtei Geburtstag: 7. September 1992 Geburtsort: Feldkirchen Geburtsland: \u00d6sterreich Nationalit\u00e4t: \u00d6sterreicher Gr\u00f6\u00dfe: 184 cm Position: Innenverteidiger Starker Fu\u00df: Links R\u00fcckennummer: 36 Bundesligaspiele f\u00fcr Salzburg: 53 Spiele (0 Tore) StationenBearbeiten] SGA Sirnitz (1999-2007) AKA\/BNZ Red Bull Salzburg (2006-2009) Red Bull Juniors (2009-2010) Red Bull Salzburg (seit 2010) Borussia M\u00f6nchengladbach [&hellip;]<\/p>\n","protected":false},"author":1,"featured_media":0,"parent":0,"menu_order":0,"comment_status":"closed","ping_status":"closed","template":"","meta":{"footnotes":""},"class_list":["post-5343","page","type-page","status-publish","hentry"],"_links":{"self":[{"href":"https:\/\/wiki.s12.at\/index.php\/wp-json\/wp\/v2\/pages\/5343","targetHints":{"allow":["GET"]}}],"collection":[{"href":"https:\/\/wiki.s12.at\/index.php\/wp-json\/wp\/v2\/pages"}],"about":[{"href":"https:\/\/wiki.s12.at\/index.php\/wp-json\/wp\/v2\/types\/page"}],"author":[{"embeddable":true,"href":"https:\/\/wiki.s12.at\/index.php\/wp-json\/wp\/v2\/users\/1"}],"replies":[{"embeddable":true,"href":"https:\/\/wiki.s12.at\/index.php\/wp-json\/wp\/v2\/comments?post=5343"}],"version-history":[{"count":0,"href":"https:\/\/wiki.s12.at\/index.php\/wp-json\/wp\/v2\/pages\/5343\/revisions"}],"wp:attachment":[{"href":"https:\/\/wiki.s12.at\/index.php\/wp-json\/wp\/v2\/media?parent=5343"}],"curies":[{"name":"wp","href":"https:\/\/api.w.org\/{rel}","templated":true}]}}