{"id":5315,"date":"2026-05-06T16:17:18","date_gmt":"2026-05-06T14:17:18","guid":{"rendered":"https:\/\/wiki.s12.at\/index.php\/mario-pejazic\/"},"modified":"2026-05-06T16:17:18","modified_gmt":"2026-05-06T14:17:18","slug":"mario-pejazic","status":"publish","type":"page","link":"https:\/\/wiki.s12.at\/index.php\/mario-pejazic\/","title":{"rendered":"Mario Pejazic"},"content":{"rendered":"<div class=\"mw-parser-output\">\n<div class=\"thumb tright\">\n<div class=\"thumbinner\" style=\"width:302px;\"><a href=\"\/Datei:FC_Liefering_gegen_SV_Ried_(2023-08-25)_22.jpg\" class=\"image\"><img fetchpriority=\"high\" alt=\"FC Liefering gegen SV Ried (2023-08-25) 22.jpg\" src=\"\/images\/thumb\/4\/49\/FC_Liefering_gegen_SV_Ried_%282023-08-25%29_22.jpg\/330px-FC_Liefering_gegen_SV_Ried_%282023-08-25%29_22.jpg%3Futm_source%3Dcommons.wikimedia.org%26utm_campaign%3Dimageinfo%26utm_content%3Dthumbnail\" decoding=\"async\" width=\"300\" height=\"362\" class=\"thumbimage\" srcset=\"\/images\/thumb\/4\/49\/FC_Liefering_gegen_SV_Ried_%282023-08-25%29_22.jpg\/500px-FC_Liefering_gegen_SV_Ried_%282023-08-25%29_22.jpg%3Futm_source%3Dcommons.wikimedia.org%26utm_campaign%3Dimageinfo%26utm_content%3Dthumbnail 1.5x, \/images\/thumb\/4\/49\/FC_Liefering_gegen_SV_Ried_%282023-08-25%29_22.jpg\/960px-FC_Liefering_gegen_SV_Ried_%282023-08-25%29_22.jpg%3Futm_source%3Dcommons.wikimedia.org%26utm_campaign%3Dimageinfo%26utm_content%3Dthumbnail 2x\" \/><\/a>  <\/p>\n<div class=\"thumbcaption\">\n<div class=\"magnify\"><a href=\"\/Datei:FC_Liefering_gegen_SV_Ried_(2023-08-25)_22.jpg\" class=\"internal\" title=\"vergr\u00f6\u00dfern\"><\/a><\/div>\n<\/div>\n<\/div>\n<\/div>\n<ul>\n<li>Name: <b>Mario Pejazic<\/b><\/li>\n<li>Geburtstag: 21. J\u00e4nner 2005<\/li>\n<li>Geburtsort:<\/li>\n<li>Geburtsland: \u00d6sterreich<\/li>\n<li>Nationalmannschaft: \u00d6sterreich U15<\/li>\n<li>Position: Verteidigung<\/li>\n<\/ul>\n<h2><span class=\"mw-headline\" id=\"Stationen\">Stationen<\/span><a href=\"\/index.php?title=Mario_Pejazic&amp;action=edit&amp;section=1\" title=\"Abschnitt bearbeiten: Stationen\">Bearbeiten<\/a><span class=\"mw-editsection-bracket\">]<\/span><\/span><\/h2>\n<ul>\n<li>SK V\u00f6rw\u00e4rts Steyr Jugend<\/li>\n<li>LASK Jugend<\/li>\n<li>FC Liefering Jugend<\/li>\n<li>Akademie Red Bull Salzburg  U15,  U16, U18<\/li>\n<li>FC Liefering<\/li>\n<li>US Lecce U19<\/li>\n<\/ul>\n<\/div>\n","protected":false},"excerpt":{"rendered":"<p>Name: Mario Pejazic Geburtstag: 21. J\u00e4nner 2005 Geburtsort: Geburtsland: \u00d6sterreich Nationalmannschaft: \u00d6sterreich U15 Position: Verteidigung StationenBearbeiten] SK V\u00f6rw\u00e4rts Steyr Jugend LASK Jugend FC Liefering Jugend Akademie Red Bull Salzburg U15, U16, U18 FC Liefering US Lecce U19<\/p>\n","protected":false},"author":1,"featured_media":0,"parent":0,"menu_order":0,"comment_status":"closed","ping_status":"closed","template":"","meta":{"footnotes":""},"class_list":["post-5315","page","type-page","status-publish","hentry"],"_links":{"self":[{"href":"https:\/\/wiki.s12.at\/index.php\/wp-json\/wp\/v2\/pages\/5315","targetHints":{"allow":["GET"]}}],"collection":[{"href":"https:\/\/wiki.s12.at\/index.php\/wp-json\/wp\/v2\/pages"}],"about":[{"href":"https:\/\/wiki.s12.at\/index.php\/wp-json\/wp\/v2\/types\/page"}],"author":[{"embeddable":true,"href":"https:\/\/wiki.s12.at\/index.php\/wp-json\/wp\/v2\/users\/1"}],"replies":[{"embeddable":true,"href":"https:\/\/wiki.s12.at\/index.php\/wp-json\/wp\/v2\/comments?post=5315"}],"version-history":[{"count":0,"href":"https:\/\/wiki.s12.at\/index.php\/wp-json\/wp\/v2\/pages\/5315\/revisions"}],"wp:attachment":[{"href":"https:\/\/wiki.s12.at\/index.php\/wp-json\/wp\/v2\/media?parent=5315"}],"curies":[{"name":"wp","href":"https:\/\/api.w.org\/{rel}","templated":true}]}}