{"id":5307,"date":"2026-05-06T16:17:11","date_gmt":"2026-05-06T14:17:11","guid":{"rendered":"https:\/\/wiki.s12.at\/index.php\/marin-pongracic\/"},"modified":"2026-05-06T16:17:11","modified_gmt":"2026-05-06T14:17:11","slug":"marin-pongracic","status":"publish","type":"page","link":"https:\/\/wiki.s12.at\/index.php\/marin-pongracic\/","title":{"rendered":"Marin Pongracic"},"content":{"rendered":"<div class=\"mw-parser-output\">\n<div class=\"thumb tright\">\n<div class=\"thumbinner\" style=\"width:302px;\"><a href=\"\/Datei:FC_Red_Bull_Salzburg_versus_LASK_(29._Juli2017)_37.jpg\" class=\"image\"><img fetchpriority=\"high\" alt=\"FC Red Bull Salzburg versus LASK (29. Juli2017) 37.jpg\" src=\"\/images\/thumb\/6\/6a\/FC_Red_Bull_Salzburg_versus_LASK_%2829._Juli2017%29_37.jpg\/330px-FC_Red_Bull_Salzburg_versus_LASK_%2829._Juli2017%29_37.jpg%3Futm_source%3Dcommons.wikimedia.org%26utm_campaign%3Dimageinfo%26utm_content%3Dthumbnail\" decoding=\"async\" width=\"300\" height=\"429\" class=\"thumbimage\" srcset=\"\/images\/thumb\/6\/6a\/FC_Red_Bull_Salzburg_versus_LASK_%2829._Juli2017%29_37.jpg\/500px-FC_Red_Bull_Salzburg_versus_LASK_%2829._Juli2017%29_37.jpg%3Futm_source%3Dcommons.wikimedia.org%26utm_campaign%3Dimageinfo%26utm_content%3Dthumbnail 1.5x, \/images\/thumb\/6\/6a\/FC_Red_Bull_Salzburg_versus_LASK_%2829._Juli2017%29_37.jpg\/960px-FC_Red_Bull_Salzburg_versus_LASK_%2829._Juli2017%29_37.jpg%3Futm_source%3Dcommons.wikimedia.org%26utm_campaign%3Dimageinfo%26utm_content%3Dthumbnail 2x\" \/><\/a>  <\/p>\n<div class=\"thumbcaption\">\n<div class=\"magnify\"><a href=\"\/Datei:FC_Red_Bull_Salzburg_versus_LASK_(29._Juli2017)_37.jpg\" class=\"internal\" title=\"vergr\u00f6\u00dfern\"><\/a><\/div>\n<\/div>\n<\/div>\n<\/div>\n<ul>\n<li>Name: <b>Marin Pongracic<\/b><\/li>\n<li>Geburtstag: 11. September 1997<\/li>\n<li>Geburtsort: Landshut<\/li>\n<li>Geburtsland: Deutschland<\/li>\n<li>Nationalit\u00e4t: Deutscher; Kroate<\/li>\n<li>Gr\u00f6\u00dfe: 189 cm<\/li>\n<li>Position: Innenverteidiger<\/li>\n<\/ul>\n<p>\n<\/p>\n<h2><span class=\"mw-headline\" id=\"Stationen\">Stationen<\/span><a href=\"\/index.php?title=Marin_Pongracic&amp;action=edit&amp;section=1\" title=\"Abschnitt bearbeiten: Stationen\">Bearbeiten<\/a><span class=\"mw-editsection-bracket\">]<\/span><\/span><\/h2>\n<ul>\n<li>Bayern M\u00fcnchen U16<\/li>\n<li>FC Ingolstadt U17 U19<\/li>\n<li>TSV 1860 M\u00fcnchen II<\/li>\n<li>TSV 1860 M\u00fcnchen<\/li>\n<li>FC Red Bull Salzburg<\/li>\n<li>VfL Wolfsburg<\/li>\n<li>Borussia Dortmund (Leihe)<\/li>\n<\/ul>\n<h2><span class=\"mw-headline\" id=\"Besonderes\">Besonderes<\/span><a href=\"\/index.php?title=Marin_Pongracic&amp;action=edit&amp;section=2\" title=\"Abschnitt bearbeiten: Besonderes\">Bearbeiten<\/a><span class=\"mw-editsection-bracket\">]<\/span><\/span><\/h2>\n<p>Mit der U16 des FC Bayern M\u00fcnchen spielte er 2012 bei der <a href=\"\/Next_Generation_Trophy_2012\" title=\"Next Generation Trophy 2012\">Next Generation Trophy 2012<\/a> in Salzburg.\n<\/p>\n<h2><span class=\"mw-headline\" id=\"Erfolge\">Erfolge<\/span><a href=\"\/index.php?title=Marin_Pongracic&amp;action=edit&amp;section=3\" title=\"Abschnitt bearbeiten: Erfolge\">Bearbeiten<\/a><span class=\"mw-editsection-bracket\">]<\/span><\/span><\/h2>\n<ul>\n<li>\u00d6sterreichischer Meister: 2018<\/li>\n<\/ul>\n<\/div>\n","protected":false},"excerpt":{"rendered":"<p>Name: Marin Pongracic Geburtstag: 11. September 1997 Geburtsort: Landshut Geburtsland: Deutschland Nationalit\u00e4t: Deutscher; Kroate Gr\u00f6\u00dfe: 189 cm Position: Innenverteidiger StationenBearbeiten] Bayern M\u00fcnchen U16 FC Ingolstadt U17 U19 TSV 1860 M\u00fcnchen II TSV 1860 M\u00fcnchen FC Red Bull Salzburg VfL Wolfsburg Borussia Dortmund (Leihe) BesonderesBearbeiten] Mit der U16 des FC Bayern M\u00fcnchen spielte er 2012 bei [&hellip;]<\/p>\n","protected":false},"author":1,"featured_media":0,"parent":0,"menu_order":0,"comment_status":"closed","ping_status":"closed","template":"","meta":{"footnotes":""},"class_list":["post-5307","page","type-page","status-publish","hentry"],"_links":{"self":[{"href":"https:\/\/wiki.s12.at\/index.php\/wp-json\/wp\/v2\/pages\/5307","targetHints":{"allow":["GET"]}}],"collection":[{"href":"https:\/\/wiki.s12.at\/index.php\/wp-json\/wp\/v2\/pages"}],"about":[{"href":"https:\/\/wiki.s12.at\/index.php\/wp-json\/wp\/v2\/types\/page"}],"author":[{"embeddable":true,"href":"https:\/\/wiki.s12.at\/index.php\/wp-json\/wp\/v2\/users\/1"}],"replies":[{"embeddable":true,"href":"https:\/\/wiki.s12.at\/index.php\/wp-json\/wp\/v2\/comments?post=5307"}],"version-history":[{"count":0,"href":"https:\/\/wiki.s12.at\/index.php\/wp-json\/wp\/v2\/pages\/5307\/revisions"}],"wp:attachment":[{"href":"https:\/\/wiki.s12.at\/index.php\/wp-json\/wp\/v2\/media?parent=5307"}],"curies":[{"name":"wp","href":"https:\/\/api.w.org\/{rel}","templated":true}]}}