{"id":5297,"date":"2026-05-06T16:17:03","date_gmt":"2026-05-06T14:17:03","guid":{"rendered":"https:\/\/wiki.s12.at\/index.php\/marco-meilinger\/"},"modified":"2026-05-06T16:17:03","modified_gmt":"2026-05-06T14:17:03","slug":"marco-meilinger","status":"publish","type":"page","link":"https:\/\/wiki.s12.at\/index.php\/marco-meilinger\/","title":{"rendered":"Marco Meilinger"},"content":{"rendered":"<div class=\"mw-parser-output\">\n<div class=\"thumb tright\">\n<div class=\"thumbinner\" style=\"width:232px;\"><a href=\"\/Datei:Marco_Meilinger(1).JPG\" class=\"image\"><img fetchpriority=\"high\" alt=\"\" src=\"\/images\/thumb\/e\/ed\/Marco_Meilinger%281%29.JPG\/250px-Marco_Meilinger%281%29.JPG%3Futm_source%3Dcommons.wikimedia.org%26utm_campaign%3Dimageinfo%26utm_content%3Dthumbnail\" decoding=\"async\" width=\"230\" height=\"249\" class=\"thumbimage\" srcset=\"\/images\/thumb\/e\/ed\/Marco_Meilinger%281%29.JPG\/500px-Marco_Meilinger%281%29.JPG%3Futm_source%3Dcommons.wikimedia.org%26utm_campaign%3Dimageinfo%26utm_content%3Dthumbnail 1.5x\" \/><\/a>  <\/p>\n<div class=\"thumbcaption\">\n<div class=\"magnify\"><a href=\"\/Datei:Marco_Meilinger(1).JPG\" class=\"internal\" title=\"vergr\u00f6\u00dfern\"><\/a><\/div>\n<p>Marco Meilinger<\/p><\/div>\n<\/div>\n<\/div>\n<ul>\n<li>Name: <b>Marco Meilinger<\/b><\/li>\n<li>Spitzname: Meili<\/li>\n<li>Geburtstag: 3. August 1991<\/li>\n<li>Geburtsort: Salzburg<\/li>\n<li>Geburtsland: \u00d6sterreich<\/li>\n<li>Nationalit\u00e4t: \u00d6sterreicher <a href=\"\/Datei:Flag_of_Austria.svg\" class=\"image\" title=\"\u00d6sterreicher\"><img alt=\"\u00d6sterreicher\" src=\"\/images\/thumb\/4\/41\/Flag_of_Austria.svg\/langde-20px-Flag_of_Austria.svg.png%3Futm_source%3Dcommons.wikimedia.org%26utm_campaign%3Dimageinfo%26utm_content%3Dthumbnail\" decoding=\"async\" width=\"20\" height=\"13\" srcset=\"\/images\/thumb\/4\/41\/Flag_of_Austria.svg\/langde-40px-Flag_of_Austria.svg.png%3Futm_source%3Dcommons.wikimedia.org%26utm_campaign%3Dimageinfo%26utm_content%3Dthumbnail 1.5x\" \/><\/a><\/li>\n<li>Gr\u00f6\u00dfe: 181 cm<\/li>\n<li>Position: Linkes Mittelfeld<\/li>\n<li>Starker Fu\u00df: Links<\/li>\n<li>R\u00fcckennummer: 32<\/li>\n<li>Bundesligaspiele f\u00fcr Salzburg: 18 Spiele (0 Tore)<\/li>\n<\/ul>\n<h2><span class=\"mw-headline\" id=\"Stationen\">Stationen<\/span><a href=\"\/index.php?title=Marco_Meilinger&amp;action=edit&amp;section=1\" title=\"Abschnitt bearbeiten: Stationen\">Bearbeiten<\/a><span class=\"mw-editsection-bracket\">]<\/span><\/span><\/h2>\n<ul>\n<li>USK Anif (bis 2002)<\/li>\n<li>BNZ\/AKA Salzburg (2002-2009)<\/li>\n<li>Red Bull Juniors (2009-2011)<\/li>\n<li>Red Bull Salzburg (2010- 2014)<\/li>\n<li>SV Ried <i>&#8222;Leihe&#8220;<\/i> (2011-2013)<\/li>\n<li>FK Austria Wien ( 2014-2016 )<\/li>\n<li>Aalborg BK (2016- 2018)<\/li>\n<li>SCR Altach (2018-2022 )<\/li>\n<li>Union V\u00f6klamarkt (2023- )<\/li>\n<\/ul>\n<h2><span id=\"Titel_.26_Erfolge\"><\/span><span class=\"mw-headline\" id=\"Titel_&amp;_Erfolge\">Titel &amp; Erfolge<\/span><a href=\"\/index.php?title=Marco_Meilinger&amp;action=edit&amp;section=2\" title=\"Abschnitt bearbeiten: Titel &amp; Erfolge\">Bearbeiten<\/a><span class=\"mw-editsection-bracket\">]<\/span><\/span><\/h2>\n<ul>\n<li>1x Teilnahme an U-19-EM: 2010 (Frankreich)<\/li>\n<li>1x Teilnahme an U-20-WM: 2011 (Kolumbien)<\/li>\n<\/ul>\n<h2><span class=\"mw-headline\" id=\"Bilder\">Bilder<\/span><a href=\"\/index.php?title=Marco_Meilinger&amp;action=edit&amp;section=3\" title=\"Abschnitt bearbeiten: Bilder\">Bearbeiten<\/a><span class=\"mw-editsection-bracket\">]<\/span><\/span><\/h2>\n<ul class=\"gallery mw-gallery-traditional\">\n<li class=\"gallerybox\" style=\"width: 155px\">\n<div style=\"width: 155px\">\n<div class=\"thumb\" style=\"width: 150px;\">\n<div style=\"margin:15px auto;\"><a href=\"\/Datei:Marco_Meilinger40.jpg\" class=\"image\"><img alt=\"Marco Meilinger40.jpg\" src=\"\/images\/thumb\/7\/77\/Marco_Meilinger40.jpg\/120px-Marco_Meilinger40.jpg%3Futm_source%3Dcommons.wikimedia.org%26utm_campaign%3Dimageinfo%26utm_content%3Dthumbnail\" decoding=\"async\" width=\"86\" height=\"120\" srcset=\"\/images\/thumb\/7\/77\/Marco_Meilinger40.jpg\/250px-Marco_Meilinger40.jpg%3Futm_source%3Dcommons.wikimedia.org%26utm_campaign%3Dimageinfo%26utm_content%3Dthumbnail 1.5x\" \/><\/a><\/div>\n<\/div>\n<div class=\"gallerytext\">\n\t\t\t<\/div>\n<\/p><\/div>\n<\/li>\n<li class=\"gallerybox\" style=\"width: 155px\">\n<div style=\"width: 155px\">\n<div class=\"thumb\" style=\"width: 150px;\">\n<div style=\"margin:15px auto;\"><a href=\"\/Datei:Marco_Meilinger(FC_Red_Bull_Salzburg).JPG\" class=\"image\"><img loading=\"lazy\" alt=\"Marco Meilinger(FC Red Bull Salzburg).JPG\" src=\"\/images\/thumb\/c\/cc\/Marco_Meilinger%28FC_Red_Bull_Salzburg%29.JPG\/120px-Marco_Meilinger%28FC_Red_Bull_Salzburg%29.JPG%3Futm_source%3Dcommons.wikimedia.org%26utm_campaign%3Dimageinfo%26utm_content%3Dthumbnail\" decoding=\"async\" width=\"71\" height=\"120\" srcset=\"\/images\/thumb\/c\/cc\/Marco_Meilinger%28FC_Red_Bull_Salzburg%29.JPG\/250px-Marco_Meilinger%28FC_Red_Bull_Salzburg%29.JPG%3Futm_source%3Dcommons.wikimedia.org%26utm_campaign%3Dimageinfo%26utm_content%3Dthumbnail 2x\" \/><\/a><\/div>\n<\/div>\n<div class=\"gallerytext\">\n\t\t\t<\/div>\n<\/p><\/div>\n<\/li>\n<\/ul>\n<p><img loading=\"lazy\" alt=\"\" src=\"\/images\/thumb\/4\/4a\/Commons-logo.svg\/langde-20px-Commons-logo.svg.png%3Futm_source%3Dcommons.wikimedia.org%26utm_campaign%3Dimageinfo%26utm_content%3Dthumbnail\" decoding=\"async\" title=\"Commons\" width=\"12\" height=\"16\" srcset=\"\/images\/thumb\/4\/4a\/Commons-logo.svg\/langde-40px-Commons-logo.svg.png%3Futm_source%3Dcommons.wikimedia.org%26utm_campaign%3Dimageinfo%26utm_content%3Dthumbnail 2x\" \/>&#160;<b><a href=\"http:\/\/commons.wikimedia.org\/wiki\/Category:Marco_Meilinger\" class=\"extiw\" title=\"commons:Category:Marco Meilinger\">Marco Meilinger<\/a><\/b>&#160;\u2013 Sammlung von Bildern, Videos und Audiodateien auf <a href=\"\/Wikimedia_Commons\" title=\"Wikimedia Commons\">Wikimedia Commons<\/a>\n<\/p>\n<\/div>\n","protected":false},"excerpt":{"rendered":"<p>Marco Meilinger Name: Marco Meilinger Spitzname: Meili Geburtstag: 3. August 1991 Geburtsort: Salzburg Geburtsland: \u00d6sterreich Nationalit\u00e4t: \u00d6sterreicher Gr\u00f6\u00dfe: 181 cm Position: Linkes Mittelfeld Starker Fu\u00df: Links R\u00fcckennummer: 32 Bundesligaspiele f\u00fcr Salzburg: 18 Spiele (0 Tore) StationenBearbeiten] USK Anif (bis 2002) BNZ\/AKA Salzburg (2002-2009) Red Bull Juniors (2009-2011) Red Bull Salzburg (2010- 2014) SV Ried &#8222;Leihe&#8220; [&hellip;]<\/p>\n","protected":false},"author":1,"featured_media":0,"parent":0,"menu_order":0,"comment_status":"closed","ping_status":"closed","template":"","meta":{"footnotes":""},"class_list":["post-5297","page","type-page","status-publish","hentry"],"_links":{"self":[{"href":"https:\/\/wiki.s12.at\/index.php\/wp-json\/wp\/v2\/pages\/5297","targetHints":{"allow":["GET"]}}],"collection":[{"href":"https:\/\/wiki.s12.at\/index.php\/wp-json\/wp\/v2\/pages"}],"about":[{"href":"https:\/\/wiki.s12.at\/index.php\/wp-json\/wp\/v2\/types\/page"}],"author":[{"embeddable":true,"href":"https:\/\/wiki.s12.at\/index.php\/wp-json\/wp\/v2\/users\/1"}],"replies":[{"embeddable":true,"href":"https:\/\/wiki.s12.at\/index.php\/wp-json\/wp\/v2\/comments?post=5297"}],"version-history":[{"count":0,"href":"https:\/\/wiki.s12.at\/index.php\/wp-json\/wp\/v2\/pages\/5297\/revisions"}],"wp:attachment":[{"href":"https:\/\/wiki.s12.at\/index.php\/wp-json\/wp\/v2\/media?parent=5297"}],"curies":[{"name":"wp","href":"https:\/\/api.w.org\/{rel}","templated":true}]}}