{"id":5295,"date":"2026-05-06T16:16:58","date_gmt":"2026-05-06T14:16:58","guid":{"rendered":"https:\/\/wiki.s12.at\/index.php\/marco-djuricin\/"},"modified":"2026-05-06T16:16:58","modified_gmt":"2026-05-06T14:16:58","slug":"marco-djuricin","status":"publish","type":"page","link":"https:\/\/wiki.s12.at\/index.php\/marco-djuricin\/","title":{"rendered":"Marco Djuricin"},"content":{"rendered":"<div class=\"mw-parser-output\">\n<div class=\"thumb tright\">\n<div class=\"thumbinner\" style=\"width:302px;\"><a href=\"\/Datei:SV_Gr%C3%B6dig_gegen_FC_Red_Bull_Salzburg_Mai_2015_26.JPG\" class=\"image\"><img fetchpriority=\"high\" alt=\"SV Gr\u00f6dig gegen FC Red Bull Salzburg Mai 2015 26.JPG\" src=\"\/images\/thumb\/2\/24\/SV_Gr%C3%B6dig_gegen_FC_Red_Bull_Salzburg_Mai_2015_26.JPG\/330px-SV_Gr%C3%B6dig_gegen_FC_Red_Bull_Salzburg_Mai_2015_26.JPG%3Futm_source%3Dcommons.wikimedia.org%26utm_campaign%3Dimageinfo%26utm_content%3Dthumbnail\" decoding=\"async\" width=\"300\" height=\"282\" class=\"thumbimage\" srcset=\"\/images\/thumb\/2\/24\/SV_Gr%C3%B6dig_gegen_FC_Red_Bull_Salzburg_Mai_2015_26.JPG\/500px-SV_Gr%C3%B6dig_gegen_FC_Red_Bull_Salzburg_Mai_2015_26.JPG%3Futm_source%3Dcommons.wikimedia.org%26utm_campaign%3Dimageinfo%26utm_content%3Dthumbnail 1.5x, \/images\/thumb\/2\/24\/SV_Gr%C3%B6dig_gegen_FC_Red_Bull_Salzburg_Mai_2015_26.JPG\/960px-SV_Gr%C3%B6dig_gegen_FC_Red_Bull_Salzburg_Mai_2015_26.JPG%3Futm_source%3Dcommons.wikimedia.org%26utm_campaign%3Dimageinfo%26utm_content%3Dthumbnail 2x\" \/><\/a>  <\/p>\n<div class=\"thumbcaption\">\n<div class=\"magnify\"><a href=\"\/Datei:SV_Gr%C3%B6dig_gegen_FC_Red_Bull_Salzburg_Mai_2015_26.JPG\" class=\"internal\" title=\"vergr\u00f6\u00dfern\"><\/a><\/div>\n<\/div>\n<\/div>\n<\/div>\n<ul>\n<li>Name: <b>Marco Djuricin<\/b><\/li>\n<li>Geburtstag: 12. Dezember 1992<\/li>\n<li>Geburtsort: Wien<\/li>\n<li>Geburtsland: \u00d6sterreich<\/li>\n<li>Gr\u00f6\u00dfe: 181 cm<\/li>\n<li>Position: St\u00fcrmer<\/li>\n<li>Spiele f\u00fcr Salzburg: 16 Spiele (2 Tore)<\/li>\n<li>Nationalmannschaft: \u00d6sterreich (2 Spiele, 0 Tore)<\/li>\n<\/ul>\n<h2><span class=\"mw-headline\" id=\"Stationen\">Stationen<\/span><a href=\"\/index.php?title=Marco_Djuricin&amp;action=edit&amp;section=1\" title=\"Abschnitt bearbeiten: Stationen\">Bearbeiten<\/a><span class=\"mw-editsection-bracket\">]<\/span><\/span><\/h2>\n<ul>\n<li>Hertha BSC II<\/li>\n<li>Hertha BSC<\/li>\n<li>SSV Jahn Regensburg (Leihe)<\/li>\n<li>SSV Jahn Regensburg II (Leihe)<\/li>\n<li>SK Sturm Graz<\/li>\n<li>FC Red Bull Salzburg (2015- )<\/li>\n<li>FC Brentford (Leihe)<\/li>\n<li>Ferencv\u00e1ros Budapest (Leihe)<\/li>\n<\/ul>\n<h2><span class=\"mw-headline\" id=\"Erfolge\">Erfolge<\/span><a href=\"\/index.php?title=Marco_Djuricin&amp;action=edit&amp;section=2\" title=\"Abschnitt bearbeiten: Erfolge\">Bearbeiten<\/a><span class=\"mw-editsection-bracket\">]<\/span><\/span><\/h2>\n<ul>\n<li>\u00d6sterreichischer Meister: 2015<\/li>\n<li>\u00d6sterreichischer Cupsieger:2015<\/li>\n<\/ul>\n<h2><span class=\"mw-headline\" id=\"Bilder\">Bilder<\/span><a href=\"\/index.php?title=Marco_Djuricin&amp;action=edit&amp;section=3\" title=\"Abschnitt bearbeiten: Bilder\">Bearbeiten<\/a><span class=\"mw-editsection-bracket\">]<\/span><\/span><\/h2>\n<p><img alt=\"\" src=\"\/images\/thumb\/4\/4a\/Commons-logo.svg\/langde-20px-Commons-logo.svg.png%3Futm_source%3Dcommons.wikimedia.org%26utm_campaign%3Dimageinfo%26utm_content%3Dthumbnail\" decoding=\"async\" title=\"Commons\" width=\"12\" height=\"16\" srcset=\"\/images\/thumb\/4\/4a\/Commons-logo.svg\/langde-40px-Commons-logo.svg.png%3Futm_source%3Dcommons.wikimedia.org%26utm_campaign%3Dimageinfo%26utm_content%3Dthumbnail 2x\" \/>&#160;<b><a href=\"http:\/\/commons.wikimedia.org\/wiki\/Category:Marco_Djuricin\" class=\"extiw\" title=\"commons:Category:Marco Djuricin\">Marco Djuricin<\/a><\/b>&#160;\u2013 Sammlung von Bildern, Videos und Audiodateien auf <a href=\"\/Wikimedia_Commons\" title=\"Wikimedia Commons\">Wikimedia Commons<\/a>\n<\/p>\n<\/div>\n","protected":false},"excerpt":{"rendered":"<p>Name: Marco Djuricin Geburtstag: 12. Dezember 1992 Geburtsort: Wien Geburtsland: \u00d6sterreich Gr\u00f6\u00dfe: 181 cm Position: St\u00fcrmer Spiele f\u00fcr Salzburg: 16 Spiele (2 Tore) Nationalmannschaft: \u00d6sterreich (2 Spiele, 0 Tore) StationenBearbeiten] Hertha BSC II Hertha BSC SSV Jahn Regensburg (Leihe) SSV Jahn Regensburg II (Leihe) SK Sturm Graz FC Red Bull Salzburg (2015- ) FC Brentford [&hellip;]<\/p>\n","protected":false},"author":1,"featured_media":0,"parent":0,"menu_order":0,"comment_status":"closed","ping_status":"closed","template":"","meta":{"footnotes":""},"class_list":["post-5295","page","type-page","status-publish","hentry"],"_links":{"self":[{"href":"https:\/\/wiki.s12.at\/index.php\/wp-json\/wp\/v2\/pages\/5295","targetHints":{"allow":["GET"]}}],"collection":[{"href":"https:\/\/wiki.s12.at\/index.php\/wp-json\/wp\/v2\/pages"}],"about":[{"href":"https:\/\/wiki.s12.at\/index.php\/wp-json\/wp\/v2\/types\/page"}],"author":[{"embeddable":true,"href":"https:\/\/wiki.s12.at\/index.php\/wp-json\/wp\/v2\/users\/1"}],"replies":[{"embeddable":true,"href":"https:\/\/wiki.s12.at\/index.php\/wp-json\/wp\/v2\/comments?post=5295"}],"version-history":[{"count":0,"href":"https:\/\/wiki.s12.at\/index.php\/wp-json\/wp\/v2\/pages\/5295\/revisions"}],"wp:attachment":[{"href":"https:\/\/wiki.s12.at\/index.php\/wp-json\/wp\/v2\/media?parent=5295"}],"curies":[{"name":"wp","href":"https:\/\/api.w.org\/{rel}","templated":true}]}}