{"id":5291,"date":"2026-05-06T16:16:54","date_gmt":"2026-05-06T14:16:54","guid":{"rendered":"https:\/\/wiki.s12.at\/index.php\/marcel-sabitzer\/"},"modified":"2026-05-06T16:16:54","modified_gmt":"2026-05-06T14:16:54","slug":"marcel-sabitzer","status":"publish","type":"page","link":"https:\/\/wiki.s12.at\/index.php\/marcel-sabitzer\/","title":{"rendered":"Marcel Sabitzer"},"content":{"rendered":"<div class=\"mw-parser-output\">\n<div class=\"thumb tright\">\n<div class=\"thumbinner\" style=\"width:302px;\"><a href=\"\/Datei:Halbfinale_%C3%96FB_Cup_SV_Gr%C3%B6dig_gegen_FC_Red_Bull_Salzburg_(28.April_2015)_21.JPG\" class=\"image\"><img fetchpriority=\"high\" alt=\"Halbfinale \u00d6FB Cup SV Gr\u00f6dig gegen FC Red Bull Salzburg (28.April 2015) 21.JPG\" src=\"\/images\/thumb\/e\/e6\/Halbfinale_%C3%96FB_Cup_SV_Gr%C3%B6dig_gegen_FC_Red_Bull_Salzburg_%2828.April_2015%29_21.JPG\/330px-Halbfinale_%C3%96FB_Cup_SV_Gr%C3%B6dig_gegen_FC_Red_Bull_Salzburg_%2828.April_2015%29_21.JPG%3Futm_source%3Dcommons.wikimedia.org%26utm_campaign%3Dimageinfo%26utm_content%3Dthumbnail\" decoding=\"async\" width=\"300\" height=\"272\" class=\"thumbimage\" srcset=\"\/images\/thumb\/e\/e6\/Halbfinale_%C3%96FB_Cup_SV_Gr%C3%B6dig_gegen_FC_Red_Bull_Salzburg_%2828.April_2015%29_21.JPG\/500px-Halbfinale_%C3%96FB_Cup_SV_Gr%C3%B6dig_gegen_FC_Red_Bull_Salzburg_%2828.April_2015%29_21.JPG%3Futm_source%3Dcommons.wikimedia.org%26utm_campaign%3Dimageinfo%26utm_content%3Dthumbnail 1.5x, \/images\/thumb\/e\/e6\/Halbfinale_%C3%96FB_Cup_SV_Gr%C3%B6dig_gegen_FC_Red_Bull_Salzburg_%2828.April_2015%29_21.JPG\/960px-Halbfinale_%C3%96FB_Cup_SV_Gr%C3%B6dig_gegen_FC_Red_Bull_Salzburg_%2828.April_2015%29_21.JPG%3Futm_source%3Dcommons.wikimedia.org%26utm_campaign%3Dimageinfo%26utm_content%3Dthumbnail 2x\" \/><\/a>  <\/p>\n<div class=\"thumbcaption\">\n<div class=\"magnify\"><a href=\"\/Datei:Halbfinale_%C3%96FB_Cup_SV_Gr%C3%B6dig_gegen_FC_Red_Bull_Salzburg_(28.April_2015)_21.JPG\" class=\"internal\" title=\"vergr\u00f6\u00dfern\"><\/a><\/div>\n<\/div>\n<\/div>\n<\/div>\n<ul>\n<li>Name: <b>Marcel Sabitzer<\/b><\/li>\n<li>Geburtstag: 17. M\u00e4rz 1994<\/li>\n<li>Geburtsort: Graz<\/li>\n<li>Geburtsland: \u00d6sterreich<\/li>\n<li>Nationalit\u00e4t: \u00d6sterreicher <a href=\"\/Datei:Flag_of_Austria.svg\" class=\"image\" title=\"\u00d6sterreicher\"><img alt=\"\u00d6sterreicher\" src=\"\/images\/thumb\/4\/41\/Flag_of_Austria.svg\/langde-20px-Flag_of_Austria.svg.png%3Futm_source%3Dcommons.wikimedia.org%26utm_campaign%3Dimageinfo%26utm_content%3Dthumbnail\" decoding=\"async\" width=\"20\" height=\"13\" srcset=\"\/images\/thumb\/4\/41\/Flag_of_Austria.svg\/langde-40px-Flag_of_Austria.svg.png%3Futm_source%3Dcommons.wikimedia.org%26utm_campaign%3Dimageinfo%26utm_content%3Dthumbnail 1.5x\" \/><\/a><\/li>\n<li>Gr\u00f6\u00dfe: 177 cm<\/li>\n<li>Position: St\u00fcrmer<\/li>\n<li>Bundesligaspiele f\u00fcr Salzburg: 34 Spiele (19 Tore)<\/li>\n<li>Nationalmannschaft: U16 bis U 21- 28 Spiele (11 Tore) f\u00fcr \u00d6sterreich; \u00d6sterreich (71\/14)<\/li>\n<\/ul>\n<h2><span class=\"mw-headline\" id=\"Stationen\">Stationen<\/span><a href=\"\/index.php?title=Marcel_Sabitzer&amp;action=edit&amp;section=1\" title=\"Abschnitt bearbeiten: Stationen\">Bearbeiten<\/a><span class=\"mw-editsection-bracket\">]<\/span><\/span><\/h2>\n<ul>\n<li>FC Admira Juniors<\/li>\n<li>FC Admira Wacker M\u00f6dling<\/li>\n<li>SK Rapid Wien<\/li>\n<li>RB Leipzig<\/li>\n<li>FC Red Bull Salzburg (Leihe 2014-2015)<\/li>\n<li>Rasenballsport Leipzig (2014-2021 )<\/li>\n<li>FC Bayern M\u00fcnchen (2021-2023)<\/li>\n<li>Manchester United (2023)<\/li>\n<li>Borussia Dortmund (2023- )<\/li>\n<\/ul>\n<h2><span class=\"mw-headline\" id=\"Erfolge\">Erfolge<\/span><a href=\"\/index.php?title=Marcel_Sabitzer&amp;action=edit&amp;section=2\" title=\"Abschnitt bearbeiten: Erfolge\">Bearbeiten<\/a><span class=\"mw-editsection-bracket\">]<\/span><\/span><\/h2>\n<ul>\n<li>1 \u00d7 Meister Erste Liga: 2011<\/li>\n<li>1 x \u00d6sterreichischer Meister 2015<\/li>\n<li>1 \u00d7 Meister U-15 TOTO Jugendliga: 2009 (FSA Magna\/Austria Wien)<\/li>\n<li>1 \u00d7 Vizemeister U-19 TOTO Jugendliga: 2010 (AKA Admira)<\/li>\n<li>1 \u00d7 Vizemeister U-15 Steirische Liga: 2008 (Grazer AK)<\/li>\n<\/ul>\n<p>\n<\/p>\n<h2><span class=\"mw-headline\" id=\"Besonders\">Besonders<\/span><a href=\"\/index.php?title=Marcel_Sabitzer&amp;action=edit&amp;section=3\" title=\"Abschnitt bearbeiten: Besonders\">Bearbeiten<\/a><span class=\"mw-editsection-bracket\">]<\/span><\/span><\/h2>\n<p>Marcel Sabitzer ist der Sohn von <a href=\"\/Herfried_Sabitzer\" title=\"Herfried Sabitzer\">Herfried Sabitzer<\/a>.\n<\/p>\n<h2><span class=\"mw-headline\" id=\"Bilder\">Bilder<\/span><a href=\"\/index.php?title=Marcel_Sabitzer&amp;action=edit&amp;section=4\" title=\"Abschnitt bearbeiten: Bilder\">Bearbeiten<\/a><span class=\"mw-editsection-bracket\">]<\/span><\/span><\/h2>\n<p><img alt=\"\" src=\"\/images\/thumb\/4\/4a\/Commons-logo.svg\/langde-20px-Commons-logo.svg.png%3Futm_source%3Dcommons.wikimedia.org%26utm_campaign%3Dimageinfo%26utm_content%3Dthumbnail\" decoding=\"async\" title=\"Commons\" width=\"12\" height=\"16\" srcset=\"\/images\/thumb\/4\/4a\/Commons-logo.svg\/langde-40px-Commons-logo.svg.png%3Futm_source%3Dcommons.wikimedia.org%26utm_campaign%3Dimageinfo%26utm_content%3Dthumbnail 2x\" \/>&#160;<b><a href=\"http:\/\/commons.wikimedia.org\/wiki\/Category:Marcel_Sabitzer\" class=\"extiw\" title=\"commons:Category:Marcel Sabitzer\">Marcel Sabitzer<\/a><\/b>&#160;\u2013 Sammlung von Bildern, Videos und Audiodateien auf <a href=\"\/Wikimedia_Commons\" title=\"Wikimedia Commons\">Wikimedia Commons<\/a>\n<\/p>\n<\/div>\n","protected":false},"excerpt":{"rendered":"<p>Name: Marcel Sabitzer Geburtstag: 17. M\u00e4rz 1994 Geburtsort: Graz Geburtsland: \u00d6sterreich Nationalit\u00e4t: \u00d6sterreicher Gr\u00f6\u00dfe: 177 cm Position: St\u00fcrmer Bundesligaspiele f\u00fcr Salzburg: 34 Spiele (19 Tore) Nationalmannschaft: U16 bis U 21- 28 Spiele (11 Tore) f\u00fcr \u00d6sterreich; \u00d6sterreich (71\/14) StationenBearbeiten] FC Admira Juniors FC Admira Wacker M\u00f6dling SK Rapid Wien RB Leipzig FC Red Bull Salzburg [&hellip;]<\/p>\n","protected":false},"author":1,"featured_media":0,"parent":0,"menu_order":0,"comment_status":"closed","ping_status":"closed","template":"","meta":{"footnotes":""},"class_list":["post-5291","page","type-page","status-publish","hentry"],"_links":{"self":[{"href":"https:\/\/wiki.s12.at\/index.php\/wp-json\/wp\/v2\/pages\/5291","targetHints":{"allow":["GET"]}}],"collection":[{"href":"https:\/\/wiki.s12.at\/index.php\/wp-json\/wp\/v2\/pages"}],"about":[{"href":"https:\/\/wiki.s12.at\/index.php\/wp-json\/wp\/v2\/types\/page"}],"author":[{"embeddable":true,"href":"https:\/\/wiki.s12.at\/index.php\/wp-json\/wp\/v2\/users\/1"}],"replies":[{"embeddable":true,"href":"https:\/\/wiki.s12.at\/index.php\/wp-json\/wp\/v2\/comments?post=5291"}],"version-history":[{"count":0,"href":"https:\/\/wiki.s12.at\/index.php\/wp-json\/wp\/v2\/pages\/5291\/revisions"}],"wp:attachment":[{"href":"https:\/\/wiki.s12.at\/index.php\/wp-json\/wp\/v2\/media?parent=5291"}],"curies":[{"name":"wp","href":"https:\/\/api.w.org\/{rel}","templated":true}]}}