{"id":5286,"date":"2026-05-06T16:16:50","date_gmt":"2026-05-06T14:16:50","guid":{"rendered":"https:\/\/wiki.s12.at\/index.php\/marc-janko\/"},"modified":"2026-05-06T16:16:50","modified_gmt":"2026-05-06T14:16:50","slug":"marc-janko","status":"publish","type":"page","link":"https:\/\/wiki.s12.at\/index.php\/marc-janko\/","title":{"rendered":"Marc Janko"},"content":{"rendered":"<div class=\"mw-parser-output\">\n<div class=\"thumb tright\">\n<div class=\"thumbinner\" style=\"width:232px;\"><a href=\"\/Datei:Marc_Janko_1_(FC_Red_Bull_Salzburg).JPG\" class=\"image\"><img fetchpriority=\"high\" alt=\"\" src=\"\/images\/thumb\/f\/fb\/Marc_Janko_1_%28FC_Red_Bull_Salzburg%29.JPG\/250px-Marc_Janko_1_%28FC_Red_Bull_Salzburg%29.JPG%3Futm_source%3Dcommons.wikimedia.org%26utm_campaign%3Dimageinfo%26utm_content%3Dthumbnail\" decoding=\"async\" width=\"230\" height=\"374\" class=\"thumbimage\" srcset=\"\/images\/thumb\/f\/fb\/Marc_Janko_1_%28FC_Red_Bull_Salzburg%29.JPG\/500px-Marc_Janko_1_%28FC_Red_Bull_Salzburg%29.JPG%3Futm_source%3Dcommons.wikimedia.org%26utm_campaign%3Dimageinfo%26utm_content%3Dthumbnail 1.5x\" \/><\/a>  <\/p>\n<div class=\"thumbcaption\">\n<div class=\"magnify\"><a href=\"\/Datei:Marc_Janko_1_(FC_Red_Bull_Salzburg).JPG\" class=\"internal\" title=\"vergr\u00f6\u00dfern\"><\/a><\/div>\n<p>Marc Janko<\/p><\/div>\n<\/div>\n<\/div>\n<ul>\n<li>Name: <b>Marc Janko<\/b><\/li>\n<li>Geburtstag: 25. Juni 1983<\/li>\n<li>Geburtsort: Wien<\/li>\n<li>Geburtsland: \u00d6sterreich<\/li>\n<li>Nationalit\u00e4t: \u00d6sterreicher <a href=\"\/Datei:Flag_of_Austria.svg\" class=\"image\" title=\"\u00d6sterreicher\"><img alt=\"\u00d6sterreicher\" src=\"\/images\/thumb\/4\/41\/Flag_of_Austria.svg\/langde-20px-Flag_of_Austria.svg.png%3Futm_source%3Dcommons.wikimedia.org%26utm_campaign%3Dimageinfo%26utm_content%3Dthumbnail\" decoding=\"async\" width=\"20\" height=\"13\" srcset=\"\/images\/thumb\/4\/41\/Flag_of_Austria.svg\/langde-40px-Flag_of_Austria.svg.png%3Futm_source%3Dcommons.wikimedia.org%26utm_campaign%3Dimageinfo%26utm_content%3Dthumbnail 1.5x\" \/><\/a><\/li>\n<li>Gr\u00f6\u00dfe: 196 cm<\/li>\n<li>Position: Mittelst\u00fcrmer<\/li>\n<li>Starker Fu\u00df: Links<\/li>\n<li>R\u00fcckennummer: 21<\/li>\n<li>Bundesligaspiele f\u00fcr Salzburg: 108 Spiele (75 Tore)<\/li>\n<li>Nationalmannschaft: 24 Spiele (10 Tore) f\u00fcr \u00d6sterreich<\/li>\n<\/ul>\n<h2><span class=\"mw-headline\" id=\"Stationen\">Stationen<\/span><a href=\"\/index.php?title=Marc_Janko&amp;action=edit&amp;section=1\" title=\"Abschnitt bearbeiten: Stationen\">Bearbeiten<\/a><span class=\"mw-editsection-bracket\">]<\/span><\/span><\/h2>\n<ul>\n<li>VfB Admira Wacker M\u00f6dling (1990\u20132005)<\/li>\n<li>Red Bull Salzburg (2005\u20132010)<\/li>\n<li>Twente Enschede (2010-2012)<\/li>\n<li>FC Porto (2012)<\/li>\n<li>Trabzonspor (2012-2014)<\/li>\n<li>FC Sydney (2014-2015 )<\/li>\n<li>FC Basel (2015-2017)<\/li>\n<li>Sparta Prag (2017- )<\/li>\n<\/ul>\n<h2><span id=\"Titel_.26_Erfolge\"><\/span><span class=\"mw-headline\" id=\"Titel_&amp;_Erfolge\">Titel &amp; Erfolge<\/span><a href=\"\/index.php?title=Marc_Janko&amp;action=edit&amp;section=2\" title=\"Abschnitt bearbeiten: Titel &amp; Erfolge\">Bearbeiten<\/a><span class=\"mw-editsection-bracket\">]<\/span><\/span><\/h2>\n<ul>\n<li>3 \u00d7 \u00f6sterreichischer Meister: 2007, 2009, 2010<\/li>\n<li>1 \u00d7 niederl\u00e4ndischer Pokalsieger: 2011<\/li>\n<li>2 \u00d7 niederl\u00e4ndischer Superpokalsieger: 2010 (kein Einsatz), 2011<\/li>\n<li>1x portugisischer Meister:2012<\/li>\n<li>1 \u00d7 \u00d6sterreichischer Torsch\u00fctzenk\u00f6nig: 2009<\/li>\n<li>1 \u00d7 VdF-Aufsteiger des Jahres: 2006<\/li>\n<li>1 \u00d7 APA-Fu\u00dfballer des Jahres: 2008<\/li>\n<li>1 \u00d7 VdF-Fu\u00dfballer des Jahres (Bruno): 2009<\/li>\n<li>1 \u00d7 Salzburg Sportler des Jahres (Leonidas): 2009<\/li>\n<li>1 \u00d7 Bronzener Schuh (UEFA): 2009<\/li>\n<li>1 \u00d7 The World&#8217;s most effective Top Division Goal Scorer (IFFHS): 2009<\/li>\n<li>1 \u00d7 The World&#8217;s best Top Division Goal Scorer (IFFHS): 2009<\/li>\n<\/ul>\n<h2><span class=\"mw-headline\" id=\"Besonderes\">Besonderes<\/span><a href=\"\/index.php?title=Marc_Janko&amp;action=edit&amp;section=3\" title=\"Abschnitt bearbeiten: Besonderes\">Bearbeiten<\/a><span class=\"mw-editsection-bracket\">]<\/span><\/span><\/h2>\n<p>Marc Janko ist der Rekordtorsch\u00fctze von Red Bull Salzburg. In der Saison 2008\/09 schoss er insgesamt 42 Tore, 39 davon in der Bundesliga.\n<\/p>\n<p>2010 wechselte Marc Janko f\u00fcr die Rekordsumme von 7 Millionen Euro zu Twente Enschede.\n<\/p>\n<h2><span class=\"mw-headline\" id=\"Bilder\">Bilder<\/span><a href=\"\/index.php?title=Marc_Janko&amp;action=edit&amp;section=4\" title=\"Abschnitt bearbeiten: Bilder\">Bearbeiten<\/a><span class=\"mw-editsection-bracket\">]<\/span><\/span><\/h2>\n<ul class=\"gallery mw-gallery-traditional\">\n<li class=\"gallerybox\" style=\"width: 155px\">\n<div style=\"width: 155px\">\n<div class=\"thumb\" style=\"width: 150px;\">\n<div style=\"margin:35px auto;\"><a href=\"\/Datei:Marc_Janko(FC_Red_Bull_Salzburg).JPG\" class=\"image\" title=\"Tag der offenen T\u00fcr 2009\"><img alt=\"Tag der offenen T\u00fcr 2009\" src=\"\/images\/thumb\/8\/8b\/Marc_Janko%28FC_Red_Bull_Salzburg%29.JPG\/120px-Marc_Janko%28FC_Red_Bull_Salzburg%29.JPG%3Futm_source%3Dcommons.wikimedia.org%26utm_campaign%3Dimageinfo%26utm_content%3Dthumbnail\" decoding=\"async\" width=\"120\" height=\"80\" srcset=\"\/images\/thumb\/8\/8b\/Marc_Janko%28FC_Red_Bull_Salzburg%29.JPG\/250px-Marc_Janko%28FC_Red_Bull_Salzburg%29.JPG%3Futm_source%3Dcommons.wikimedia.org%26utm_campaign%3Dimageinfo%26utm_content%3Dthumbnail 1.5x\" \/><\/a><\/div>\n<\/div>\n<div class=\"gallerytext\">\n<p>Tag der offenen T\u00fcr 2009\n<\/p>\n<\/p><\/div>\n<\/p><\/div>\n<\/li>\n<li class=\"gallerybox\" style=\"width: 155px\">\n<div style=\"width: 155px\">\n<div class=\"thumb\" style=\"width: 150px;\">\n<div style=\"margin:35px auto;\"><a href=\"\/Datei:Marc_Janko_verschie%C3%9Ft_einen_Elfmeter_gegen_Bohemians_Dublin.JPG\" class=\"image\" title=\"Champions League Qualifikation gegen Bohemians Dublin\"><img loading=\"lazy\" alt=\"Champions League Qualifikation gegen Bohemians Dublin\" src=\"\/images\/thumb\/8\/80\/Marc_Janko_verschie%C3%9Ft_einen_Elfmeter_gegen_Bohemians_Dublin.JPG\/120px-Marc_Janko_verschie%C3%9Ft_einen_Elfmeter_gegen_Bohemians_Dublin.JPG%3Futm_source%3Dcommons.wikimedia.org%26utm_campaign%3Dimageinfo%26utm_content%3Dthumbnail\" decoding=\"async\" width=\"120\" height=\"80\" srcset=\"\/images\/thumb\/8\/80\/Marc_Janko_verschie%C3%9Ft_einen_Elfmeter_gegen_Bohemians_Dublin.JPG\/250px-Marc_Janko_verschie%C3%9Ft_einen_Elfmeter_gegen_Bohemians_Dublin.JPG%3Futm_source%3Dcommons.wikimedia.org%26utm_campaign%3Dimageinfo%26utm_content%3Dthumbnail 1.5x\" \/><\/a><\/div>\n<\/div>\n<div class=\"gallerytext\">\n<p>Champions League Qualifikation gegen Bohemians Dublin\n<\/p>\n<\/p><\/div>\n<\/p><\/div>\n<\/li>\n<li class=\"gallerybox\" style=\"width: 155px\">\n<div style=\"width: 155px\">\n<div class=\"thumb\" style=\"width: 150px;\">\n<div style=\"margin:15px auto;\"><a href=\"\/Datei:Marc_Janko_2009.JPG\" class=\"image\" title=\"Marc Janko bei der Meister Feier 2008\/09\"><img loading=\"lazy\" alt=\"Marc Janko bei der Meister Feier 2008\/09\" src=\"\/images\/thumb\/e\/e5\/Marc_Janko_2009.JPG\/120px-Marc_Janko_2009.JPG%3Futm_source%3Dcommons.wikimedia.org%26utm_campaign%3Dimageinfo%26utm_content%3Dthumbnail\" decoding=\"async\" width=\"82\" height=\"120\" srcset=\"\/images\/thumb\/e\/e5\/Marc_Janko_2009.JPG\/250px-Marc_Janko_2009.JPG%3Futm_source%3Dcommons.wikimedia.org%26utm_campaign%3Dimageinfo%26utm_content%3Dthumbnail 1.5x\" \/><\/a><\/div>\n<\/div>\n<div class=\"gallerytext\">\n<p>Marc Janko bei der Meister Feier 2008\/09\n<\/p>\n<\/p><\/div>\n<\/p><\/div>\n<\/li>\n<li class=\"gallerybox\" style=\"width: 155px\">\n<div style=\"width: 155px\">\n<div class=\"thumb\" style=\"width: 150px;\">\n<div style=\"margin:35px auto;\"><a href=\"\/Datei:%C3%96sterreichische_Fu%C3%9Fballnationalmannschaft_2010-03-03.jpg\" class=\"image\" title=\"Marc Janko im \u00d6sterreich Dress gegen D\u00e4nemark\"><img loading=\"lazy\" alt=\"Marc Janko im \u00d6sterreich Dress gegen D\u00e4nemark\" src=\"\/images\/thumb\/e\/e2\/%C3%96sterreichische_Fu%C3%9Fballnationalmannschaft_2010-03-03.jpg\/120px-%C3%96sterreichische_Fu%C3%9Fballnationalmannschaft_2010-03-03.jpg%3Futm_source%3Dcommons.wikimedia.org%26utm_campaign%3Dimageinfo%26utm_content%3Dthumbnail\" decoding=\"async\" width=\"120\" height=\"80\" srcset=\"\/images\/thumb\/e\/e2\/%C3%96sterreichische_Fu%C3%9Fballnationalmannschaft_2010-03-03.jpg\/250px-%C3%96sterreichische_Fu%C3%9Fballnationalmannschaft_2010-03-03.jpg%3Futm_source%3Dcommons.wikimedia.org%26utm_campaign%3Dimageinfo%26utm_content%3Dthumbnail 1.5x\" \/><\/a><\/div>\n<\/div>\n<div class=\"gallerytext\">\n<p>Marc Janko im \u00d6sterreich Dress gegen D\u00e4nemark\n<\/p>\n<\/p><\/div>\n<\/p><\/div>\n<\/li>\n<li class=\"gallerybox\" style=\"width: 155px\">\n<div style=\"width: 155px\">\n<div class=\"thumb\" style=\"width: 150px;\">\n<div style=\"margin:15px auto;\"><a href=\"\/Datei:Torsch%C3%BCtzenk%C3%B6nig_2009_Marc_Janko.JPG\" class=\"image\" title=\"Marc Janko (2009)\"><img loading=\"lazy\" alt=\"Marc Janko (2009)\" src=\"\/images\/thumb\/f\/f7\/Torsch%C3%BCtzenk%C3%B6nig_2009_Marc_Janko.JPG\/120px-Torsch%C3%BCtzenk%C3%B6nig_2009_Marc_Janko.JPG%3Futm_source%3Dcommons.wikimedia.org%26utm_campaign%3Dimageinfo%26utm_content%3Dthumbnail\" decoding=\"async\" width=\"80\" height=\"120\" srcset=\"\/images\/thumb\/f\/f7\/Torsch%C3%BCtzenk%C3%B6nig_2009_Marc_Janko.JPG\/250px-Torsch%C3%BCtzenk%C3%B6nig_2009_Marc_Janko.JPG%3Futm_source%3Dcommons.wikimedia.org%26utm_campaign%3Dimageinfo%26utm_content%3Dthumbnail 2x\" \/><\/a><\/div>\n<\/div>\n<div class=\"gallerytext\">\n<p>Marc Janko (2009)\n<\/p>\n<\/p><\/div>\n<\/p><\/div>\n<\/li>\n<li class=\"gallerybox\" style=\"width: 155px\">\n<div style=\"width: 155px\">\n<div class=\"thumb\" style=\"width: 150px;\">\n<div style=\"margin:33px auto;\"><a href=\"\/Datei:Red_Bull_Salzburg-SV_Mattersburg.jpg\" class=\"image\" title=\"Marc Janko im Spiel gegen Mattersburg\"><img loading=\"lazy\" alt=\"Marc Janko im Spiel gegen Mattersburg\" src=\"\/images\/thumb\/3\/3c\/Red_Bull_Salzburg-SV_Mattersburg.jpg\/120px-Red_Bull_Salzburg-SV_Mattersburg.jpg%3Futm_source%3Dcommons.wikimedia.org%26utm_campaign%3Dimageinfo%26utm_content%3Dthumbnail\" decoding=\"async\" width=\"120\" height=\"84\" srcset=\"\/images\/thumb\/3\/3c\/Red_Bull_Salzburg-SV_Mattersburg.jpg\/250px-Red_Bull_Salzburg-SV_Mattersburg.jpg%3Futm_source%3Dcommons.wikimedia.org%26utm_campaign%3Dimageinfo%26utm_content%3Dthumbnail 1.5x\" \/><\/a><\/div>\n<\/div>\n<div class=\"gallerytext\">\n<p>Marc Janko im Spiel gegen Mattersburg\n<\/p>\n<\/p><\/div>\n<\/p><\/div>\n<\/li>\n<li class=\"gallerybox\" style=\"width: 155px\">\n<div style=\"width: 155px\">\n<div class=\"thumb\" style=\"width: 150px;\">\n<div style=\"margin:35px auto;\"><a href=\"\/Datei:Mark_Janko.JPG\" class=\"image\" title=\"Marc Janko\"><img loading=\"lazy\" alt=\"Marc Janko\" src=\"\/images\/thumb\/0\/02\/Mark_Janko.JPG\/120px-Mark_Janko.JPG%3Futm_source%3Dcommons.wikimedia.org%26utm_campaign%3Dimageinfo%26utm_content%3Dthumbnail\" decoding=\"async\" width=\"120\" height=\"80\" srcset=\"\/images\/thumb\/0\/02\/Mark_Janko.JPG\/250px-Mark_Janko.JPG%3Futm_source%3Dcommons.wikimedia.org%26utm_campaign%3Dimageinfo%26utm_content%3Dthumbnail 1.5x\" \/><\/a><\/div>\n<\/div>\n<div class=\"gallerytext\">\n<p>Marc Janko\n<\/p>\n<\/p><\/div>\n<\/p><\/div>\n<\/li>\n<li class=\"gallerybox\" style=\"width: 155px\">\n<div style=\"width: 155px\">\n<div class=\"thumb\" style=\"width: 150px;\">\n<div style=\"margin:15px auto;\"><a href=\"\/Datei:20100513_Finalspiel_Sturm_Salzburg_DSCN1743_(126).JPG\" class=\"image\" title=\"Marc Janko beim Interview\"><img loading=\"lazy\" alt=\"Marc Janko beim Interview\" src=\"\/images\/thumb\/e\/ea\/20100513_Finalspiel_Sturm_Salzburg_DSCN1743_%28126%29.JPG\/120px-20100513_Finalspiel_Sturm_Salzburg_DSCN1743_%28126%29.JPG%3Futm_source%3Dcommons.wikimedia.org%26utm_campaign%3Dimageinfo%26utm_content%3Dthumbnail\" decoding=\"async\" width=\"80\" height=\"120\" srcset=\"\/images\/thumb\/e\/ea\/20100513_Finalspiel_Sturm_Salzburg_DSCN1743_%28126%29.JPG\/250px-20100513_Finalspiel_Sturm_Salzburg_DSCN1743_%28126%29.JPG%3Futm_source%3Dcommons.wikimedia.org%26utm_campaign%3Dimageinfo%26utm_content%3Dthumbnail 2x\" \/><\/a><\/div>\n<\/div>\n<div class=\"gallerytext\">\n<p>Marc Janko beim Interview\n<\/p>\n<\/p><\/div>\n<\/p><\/div>\n<\/li>\n<li class=\"gallerybox\" style=\"width: 155px\">\n<div style=\"width: 155px\">\n<div class=\"thumb\" style=\"width: 150px;\">\n<div style=\"margin:15px auto;\"><a href=\"\/Datei:20100513_Finalspiel_Sturm_Salzburg_DSCN1743_(156).JPG\" class=\"image\" title=\"Marc Janko mit Gustafsson\"><img loading=\"lazy\" alt=\"Marc Janko mit Gustafsson\" src=\"\/images\/thumb\/3\/33\/20100513_Finalspiel_Sturm_Salzburg_DSCN1743_%28156%29.JPG\/120px-20100513_Finalspiel_Sturm_Salzburg_DSCN1743_%28156%29.JPG%3Futm_source%3Dcommons.wikimedia.org%26utm_campaign%3Dimageinfo%26utm_content%3Dthumbnail\" decoding=\"async\" width=\"80\" height=\"120\" srcset=\"\/images\/thumb\/3\/33\/20100513_Finalspiel_Sturm_Salzburg_DSCN1743_%28156%29.JPG\/250px-20100513_Finalspiel_Sturm_Salzburg_DSCN1743_%28156%29.JPG%3Futm_source%3Dcommons.wikimedia.org%26utm_campaign%3Dimageinfo%26utm_content%3Dthumbnail 2x\" \/><\/a><\/div>\n<\/div>\n<div class=\"gallerytext\">\n<p>Marc Janko mit Gustafsson\n<\/p>\n<\/p><\/div>\n<\/p><\/div>\n<\/li>\n<li class=\"gallerybox\" style=\"width: 155px\">\n<div style=\"width: 155px\">\n<div class=\"thumb\" style=\"width: 150px;\">\n<div style=\"margin:35px auto;\"><a href=\"\/Datei:%C3%96sterreichische_Fu%C3%9Fballnationalmannschaft_2011-03-25_(01).jpg\" class=\"image\" title=\"Marc Janko im \u00d6sterreich-Dress gegen Belgien\"><img loading=\"lazy\" alt=\"Marc Janko im \u00d6sterreich-Dress gegen Belgien\" src=\"\/images\/thumb\/2\/24\/%C3%96sterreichische_Fu%C3%9Fballnationalmannschaft_2011-03-25_%2801%29.jpg\/120px-%C3%96sterreichische_Fu%C3%9Fballnationalmannschaft_2011-03-25_%2801%29.jpg%3Futm_source%3Dcommons.wikimedia.org%26utm_campaign%3Dimageinfo%26utm_content%3Dthumbnail\" decoding=\"async\" width=\"120\" height=\"80\" srcset=\"\/images\/thumb\/2\/24\/%C3%96sterreichische_Fu%C3%9Fballnationalmannschaft_2011-03-25_%2801%29.jpg\/250px-%C3%96sterreichische_Fu%C3%9Fballnationalmannschaft_2011-03-25_%2801%29.jpg%3Futm_source%3Dcommons.wikimedia.org%26utm_campaign%3Dimageinfo%26utm_content%3Dthumbnail 1.5x\" \/><\/a><\/div>\n<\/div>\n<div class=\"gallerytext\">\n<p>Marc Janko im \u00d6sterreich-Dress gegen Belgien\n<\/p>\n<\/p><\/div>\n<\/p><\/div>\n<\/li>\n<\/ul>\n<h2><span class=\"mw-headline\" id=\"Weblinks\">Weblinks<\/span><a href=\"\/index.php?title=Marc_Janko&amp;action=edit&amp;section=5\" title=\"Abschnitt bearbeiten: Weblinks\">Bearbeiten<\/a><span class=\"mw-editsection-bracket\">]<\/span><\/span><\/h2>\n<ul>\n<li><a rel=\"nofollow\" class=\"external text\" href=\"http:\/\/www.youtube.com\/watch?v=qyMAD28oSQM\">Einige Tore aus der Saison 2005\/06<\/a><\/li>\n<li><a rel=\"nofollow\" class=\"external text\" href=\"http:\/\/www.youtube.com\/watch?v=N_RweDWo2HA\">Alle 39 Tore der Saison 2008\/09<\/a><\/li>\n<li><a rel=\"nofollow\" class=\"external text\" href=\"http:\/\/www.youtube.com\/watch?v=Rw4_0XoOMVQ&amp;feature=fvwrel\">Profil:Mark Janko<\/a><\/li>\n<li><a rel=\"nofollow\" class=\"external text\" href=\"http:\/\/www.redbull.at\/cs\/Satellite\/de_AT\/Video\/Die-Marc-Janko-Story--Teil-1---Video-021243220865633\">Mark Janko Story Teil 1<\/a><\/li>\n<\/ul>\n<p>\n<\/p>\n<\/div>\n","protected":false},"excerpt":{"rendered":"<p>Marc Janko Name: Marc Janko Geburtstag: 25. Juni 1983 Geburtsort: Wien Geburtsland: \u00d6sterreich Nationalit\u00e4t: \u00d6sterreicher Gr\u00f6\u00dfe: 196 cm Position: Mittelst\u00fcrmer Starker Fu\u00df: Links R\u00fcckennummer: 21 Bundesligaspiele f\u00fcr Salzburg: 108 Spiele (75 Tore) Nationalmannschaft: 24 Spiele (10 Tore) f\u00fcr \u00d6sterreich StationenBearbeiten] VfB Admira Wacker M\u00f6dling (1990\u20132005) Red Bull Salzburg (2005\u20132010) Twente Enschede (2010-2012) FC Porto (2012) [&hellip;]<\/p>\n","protected":false},"author":1,"featured_media":0,"parent":0,"menu_order":0,"comment_status":"closed","ping_status":"closed","template":"","meta":{"footnotes":""},"class_list":["post-5286","page","type-page","status-publish","hentry"],"_links":{"self":[{"href":"https:\/\/wiki.s12.at\/index.php\/wp-json\/wp\/v2\/pages\/5286","targetHints":{"allow":["GET"]}}],"collection":[{"href":"https:\/\/wiki.s12.at\/index.php\/wp-json\/wp\/v2\/pages"}],"about":[{"href":"https:\/\/wiki.s12.at\/index.php\/wp-json\/wp\/v2\/types\/page"}],"author":[{"embeddable":true,"href":"https:\/\/wiki.s12.at\/index.php\/wp-json\/wp\/v2\/users\/1"}],"replies":[{"embeddable":true,"href":"https:\/\/wiki.s12.at\/index.php\/wp-json\/wp\/v2\/comments?post=5286"}],"version-history":[{"count":0,"href":"https:\/\/wiki.s12.at\/index.php\/wp-json\/wp\/v2\/pages\/5286\/revisions"}],"wp:attachment":[{"href":"https:\/\/wiki.s12.at\/index.php\/wp-json\/wp\/v2\/media?parent=5286"}],"curies":[{"name":"wp","href":"https:\/\/api.w.org\/{rel}","templated":true}]}}