{"id":5270,"date":"2026-05-06T16:16:29","date_gmt":"2026-05-06T14:16:29","guid":{"rendered":"https:\/\/wiki.s12.at\/index.php\/malmoe-ff-gegen-fc-salzburg\/"},"modified":"2026-05-06T16:16:29","modified_gmt":"2026-05-06T14:16:29","slug":"malmoe-ff-gegen-fc-salzburg","status":"publish","type":"page","link":"https:\/\/wiki.s12.at\/index.php\/malmoe-ff-gegen-fc-salzburg\/","title":{"rendered":"Malm\u00f6 FF gegen FC Salzburg"},"content":{"rendered":"<div class=\"mw-parser-output\">\n<h2><span class=\"mw-headline\" id=\"Fakten\">Fakten<\/span><a href=\"\/index.php?title=Malm%C3%B6_FF_gegen_FC_Salzburg&amp;action=edit&amp;section=1\" title=\"Abschnitt bearbeiten: Fakten\">Bearbeiten<\/a><span class=\"mw-editsection-bracket\">]<\/span><\/span><\/h2>\n<table class=\"toptextcells toccolours\">\n<tbody>\n<tr>\n<th colspan=\"2\" style=\"text-align: center; vertical-align: top; padding: 0.3em 0.8em; font-size: 125%; background-color: lightsteelblue;\">Malm\u00f6 FF gegen FC Salzburg, 3:0\n<\/th>\n<\/tr>\n<tr>\n<th style=\"text-align:left;\"><b>Spieltag<\/b>\n<\/th>\n<th style=\"text-align:left;\">Uefa-Championsleague Play-off R\u00fcckspiel\n<\/th>\n<\/tr>\n<tr>\n<th style=\"text-align:left;\"><b>Datum<\/b>\n<\/th>\n<th style=\"text-align:left;\">27. August 2014\n<\/th>\n<\/tr>\n<tr>\n<th style=\"text-align:left;\"><b>Anpfiff<\/b>\n<\/th>\n<th style=\"text-align:left;\">20.45 Uhr\n<\/th>\n<\/tr>\n<tr>\n<td colspan=\"2\" style=\"text-align:center;\" bgcolor=\"lightgray\"><b>Aufstellung<\/b>\n<\/td>\n<\/tr>\n<tr>\n<th style=\"text-align:left;\"><b>Tor<\/b>\n<\/th>\n<th><a href=\"\/Peter_Gulacsi\" class=\"mw-redirect\" title=\"Peter Gulacsi\">Peter Gulacsi<\/a>\n<\/th>\n<\/tr>\n<tr>\n<th style=\"text-align:left;\"><b>Verteidigung<\/b>\n<\/th>\n<th><a href=\"\/Christian_Schwegler\" title=\"Christian Schwegler\">Christian Schwegler<\/a> <a href=\"\/Andre_Ramalho\" class=\"mw-redirect\" title=\"Andre Ramalho\">Andre Ramalho<\/a> <a href=\"\/Stefan_Ilsanker\" title=\"Stefan Ilsanker\">Stefan Ilsanker<\/a> <a href=\"\/Martin_Hinteregger\" title=\"Martin Hinteregger\">Martin Hinteregger<\/a>\n<\/th>\n<\/tr>\n<tr>\n<th style=\"text-align:left;\"><b>Mittelfeld<\/b>\n<\/th>\n<th><a href=\"\/Kevin_Kampl\" title=\"Kevin Kampl\">Kevin Kampl<\/a> <a href=\"\/Naby_Keita\" title=\"Naby Keita\">Naby Keita<\/a> <a href=\"\/Christoph_Leitgeb\" title=\"Christoph Leitgeb\">Christoph Leitgeb<\/a> <a href=\"\/Massimo_Bruno\" title=\"Massimo Bruno\">Massimo Bruno<\/a>\n<\/th>\n<\/tr>\n<tr>\n<th style=\"text-align:left;\"><b>Sturm<\/b>\n<\/th>\n<th><a href=\"\/Alan\" title=\"Alan\">Alan<\/a>  <a href=\"\/Jonatan_Soriano\" title=\"Jonatan Soriano\">Jonatan Soriano<\/a>\n<\/th>\n<\/tr>\n<tr>\n<td colspan=\"2\" style=\"text-align:center;\" bgcolor=\"lightgray\"><b>Wechsel<\/b>\n<\/td>\n<\/tr>\n<tr>\n<th style=\"text-align:left;\"><b>Wechsel<\/b>\n<\/th>\n<th style=\"text-align:left;\"><a href=\"\/Peter_Ankersen\" title=\"Peter Ankersen\">Peter Ankersen<\/a> f\u00fcr Keita (46.), <a href=\"\/Marcel_Sabitzer\" title=\"Marcel Sabitzer\">Marcel Sabitzer<\/a> f\u00fcr Bruno (66.), <a href=\"\/Valentino_Lazaro\" title=\"Valentino Lazaro\">Valentino Lazaro<\/a> f\u00fcr Leitgeb (78.)\n<\/th>\n<\/tr>\n<tr>\n<td colspan=\"2\" style=\"text-align:center;\" bgcolor=\"lightgray\"><b>Statistik<\/b>\n<\/td>\n<\/tr>\n<tr>\n<th style=\"text-align:left;\"><b>Endstand<\/b>\n<\/th>\n<th style=\"text-align:left;\">3:0 (2:0)\n<\/th>\n<\/tr>\n<tr>\n<th style=\"text-align:left;\"><b>Torsch\u00fctzen<\/b>\n<\/th>\n<th style=\"text-align:left;\">Rosenberg (11., E., 84.), Eriksson (19.)\n<\/th>\n<\/tr>\n<tr>\n<th style=\"text-align:left;\"><b>Gelbe Karten<\/b>\n<\/th>\n<th style=\"text-align:left;\">Konate (70.); Keita (31.), Leitgeb (58.), Kampl (63.)\n<\/th>\n<\/tr>\n<tr>\n<th style=\"text-align:left;\"><b>Rote Karten<\/b>\n<\/th>\n<th style=\"text-align:left;\">\n<\/th>\n<\/tr>\n<tr>\n<th style=\"text-align:left;\"><b>Schiedsrichter<\/b>\n<\/th>\n<th style=\"text-align:left;\">Damir Skomina (Slowenien)\n<\/th>\n<\/tr>\n<tr>\n<th style=\"text-align:left;\"><b>Stadion<\/b>\n<\/th>\n<th style=\"text-align:left;\">Swedbank Stadion, Malm\u00f6\n<\/th>\n<\/tr>\n<tr>\n<th style=\"text-align:left;\"><b>Zuschauer<\/b>\n<\/th>\n<th style=\"text-align:left;\">\n<\/th>\n<\/tr>\n<\/tbody>\n<\/table>\n<h2><span class=\"mw-headline\" id=\"Weblinks\">Weblinks<\/span><a href=\"\/index.php?title=Malm%C3%B6_FF_gegen_FC_Salzburg&amp;action=edit&amp;section=2\" title=\"Abschnitt bearbeiten: Weblinks\">Bearbeiten<\/a><span class=\"mw-editsection-bracket\">]<\/span><\/span><\/h2>\n<p><a rel=\"nofollow\" class=\"external text\" href=\"http:\/\/www.salzburg12.at\/2014\/08\/untergang-in-malmoe\/\">Spielbericht salzburg12.at<\/a>\n<\/p>\n<p><center>&lt;youtube&gt;nGFSPzoPT4Y&lt;\/youtube&gt;<\/center><\/p>\n<h2><span class=\"mw-headline\" id=\"Stimmen_zum_Spiel\">Stimmen zum Spiel<\/span><a href=\"\/index.php?title=Malm%C3%B6_FF_gegen_FC_Salzburg&amp;action=edit&amp;section=3\" title=\"Abschnitt bearbeiten: Stimmen zum Spiel\">Bearbeiten<\/a><span class=\"mw-editsection-bracket\">]<\/span><\/span><\/h2>\n<p><b>Adi H\u00fctter:<\/b> &#8222;Wir haben das kampfbetonte, teilweise schmutzige Spiel des Gegners zu wenig angenommen. Wir waren zweite Halbzeit die bessere Mannschaft, konnten uns in der Offensive aber nicht entscheidend durchsetzen, haben uns viel zu wenig Chancen erarbeitet. So kann man nicht bestehen.&#8220;\n<\/p>\n<p><b>Ralf Rangnick:<\/b> &#8222;Wir haben die Gro\u00dfchance zum 1:0 gehabt. Wenn wir das machen, l\u00e4uft das Spiel ganz anders. Dann haben wir uns den Schneid&#8216; abkaufen lassen. Entscheidend war, dass wir da Wirkung gezeigt haben. Unterm Strich sind wir verdient ausgeschieden. Die Entt\u00e4uschung ist nat\u00fcrlich bei uns allen riesengro\u00df.&#8220;\n<\/p>\n<p><b>Christian Schwegler:<\/b> &#8222;Das ist ein ganz bitterer Moment. Wir haben heute kein gutes Spiel gemacht. Besonders in der ersten Halbzeit, da haben wir die Zweik\u00e4mpfe nicht angenommen. Wir wollten das in der zweiten H\u00e4lfte noch umdrehen, das ist uns leider nicht gelungen. Der Glaube nach dem 0:2 war bei uns einfach nicht gro\u00df genug. Das m\u00fcssen wir jetzt genau analysieren.&#8220;\n<\/p>\n<p><b>Aage Hareide (Trainer Malm\u00f6):<\/b> &#8222;Wir haben von Anfang an ein gutes Spiel gemacht. Die Mannschaft hat alles umgesetzt, so wie wir das besprochen haben. Daf\u00fcr haben wir seit Februar gearbeitet. Salzburg hat uns nicht \u00fcberrascht. Wir haben viele schnelle St\u00fcrmer vorne, mit denen wir etwas bewirken k\u00f6nnen. Der Gedanke zum 5-3-2-System ist mir in Salzburg gekommen. Ich wollte, dass sie gegen sechs Spieler von uns hinten hineinspielen m\u00fcssen. Markus Rosenberg ist Spitze, nicht nur auf dem Platz, sondern auch in der Kabine. Ich bin sehr gl\u00fccklich \u00fcber dieses Kollektiv.&#8220;\n<\/p>\n<\/div>\n","protected":false},"excerpt":{"rendered":"<p>FaktenBearbeiten] Malm\u00f6 FF gegen FC Salzburg, 3:0 Spieltag Uefa-Championsleague Play-off R\u00fcckspiel Datum 27. August 2014 Anpfiff 20.45 Uhr Aufstellung Tor Peter Gulacsi Verteidigung Christian Schwegler Andre Ramalho Stefan Ilsanker Martin Hinteregger Mittelfeld Kevin Kampl Naby Keita Christoph Leitgeb Massimo Bruno Sturm Alan Jonatan Soriano Wechsel Wechsel Peter Ankersen f\u00fcr Keita (46.), Marcel Sabitzer f\u00fcr Bruno [&hellip;]<\/p>\n","protected":false},"author":1,"featured_media":0,"parent":0,"menu_order":0,"comment_status":"closed","ping_status":"closed","template":"","meta":{"footnotes":""},"class_list":["post-5270","page","type-page","status-publish","hentry"],"_links":{"self":[{"href":"https:\/\/wiki.s12.at\/index.php\/wp-json\/wp\/v2\/pages\/5270","targetHints":{"allow":["GET"]}}],"collection":[{"href":"https:\/\/wiki.s12.at\/index.php\/wp-json\/wp\/v2\/pages"}],"about":[{"href":"https:\/\/wiki.s12.at\/index.php\/wp-json\/wp\/v2\/types\/page"}],"author":[{"embeddable":true,"href":"https:\/\/wiki.s12.at\/index.php\/wp-json\/wp\/v2\/users\/1"}],"replies":[{"embeddable":true,"href":"https:\/\/wiki.s12.at\/index.php\/wp-json\/wp\/v2\/comments?post=5270"}],"version-history":[{"count":0,"href":"https:\/\/wiki.s12.at\/index.php\/wp-json\/wp\/v2\/pages\/5270\/revisions"}],"wp:attachment":[{"href":"https:\/\/wiki.s12.at\/index.php\/wp-json\/wp\/v2\/media?parent=5270"}],"curies":[{"name":"wp","href":"https:\/\/api.w.org\/{rel}","templated":true}]}}