{"id":5247,"date":"2026-05-06T16:15:54","date_gmt":"2026-05-06T14:15:54","guid":{"rendered":"https:\/\/wiki.s12.at\/index.php\/lukas-gugganig\/"},"modified":"2026-05-06T16:15:54","modified_gmt":"2026-05-06T14:15:54","slug":"lukas-gugganig","status":"publish","type":"page","link":"https:\/\/wiki.s12.at\/index.php\/lukas-gugganig\/","title":{"rendered":"Lukas Gugganig"},"content":{"rendered":"<div class=\"mw-parser-output\">\n<div class=\"thumb tright\">\n<div class=\"thumbinner\" style=\"width:302px;\"><a href=\"\/Datei:FC_Liefering_gegen_SCR_Altach_29.JPG\" class=\"image\"><img fetchpriority=\"high\" alt=\"FC Liefering gegen SCR Altach 29.JPG\" src=\"\/images\/thumb\/0\/0e\/FC_Liefering_gegen_SCR_Altach_29.JPG\/330px-FC_Liefering_gegen_SCR_Altach_29.JPG%3Futm_source%3Dcommons.wikimedia.org%26utm_campaign%3Dimageinfo%26utm_content%3Dthumbnail\" decoding=\"async\" width=\"300\" height=\"322\" class=\"thumbimage\" srcset=\"\/images\/thumb\/0\/0e\/FC_Liefering_gegen_SCR_Altach_29.JPG\/500px-FC_Liefering_gegen_SCR_Altach_29.JPG%3Futm_source%3Dcommons.wikimedia.org%26utm_campaign%3Dimageinfo%26utm_content%3Dthumbnail 1.5x, \/images\/thumb\/0\/0e\/FC_Liefering_gegen_SCR_Altach_29.JPG\/960px-FC_Liefering_gegen_SCR_Altach_29.JPG%3Futm_source%3Dcommons.wikimedia.org%26utm_campaign%3Dimageinfo%26utm_content%3Dthumbnail 2x\" \/><\/a>  <\/p>\n<div class=\"thumbcaption\">\n<div class=\"magnify\"><a href=\"\/Datei:FC_Liefering_gegen_SCR_Altach_29.JPG\" class=\"internal\" title=\"vergr\u00f6\u00dfern\"><\/a><\/div>\n<\/div>\n<\/div>\n<\/div>\n<ul>\n<li>Name: <b>Lukas Gugganig<\/b><\/li>\n<li>Geburtstag: 14. Februar 1995<\/li>\n<li>Geburtsort:<\/li>\n<li>Geburtsland: \u00d6sterreich<\/li>\n<li>Gr\u00f6\u00dfe: 192 cm<\/li>\n<li>Position: Verteidiger<\/li>\n<li>R\u00fcckennummer:11<\/li>\n<\/ul>\n<p>\n<\/p>\n<h2><span class=\"mw-headline\" id=\"Stationen\">Stationen<\/span><a href=\"\/index.php?title=Lukas_Gugganig&amp;action=edit&amp;section=1\" title=\"Abschnitt bearbeiten: Stationen\">Bearbeiten<\/a><span class=\"mw-editsection-bracket\">]<\/span><\/span><\/h2>\n<ul>\n<li>Akademie Salzburg U 18<\/li>\n<li>FC Liefering (2014-2015)<\/li>\n<li>FSV Frankfurt<\/li>\n<li>SpVgg Greuther F\u00fcrth<\/li>\n<li>VfL Osnabr\u00fcck<\/li>\n<li>SCR Altach<\/li>\n<\/ul>\n<h2><span class=\"mw-headline\" id=\"Besonderes\">Besonderes<\/span><a href=\"\/index.php?title=Lukas_Gugganig&amp;action=edit&amp;section=2\" title=\"Abschnitt bearbeiten: Besonderes\">Bearbeiten<\/a><span class=\"mw-editsection-bracket\">]<\/span><\/span><\/h2>\n<p>Am 12. April 2015 feierte er sein Bundesligadeb\u00fct als er im Spiel beim SK Rapid Wien in der 66. Minute f\u00fcr den verletzten <a href=\"\/Stefan_Ilsanker\" title=\"Stefan Ilsanker\">Stefan Ilsanker<\/a> eingewechselt wurde.\n<\/p>\n<h2><span class=\"mw-headline\" id=\"Erfolge\">Erfolge<\/span><a href=\"\/index.php?title=Lukas_Gugganig&amp;action=edit&amp;section=3\" title=\"Abschnitt bearbeiten: Erfolge\">Bearbeiten<\/a><span class=\"mw-editsection-bracket\">]<\/span><\/span><\/h2>\n<ul>\n<li>3 Platz U19-EM 2014<\/li>\n<li>Kapit\u00e4n des FC Lieferings<\/li>\n<\/ul>\n<h2><span class=\"mw-headline\" id=\"Bilder\">Bilder<\/span><a href=\"\/index.php?title=Lukas_Gugganig&amp;action=edit&amp;section=4\" title=\"Abschnitt bearbeiten: Bilder\">Bearbeiten<\/a><span class=\"mw-editsection-bracket\">]<\/span><\/span><\/h2>\n<p><img alt=\"\" src=\"\/images\/thumb\/4\/4a\/Commons-logo.svg\/langde-20px-Commons-logo.svg.png%3Futm_source%3Dcommons.wikimedia.org%26utm_campaign%3Dimageinfo%26utm_content%3Dthumbnail\" decoding=\"async\" title=\"Commons\" width=\"12\" height=\"16\" srcset=\"\/images\/thumb\/4\/4a\/Commons-logo.svg\/langde-40px-Commons-logo.svg.png%3Futm_source%3Dcommons.wikimedia.org%26utm_campaign%3Dimageinfo%26utm_content%3Dthumbnail 2x\" \/>&#160;<b><a href=\"http:\/\/commons.wikimedia.org\/wiki\/Category:Lukas_Gugganig\" class=\"extiw\" title=\"commons:Category:Lukas Gugganig\">Lukas Gugganig<\/a><\/b>&#160;\u2013 Sammlung von Bildern, Videos und Audiodateien auf <a href=\"\/Wikimedia_Commons\" title=\"Wikimedia Commons\">Wikimedia Commons<\/a>\n<\/p>\n<\/div>\n","protected":false},"excerpt":{"rendered":"<p>Name: Lukas Gugganig Geburtstag: 14. Februar 1995 Geburtsort: Geburtsland: \u00d6sterreich Gr\u00f6\u00dfe: 192 cm Position: Verteidiger R\u00fcckennummer:11 StationenBearbeiten] Akademie Salzburg U 18 FC Liefering (2014-2015) FSV Frankfurt SpVgg Greuther F\u00fcrth VfL Osnabr\u00fcck SCR Altach BesonderesBearbeiten] Am 12. April 2015 feierte er sein Bundesligadeb\u00fct als er im Spiel beim SK Rapid Wien in der 66. Minute f\u00fcr [&hellip;]<\/p>\n","protected":false},"author":1,"featured_media":0,"parent":0,"menu_order":0,"comment_status":"closed","ping_status":"closed","template":"","meta":{"footnotes":""},"class_list":["post-5247","page","type-page","status-publish","hentry"],"_links":{"self":[{"href":"https:\/\/wiki.s12.at\/index.php\/wp-json\/wp\/v2\/pages\/5247","targetHints":{"allow":["GET"]}}],"collection":[{"href":"https:\/\/wiki.s12.at\/index.php\/wp-json\/wp\/v2\/pages"}],"about":[{"href":"https:\/\/wiki.s12.at\/index.php\/wp-json\/wp\/v2\/types\/page"}],"author":[{"embeddable":true,"href":"https:\/\/wiki.s12.at\/index.php\/wp-json\/wp\/v2\/users\/1"}],"replies":[{"embeddable":true,"href":"https:\/\/wiki.s12.at\/index.php\/wp-json\/wp\/v2\/comments?post=5247"}],"version-history":[{"count":0,"href":"https:\/\/wiki.s12.at\/index.php\/wp-json\/wp\/v2\/pages\/5247\/revisions"}],"wp:attachment":[{"href":"https:\/\/wiki.s12.at\/index.php\/wp-json\/wp\/v2\/media?parent=5247"}],"curies":[{"name":"wp","href":"https:\/\/api.w.org\/{rel}","templated":true}]}}