{"id":5244,"date":"2026-05-06T16:15:49","date_gmt":"2026-05-06T14:15:49","guid":{"rendered":"https:\/\/wiki.s12.at\/index.php\/luka-sucic\/"},"modified":"2026-05-06T16:15:49","modified_gmt":"2026-05-06T14:15:49","slug":"luka-sucic","status":"publish","type":"page","link":"https:\/\/wiki.s12.at\/index.php\/luka-sucic\/","title":{"rendered":"Luka Sucic"},"content":{"rendered":"<div class=\"mw-parser-output\">\n<div class=\"thumb tright\">\n<div class=\"thumbinner\" style=\"width:302px;\"><a href=\"\/Datei:FC_Red_Bull_Salzburg_gegen_Wolfsberger_AC_(2022-02-20)_32.jpg\" class=\"image\"><img fetchpriority=\"high\" alt=\"FC Red Bull Salzburg gegen Wolfsberger AC (2022-02-20) 32.jpg\" src=\"\/images\/thumb\/f\/f7\/FC_Red_Bull_Salzburg_gegen_Wolfsberger_AC_%282022-02-20%29_32.jpg\/330px-FC_Red_Bull_Salzburg_gegen_Wolfsberger_AC_%282022-02-20%29_32.jpg%3Futm_source%3Dcommons.wikimedia.org%26utm_campaign%3Dimageinfo%26utm_content%3Dthumbnail\" decoding=\"async\" width=\"300\" height=\"362\" class=\"thumbimage\" srcset=\"\/images\/thumb\/f\/f7\/FC_Red_Bull_Salzburg_gegen_Wolfsberger_AC_%282022-02-20%29_32.jpg\/500px-FC_Red_Bull_Salzburg_gegen_Wolfsberger_AC_%282022-02-20%29_32.jpg%3Futm_source%3Dcommons.wikimedia.org%26utm_campaign%3Dimageinfo%26utm_content%3Dthumbnail 1.5x, \/images\/thumb\/f\/f7\/FC_Red_Bull_Salzburg_gegen_Wolfsberger_AC_%282022-02-20%29_32.jpg\/960px-FC_Red_Bull_Salzburg_gegen_Wolfsberger_AC_%282022-02-20%29_32.jpg%3Futm_source%3Dcommons.wikimedia.org%26utm_campaign%3Dimageinfo%26utm_content%3Dthumbnail 2x\" \/><\/a>  <\/p>\n<div class=\"thumbcaption\">\n<div class=\"magnify\"><a href=\"\/Datei:FC_Red_Bull_Salzburg_gegen_Wolfsberger_AC_(2022-02-20)_32.jpg\" class=\"internal\" title=\"vergr\u00f6\u00dfern\"><\/a><\/div>\n<\/div>\n<\/div>\n<\/div>\n<ul>\n<li>Name: <b>Luka Sucic<\/b><\/li>\n<li>Geburtstag: 8. September 2002<\/li>\n<li>Geburtsort:<\/li>\n<li>Nationalit\u00e4t:Kroate<\/li>\n<li>Gr\u00f6\u00dfe:185 cm<\/li>\n<li>Position: Mittelfeld<\/li>\n<li>Nationalmannschaft: Kroatien U15, U16, U17, U19, U21, Kroatien<\/li>\n<\/ul>\n<h2><span class=\"mw-headline\" id=\"Stationen\">Stationen<\/span><a href=\"\/index.php?title=Luka_Sucic&amp;action=edit&amp;section=1\" title=\"Abschnitt bearbeiten: Stationen\">Bearbeiten<\/a><span class=\"mw-editsection-bracket\">]<\/span><\/span><\/h2>\n<ul>\n<li>Alkoven Jugend<\/li>\n<li>Edelwei\u00df Linz Jugend<\/li>\n<li>Salzburg Jugend<\/li>\n<li>Akademie Red Bull Salzburg (U15- U18)<\/li>\n<li>FC Liefering (2018 &#8211; )<\/li>\n<li>FC Red Bull Salzburg (2020 &#8211; )<\/li>\n<\/ul>\n<h2><span class=\"mw-headline\" id=\"Erfolge\">Erfolge<\/span><a href=\"\/index.php?title=Luka_Sucic&amp;action=edit&amp;section=2\" title=\"Abschnitt bearbeiten: Erfolge\">Bearbeiten<\/a><span class=\"mw-editsection-bracket\">]<\/span><\/span><\/h2>\n<ul>\n<li>\u00d6sterreichischer Meister: 2021, 2022, 2023<\/li>\n<li>\u00d6sterreichischer Cupsieger: 2021, 2022<\/li>\n<\/ul>\n<h2><span class=\"mw-headline\" id=\"Bilder\">Bilder<\/span><a href=\"\/index.php?title=Luka_Sucic&amp;action=edit&amp;section=3\" title=\"Abschnitt bearbeiten: Bilder\">Bearbeiten<\/a><span class=\"mw-editsection-bracket\">]<\/span><\/span><\/h2>\n<p><img alt=\"\" src=\"\/images\/thumb\/4\/4a\/Commons-logo.svg\/langde-20px-Commons-logo.svg.png%3Futm_source%3Dcommons.wikimedia.org%26utm_campaign%3Dimageinfo%26utm_content%3Dthumbnail\" decoding=\"async\" title=\"Commons\" width=\"12\" height=\"16\" srcset=\"\/images\/thumb\/4\/4a\/Commons-logo.svg\/langde-40px-Commons-logo.svg.png%3Futm_source%3Dcommons.wikimedia.org%26utm_campaign%3Dimageinfo%26utm_content%3Dthumbnail 2x\" \/>&#160;<b><a href=\"http:\/\/commons.wikimedia.org\/wiki\/Category:Luka_Sucic\" class=\"extiw\" title=\"commons:Category:Luka Sucic\">Luka Sucic<\/a><\/b>&#160;\u2013 Sammlung von Bildern, Videos und Audiodateien auf <a href=\"\/Wikimedia_Commons\" title=\"Wikimedia Commons\">Wikimedia Commons<\/a>\n<\/p>\n<\/div>\n","protected":false},"excerpt":{"rendered":"<p>Name: Luka Sucic Geburtstag: 8. September 2002 Geburtsort: Nationalit\u00e4t:Kroate Gr\u00f6\u00dfe:185 cm Position: Mittelfeld Nationalmannschaft: Kroatien U15, U16, U17, U19, U21, Kroatien StationenBearbeiten] Alkoven Jugend Edelwei\u00df Linz Jugend Salzburg Jugend Akademie Red Bull Salzburg (U15- U18) FC Liefering (2018 &#8211; ) FC Red Bull Salzburg (2020 &#8211; ) ErfolgeBearbeiten] \u00d6sterreichischer Meister: 2021, 2022, 2023 \u00d6sterreichischer Cupsieger: [&hellip;]<\/p>\n","protected":false},"author":1,"featured_media":0,"parent":0,"menu_order":0,"comment_status":"closed","ping_status":"closed","template":"","meta":{"footnotes":""},"class_list":["post-5244","page","type-page","status-publish","hentry"],"_links":{"self":[{"href":"https:\/\/wiki.s12.at\/index.php\/wp-json\/wp\/v2\/pages\/5244","targetHints":{"allow":["GET"]}}],"collection":[{"href":"https:\/\/wiki.s12.at\/index.php\/wp-json\/wp\/v2\/pages"}],"about":[{"href":"https:\/\/wiki.s12.at\/index.php\/wp-json\/wp\/v2\/types\/page"}],"author":[{"embeddable":true,"href":"https:\/\/wiki.s12.at\/index.php\/wp-json\/wp\/v2\/users\/1"}],"replies":[{"embeddable":true,"href":"https:\/\/wiki.s12.at\/index.php\/wp-json\/wp\/v2\/comments?post=5244"}],"version-history":[{"count":0,"href":"https:\/\/wiki.s12.at\/index.php\/wp-json\/wp\/v2\/pages\/5244\/revisions"}],"wp:attachment":[{"href":"https:\/\/wiki.s12.at\/index.php\/wp-json\/wp\/v2\/media?parent=5244"}],"curies":[{"name":"wp","href":"https:\/\/api.w.org\/{rel}","templated":true}]}}