{"id":5231,"date":"2026-05-06T16:15:40","date_gmt":"2026-05-06T14:15:40","guid":{"rendered":"https:\/\/wiki.s12.at\/index.php\/lucas-gourna-douath\/"},"modified":"2026-05-06T16:15:40","modified_gmt":"2026-05-06T14:15:40","slug":"lucas-gourna-douath","status":"publish","type":"page","link":"https:\/\/wiki.s12.at\/index.php\/lucas-gourna-douath\/","title":{"rendered":"Lucas Gourna-Douath"},"content":{"rendered":"<div class=\"mw-parser-output\">\n<div class=\"thumb tright\">\n<div class=\"thumbinner\" style=\"width:302px;\"><a href=\"\/Datei:FC_Red_Bull_Salzburg_vs._SK_Rapid_Wien_(2022-09-18)_15.jpg\" class=\"image\"><img fetchpriority=\"high\" alt=\"FC Red Bull Salzburg vs. SK Rapid Wien (2022-09-18) 15.jpg\" src=\"\/images\/thumb\/1\/18\/FC_Red_Bull_Salzburg_vs._SK_Rapid_Wien_%282022-09-18%29_15.jpg\/330px-FC_Red_Bull_Salzburg_vs._SK_Rapid_Wien_%282022-09-18%29_15.jpg%3Futm_source%3Dcommons.wikimedia.org%26utm_campaign%3Dimageinfo%26utm_content%3Dthumbnail\" decoding=\"async\" width=\"300\" height=\"319\" class=\"thumbimage\" srcset=\"\/images\/thumb\/1\/18\/FC_Red_Bull_Salzburg_vs._SK_Rapid_Wien_%282022-09-18%29_15.jpg\/500px-FC_Red_Bull_Salzburg_vs._SK_Rapid_Wien_%282022-09-18%29_15.jpg%3Futm_source%3Dcommons.wikimedia.org%26utm_campaign%3Dimageinfo%26utm_content%3Dthumbnail 1.5x, \/images\/thumb\/1\/18\/FC_Red_Bull_Salzburg_vs._SK_Rapid_Wien_%282022-09-18%29_15.jpg\/960px-FC_Red_Bull_Salzburg_vs._SK_Rapid_Wien_%282022-09-18%29_15.jpg%3Futm_source%3Dcommons.wikimedia.org%26utm_campaign%3Dimageinfo%26utm_content%3Dthumbnail 2x\" \/><\/a>  <\/p>\n<div class=\"thumbcaption\">\n<div class=\"magnify\"><a href=\"\/Datei:FC_Red_Bull_Salzburg_vs._SK_Rapid_Wien_(2022-09-18)_15.jpg\" class=\"internal\" title=\"vergr\u00f6\u00dfern\"><\/a><\/div>\n<\/div>\n<\/div>\n<\/div>\n<ul>\n<li>Name: <b>Lucas Gourna-Douath<\/b><\/li>\n<li>Geburtstag: 5. August 2003<\/li>\n<li>Geburtsort:      Villeneuve-Saint-Georges<\/li>\n<li>Geburtsland: Frankreich<\/li>\n<li>Gr\u00f6\u00dfe: 182 cm<\/li>\n<li>Position: Mittelfeldspieler<\/li>\n<li>R\u00fcckennummer:<\/li>\n<li>Nationalmannschaft:  Frankreich U16, U17, U19<\/li>\n<\/ul>\n<h2><span class=\"mw-headline\" id=\"Stationen\">Stationen<\/span><a href=\"\/index.php?title=Lucas_Gourna-Douath&amp;action=edit&amp;section=1\" title=\"Abschnitt bearbeiten: Stationen\">Bearbeiten<\/a><span class=\"mw-editsection-bracket\">]<\/span><\/span><\/h2>\n<ul>\n<li>US Troyes Jugend<\/li>\n<li>AS St. Etienne Jugend<\/li>\n<li>AS St. Etienne<\/li>\n<li>FC Red Bull Salzburg (2022- )<\/li>\n<li>AS Roma (Leihe)<\/li>\n<li>Le Havre AC (Leihe)<\/li>\n<\/ul>\n<h2><span class=\"mw-headline\" id=\"Erfolge\">Erfolge<\/span><a href=\"\/index.php?title=Lucas_Gourna-Douath&amp;action=edit&amp;section=2\" title=\"Abschnitt bearbeiten: Erfolge\">Bearbeiten<\/a><span class=\"mw-editsection-bracket\">]<\/span><\/span><\/h2>\n<ul>\n<li>\u00d6sterreichischer Meister: 2023<\/li>\n<\/ul>\n<\/div>\n","protected":false},"excerpt":{"rendered":"<p>Name: Lucas Gourna-Douath Geburtstag: 5. August 2003 Geburtsort: Villeneuve-Saint-Georges Geburtsland: Frankreich Gr\u00f6\u00dfe: 182 cm Position: Mittelfeldspieler R\u00fcckennummer: Nationalmannschaft: Frankreich U16, U17, U19 StationenBearbeiten] US Troyes Jugend AS St. Etienne Jugend AS St. Etienne FC Red Bull Salzburg (2022- ) AS Roma (Leihe) Le Havre AC (Leihe) ErfolgeBearbeiten] \u00d6sterreichischer Meister: 2023<\/p>\n","protected":false},"author":1,"featured_media":0,"parent":0,"menu_order":0,"comment_status":"closed","ping_status":"closed","template":"","meta":{"footnotes":""},"class_list":["post-5231","page","type-page","status-publish","hentry"],"_links":{"self":[{"href":"https:\/\/wiki.s12.at\/index.php\/wp-json\/wp\/v2\/pages\/5231","targetHints":{"allow":["GET"]}}],"collection":[{"href":"https:\/\/wiki.s12.at\/index.php\/wp-json\/wp\/v2\/pages"}],"about":[{"href":"https:\/\/wiki.s12.at\/index.php\/wp-json\/wp\/v2\/types\/page"}],"author":[{"embeddable":true,"href":"https:\/\/wiki.s12.at\/index.php\/wp-json\/wp\/v2\/users\/1"}],"replies":[{"embeddable":true,"href":"https:\/\/wiki.s12.at\/index.php\/wp-json\/wp\/v2\/comments?post=5231"}],"version-history":[{"count":0,"href":"https:\/\/wiki.s12.at\/index.php\/wp-json\/wp\/v2\/pages\/5231\/revisions"}],"wp:attachment":[{"href":"https:\/\/wiki.s12.at\/index.php\/wp-json\/wp\/v2\/media?parent=5231"}],"curies":[{"name":"wp","href":"https:\/\/api.w.org\/{rel}","templated":true}]}}