{"id":5170,"date":"2026-05-06T16:12:39","date_gmt":"2026-05-06T14:12:39","guid":{"rendered":"https:\/\/wiki.s12.at\/index.php\/lassina-traore\/"},"modified":"2026-05-06T16:12:39","modified_gmt":"2026-05-06T14:12:39","slug":"lassina-traore","status":"publish","type":"page","link":"https:\/\/wiki.s12.at\/index.php\/lassina-traore\/","title":{"rendered":"Lassina Traore"},"content":{"rendered":"<div class=\"mw-parser-output\">\n<div class=\"thumb tright\">\n<div class=\"thumbinner\" style=\"width:302px;\"><a href=\"\/Datei:FC_Salzburg_U19_gegen_Celtic_FC_U19_(2025-02-12_UEFA_Youth_League_)_57.jpg\" class=\"image\"><img fetchpriority=\"high\" alt=\"FC Salzburg U19 gegen Celtic FC U19 (2025-02-12 UEFA Youth League ) 57.jpg\" src=\"\/images\/thumb\/1\/13\/FC_Salzburg_U19_gegen_Celtic_FC_U19_%282025-02-12_UEFA_Youth_League_%29_57.jpg\/330px-FC_Salzburg_U19_gegen_Celtic_FC_U19_%282025-02-12_UEFA_Youth_League_%29_57.jpg%3Futm_source%3Dcommons.wikimedia.org%26utm_campaign%3Dimageinfo%26utm_content%3Dthumbnail\" decoding=\"async\" width=\"300\" height=\"382\" class=\"thumbimage\" srcset=\"\/images\/thumb\/1\/13\/FC_Salzburg_U19_gegen_Celtic_FC_U19_%282025-02-12_UEFA_Youth_League_%29_57.jpg\/500px-FC_Salzburg_U19_gegen_Celtic_FC_U19_%282025-02-12_UEFA_Youth_League_%29_57.jpg%3Futm_source%3Dcommons.wikimedia.org%26utm_campaign%3Dimageinfo%26utm_content%3Dthumbnail 1.5x, \/images\/thumb\/1\/13\/FC_Salzburg_U19_gegen_Celtic_FC_U19_%282025-02-12_UEFA_Youth_League_%29_57.jpg\/960px-FC_Salzburg_U19_gegen_Celtic_FC_U19_%282025-02-12_UEFA_Youth_League_%29_57.jpg%3Futm_source%3Dcommons.wikimedia.org%26utm_campaign%3Dimageinfo%26utm_content%3Dthumbnail 2x\" \/><\/a>  <\/p>\n<div class=\"thumbcaption\">\n<div class=\"magnify\"><a href=\"\/Datei:FC_Salzburg_U19_gegen_Celtic_FC_U19_(2025-02-12_UEFA_Youth_League_)_57.jpg\" class=\"internal\" title=\"vergr\u00f6\u00dfern\"><\/a><\/div>\n<\/div>\n<\/div>\n<\/div>\n<ul>\n<li>Name: <b>Lassina Traore<\/b><\/li>\n<li>Geburtstag: 10. J\u00e4nner 2007<\/li>\n<li>Geburtsort:<\/li>\n<li>Geburtsland:  Burkina Faso<\/li>\n<li>Gr\u00f6\u00dfe: 182 cm<\/li>\n<li>Position: Verteidiger<\/li>\n<\/ul>\n<h2><span class=\"mw-headline\" id=\"Stationen\">Stationen<\/span><a href=\"\/index.php?title=Lassina_Traore&amp;action=edit&amp;section=1\" title=\"Abschnitt bearbeiten: Stationen\">Bearbeiten<\/a><span class=\"mw-editsection-bracket\">]<\/span><\/span><\/h2>\n<ul>\n<li>Rahimo FC<\/li>\n<li>FC Red Bull Salzburg<\/li>\n<li>FC Liefering (Leihe)<\/li>\n<\/ul>\n<\/div>\n","protected":false},"excerpt":{"rendered":"<p>Name: Lassina Traore Geburtstag: 10. J\u00e4nner 2007 Geburtsort: Geburtsland: Burkina Faso Gr\u00f6\u00dfe: 182 cm Position: Verteidiger StationenBearbeiten] Rahimo FC FC Red Bull Salzburg FC Liefering (Leihe)<\/p>\n","protected":false},"author":1,"featured_media":0,"parent":0,"menu_order":0,"comment_status":"closed","ping_status":"closed","template":"","meta":{"footnotes":""},"class_list":["post-5170","page","type-page","status-publish","hentry"],"_links":{"self":[{"href":"https:\/\/wiki.s12.at\/index.php\/wp-json\/wp\/v2\/pages\/5170","targetHints":{"allow":["GET"]}}],"collection":[{"href":"https:\/\/wiki.s12.at\/index.php\/wp-json\/wp\/v2\/pages"}],"about":[{"href":"https:\/\/wiki.s12.at\/index.php\/wp-json\/wp\/v2\/types\/page"}],"author":[{"embeddable":true,"href":"https:\/\/wiki.s12.at\/index.php\/wp-json\/wp\/v2\/users\/1"}],"replies":[{"embeddable":true,"href":"https:\/\/wiki.s12.at\/index.php\/wp-json\/wp\/v2\/comments?post=5170"}],"version-history":[{"count":0,"href":"https:\/\/wiki.s12.at\/index.php\/wp-json\/wp\/v2\/pages\/5170\/revisions"}],"wp:attachment":[{"href":"https:\/\/wiki.s12.at\/index.php\/wp-json\/wp\/v2\/media?parent=5170"}],"curies":[{"name":"wp","href":"https:\/\/api.w.org\/{rel}","templated":true}]}}