{"id":5117,"date":"2026-05-06T16:11:48","date_gmt":"2026-05-06T14:11:48","guid":{"rendered":"https:\/\/wiki.s12.at\/index.php\/lask-aka-gegen-fc-red-bull-salzburg-u20w\/"},"modified":"2026-05-06T16:11:48","modified_gmt":"2026-05-06T14:11:48","slug":"lask-aka-gegen-fc-red-bull-salzburg-u20w","status":"publish","type":"page","link":"https:\/\/wiki.s12.at\/index.php\/lask-aka-gegen-fc-red-bull-salzburg-u20w\/","title":{"rendered":"LASK AKA gegen FC Red Bull Salzburg U20w"},"content":{"rendered":"<div class=\"mw-parser-output\">\n<table class=\"toptextcells toccolours\">\n<tbody>\n<tr>\n<th colspan=\"2\" style=\"text-align: center; vertical-align: top; padding: 0.3em 0.8em; font-size: 125%; background-color: lightsteelblue;\">LASK AKA gegen FC Red Bull Salzburg U20w, 2:1\n<\/th>\n<\/tr>\n<tr>\n<th style=\"text-align:left;\"><b>Spieltag<\/b>\n<\/th>\n<th style=\"text-align:left;\">Frauen Future League &#8211; 9. Runde\n<\/th>\n<\/tr>\n<tr>\n<th style=\"text-align:left;\"><b>Datum<\/b>\n<\/th>\n<th style=\"text-align:left;\">2. November 2024\n<\/th>\n<\/tr>\n<tr>\n<th style=\"text-align:left;\"><b>Anpfiff<\/b>\n<\/th>\n<th style=\"text-align:left;\">15.30 Uhr\n<\/th>\n<\/tr>\n<tr>\n<td colspan=\"2\" style=\"text-align:center;\" bgcolor=\"lightgray\"><b>Aufstellung<\/b>\n<\/td>\n<\/tr>\n<tr>\n<th style=\"text-align:left;\"><b>Tor<\/b>\n<\/th>\n<th><a href=\"\/Marlene_La%C3%9Fl\" title=\"Marlene La\u00dfl\">Marlene La\u00dfl<\/a>\n<\/th>\n<\/tr>\n<tr>\n<th style=\"text-align:left;\"><b>Verteidigung<\/b>\n<\/th>\n<th><a href=\"\/Neele_St%C3%B6hr\" title=\"Neele St\u00f6hr\">Neele St\u00f6hr<\/a> &#8211;    <a href=\"\/Tamaya_Baumann\" title=\"Tamaya Baumann\">Tamaya Baumann<\/a>  &#8211;    <a href=\"\/Kelly_Scholz\" title=\"Kelly Scholz\">Kelly Scholz<\/a>&#8211; <a href=\"\/Laura_Talwieser\" title=\"Laura Talwieser\">Laura Talwieser<\/a>\n<\/th>\n<\/tr>\n<tr>\n<th style=\"text-align:left;\"><b>Mittelfeld<\/b>\n<\/th>\n<th><a href=\"\/Julia_Gr%C3%BCnwald\" title=\"Julia Gr\u00fcnwald\">Julia Gr\u00fcnwald<\/a>&#8211;  <a href=\"\/Melak_Bauer\" title=\"Melak Bauer\">Melak Bauer<\/a> &#8211; <a href=\"\/Teresa_Knauseder\" title=\"Teresa Knauseder\">Teresa Knauseder<\/a>\n<\/th>\n<\/tr>\n<tr>\n<th style=\"text-align:left;\"><b>Sturm<\/b>\n<\/th>\n<th><a href=\"\/Aldina_Hamzic\" title=\"Aldina Hamzic\">Aldina Hamzic<\/a>&#8211; <a href=\"\/Emma_Remich\" title=\"Emma Remich\">Emma Remich<\/a>  &#8211;  <a href=\"\/Mia_Rose\" title=\"Mia Rose\">Mia Rose<\/a>\n<\/th>\n<\/tr>\n<tr>\n<td colspan=\"2\" style=\"text-align:center;\" bgcolor=\"lightgray\"><b>Wechsel<\/b>\n<\/td>\n<\/tr>\n<tr>\n<th style=\"text-align:left;\"><b>Wechsel<\/b>\n<\/th>\n<th style=\"text-align:left;\"><a href=\"\/Maria_Ganisl\" title=\"Maria Ganisl\">Maria Ganisl<\/a> f\u00fcr  Talwieser (46.),  <a href=\"\/Cecilija_Rados\" title=\"Cecilija Rados\">Cecilija Rados<\/a> f\u00fcr  Baumann (58.), <a href=\"\/Marlene_Egger\" title=\"Marlene Egger\">Marlene Egger<\/a> f\u00fcr  Bauer (58.),<br \/>  <a href=\"\/Nina_Fernsebner\" title=\"Nina Fernsebner\">Nina Fernsebner<\/a> f\u00fcr  Knauseder (58.), <a href=\"\/Carina_Leitner\" title=\"Carina Leitner\">Carina Leitner<\/a> f\u00fcr Scholz (72.)\n<\/th>\n<\/tr>\n<tr>\n<td colspan=\"2\" style=\"text-align:center;\" bgcolor=\"lightgray\"><b>Statistik<\/b>\n<\/td>\n<\/tr>\n<tr>\n<th style=\"text-align:left;\"><b>Endstand<\/b>\n<\/th>\n<th style=\"text-align:left;\">2:1 (2:0)\n<\/th>\n<\/tr>\n<tr>\n<th style=\"text-align:left;\"><b>Torsch\u00fctzen<\/b>\n<\/th>\n<th style=\"text-align:left;\">Schmierer (15.), Adamu (17., E.); Kreuzer (94., ET.)\n<\/th>\n<\/tr>\n<tr>\n<th style=\"text-align:left;\"><b>Gelbe Karten<\/b>\n<\/th>\n<th style=\"text-align:left;\">Burgstaller (45.); Scholz (43.)\n<\/th>\n<\/tr>\n<tr>\n<th style=\"text-align:left;\"><b>Rote Karten<\/b>\n<\/th>\n<th style=\"text-align:left;\">\n<\/th>\n<\/tr>\n<tr>\n<th style=\"text-align:left;\"><b>Schiedsrichter<\/b>\n<\/th>\n<th style=\"text-align:left;\">Dan Adrian Goia\n<\/th>\n<\/tr>\n<tr>\n<th style=\"text-align:left;\"><b>Stadion<\/b>\n<\/th>\n<th style=\"text-align:left;\">Verbandsanlage des O\u00d6FV, Linz\n<\/th>\n<\/tr>\n<tr>\n<th style=\"text-align:left;\"><b>Zuschauer<\/b>\n<\/th>\n<th style=\"text-align:left;\">65\n<\/th>\n<\/tr>\n<\/tbody>\n<\/table>\n<h2><span class=\"mw-headline\" id=\"Spielbericht\">Spielbericht<\/span><a href=\"\/index.php?title=LASK_AKA_gegen_FC_Red_Bull_Salzburg_U20w&amp;action=edit&amp;section=1\" title=\"Abschnitt bearbeiten: Spielbericht\">Bearbeiten<\/a><span class=\"mw-editsection-bracket\">]<\/span><\/span><\/h2>\n<p><a rel=\"nofollow\" class=\"external text\" href=\"https:\/\/www.oefb.at\/oefb\/Spiel\/Spielbericht\/3651458\/?LASK-AKA-vs-FC-Red-Bull-Salzburg-U20w\">Spielbericht \u00d6FB<\/a>\n<\/p>\n<\/div>\n","protected":false},"excerpt":{"rendered":"<p>LASK AKA gegen FC Red Bull Salzburg U20w, 2:1 Spieltag Frauen Future League &#8211; 9. Runde Datum 2. November 2024 Anpfiff 15.30 Uhr Aufstellung Tor Marlene La\u00dfl Verteidigung Neele St\u00f6hr &#8211; Tamaya Baumann &#8211; Kelly Scholz&#8211; Laura Talwieser Mittelfeld Julia Gr\u00fcnwald&#8211; Melak Bauer &#8211; Teresa Knauseder Sturm Aldina Hamzic&#8211; Emma Remich &#8211; Mia Rose Wechsel [&hellip;]<\/p>\n","protected":false},"author":1,"featured_media":0,"parent":0,"menu_order":0,"comment_status":"closed","ping_status":"closed","template":"","meta":{"footnotes":""},"class_list":["post-5117","page","type-page","status-publish","hentry"],"_links":{"self":[{"href":"https:\/\/wiki.s12.at\/index.php\/wp-json\/wp\/v2\/pages\/5117","targetHints":{"allow":["GET"]}}],"collection":[{"href":"https:\/\/wiki.s12.at\/index.php\/wp-json\/wp\/v2\/pages"}],"about":[{"href":"https:\/\/wiki.s12.at\/index.php\/wp-json\/wp\/v2\/types\/page"}],"author":[{"embeddable":true,"href":"https:\/\/wiki.s12.at\/index.php\/wp-json\/wp\/v2\/users\/1"}],"replies":[{"embeddable":true,"href":"https:\/\/wiki.s12.at\/index.php\/wp-json\/wp\/v2\/comments?post=5117"}],"version-history":[{"count":0,"href":"https:\/\/wiki.s12.at\/index.php\/wp-json\/wp\/v2\/pages\/5117\/revisions"}],"wp:attachment":[{"href":"https:\/\/wiki.s12.at\/index.php\/wp-json\/wp\/v2\/media?parent=5117"}],"curies":[{"name":"wp","href":"https:\/\/api.w.org\/{rel}","templated":true}]}}