{"id":5076,"date":"2026-05-06T16:11:06","date_gmt":"2026-05-06T14:11:06","guid":{"rendered":"https:\/\/wiki.s12.at\/index.php\/kevin-kampl\/"},"modified":"2026-05-06T16:11:06","modified_gmt":"2026-05-06T14:11:06","slug":"kevin-kampl","status":"publish","type":"page","link":"https:\/\/wiki.s12.at\/index.php\/kevin-kampl\/","title":{"rendered":"Kevin Kampl"},"content":{"rendered":"<div class=\"mw-parser-output\">\n<div class=\"thumb tright\">\n<div class=\"thumbinner\" style=\"width:302px;\"><a href=\"\/Datei:RB_Salzburg_gegen_Sturm_Graz_02.JPG\" class=\"image\"><img fetchpriority=\"high\" alt=\"RB Salzburg gegen Sturm Graz 02.JPG\" src=\"\/images\/thumb\/6\/64\/RB_Salzburg_gegen_Sturm_Graz_02.JPG\/330px-RB_Salzburg_gegen_Sturm_Graz_02.JPG%3Futm_source%3Dcommons.wikimedia.org%26utm_campaign%3Dimageinfo%26utm_content%3Dthumbnail\" decoding=\"async\" width=\"300\" height=\"342\" class=\"thumbimage\" srcset=\"\/images\/thumb\/6\/64\/RB_Salzburg_gegen_Sturm_Graz_02.JPG\/500px-RB_Salzburg_gegen_Sturm_Graz_02.JPG%3Futm_source%3Dcommons.wikimedia.org%26utm_campaign%3Dimageinfo%26utm_content%3Dthumbnail 1.5x, \/images\/thumb\/6\/64\/RB_Salzburg_gegen_Sturm_Graz_02.JPG\/960px-RB_Salzburg_gegen_Sturm_Graz_02.JPG%3Futm_source%3Dcommons.wikimedia.org%26utm_campaign%3Dimageinfo%26utm_content%3Dthumbnail 2x\" \/><\/a>  <\/p>\n<div class=\"thumbcaption\">\n<div class=\"magnify\"><a href=\"\/Datei:RB_Salzburg_gegen_Sturm_Graz_02.JPG\" class=\"internal\" title=\"vergr\u00f6\u00dfern\"><\/a><\/div>\n<\/div>\n<\/div>\n<\/div>\n<ul>\n<li>Name: <b>Kevin Kampl<\/b><\/li>\n<li>Geburtstag:  9. Oktober 1990<\/li>\n<li>Geburtsort: Solingen<\/li>\n<li>Geburtsland: Deutschland<\/li>\n<li>Nationalit\u00e4t: Slowene <a href=\"\/Datei:Flag_of_Slovenia.svg\" class=\"image\" title=\"Slowene\"><img alt=\"Slowene\" src=\"\/images\/thumb\/f\/f0\/Flag_of_Slovenia.svg\/langde-20px-Flag_of_Slovenia.svg.png%3Futm_source%3Dcommons.wikimedia.org%26utm_campaign%3Dimageinfo%26utm_content%3Dthumbnail\" decoding=\"async\" width=\"20\" height=\"10\" srcset=\"\/images\/thumb\/f\/f0\/Flag_of_Slovenia.svg\/langde-40px-Flag_of_Slovenia.svg.png%3Futm_source%3Dcommons.wikimedia.org%26utm_campaign%3Dimageinfo%26utm_content%3Dthumbnail 1.5x\" \/><\/a><\/li>\n<li>Gr\u00f6\u00dfe: 180 cm<\/li>\n<li>Position: Linkes\/Rechtes Mittelfeld \/ Offensives Mittelfeld<\/li>\n<li>Starker Fu\u00df: Rechts<\/li>\n<li>R\u00fcckennummer: 44<\/li>\n<li>Spiele f\u00fcr Salzburg: 109 (74 Bundesliga, 17 Europa League, 12 Cup) (29 Tore, 54 Assists)<\/li>\n<li>Nationalmannschaft: 17 Spiele (2 Tore) f\u00fcr Slowenien U 21; Slowenien 9 Spiele (1 Tor)<\/li>\n<\/ul>\n<h2><span class=\"mw-headline\" id=\"Stationen\">Stationen<\/span><a href=\"\/index.php?title=Kevin_Kampl&amp;action=edit&amp;section=1\" title=\"Abschnitt bearbeiten: Stationen\">Bearbeiten<\/a><span class=\"mw-editsection-bracket\">]<\/span><\/span><\/h2>\n<ul>\n<li>Bayer 04 Leverkusen II (2008- 2011)<\/li>\n<li>Bayer 04 Leverkusen (2010-2011)<\/li>\n<li>SpVgg Greuther F\u00fcrth <i>&#8222;Leihe&#8220;<\/i> (2010)<\/li>\n<li>SpVgg Greuther F\u00fcrth II <i>&#8222;Leihe&#8220;<\/i> (2010)<\/li>\n<li>VfL Osnabr\u00fcck (2011-2012)<\/li>\n<li>VfR Aalen (2012)<\/li>\n<li>Red Bull Salzburg (2012-2014)<\/li>\n<li>Borussia Dortmund (2014-2015)<\/li>\n<li>Bayer04 Leverkusen (2015-2017 )<\/li>\n<li>RB Leipzig (2017- )<\/li>\n<\/ul>\n<h2><span class=\"mw-headline\" id=\"Erfolge\">Erfolge<\/span><a href=\"\/index.php?title=Kevin_Kampl&amp;action=edit&amp;section=2\" title=\"Abschnitt bearbeiten: Erfolge\">Bearbeiten<\/a><span class=\"mw-editsection-bracket\">]<\/span><\/span><\/h2>\n<ul>\n<li>\u00d6sterreichischer Meister 2014<\/li>\n<li>\u00d6sterreichischer Cupsieger 2014<\/li>\n<li>VdF Fu\u00dfballer des Jahres 2014<\/li>\n<\/ul>\n<h2><span class=\"mw-headline\" id=\"Besonderes\">Besonderes<\/span><a href=\"\/index.php?title=Kevin_Kampl&amp;action=edit&amp;section=3\" title=\"Abschnitt bearbeiten: Besonderes\">Bearbeiten<\/a><span class=\"mw-editsection-bracket\">]<\/span><\/span><\/h2>\n<p>Im Oktober 2012 erhielt er seine erste Berufung in das A-Nationalteam. F\u00fcr das Jahr 2013 wurde Kevin Kampl zu Sloweniens Fu\u00dfballer des Jahres gew\u00e4hlt.\n<\/p>\n<h2><span class=\"mw-headline\" id=\"Bilder\">Bilder<\/span><a href=\"\/index.php?title=Kevin_Kampl&amp;action=edit&amp;section=4\" title=\"Abschnitt bearbeiten: Bilder\">Bearbeiten<\/a><span class=\"mw-editsection-bracket\">]<\/span><\/span><\/h2>\n<ul class=\"gallery mw-gallery-traditional\">\n<li class=\"gallerybox\" style=\"width: 155px\">\n<div style=\"width: 155px\">\n<div class=\"thumb\" style=\"width: 150px;\">\n<div style=\"margin:24.5px auto;\"><a href=\"\/Datei:Kevin_Kampl010.JPG\" class=\"image\"><img alt=\"Kevin Kampl010.JPG\" src=\"\/images\/thumb\/3\/3d\/Kevin_Kampl010.JPG\/120px-Kevin_Kampl010.JPG%3Futm_source%3Dcommons.wikimedia.org%26utm_campaign%3Dimageinfo%26utm_content%3Dthumbnail\" decoding=\"async\" width=\"120\" height=\"101\" srcset=\"\/images\/thumb\/3\/3d\/Kevin_Kampl010.JPG\/250px-Kevin_Kampl010.JPG%3Futm_source%3Dcommons.wikimedia.org%26utm_campaign%3Dimageinfo%26utm_content%3Dthumbnail 1.5x\" \/><\/a><\/div>\n<\/div>\n<div class=\"gallerytext\">\n\t\t\t<\/div>\n<\/p><\/div>\n<\/li>\n<li class=\"gallerybox\" style=\"width: 155px\">\n<div style=\"width: 155px\">\n<div class=\"thumb\" style=\"width: 150px;\">\n<div style=\"margin:25px auto;\"><a href=\"\/Datei:RBS-SK_Sturm_Bundesligamatch_02.JPG\" class=\"image\"><img loading=\"lazy\" alt=\"RBS-SK Sturm Bundesligamatch 02.JPG\" src=\"\/images\/thumb\/3\/3b\/RBS-SK_Sturm_Bundesligamatch_02.JPG\/120px-RBS-SK_Sturm_Bundesligamatch_02.JPG%3Futm_source%3Dcommons.wikimedia.org%26utm_campaign%3Dimageinfo%26utm_content%3Dthumbnail\" decoding=\"async\" width=\"120\" height=\"100\" srcset=\"\/images\/thumb\/3\/3b\/RBS-SK_Sturm_Bundesligamatch_02.JPG\/250px-RBS-SK_Sturm_Bundesligamatch_02.JPG%3Futm_source%3Dcommons.wikimedia.org%26utm_campaign%3Dimageinfo%26utm_content%3Dthumbnail 1.5x\" \/><\/a><\/div>\n<\/div>\n<div class=\"gallerytext\">\n\t\t\t<\/div>\n<\/p><\/div>\n<\/li>\n<li class=\"gallerybox\" style=\"width: 155px\">\n<div style=\"width: 155px\">\n<div class=\"thumb\" style=\"width: 150px;\">\n<div style=\"margin:35px auto;\"><a href=\"\/Datei:Testspiel_gegen_SC_Znjomo_(Tschechien)_35.JPG\" class=\"image\"><img loading=\"lazy\" alt=\"Testspiel gegen SC Znjomo (Tschechien) 35.JPG\" src=\"\/images\/thumb\/1\/10\/Testspiel_gegen_SC_Znjomo_%28Tschechien%29_35.JPG\/120px-Testspiel_gegen_SC_Znjomo_%28Tschechien%29_35.JPG%3Futm_source%3Dcommons.wikimedia.org%26utm_campaign%3Dimageinfo%26utm_content%3Dthumbnail\" decoding=\"async\" width=\"120\" height=\"80\" srcset=\"\/images\/thumb\/1\/10\/Testspiel_gegen_SC_Znjomo_%28Tschechien%29_35.JPG\/250px-Testspiel_gegen_SC_Znjomo_%28Tschechien%29_35.JPG%3Futm_source%3Dcommons.wikimedia.org%26utm_campaign%3Dimageinfo%26utm_content%3Dthumbnail 1.5x\" \/><\/a><\/div>\n<\/div>\n<div class=\"gallerytext\">\n\t\t\t<\/div>\n<\/p><\/div>\n<\/li>\n<\/ul>\n<p>\n<img loading=\"lazy\" alt=\"\" src=\"\/images\/thumb\/4\/4a\/Commons-logo.svg\/langde-20px-Commons-logo.svg.png%3Futm_source%3Dcommons.wikimedia.org%26utm_campaign%3Dimageinfo%26utm_content%3Dthumbnail\" decoding=\"async\" title=\"Commons\" width=\"12\" height=\"16\" srcset=\"\/images\/thumb\/4\/4a\/Commons-logo.svg\/langde-40px-Commons-logo.svg.png%3Futm_source%3Dcommons.wikimedia.org%26utm_campaign%3Dimageinfo%26utm_content%3Dthumbnail 2x\" \/>&#160;<b><a href=\"http:\/\/commons.wikimedia.org\/wiki\/Category:Kevin_Kampl\" class=\"extiw\" title=\"commons:Category:Kevin Kampl\">Kevin Kampl<\/a><\/b>&#160;\u2013 Sammlung von Bildern, Videos und Audiodateien auf <a href=\"\/Wikimedia_Commons\" title=\"Wikimedia Commons\">Wikimedia Commons<\/a>\n<\/p>\n<h2><span class=\"mw-headline\" id=\"Weblinks\">Weblinks<\/span><a href=\"\/index.php?title=Kevin_Kampl&amp;action=edit&amp;section=5\" title=\"Abschnitt bearbeiten: Weblinks\">Bearbeiten<\/a><span class=\"mw-editsection-bracket\">]<\/span><\/span><\/h2>\n<p><center>&lt;youtube&gt;8jD1200YeHo&lt;\/youtube&gt;<\/center><\/p>\n<p><\/p>\n<p><center>&lt;youtube&gt;27ZltbxamBc&lt;\/youtube&gt;<\/center><\/p>\n<p><\/p>\n<p><center>&lt;youtube&gt;GspNvwEyeZw&lt;\/youtube&gt;<\/center><\/div>\n","protected":false},"excerpt":{"rendered":"<p>Name: Kevin Kampl Geburtstag: 9. Oktober 1990 Geburtsort: Solingen Geburtsland: Deutschland Nationalit\u00e4t: Slowene Gr\u00f6\u00dfe: 180 cm Position: Linkes\/Rechtes Mittelfeld \/ Offensives Mittelfeld Starker Fu\u00df: Rechts R\u00fcckennummer: 44 Spiele f\u00fcr Salzburg: 109 (74 Bundesliga, 17 Europa League, 12 Cup) (29 Tore, 54 Assists) Nationalmannschaft: 17 Spiele (2 Tore) f\u00fcr Slowenien U 21; Slowenien 9 Spiele (1 [&hellip;]<\/p>\n","protected":false},"author":1,"featured_media":0,"parent":0,"menu_order":0,"comment_status":"closed","ping_status":"closed","template":"","meta":{"footnotes":""},"class_list":["post-5076","page","type-page","status-publish","hentry"],"_links":{"self":[{"href":"https:\/\/wiki.s12.at\/index.php\/wp-json\/wp\/v2\/pages\/5076","targetHints":{"allow":["GET"]}}],"collection":[{"href":"https:\/\/wiki.s12.at\/index.php\/wp-json\/wp\/v2\/pages"}],"about":[{"href":"https:\/\/wiki.s12.at\/index.php\/wp-json\/wp\/v2\/types\/page"}],"author":[{"embeddable":true,"href":"https:\/\/wiki.s12.at\/index.php\/wp-json\/wp\/v2\/users\/1"}],"replies":[{"embeddable":true,"href":"https:\/\/wiki.s12.at\/index.php\/wp-json\/wp\/v2\/comments?post=5076"}],"version-history":[{"count":0,"href":"https:\/\/wiki.s12.at\/index.php\/wp-json\/wp\/v2\/pages\/5076\/revisions"}],"wp:attachment":[{"href":"https:\/\/wiki.s12.at\/index.php\/wp-json\/wp\/v2\/media?parent=5076"}],"curies":[{"name":"wp","href":"https:\/\/api.w.org\/{rel}","templated":true}]}}