{"id":5074,"date":"2026-05-06T16:11:05","date_gmt":"2026-05-06T14:11:05","guid":{"rendered":"https:\/\/wiki.s12.at\/index.php\/kerim-alajbegovic\/"},"modified":"2026-05-06T16:11:05","modified_gmt":"2026-05-06T14:11:05","slug":"kerim-alajbegovic","status":"publish","type":"page","link":"https:\/\/wiki.s12.at\/index.php\/kerim-alajbegovic\/","title":{"rendered":"Kerim Alajbegovic"},"content":{"rendered":"<div class=\"mw-parser-output\">\n<div class=\"thumb tright\">\n<div class=\"thumbinner\" style=\"width:302px;\"><a href=\"\/Datei:FC_Salzburg_gegen_Club_Br%C3%BCgge_(2025-08-06_Championsleague_Qualifikation_Dritte_Runde)_105.jpg\" class=\"image\"><img fetchpriority=\"high\" alt=\"FC Salzburg gegen Club Br\u00fcgge (2025-08-06 Championsleague Qualifikation Dritte Runde) 105.jpg\" src=\"\/images\/thumb\/f\/f3\/FC_Salzburg_gegen_Club_Br%C3%BCgge_%282025-08-06_Championsleague_Qualifikation_Dritte_Runde%29_105.jpg\/330px-FC_Salzburg_gegen_Club_Br%C3%BCgge_%282025-08-06_Championsleague_Qualifikation_Dritte_Runde%29_105.jpg%3Futm_source%3Dcommons.wikimedia.org%26utm_campaign%3Dimageinfo%26utm_content%3Dthumbnail\" decoding=\"async\" width=\"300\" height=\"301\" class=\"thumbimage\" srcset=\"\/images\/thumb\/f\/f3\/FC_Salzburg_gegen_Club_Br%C3%BCgge_%282025-08-06_Championsleague_Qualifikation_Dritte_Runde%29_105.jpg\/500px-FC_Salzburg_gegen_Club_Br%C3%BCgge_%282025-08-06_Championsleague_Qualifikation_Dritte_Runde%29_105.jpg%3Futm_source%3Dcommons.wikimedia.org%26utm_campaign%3Dimageinfo%26utm_content%3Dthumbnail 1.5x, \/images\/thumb\/f\/f3\/FC_Salzburg_gegen_Club_Br%C3%BCgge_%282025-08-06_Championsleague_Qualifikation_Dritte_Runde%29_105.jpg\/960px-FC_Salzburg_gegen_Club_Br%C3%BCgge_%282025-08-06_Championsleague_Qualifikation_Dritte_Runde%29_105.jpg%3Futm_source%3Dcommons.wikimedia.org%26utm_campaign%3Dimageinfo%26utm_content%3Dthumbnail 2x\" \/><\/a>  <\/p>\n<div class=\"thumbcaption\">\n<div class=\"magnify\"><a href=\"\/Datei:FC_Salzburg_gegen_Club_Br%C3%BCgge_(2025-08-06_Championsleague_Qualifikation_Dritte_Runde)_105.jpg\" class=\"internal\" title=\"vergr\u00f6\u00dfern\"><\/a><\/div>\n<\/div>\n<\/div>\n<\/div>\n<ul>\n<li>Name: <b>Kerim Alajbegovic<\/b><\/li>\n<li>Geburtstag: 21. September 2007<\/li>\n<li>Geburtsort: K\u00f6ln<\/li>\n<li>Geburtsland: Deutschland<\/li>\n<li>Nationalit\u00e4t: Bosnien<\/li>\n<li>Gr\u00f6\u00dfe:185 cm<\/li>\n<li>Position: St\u00fcrmer<\/li>\n<li>Nationalmannschaft:Bosnien-Herzegowina U 15 , U17, U19, U21, Bosnien<\/li>\n<\/ul>\n<h2><span class=\"mw-headline\" id=\"Stationen\">Stationen<\/span><a href=\"\/index.php?title=Kerim_Alajbegovic&amp;action=edit&amp;section=1\" title=\"Abschnitt bearbeiten: Stationen\">Bearbeiten<\/a><span class=\"mw-editsection-bracket\">]<\/span><\/span><\/h2>\n<ul>\n<li>1. FC K\u00f6ln (Jugend)<\/li>\n<li>Bayer Leverkusen (Jugend)<\/li>\n<li>Bayer Leverkusen (U17, U19)<\/li>\n<li>FC Red Bull Salzburg<\/li>\n<\/ul>\n<h2><span class=\"mw-headline\" id=\"Bilder\">Bilder<\/span><a href=\"\/index.php?title=Kerim_Alajbegovic&amp;action=edit&amp;section=2\" title=\"Abschnitt bearbeiten: Bilder\">Bearbeiten<\/a><span class=\"mw-editsection-bracket\">]<\/span><\/span><\/h2>\n<p><img alt=\"\" src=\"\/images\/thumb\/4\/4a\/Commons-logo.svg\/langde-20px-Commons-logo.svg.png%3Futm_source%3Dcommons.wikimedia.org%26utm_campaign%3Dimageinfo%26utm_content%3Dthumbnail\" decoding=\"async\" title=\"Commons\" width=\"12\" height=\"16\" srcset=\"\/images\/thumb\/4\/4a\/Commons-logo.svg\/langde-40px-Commons-logo.svg.png%3Futm_source%3Dcommons.wikimedia.org%26utm_campaign%3Dimageinfo%26utm_content%3Dthumbnail 2x\" \/>&#160;<b><a href=\"http:\/\/commons.wikimedia.org\/wiki\/Category:Kerim_Alajbegovic\" class=\"extiw\" title=\"commons:Category:Kerim Alajbegovic\">Kerim Alajbegovic<\/a><\/b>&#160;\u2013 Sammlung von Bildern, Videos und Audiodateien auf <a href=\"\/Wikimedia_Commons\" title=\"Wikimedia Commons\">Wikimedia Commons<\/a>\n<\/p>\n<\/div>\n","protected":false},"excerpt":{"rendered":"<p>Name: Kerim Alajbegovic Geburtstag: 21. September 2007 Geburtsort: K\u00f6ln Geburtsland: Deutschland Nationalit\u00e4t: Bosnien Gr\u00f6\u00dfe:185 cm Position: St\u00fcrmer Nationalmannschaft:Bosnien-Herzegowina U 15 , U17, U19, U21, Bosnien StationenBearbeiten] 1. FC K\u00f6ln (Jugend) Bayer Leverkusen (Jugend) Bayer Leverkusen (U17, U19) FC Red Bull Salzburg BilderBearbeiten] &#160;Kerim Alajbegovic&#160;\u2013 Sammlung von Bildern, Videos und Audiodateien auf Wikimedia Commons<\/p>\n","protected":false},"author":1,"featured_media":0,"parent":0,"menu_order":0,"comment_status":"closed","ping_status":"closed","template":"","meta":{"footnotes":""},"class_list":["post-5074","page","type-page","status-publish","hentry"],"_links":{"self":[{"href":"https:\/\/wiki.s12.at\/index.php\/wp-json\/wp\/v2\/pages\/5074","targetHints":{"allow":["GET"]}}],"collection":[{"href":"https:\/\/wiki.s12.at\/index.php\/wp-json\/wp\/v2\/pages"}],"about":[{"href":"https:\/\/wiki.s12.at\/index.php\/wp-json\/wp\/v2\/types\/page"}],"author":[{"embeddable":true,"href":"https:\/\/wiki.s12.at\/index.php\/wp-json\/wp\/v2\/users\/1"}],"replies":[{"embeddable":true,"href":"https:\/\/wiki.s12.at\/index.php\/wp-json\/wp\/v2\/comments?post=5074"}],"version-history":[{"count":0,"href":"https:\/\/wiki.s12.at\/index.php\/wp-json\/wp\/v2\/pages\/5074\/revisions"}],"wp:attachment":[{"href":"https:\/\/wiki.s12.at\/index.php\/wp-json\/wp\/v2\/media?parent=5074"}],"curies":[{"name":"wp","href":"https:\/\/api.w.org\/{rel}","templated":true}]}}