{"id":5033,"date":"2026-05-06T16:10:42","date_gmt":"2026-05-06T14:10:42","guid":{"rendered":"https:\/\/wiki.s12.at\/index.php\/karim-adeyemi\/"},"modified":"2026-05-06T16:10:42","modified_gmt":"2026-05-06T14:10:42","slug":"karim-adeyemi","status":"publish","type":"page","link":"https:\/\/wiki.s12.at\/index.php\/karim-adeyemi\/","title":{"rendered":"Karim Adeyemi"},"content":{"rendered":"<div class=\"mw-parser-output\">\n<div class=\"thumb tright\">\n<div class=\"thumbinner\" style=\"width:302px;\"><a href=\"\/Datei:FC_Liefering_versus_SKU_Amstetten_(14._September_2018)_43.jpg\" class=\"image\"><img fetchpriority=\"high\" alt=\"FC Liefering versus SKU Amstetten (14. September 2018) 43.jpg\" src=\"\/images\/thumb\/c\/c0\/FC_Liefering_versus_SKU_Amstetten_%2814._September_2018%29_43.jpg\/330px-FC_Liefering_versus_SKU_Amstetten_%2814._September_2018%29_43.jpg%3Futm_source%3Dcommons.wikimedia.org%26utm_campaign%3Dimageinfo%26utm_content%3Dthumbnail\" decoding=\"async\" width=\"300\" height=\"396\" class=\"thumbimage\" srcset=\"\/images\/thumb\/c\/c0\/FC_Liefering_versus_SKU_Amstetten_%2814._September_2018%29_43.jpg\/500px-FC_Liefering_versus_SKU_Amstetten_%2814._September_2018%29_43.jpg%3Futm_source%3Dcommons.wikimedia.org%26utm_campaign%3Dimageinfo%26utm_content%3Dthumbnail 1.5x, \/images\/thumb\/c\/c0\/FC_Liefering_versus_SKU_Amstetten_%2814._September_2018%29_43.jpg\/960px-FC_Liefering_versus_SKU_Amstetten_%2814._September_2018%29_43.jpg%3Futm_source%3Dcommons.wikimedia.org%26utm_campaign%3Dimageinfo%26utm_content%3Dthumbnail 2x\" \/><\/a>  <\/p>\n<div class=\"thumbcaption\">\n<div class=\"magnify\"><a href=\"\/Datei:FC_Liefering_versus_SKU_Amstetten_(14._September_2018)_43.jpg\" class=\"internal\" title=\"vergr\u00f6\u00dfern\"><\/a><\/div>\n<\/div>\n<\/div>\n<\/div>\n<ul>\n<li>Name: <b>Karim Adeyemi<\/b><\/li>\n<li>Geburtstag: 18. J\u00e4nner 2002<\/li>\n<li>Geburtsort: M\u00fcnchen<\/li>\n<li>Geburtsland: Deutschland<\/li>\n<li>Nationalit\u00e4t: Deutscher <a href=\"\/Datei:Flag_of_Germany.svg\" class=\"image\" title=\"Deutscher\"><img alt=\"Deutscher\" src=\"\/images\/thumb\/b\/ba\/Flag_of_Germany.svg\/langde-20px-Flag_of_Germany.svg.png%3Futm_source%3Dcommons.wikimedia.org%26utm_campaign%3Dimageinfo%26utm_content%3Dthumbnail\" decoding=\"async\" width=\"20\" height=\"12\" srcset=\"\/images\/thumb\/b\/ba\/Flag_of_Germany.svg\/langde-40px-Flag_of_Germany.svg.png%3Futm_source%3Dcommons.wikimedia.org%26utm_campaign%3Dimageinfo%26utm_content%3Dthumbnail 1.5x\" \/><\/a><\/li>\n<li>Gr\u00f6\u00dfe<\/li>\n<li>Position: Mittelst\u00fcrmer<\/li>\n<li>Nationalmannschaft: Deutschland U16, U17, U21, Deutschland<\/li>\n<\/ul>\n<h2><span class=\"mw-headline\" id=\"Stationen\">Stationen<\/span><a href=\"\/index.php?title=Karim_Adeyemi&amp;action=edit&amp;section=1\" title=\"Abschnitt bearbeiten: Stationen\">Bearbeiten<\/a><span class=\"mw-editsection-bracket\">]<\/span><\/span><\/h2>\n<ul>\n<li>Bayern M\u00fcnchen, SpVgg Unterhaching (Jugend)<\/li>\n<li>SpVgg Unterhaching (U17)<\/li>\n<li>SpVgg Unterhaching (U18)<\/li>\n<li>FC Red Bull Salzburg<\/li>\n<li>FC Liefering (Kooperationsspieler)<\/li>\n<li>Borussia Dortmund<\/li>\n<\/ul>\n<h2><span class=\"mw-headline\" id=\"Erfolge\">Erfolge<\/span><a href=\"\/index.php?title=Karim_Adeyemi&amp;action=edit&amp;section=2\" title=\"Abschnitt bearbeiten: Erfolge\">Bearbeiten<\/a><span class=\"mw-editsection-bracket\">]<\/span><\/span><\/h2>\n<ul>\n<li>U21-Europameisterschaft:2021<\/li>\n<li>\u00d6sterreichischer Meister: 2020, 2021, 2022<\/li>\n<li>\u00d6sterreichischer Cupsieger: 2020, 2021, 2022<\/li>\n<li>Fritz-Walter-Medaille 2019 in Gold (U17) als bester Spieler der Altersstufe<\/li>\n<\/ul>\n<h2><span class=\"mw-headline\" id=\"Bilder\">Bilder<\/span><a href=\"\/index.php?title=Karim_Adeyemi&amp;action=edit&amp;section=3\" title=\"Abschnitt bearbeiten: Bilder\">Bearbeiten<\/a><span class=\"mw-editsection-bracket\">]<\/span><\/span><\/h2>\n<p><img alt=\"\" src=\"\/images\/thumb\/4\/4a\/Commons-logo.svg\/langde-20px-Commons-logo.svg.png%3Futm_source%3Dcommons.wikimedia.org%26utm_campaign%3Dimageinfo%26utm_content%3Dthumbnail\" decoding=\"async\" title=\"Commons\" width=\"12\" height=\"16\" srcset=\"\/images\/thumb\/4\/4a\/Commons-logo.svg\/langde-40px-Commons-logo.svg.png%3Futm_source%3Dcommons.wikimedia.org%26utm_campaign%3Dimageinfo%26utm_content%3Dthumbnail 2x\" \/>&#160;<b><a href=\"http:\/\/commons.wikimedia.org\/wiki\/Category:Karim_Adeyemi\" class=\"extiw\" title=\"commons:Category:Karim Adeyemi\">Karim Adeyemi<\/a><\/b>&#160;\u2013 Sammlung von Bildern, Videos und Audiodateien auf <a href=\"\/Wikimedia_Commons\" title=\"Wikimedia Commons\">Wikimedia Commons<\/a>\n<\/p>\n<\/div>\n","protected":false},"excerpt":{"rendered":"<p>Name: Karim Adeyemi Geburtstag: 18. J\u00e4nner 2002 Geburtsort: M\u00fcnchen Geburtsland: Deutschland Nationalit\u00e4t: Deutscher Gr\u00f6\u00dfe Position: Mittelst\u00fcrmer Nationalmannschaft: Deutschland U16, U17, U21, Deutschland StationenBearbeiten] Bayern M\u00fcnchen, SpVgg Unterhaching (Jugend) SpVgg Unterhaching (U17) SpVgg Unterhaching (U18) FC Red Bull Salzburg FC Liefering (Kooperationsspieler) Borussia Dortmund ErfolgeBearbeiten] U21-Europameisterschaft:2021 \u00d6sterreichischer Meister: 2020, 2021, 2022 \u00d6sterreichischer Cupsieger: 2020, 2021, 2022 [&hellip;]<\/p>\n","protected":false},"author":1,"featured_media":0,"parent":0,"menu_order":0,"comment_status":"closed","ping_status":"closed","template":"","meta":{"footnotes":""},"class_list":["post-5033","page","type-page","status-publish","hentry"],"_links":{"self":[{"href":"https:\/\/wiki.s12.at\/index.php\/wp-json\/wp\/v2\/pages\/5033","targetHints":{"allow":["GET"]}}],"collection":[{"href":"https:\/\/wiki.s12.at\/index.php\/wp-json\/wp\/v2\/pages"}],"about":[{"href":"https:\/\/wiki.s12.at\/index.php\/wp-json\/wp\/v2\/types\/page"}],"author":[{"embeddable":true,"href":"https:\/\/wiki.s12.at\/index.php\/wp-json\/wp\/v2\/users\/1"}],"replies":[{"embeddable":true,"href":"https:\/\/wiki.s12.at\/index.php\/wp-json\/wp\/v2\/comments?post=5033"}],"version-history":[{"count":0,"href":"https:\/\/wiki.s12.at\/index.php\/wp-json\/wp\/v2\/pages\/5033\/revisions"}],"wp:attachment":[{"href":"https:\/\/wiki.s12.at\/index.php\/wp-json\/wp\/v2\/media?parent=5033"}],"curies":[{"name":"wp","href":"https:\/\/api.w.org\/{rel}","templated":true}]}}