{"id":4901,"date":"2026-05-06T16:06:35","date_gmt":"2026-05-06T14:06:35","guid":{"rendered":"https:\/\/wiki.s12.at\/index.php\/jungmin-kim\/"},"modified":"2026-05-06T16:06:35","modified_gmt":"2026-05-06T14:06:35","slug":"jungmin-kim","status":"publish","type":"page","link":"https:\/\/wiki.s12.at\/index.php\/jungmin-kim\/","title":{"rendered":"Jungmin Kim"},"content":{"rendered":"<div class=\"mw-parser-output\">\n<div class=\"thumb tright\">\n<div class=\"thumbinner\" style=\"width:302px;\"><a href=\"\/Datei:FC_Salzburg_gegen_Sporting_Lissabon_(UEFA_Youth_League_Play_off,_7._Februar_2018)_18.jpg\" class=\"image\"><img fetchpriority=\"high\" alt=\"FC Salzburg gegen Sporting Lissabon (UEFA Youth League Play off, 7. Februar 2018) 18.jpg\" src=\"\/images\/thumb\/4\/47\/FC_Salzburg_gegen_Sporting_Lissabon_%28UEFA_Youth_League_Play_off%2C_7._Februar_2018%29_18.jpg\/330px-FC_Salzburg_gegen_Sporting_Lissabon_%28UEFA_Youth_League_Play_off%2C_7._Februar_2018%29_18.jpg%3Futm_source%3Dcommons.wikimedia.org%26utm_campaign%3Dimageinfo%26utm_content%3Dthumbnail\" decoding=\"async\" width=\"300\" height=\"361\" class=\"thumbimage\" srcset=\"\/images\/thumb\/4\/47\/FC_Salzburg_gegen_Sporting_Lissabon_%28UEFA_Youth_League_Play_off%2C_7._Februar_2018%29_18.jpg\/500px-FC_Salzburg_gegen_Sporting_Lissabon_%28UEFA_Youth_League_Play_off%2C_7._Februar_2018%29_18.jpg%3Futm_source%3Dcommons.wikimedia.org%26utm_campaign%3Dimageinfo%26utm_content%3Dthumbnail 1.5x, \/images\/thumb\/4\/47\/FC_Salzburg_gegen_Sporting_Lissabon_%28UEFA_Youth_League_Play_off%2C_7._Februar_2018%29_18.jpg\/960px-FC_Salzburg_gegen_Sporting_Lissabon_%28UEFA_Youth_League_Play_off%2C_7._Februar_2018%29_18.jpg%3Futm_source%3Dcommons.wikimedia.org%26utm_campaign%3Dimageinfo%26utm_content%3Dthumbnail 2x\" \/><\/a>  <\/p>\n<div class=\"thumbcaption\">\n<div class=\"magnify\"><a href=\"\/Datei:FC_Salzburg_gegen_Sporting_Lissabon_(UEFA_Youth_League_Play_off,_7._Februar_2018)_18.jpg\" class=\"internal\" title=\"vergr\u00f6\u00dfern\"><\/a><\/div>\n<\/div>\n<\/div>\n<\/div>\n<ul>\n<li>Name: <b>Jungmin Kim<\/b><\/li>\n<li>Geburtstag: 13. November 1999<\/li>\n<li>Geburtsort:<\/li>\n<li>Geburtsland:S\u00fcdkorea<\/li>\n<li>Gr\u00f6\u00dfe: 184 cm<\/li>\n<li>Position: Mittelfeldspieler<\/li>\n<\/ul>\n<h2><span class=\"mw-headline\" id=\"Stationen\">Stationen<\/span><a href=\"\/index.php?title=Jungmin_Kim&amp;action=edit&amp;section=1\" title=\"Abschnitt bearbeiten: Stationen\">Bearbeiten<\/a><span class=\"mw-editsection-bracket\">]<\/span><\/span><\/h2>\n<ul>\n<li>Gwangju FC<\/li>\n<li>FC Red Bull Salzburg (2017-2020 )<\/li>\n<li>FC Liefering Leihe (2017- 2019)<\/li>\n<li>Admira Wacker M\u00f6dling (2019-2020 Leihe)<\/li>\n<li>Vit\u00f3ria Guimar\u00e3es SC (2020-2021 )<\/li>\n<li>Gangwon FC (2021-)<\/li>\n<\/ul>\n<h2><span class=\"mw-headline\" id=\"Bilder\">Bilder<\/span><a href=\"\/index.php?title=Jungmin_Kim&amp;action=edit&amp;section=2\" title=\"Abschnitt bearbeiten: Bilder\">Bearbeiten<\/a><span class=\"mw-editsection-bracket\">]<\/span><\/span><\/h2>\n<p><img alt=\"\" src=\"\/images\/thumb\/4\/4a\/Commons-logo.svg\/langde-20px-Commons-logo.svg.png%3Futm_source%3Dcommons.wikimedia.org%26utm_campaign%3Dimageinfo%26utm_content%3Dthumbnail\" decoding=\"async\" title=\"Commons\" width=\"12\" height=\"16\" srcset=\"\/images\/thumb\/4\/4a\/Commons-logo.svg\/langde-40px-Commons-logo.svg.png%3Futm_source%3Dcommons.wikimedia.org%26utm_campaign%3Dimageinfo%26utm_content%3Dthumbnail 2x\" \/>&#160;<b><a href=\"http:\/\/commons.wikimedia.org\/wiki\/Category:Jungmin_Kim\" class=\"extiw\" title=\"commons:Category:Jungmin Kim\">Jungmin Kim<\/a><\/b>&#160;\u2013 Sammlung von Bildern, Videos und Audiodateien auf <a href=\"\/Wikimedia_Commons\" title=\"Wikimedia Commons\">Wikimedia Commons<\/a>\n<\/p>\n<h2><span class=\"mw-headline\" id=\"Erfolge\">Erfolge<\/span><a href=\"\/index.php?title=Jungmin_Kim&amp;action=edit&amp;section=3\" title=\"Abschnitt bearbeiten: Erfolge\">Bearbeiten<\/a><span class=\"mw-editsection-bracket\">]<\/span><\/span><\/h2>\n<ul>\n<li>Vizeweltmeister U20-WM 2019<\/li>\n<\/ul>\n<h2><span class=\"mw-headline\" id=\"Besonderes\">Besonderes<\/span><a href=\"\/index.php?title=Jungmin_Kim&amp;action=edit&amp;section=4\" title=\"Abschnitt bearbeiten: Besonderes\">Bearbeiten<\/a><span class=\"mw-editsection-bracket\">]<\/span><\/span><\/h2>\n<p>Er kam in 2 Testspielen beim FC Liefering im Winter 2015\/16 zum Einsatz und unterschrieb im Dezember 2017 einen Vertrag bei Salzburg.\n<\/p>\n<\/div>\n","protected":false},"excerpt":{"rendered":"<p>Name: Jungmin Kim Geburtstag: 13. November 1999 Geburtsort: Geburtsland:S\u00fcdkorea Gr\u00f6\u00dfe: 184 cm Position: Mittelfeldspieler StationenBearbeiten] Gwangju FC FC Red Bull Salzburg (2017-2020 ) FC Liefering Leihe (2017- 2019) Admira Wacker M\u00f6dling (2019-2020 Leihe) Vit\u00f3ria Guimar\u00e3es SC (2020-2021 ) Gangwon FC (2021-) BilderBearbeiten] &#160;Jungmin Kim&#160;\u2013 Sammlung von Bildern, Videos und Audiodateien auf Wikimedia Commons ErfolgeBearbeiten] Vizeweltmeister [&hellip;]<\/p>\n","protected":false},"author":1,"featured_media":0,"parent":0,"menu_order":0,"comment_status":"closed","ping_status":"closed","template":"","meta":{"footnotes":""},"class_list":["post-4901","page","type-page","status-publish","hentry"],"_links":{"self":[{"href":"https:\/\/wiki.s12.at\/index.php\/wp-json\/wp\/v2\/pages\/4901","targetHints":{"allow":["GET"]}}],"collection":[{"href":"https:\/\/wiki.s12.at\/index.php\/wp-json\/wp\/v2\/pages"}],"about":[{"href":"https:\/\/wiki.s12.at\/index.php\/wp-json\/wp\/v2\/types\/page"}],"author":[{"embeddable":true,"href":"https:\/\/wiki.s12.at\/index.php\/wp-json\/wp\/v2\/users\/1"}],"replies":[{"embeddable":true,"href":"https:\/\/wiki.s12.at\/index.php\/wp-json\/wp\/v2\/comments?post=4901"}],"version-history":[{"count":0,"href":"https:\/\/wiki.s12.at\/index.php\/wp-json\/wp\/v2\/pages\/4901\/revisions"}],"wp:attachment":[{"href":"https:\/\/wiki.s12.at\/index.php\/wp-json\/wp\/v2\/media?parent=4901"}],"curies":[{"name":"wp","href":"https:\/\/api.w.org\/{rel}","templated":true}]}}