{"id":4850,"date":"2026-05-06T16:05:35","date_gmt":"2026-05-06T14:05:35","guid":{"rendered":"https:\/\/wiki.s12.at\/index.php\/johannes-moser\/"},"modified":"2026-05-06T16:05:35","modified_gmt":"2026-05-06T14:05:35","slug":"johannes-moser","status":"publish","type":"page","link":"https:\/\/wiki.s12.at\/index.php\/johannes-moser\/","title":{"rendered":"Johannes Moser"},"content":{"rendered":"<div class=\"mw-parser-output\">\n<div class=\"thumb tright\">\n<div class=\"thumbinner\" style=\"width:302px;\"><a href=\"\/Datei:FC_Salzburg_U19_gegen_Celtic_FC_U19_(2025-02-12_UEFA_Youth_League_)_89.jpg\" class=\"image\"><img fetchpriority=\"high\" alt=\"FC Salzburg U19 gegen Celtic FC U19 (2025-02-12 UEFA Youth League ) 89.jpg\" src=\"\/images\/thumb\/5\/52\/FC_Salzburg_U19_gegen_Celtic_FC_U19_%282025-02-12_UEFA_Youth_League_%29_89.jpg\/330px-FC_Salzburg_U19_gegen_Celtic_FC_U19_%282025-02-12_UEFA_Youth_League_%29_89.jpg%3Futm_source%3Dcommons.wikimedia.org%26utm_campaign%3Dimageinfo%26utm_content%3Dthumbnail\" decoding=\"async\" width=\"300\" height=\"285\" class=\"thumbimage\" srcset=\"\/images\/thumb\/5\/52\/FC_Salzburg_U19_gegen_Celtic_FC_U19_%282025-02-12_UEFA_Youth_League_%29_89.jpg\/500px-FC_Salzburg_U19_gegen_Celtic_FC_U19_%282025-02-12_UEFA_Youth_League_%29_89.jpg%3Futm_source%3Dcommons.wikimedia.org%26utm_campaign%3Dimageinfo%26utm_content%3Dthumbnail 1.5x, \/images\/thumb\/5\/52\/FC_Salzburg_U19_gegen_Celtic_FC_U19_%282025-02-12_UEFA_Youth_League_%29_89.jpg\/960px-FC_Salzburg_U19_gegen_Celtic_FC_U19_%282025-02-12_UEFA_Youth_League_%29_89.jpg%3Futm_source%3Dcommons.wikimedia.org%26utm_campaign%3Dimageinfo%26utm_content%3Dthumbnail 2x\" \/><\/a>  <\/p>\n<div class=\"thumbcaption\">\n<div class=\"magnify\"><a href=\"\/Datei:FC_Salzburg_U19_gegen_Celtic_FC_U19_(2025-02-12_UEFA_Youth_League_)_89.jpg\" class=\"internal\" title=\"vergr\u00f6\u00dfern\"><\/a><\/div>\n<\/div>\n<\/div>\n<\/div>\n<ul>\n<li>Name: <b>Johannes Moser<\/b><\/li>\n<li>Geburtstag:  16. J\u00e4nner 2008<\/li>\n<li>Geburtsort: Klagenfurt<\/li>\n<li>Geburtsland: \u00d6sterreich<\/li>\n<li>Nationalit\u00e4t:\u00d6sterreicher<\/li>\n<li>Position: Mittelfeld<\/li>\n<li>Nationalmannschaft: \u00d6sterreich U17<\/li>\n<\/ul>\n<h2><span class=\"mw-headline\" id=\"Stationen\">Stationen<\/span><a href=\"\/index.php?title=Johannes_Moser&amp;action=edit&amp;section=1\" title=\"Abschnitt bearbeiten: Stationen\">Bearbeiten<\/a><span class=\"mw-editsection-bracket\">]<\/span><\/span><\/h2>\n<ul>\n<li>SK Treibach (Jugend)<\/li>\n<li>Klagenfurter AC (Jugend)<\/li>\n<li>Red Bull Salzburg (AKA U15,U16, U18)<\/li>\n<li>FC Liefering<\/li>\n<li>Red Bull Salzburg<\/li>\n<\/ul>\n<h2><span class=\"mw-headline\" id=\"Erfolge\">Erfolge<\/span><a href=\"\/index.php?title=Johannes_Moser&amp;action=edit&amp;section=2\" title=\"Abschnitt bearbeiten: Erfolge\">Bearbeiten<\/a><span class=\"mw-editsection-bracket\">]<\/span><\/span><\/h2>\n<ul>\n<li>2. Platz U17-WM 2025<\/li>\n<\/ul>\n<h2><span class=\"mw-headline\" id=\"Bilder\">Bilder<\/span><a href=\"\/index.php?title=Johannes_Moser&amp;action=edit&amp;section=3\" title=\"Abschnitt bearbeiten: Bilder\">Bearbeiten<\/a><span class=\"mw-editsection-bracket\">]<\/span><\/span><\/h2>\n<p><img alt=\"\" src=\"\/images\/thumb\/4\/4a\/Commons-logo.svg\/langde-20px-Commons-logo.svg.png%3Futm_source%3Dcommons.wikimedia.org%26utm_campaign%3Dimageinfo%26utm_content%3Dthumbnail\" decoding=\"async\" title=\"Commons\" width=\"12\" height=\"16\" srcset=\"\/images\/thumb\/4\/4a\/Commons-logo.svg\/langde-40px-Commons-logo.svg.png%3Futm_source%3Dcommons.wikimedia.org%26utm_campaign%3Dimageinfo%26utm_content%3Dthumbnail 2x\" \/>&#160;<b><a href=\"http:\/\/commons.wikimedia.org\/wiki\/Category:Johannes_Moser_(footballer)\" class=\"extiw\" title=\"commons:Category:Johannes Moser (footballer)\">Johannes Moser<\/a><\/b>&#160;\u2013 Sammlung von Bildern, Videos und Audiodateien auf <a href=\"\/Wikimedia_Commons\" title=\"Wikimedia Commons\">Wikimedia Commons<\/a>\n<\/p>\n<\/div>\n","protected":false},"excerpt":{"rendered":"<p>Name: Johannes Moser Geburtstag: 16. J\u00e4nner 2008 Geburtsort: Klagenfurt Geburtsland: \u00d6sterreich Nationalit\u00e4t:\u00d6sterreicher Position: Mittelfeld Nationalmannschaft: \u00d6sterreich U17 StationenBearbeiten] SK Treibach (Jugend) Klagenfurter AC (Jugend) Red Bull Salzburg (AKA U15,U16, U18) FC Liefering Red Bull Salzburg ErfolgeBearbeiten] 2. Platz U17-WM 2025 BilderBearbeiten] &#160;Johannes Moser&#160;\u2013 Sammlung von Bildern, Videos und Audiodateien auf Wikimedia Commons<\/p>\n","protected":false},"author":1,"featured_media":0,"parent":0,"menu_order":0,"comment_status":"closed","ping_status":"closed","template":"","meta":{"footnotes":""},"class_list":["post-4850","page","type-page","status-publish","hentry"],"_links":{"self":[{"href":"https:\/\/wiki.s12.at\/index.php\/wp-json\/wp\/v2\/pages\/4850","targetHints":{"allow":["GET"]}}],"collection":[{"href":"https:\/\/wiki.s12.at\/index.php\/wp-json\/wp\/v2\/pages"}],"about":[{"href":"https:\/\/wiki.s12.at\/index.php\/wp-json\/wp\/v2\/types\/page"}],"author":[{"embeddable":true,"href":"https:\/\/wiki.s12.at\/index.php\/wp-json\/wp\/v2\/users\/1"}],"replies":[{"embeddable":true,"href":"https:\/\/wiki.s12.at\/index.php\/wp-json\/wp\/v2\/comments?post=4850"}],"version-history":[{"count":0,"href":"https:\/\/wiki.s12.at\/index.php\/wp-json\/wp\/v2\/pages\/4850\/revisions"}],"wp:attachment":[{"href":"https:\/\/wiki.s12.at\/index.php\/wp-json\/wp\/v2\/media?parent=4850"}],"curies":[{"name":"wp","href":"https:\/\/api.w.org\/{rel}","templated":true}]}}