{"id":4827,"date":"2026-05-06T16:04:44","date_gmt":"2026-05-06T14:04:44","guid":{"rendered":"https:\/\/wiki.s12.at\/index.php\/joao-pedro\/"},"modified":"2026-05-06T16:04:44","modified_gmt":"2026-05-06T14:04:44","slug":"joao-pedro","status":"publish","type":"page","link":"https:\/\/wiki.s12.at\/index.php\/joao-pedro\/","title":{"rendered":"Joao Pedro"},"content":{"rendered":"<div class=\"mw-parser-output\">\n<div class=\"thumb tright\">\n<div class=\"thumbinner\" style=\"width:302px;\"><a href=\"\/Datei:FC_Liefering_gegen_SKN_St._P%C3%B6lten_43.JPG\" class=\"image\"><img fetchpriority=\"high\" alt=\"FC Liefering gegen SKN St. P\u00f6lten 43.JPG\" src=\"\/images\/thumb\/b\/b9\/FC_Liefering_gegen_SKN_St._P%C3%B6lten_43.JPG\/330px-FC_Liefering_gegen_SKN_St._P%C3%B6lten_43.JPG%3Futm_source%3Dcommons.wikimedia.org%26utm_campaign%3Dimageinfo%26utm_content%3Dthumbnail\" decoding=\"async\" width=\"300\" height=\"269\" class=\"thumbimage\" srcset=\"\/images\/thumb\/b\/b9\/FC_Liefering_gegen_SKN_St._P%C3%B6lten_43.JPG\/500px-FC_Liefering_gegen_SKN_St._P%C3%B6lten_43.JPG%3Futm_source%3Dcommons.wikimedia.org%26utm_campaign%3Dimageinfo%26utm_content%3Dthumbnail 1.5x, \/images\/thumb\/b\/b9\/FC_Liefering_gegen_SKN_St._P%C3%B6lten_43.JPG\/960px-FC_Liefering_gegen_SKN_St._P%C3%B6lten_43.JPG%3Futm_source%3Dcommons.wikimedia.org%26utm_campaign%3Dimageinfo%26utm_content%3Dthumbnail 2x\" \/><\/a>  <\/p>\n<div class=\"thumbcaption\">\n<div class=\"magnify\"><a href=\"\/Datei:FC_Liefering_gegen_SKN_St._P%C3%B6lten_43.JPG\" class=\"internal\" title=\"vergr\u00f6\u00dfern\"><\/a><\/div>\n<\/div>\n<\/div>\n<\/div>\n<ul>\n<li>Name: <b>Joao Pedro<\/b><\/li>\n<li>Vollst\u00e4ndiger Name:Joao Pedro Gomez da Silva<\/li>\n<li>Geburtstag: 25. April 1996<\/li>\n<li>Geburtsort:<\/li>\n<li>Geburtsland: Brasilien<\/li>\n<li>Position: Mittelfeld (offensiv)<\/li>\n<li>Gr\u00f6\u00dfe:184 cm<\/li>\n<\/ul>\n<h2><span class=\"mw-headline\" id=\"Stationen\">Stationen<\/span><a href=\"\/index.php?title=Joao_Pedro&amp;action=edit&amp;section=1\" title=\"Abschnitt bearbeiten: Stationen\">Bearbeiten<\/a><span class=\"mw-editsection-bracket\">]<\/span><\/span><\/h2>\n<ul>\n<li>Atl\u00e9tico Mineiro U19<\/li>\n<li>FC Liefering (2015-2016 )<\/li>\n<li>Oeste Futebol Clube<\/li>\n<li>SC Austria Lustenau<\/li>\n<li>Coimbra-MG<\/li>\n<li>Maring\u00e1 FC<\/li>\n<li>\u00d6sters IF<\/li>\n<\/ul>\n<h2><span class=\"mw-headline\" id=\"Bilder\">Bilder<\/span><a href=\"\/index.php?title=Joao_Pedro&amp;action=edit&amp;section=2\" title=\"Abschnitt bearbeiten: Bilder\">Bearbeiten<\/a><span class=\"mw-editsection-bracket\">]<\/span><\/span><\/h2>\n<p><img alt=\"\" src=\"\/images\/thumb\/4\/4a\/Commons-logo.svg\/langde-20px-Commons-logo.svg.png%3Futm_source%3Dcommons.wikimedia.org%26utm_campaign%3Dimageinfo%26utm_content%3Dthumbnail\" decoding=\"async\" title=\"Commons\" width=\"12\" height=\"16\" srcset=\"\/images\/thumb\/4\/4a\/Commons-logo.svg\/langde-40px-Commons-logo.svg.png%3Futm_source%3Dcommons.wikimedia.org%26utm_campaign%3Dimageinfo%26utm_content%3Dthumbnail 2x\" \/>&#160;<b><a href=\"http:\/\/commons.wikimedia.org\/wiki\/Category:Joao_Pedro_(FC_Liefering)\" class=\"extiw\" title=\"commons:Category:Joao Pedro (FC Liefering)\">Joao Pedro<\/a><\/b>&#160;\u2013 Sammlung von Bildern, Videos und Audiodateien auf <a href=\"\/Wikimedia_Commons\" title=\"Wikimedia Commons\">Wikimedia Commons<\/a>\n<\/p>\n<\/div>\n","protected":false},"excerpt":{"rendered":"<p>Name: Joao Pedro Vollst\u00e4ndiger Name:Joao Pedro Gomez da Silva Geburtstag: 25. April 1996 Geburtsort: Geburtsland: Brasilien Position: Mittelfeld (offensiv) Gr\u00f6\u00dfe:184 cm StationenBearbeiten] Atl\u00e9tico Mineiro U19 FC Liefering (2015-2016 ) Oeste Futebol Clube SC Austria Lustenau Coimbra-MG Maring\u00e1 FC \u00d6sters IF BilderBearbeiten] &#160;Joao Pedro&#160;\u2013 Sammlung von Bildern, Videos und Audiodateien auf Wikimedia Commons<\/p>\n","protected":false},"author":1,"featured_media":0,"parent":0,"menu_order":0,"comment_status":"closed","ping_status":"closed","template":"","meta":{"footnotes":""},"class_list":["post-4827","page","type-page","status-publish","hentry"],"_links":{"self":[{"href":"https:\/\/wiki.s12.at\/index.php\/wp-json\/wp\/v2\/pages\/4827","targetHints":{"allow":["GET"]}}],"collection":[{"href":"https:\/\/wiki.s12.at\/index.php\/wp-json\/wp\/v2\/pages"}],"about":[{"href":"https:\/\/wiki.s12.at\/index.php\/wp-json\/wp\/v2\/types\/page"}],"author":[{"embeddable":true,"href":"https:\/\/wiki.s12.at\/index.php\/wp-json\/wp\/v2\/users\/1"}],"replies":[{"embeddable":true,"href":"https:\/\/wiki.s12.at\/index.php\/wp-json\/wp\/v2\/comments?post=4827"}],"version-history":[{"count":0,"href":"https:\/\/wiki.s12.at\/index.php\/wp-json\/wp\/v2\/pages\/4827\/revisions"}],"wp:attachment":[{"href":"https:\/\/wiki.s12.at\/index.php\/wp-json\/wp\/v2\/media?parent=4827"}],"curies":[{"name":"wp","href":"https:\/\/api.w.org\/{rel}","templated":true}]}}