{"id":4819,"date":"2026-05-06T16:04:40","date_gmt":"2026-05-06T14:04:40","guid":{"rendered":"https:\/\/wiki.s12.at\/index.php\/jasper-van-der-werff\/"},"modified":"2026-05-06T16:04:40","modified_gmt":"2026-05-06T14:04:40","slug":"jasper-van-der-werff","status":"publish","type":"page","link":"https:\/\/wiki.s12.at\/index.php\/jasper-van-der-werff\/","title":{"rendered":"Jasper van der Werff"},"content":{"rendered":"<div class=\"mw-parser-output\">\n<div class=\"thumb tright\">\n<div class=\"thumbinner\" style=\"width:302px;\"><a href=\"\/Datei:FC_Red_Bull_Salzburg_gegen_FK_Jablonec_40.jpg\" class=\"image\"><img fetchpriority=\"high\" alt=\"FC Red Bull Salzburg gegen FK Jablonec 40.jpg\" src=\"\/images\/thumb\/0\/08\/FC_Red_Bull_Salzburg_gegen_FK_Jablonec_40.jpg\/330px-FC_Red_Bull_Salzburg_gegen_FK_Jablonec_40.jpg%3Futm_source%3Dcommons.wikimedia.org%26utm_campaign%3Dimageinfo%26utm_content%3Dthumbnail\" decoding=\"async\" width=\"300\" height=\"423\" class=\"thumbimage\" srcset=\"\/images\/thumb\/0\/08\/FC_Red_Bull_Salzburg_gegen_FK_Jablonec_40.jpg\/500px-FC_Red_Bull_Salzburg_gegen_FK_Jablonec_40.jpg%3Futm_source%3Dcommons.wikimedia.org%26utm_campaign%3Dimageinfo%26utm_content%3Dthumbnail 1.5x, \/images\/thumb\/0\/08\/FC_Red_Bull_Salzburg_gegen_FK_Jablonec_40.jpg\/960px-FC_Red_Bull_Salzburg_gegen_FK_Jablonec_40.jpg%3Futm_source%3Dcommons.wikimedia.org%26utm_campaign%3Dimageinfo%26utm_content%3Dthumbnail 2x\" \/><\/a>  <\/p>\n<div class=\"thumbcaption\">\n<div class=\"magnify\"><a href=\"\/Datei:FC_Red_Bull_Salzburg_gegen_FK_Jablonec_40.jpg\" class=\"internal\" title=\"vergr\u00f6\u00dfern\"><\/a><\/div>\n<\/div>\n<\/div>\n<\/div>\n<ul>\n<li>Name: <b>Jasper van der Werff<\/b><\/li>\n<li>Geburtstag: 9. Dezember 1998<\/li>\n<li>Geburtsort:  St. Gallen<\/li>\n<li>Geburtsland: Schweiz<\/li>\n<li>Gr\u00f6\u00dfe: 188 cm<\/li>\n<li>Position: Verteidiger<\/li>\n<li>Starker Fu\u00df: rechts<\/li>\n<li>Nationalmannschaft:Schweiz (U16, U17, U20)<\/li>\n<\/ul>\n<h2><span class=\"mw-headline\" id=\"Stationen\">Stationen<\/span><a href=\"\/index.php?title=Jasper_van_der_Werff&amp;action=edit&amp;section=1\" title=\"Abschnitt bearbeiten: Stationen\">Bearbeiten<\/a><span class=\"mw-editsection-bracket\">]<\/span><\/span><\/h2>\n<ul>\n<li>FC St. Gallen (Jugend, U18, U21)<\/li>\n<li>FC St. Gallen<\/li>\n<li>FC Red Bull Salzburg<\/li>\n<li>FC Basel (Leihe)<\/li>\n<li>SC Paderborn<\/li>\n<\/ul>\n<\/div>\n","protected":false},"excerpt":{"rendered":"<p>Name: Jasper van der Werff Geburtstag: 9. Dezember 1998 Geburtsort: St. Gallen Geburtsland: Schweiz Gr\u00f6\u00dfe: 188 cm Position: Verteidiger Starker Fu\u00df: rechts Nationalmannschaft:Schweiz (U16, U17, U20) StationenBearbeiten] FC St. Gallen (Jugend, U18, U21) FC St. Gallen FC Red Bull Salzburg FC Basel (Leihe) SC Paderborn<\/p>\n","protected":false},"author":1,"featured_media":0,"parent":0,"menu_order":0,"comment_status":"closed","ping_status":"closed","template":"","meta":{"footnotes":""},"class_list":["post-4819","page","type-page","status-publish","hentry"],"_links":{"self":[{"href":"https:\/\/wiki.s12.at\/index.php\/wp-json\/wp\/v2\/pages\/4819","targetHints":{"allow":["GET"]}}],"collection":[{"href":"https:\/\/wiki.s12.at\/index.php\/wp-json\/wp\/v2\/pages"}],"about":[{"href":"https:\/\/wiki.s12.at\/index.php\/wp-json\/wp\/v2\/types\/page"}],"author":[{"embeddable":true,"href":"https:\/\/wiki.s12.at\/index.php\/wp-json\/wp\/v2\/users\/1"}],"replies":[{"embeddable":true,"href":"https:\/\/wiki.s12.at\/index.php\/wp-json\/wp\/v2\/comments?post=4819"}],"version-history":[{"count":0,"href":"https:\/\/wiki.s12.at\/index.php\/wp-json\/wp\/v2\/pages\/4819\/revisions"}],"wp:attachment":[{"href":"https:\/\/wiki.s12.at\/index.php\/wp-json\/wp\/v2\/media?parent=4819"}],"curies":[{"name":"wp","href":"https:\/\/api.w.org\/{rel}","templated":true}]}}