{"id":4815,"date":"2026-05-06T16:04:36","date_gmt":"2026-05-06T14:04:36","guid":{"rendered":"https:\/\/wiki.s12.at\/index.php\/janusz-gora\/"},"modified":"2026-05-06T16:04:36","modified_gmt":"2026-05-06T14:04:36","slug":"janusz-gora","status":"publish","type":"page","link":"https:\/\/wiki.s12.at\/index.php\/janusz-gora\/","title":{"rendered":"Janusz Gora"},"content":{"rendered":"<div class=\"mw-parser-output\">\n<div class=\"thumb tright\">\n<div class=\"thumbinner\" style=\"width:302px;\"><a href=\"\/Datei:FC_Liefering_versus_Blau_Wei%C3%9F_Linz_(22._September_2017)_40.jpg\" class=\"image\"><img fetchpriority=\"high\" alt=\"FC Liefering versus Blau Wei\u00df Linz (22. September 2017) 40.jpg\" src=\"\/images\/thumb\/2\/21\/FC_Liefering_versus_Blau_Wei%C3%9F_Linz_%2822._September_2017%29_40.jpg\/330px-FC_Liefering_versus_Blau_Wei%C3%9F_Linz_%2822._September_2017%29_40.jpg%3Futm_source%3Dcommons.wikimedia.org%26utm_campaign%3Dimageinfo%26utm_content%3Dthumbnail\" decoding=\"async\" width=\"300\" height=\"355\" class=\"thumbimage\" srcset=\"\/images\/thumb\/2\/21\/FC_Liefering_versus_Blau_Wei%C3%9F_Linz_%2822._September_2017%29_40.jpg\/500px-FC_Liefering_versus_Blau_Wei%C3%9F_Linz_%2822._September_2017%29_40.jpg%3Futm_source%3Dcommons.wikimedia.org%26utm_campaign%3Dimageinfo%26utm_content%3Dthumbnail 1.5x, \/images\/thumb\/2\/21\/FC_Liefering_versus_Blau_Wei%C3%9F_Linz_%2822._September_2017%29_40.jpg\/960px-FC_Liefering_versus_Blau_Wei%C3%9F_Linz_%2822._September_2017%29_40.jpg%3Futm_source%3Dcommons.wikimedia.org%26utm_campaign%3Dimageinfo%26utm_content%3Dthumbnail 2x\" \/><\/a>  <\/p>\n<div class=\"thumbcaption\">\n<div class=\"magnify\"><a href=\"\/Datei:FC_Liefering_versus_Blau_Wei%C3%9F_Linz_(22._September_2017)_40.jpg\" class=\"internal\" title=\"vergr\u00f6\u00dfern\"><\/a><\/div>\n<\/div>\n<\/div>\n<\/div>\n<p><b>Janusz Gora<\/b> (* 26. August 1968 ) ist ein ehemaliger polnischer Fu\u00dfballer, der nach dem Ende seiner aktiven Karriere Fu\u00dfballtrainer ist.\n<\/p>\n<h2><span class=\"mw-headline\" id=\"Stationen_als_Spieler\">Stationen als Spieler<\/span><a href=\"\/index.php?title=Janusz_Gora&amp;action=edit&amp;section=1\" title=\"Abschnitt bearbeiten: Stationen als Spieler\">Bearbeiten<\/a><span class=\"mw-editsection-bracket\">]<\/span><\/span><\/h2>\n<ul>\n<li>Bielawianka Bielawa<\/li>\n<li>G\u00f3rnik Wa\u0142brzych<\/li>\n<li>\u015al\u0105sk Wroc\u0142aw<\/li>\n<li>G\u00f3rnik Wa\u0142brzych<\/li>\n<li>\u015al\u0105sk Wroc\u0142aw<\/li>\n<li>Stuttgarter Kickers<\/li>\n<li>SSV Ulm 1846<\/li>\n<li>FC Augsburg<\/li>\n<li>SSV Ulm 1846<\/li>\n<\/ul>\n<h2><span class=\"mw-headline\" id=\"Stationen_als_Trainer\">Stationen als Trainer<\/span><a href=\"\/index.php?title=Janusz_Gora&amp;action=edit&amp;section=2\" title=\"Abschnitt bearbeiten: Stationen als Trainer\">Bearbeiten<\/a><span class=\"mw-editsection-bracket\">]<\/span><\/span><\/h2>\n<ul>\n<li>SV Ulm 1846 (Co-Trainer)<\/li>\n<li>SSV Ulm 1846 II<\/li>\n<li>SSV Ulm 1846<\/li>\n<li>FC Red Bull Salzburg U14 (2012-2015)<\/li>\n<li>FC Red Bull Salzburg U18 (2012-2015 Co-Trainer)<\/li>\n<li>FC Liefering (Co-Trainer 2015- 2017)<\/li>\n<li>FC Liefering (Cheftrainer 2017- 2019 )<\/li>\n<li>Lech Posen (Co-Trainer;Interimstrainer 2020-2021)<\/li>\n<\/ul>\n<h2><span class=\"mw-headline\" id=\"Bilder\">Bilder<\/span><a href=\"\/index.php?title=Janusz_Gora&amp;action=edit&amp;section=3\" title=\"Abschnitt bearbeiten: Bilder\">Bearbeiten<\/a><span class=\"mw-editsection-bracket\">]<\/span><\/span><\/h2>\n<p><img alt=\"\" src=\"\/images\/thumb\/4\/4a\/Commons-logo.svg\/langde-20px-Commons-logo.svg.png%3Futm_source%3Dcommons.wikimedia.org%26utm_campaign%3Dimageinfo%26utm_content%3Dthumbnail\" decoding=\"async\" title=\"Commons\" width=\"12\" height=\"16\" srcset=\"\/images\/thumb\/4\/4a\/Commons-logo.svg\/langde-40px-Commons-logo.svg.png%3Futm_source%3Dcommons.wikimedia.org%26utm_campaign%3Dimageinfo%26utm_content%3Dthumbnail 2x\" \/>&#160;<b><a href=\"http:\/\/commons.wikimedia.org\/wiki\/Category:Janusz_G%C3%B3ra\" class=\"extiw\" title=\"commons:Category:Janusz G\u00f3ra\">Janusz Gora<\/a><\/b>&#160;\u2013 Sammlung von Bildern, Videos und Audiodateien auf <a href=\"\/Wikimedia_Commons\" title=\"Wikimedia Commons\">Wikimedia Commons<\/a>\n<\/p>\n<\/div>\n","protected":false},"excerpt":{"rendered":"<p>Janusz Gora (* 26. August 1968 ) ist ein ehemaliger polnischer Fu\u00dfballer, der nach dem Ende seiner aktiven Karriere Fu\u00dfballtrainer ist. Stationen als SpielerBearbeiten] Bielawianka Bielawa G\u00f3rnik Wa\u0142brzych \u015al\u0105sk Wroc\u0142aw G\u00f3rnik Wa\u0142brzych \u015al\u0105sk Wroc\u0142aw Stuttgarter Kickers SSV Ulm 1846 FC Augsburg SSV Ulm 1846 Stationen als TrainerBearbeiten] SV Ulm 1846 (Co-Trainer) SSV Ulm 1846 II [&hellip;]<\/p>\n","protected":false},"author":1,"featured_media":0,"parent":0,"menu_order":0,"comment_status":"closed","ping_status":"closed","template":"","meta":{"footnotes":""},"class_list":["post-4815","page","type-page","status-publish","hentry"],"_links":{"self":[{"href":"https:\/\/wiki.s12.at\/index.php\/wp-json\/wp\/v2\/pages\/4815","targetHints":{"allow":["GET"]}}],"collection":[{"href":"https:\/\/wiki.s12.at\/index.php\/wp-json\/wp\/v2\/pages"}],"about":[{"href":"https:\/\/wiki.s12.at\/index.php\/wp-json\/wp\/v2\/types\/page"}],"author":[{"embeddable":true,"href":"https:\/\/wiki.s12.at\/index.php\/wp-json\/wp\/v2\/users\/1"}],"replies":[{"embeddable":true,"href":"https:\/\/wiki.s12.at\/index.php\/wp-json\/wp\/v2\/comments?post=4815"}],"version-history":[{"count":0,"href":"https:\/\/wiki.s12.at\/index.php\/wp-json\/wp\/v2\/pages\/4815\/revisions"}],"wp:attachment":[{"href":"https:\/\/wiki.s12.at\/index.php\/wp-json\/wp\/v2\/media?parent=4815"}],"curies":[{"name":"wp","href":"https:\/\/api.w.org\/{rel}","templated":true}]}}