{"id":4814,"date":"2026-05-06T16:04:35","date_gmt":"2026-05-06T14:04:35","guid":{"rendered":"https:\/\/wiki.s12.at\/index.php\/jannik-schuster\/"},"modified":"2026-05-06T16:04:35","modified_gmt":"2026-05-06T14:04:35","slug":"jannik-schuster","status":"publish","type":"page","link":"https:\/\/wiki.s12.at\/index.php\/jannik-schuster\/","title":{"rendered":"Jannik Schuster"},"content":{"rendered":"<div class=\"mw-parser-output\">\n<div class=\"thumb tright\">\n<div class=\"thumbinner\" style=\"width:302px;\"><a href=\"\/Datei:Jannik_Schuster.jpeg\" class=\"image\"><img fetchpriority=\"high\" alt=\"Jannik Schuster.jpeg\" src=\"\/images\/thumb\/9\/97\/Jannik_Schuster.jpeg\/300px-Jannik_Schuster.jpeg\" decoding=\"async\" width=\"300\" height=\"403\" class=\"thumbimage\" srcset=\"\/images\/thumb\/9\/97\/Jannik_Schuster.jpeg\/450px-Jannik_Schuster.jpeg 1.5x, \/images\/thumb\/9\/97\/Jannik_Schuster.jpeg\/600px-Jannik_Schuster.jpeg 2x\" \/><\/a>  <\/p>\n<div class=\"thumbcaption\">\n<div class=\"magnify\"><a href=\"\/Datei:Jannik_Schuster.jpeg\" class=\"internal\" title=\"vergr\u00f6\u00dfern\"><\/a><\/div>\n<\/div>\n<\/div>\n<\/div>\n<ul>\n<li>Name: <b>Jannik Schuster<\/b><\/li>\n<li>Geburtstag: 16. Mai 2006<\/li>\n<li>Geburtsort:<\/li>\n<li>Geburtsland: \u00d6sterreich<\/li>\n<li>Gr\u00f6\u00dfe: 190 cm<\/li>\n<li>Position: Verteidiger<\/li>\n<\/ul>\n<h2><span class=\"mw-headline\" id=\"Nationalmannschaft\">Nationalmannschaft<\/span><a href=\"\/index.php?title=Jannik_Schuster&amp;action=edit&amp;section=1\" title=\"Abschnitt bearbeiten: Nationalmannschaft\">Bearbeiten<\/a><span class=\"mw-editsection-bracket\">]<\/span><\/span><\/h2>\n<ul>\n<li>\u00d6sterreich ( U16)<\/li>\n<\/ul>\n<h2><span class=\"mw-headline\" id=\"Stationen\">Stationen<\/span><a href=\"\/index.php?title=Jannik_Schuster&amp;action=edit&amp;section=2\" title=\"Abschnitt bearbeiten: Stationen\">Bearbeiten<\/a><span class=\"mw-editsection-bracket\">]<\/span><\/span><\/h2>\n<ul>\n<li>SPG Mieminger Plateau Jugend<\/li>\n<li>FC Red Bull Salzburg Jugend<\/li>\n<li>AKA FC Red Bull Salzburg (U15, U16, U18)<\/li>\n<li>FC Liefering<\/li>\n<li>FC Red Bull Salzburg<\/li>\n<\/ul>\n<h2><span class=\"mw-headline\" id=\"Bilder\">Bilder<\/span><a href=\"\/index.php?title=Jannik_Schuster&amp;action=edit&amp;section=3\" title=\"Abschnitt bearbeiten: Bilder\">Bearbeiten<\/a><span class=\"mw-editsection-bracket\">]<\/span><\/span><\/h2>\n<p><img alt=\"\" src=\"\/images\/thumb\/4\/4a\/Commons-logo.svg\/langde-20px-Commons-logo.svg.png%3Futm_source%3Dcommons.wikimedia.org%26utm_campaign%3Dimageinfo%26utm_content%3Dthumbnail\" decoding=\"async\" title=\"Commons\" width=\"12\" height=\"16\" srcset=\"\/images\/thumb\/4\/4a\/Commons-logo.svg\/langde-40px-Commons-logo.svg.png%3Futm_source%3Dcommons.wikimedia.org%26utm_campaign%3Dimageinfo%26utm_content%3Dthumbnail 2x\" \/>&#160;<b><a href=\"http:\/\/commons.wikimedia.org\/wiki\/Category:Jannik_Schuster\" class=\"extiw\" title=\"commons:Category:Jannik Schuster\">Jannik Schuster<\/a><\/b>&#160;\u2013 Sammlung von Bildern, Videos und Audiodateien auf <a href=\"\/Wikimedia_Commons\" title=\"Wikimedia Commons\">Wikimedia Commons<\/a>\n<\/p>\n<\/div>\n","protected":false},"excerpt":{"rendered":"<p>Name: Jannik Schuster Geburtstag: 16. Mai 2006 Geburtsort: Geburtsland: \u00d6sterreich Gr\u00f6\u00dfe: 190 cm Position: Verteidiger NationalmannschaftBearbeiten] \u00d6sterreich ( U16) StationenBearbeiten] SPG Mieminger Plateau Jugend FC Red Bull Salzburg Jugend AKA FC Red Bull Salzburg (U15, U16, U18) FC Liefering FC Red Bull Salzburg BilderBearbeiten] &#160;Jannik Schuster&#160;\u2013 Sammlung von Bildern, Videos und Audiodateien auf Wikimedia Commons<\/p>\n","protected":false},"author":1,"featured_media":0,"parent":0,"menu_order":0,"comment_status":"closed","ping_status":"closed","template":"","meta":{"footnotes":""},"class_list":["post-4814","page","type-page","status-publish","hentry"],"_links":{"self":[{"href":"https:\/\/wiki.s12.at\/index.php\/wp-json\/wp\/v2\/pages\/4814","targetHints":{"allow":["GET"]}}],"collection":[{"href":"https:\/\/wiki.s12.at\/index.php\/wp-json\/wp\/v2\/pages"}],"about":[{"href":"https:\/\/wiki.s12.at\/index.php\/wp-json\/wp\/v2\/types\/page"}],"author":[{"embeddable":true,"href":"https:\/\/wiki.s12.at\/index.php\/wp-json\/wp\/v2\/users\/1"}],"replies":[{"embeddable":true,"href":"https:\/\/wiki.s12.at\/index.php\/wp-json\/wp\/v2\/comments?post=4814"}],"version-history":[{"count":0,"href":"https:\/\/wiki.s12.at\/index.php\/wp-json\/wp\/v2\/pages\/4814\/revisions"}],"wp:attachment":[{"href":"https:\/\/wiki.s12.at\/index.php\/wp-json\/wp\/v2\/media?parent=4814"}],"curies":[{"name":"wp","href":"https:\/\/api.w.org\/{rel}","templated":true}]}}