{"id":4811,"date":"2026-05-06T16:04:34","date_gmt":"2026-05-06T14:04:34","guid":{"rendered":"https:\/\/wiki.s12.at\/index.php\/jakob-zangerl\/"},"modified":"2026-05-06T16:04:34","modified_gmt":"2026-05-06T14:04:34","slug":"jakob-zangerl","status":"publish","type":"page","link":"https:\/\/wiki.s12.at\/index.php\/jakob-zangerl\/","title":{"rendered":"Jakob Zangerl"},"content":{"rendered":"<div class=\"mw-parser-output\">\n<div class=\"thumb tright\">\n<div class=\"thumbinner\" style=\"width:302px;\"><a href=\"\/Datei:FC_Liefering_gegen_SV_Ried_(2025-03-09_Zweite_Liga)_47.jpg\" class=\"image\"><img fetchpriority=\"high\" alt=\"FC Liefering gegen SV Ried (2025-03-09 Zweite Liga) 47.jpg\" src=\"\/images\/thumb\/b\/b4\/FC_Liefering_gegen_SV_Ried_%282025-03-09_Zweite_Liga%29_47.jpg\/330px-FC_Liefering_gegen_SV_Ried_%282025-03-09_Zweite_Liga%29_47.jpg%3Futm_source%3Dcommons.wikimedia.org%26utm_campaign%3Dimageinfo%26utm_content%3Dthumbnail\" decoding=\"async\" width=\"300\" height=\"477\" class=\"thumbimage\" srcset=\"\/images\/thumb\/b\/b4\/FC_Liefering_gegen_SV_Ried_%282025-03-09_Zweite_Liga%29_47.jpg\/500px-FC_Liefering_gegen_SV_Ried_%282025-03-09_Zweite_Liga%29_47.jpg%3Futm_source%3Dcommons.wikimedia.org%26utm_campaign%3Dimageinfo%26utm_content%3Dthumbnail 1.5x, \/images\/thumb\/b\/b4\/FC_Liefering_gegen_SV_Ried_%282025-03-09_Zweite_Liga%29_47.jpg\/960px-FC_Liefering_gegen_SV_Ried_%282025-03-09_Zweite_Liga%29_47.jpg%3Futm_source%3Dcommons.wikimedia.org%26utm_campaign%3Dimageinfo%26utm_content%3Dthumbnail 2x\" \/><\/a>  <\/p>\n<div class=\"thumbcaption\">\n<div class=\"magnify\"><a href=\"\/Datei:FC_Liefering_gegen_SV_Ried_(2025-03-09_Zweite_Liga)_47.jpg\" class=\"internal\" title=\"vergr\u00f6\u00dfern\"><\/a><\/div>\n<\/div>\n<\/div>\n<\/div>\n<ul>\n<li>Name: <b>Jakob Zangerl<\/b><\/li>\n<li>Geburtstag: 26. April  2007<\/li>\n<li>Geburtsort:<\/li>\n<li>Nationalit\u00e4t: \u00d6sterreich<\/li>\n<li>Position: Verteidigung<\/li>\n<li>Nationalmannschaft: \u00d6sterreich U16<\/li>\n<\/ul>\n<h2><span class=\"mw-headline\" id=\"Stationen\">Stationen<\/span><a href=\"\/index.php?title=Jakob_Zangerl&amp;action=edit&amp;section=1\" title=\"Abschnitt bearbeiten: Stationen\">Bearbeiten<\/a><span class=\"mw-editsection-bracket\">]<\/span><\/span><\/h2>\n<ul>\n<li>SV Reichenau (Jugend)<\/li>\n<li>Wacker Innsbruck (Jugend)<\/li>\n<li>FC Liefering (Jugend)<\/li>\n<li>Akademie Red Bull Salzburg (U15, U16,U18)<\/li>\n<li>FC Liefering<\/li>\n<\/ul>\n<\/div>\n","protected":false},"excerpt":{"rendered":"<p>Name: Jakob Zangerl Geburtstag: 26. April 2007 Geburtsort: Nationalit\u00e4t: \u00d6sterreich Position: Verteidigung Nationalmannschaft: \u00d6sterreich U16 StationenBearbeiten] SV Reichenau (Jugend) Wacker Innsbruck (Jugend) FC Liefering (Jugend) Akademie Red Bull Salzburg (U15, U16,U18) FC Liefering<\/p>\n","protected":false},"author":1,"featured_media":0,"parent":0,"menu_order":0,"comment_status":"closed","ping_status":"closed","template":"","meta":{"footnotes":""},"class_list":["post-4811","page","type-page","status-publish","hentry"],"_links":{"self":[{"href":"https:\/\/wiki.s12.at\/index.php\/wp-json\/wp\/v2\/pages\/4811","targetHints":{"allow":["GET"]}}],"collection":[{"href":"https:\/\/wiki.s12.at\/index.php\/wp-json\/wp\/v2\/pages"}],"about":[{"href":"https:\/\/wiki.s12.at\/index.php\/wp-json\/wp\/v2\/types\/page"}],"author":[{"embeddable":true,"href":"https:\/\/wiki.s12.at\/index.php\/wp-json\/wp\/v2\/users\/1"}],"replies":[{"embeddable":true,"href":"https:\/\/wiki.s12.at\/index.php\/wp-json\/wp\/v2\/comments?post=4811"}],"version-history":[{"count":0,"href":"https:\/\/wiki.s12.at\/index.php\/wp-json\/wp\/v2\/pages\/4811\/revisions"}],"wp:attachment":[{"href":"https:\/\/wiki.s12.at\/index.php\/wp-json\/wp\/v2\/media?parent=4811"}],"curies":[{"name":"wp","href":"https:\/\/api.w.org\/{rel}","templated":true}]}}