{"id":4729,"date":"2026-05-06T16:02:44","date_gmt":"2026-05-06T14:02:44","guid":{"rendered":"https:\/\/wiki.s12.at\/index.php\/innsbrucker-sk-gegen-red-bull-juniors\/"},"modified":"2026-05-06T16:02:44","modified_gmt":"2026-05-06T14:02:44","slug":"innsbrucker-sk-gegen-red-bull-juniors","status":"publish","type":"page","link":"https:\/\/wiki.s12.at\/index.php\/innsbrucker-sk-gegen-red-bull-juniors\/","title":{"rendered":"Innsbrucker SK gegen Red Bull Juniors"},"content":{"rendered":"<div class=\"mw-parser-output\">\n<p><b>Regionalliga West -&#160;?. Spieltag, 24. Mai 2006, 19 Uhr<br \/><\/b><br \/>\n\n<\/p>\n<table class=\"wikitable\">\n<caption><b><big>Innsbrucker SK gegen Red Bull Juniors, 0:5<\/big><\/b><br \/>\n<\/caption>\n<tbody>\n<tr>\n<td>Aufstellung:<\/td>\n<td><a href=\"\/Martin_Eisl\" title=\"Martin Eisl\">Martin Eisl<\/a> <a href=\"\/Johann_Eder\" title=\"Johann Eder\">Johann Eder<\/a> <a href=\"\/Maximilian_Karner\" title=\"Maximilian Karner\">Maximilian Karner<\/a> <a href=\"\/Adolf_H%C3%BCtter\" title=\"Adolf H\u00fctter\">Adolf H\u00fctter<\/a>  <a href=\"\/Dominik_Borozni\" title=\"Dominik Borozni\">Dominik Borozni<\/a> <a href=\"\/Ingo_Enzenberger\" title=\"Ingo Enzenberger\">Ingo Enzenberger<\/a>  <a href=\"\/Erwin_Keil\" title=\"Erwin Keil\">Erwin Keil <\/a> <a href=\"\/Mohammed_Suleiman\" title=\"Mohammed Suleiman\">Mohammed Suleiman<\/a> <a href=\"\/Richard_Kitzbichler\" title=\"Richard Kitzbichler\">Richard Kitzbichler<\/a> <a href=\"\/Peter_Orosz\" title=\"Peter Orosz\">Peter Orosz<\/a> <a href=\"\/Markus_Felfernig\" title=\"Markus Felfernig\">Markus Felfernig<\/a>\n<\/td>\n<\/tr>\n<tr>\n<td>Wechsel:<\/td>\n<td><a href=\"\/Cem_Emem\" title=\"Cem Emem\">Cem Emem<\/a> f\u00fcr Suleiman (58.), <a href=\"\/Christoph_Voitswinkler\" title=\"Christoph Voitswinkler\">Christoph Voitswinkler<\/a> f\u00fcr Kitzbichler (84.), <a href=\"\/Georg_Seidl\" title=\"Georg Seidl\">Georg Seidl<\/a> f\u00fcr Karner (90.)\n<\/td>\n<\/tr>\n<tr>\n<td>Endstand:<\/td>\n<td>0:5 (0:3)\n<\/td>\n<\/tr>\n<tr>\n<td>Torsch\u00fctzen:<\/td>\n<td>\n<\/td>\n<\/tr>\n<tr>\n<td>Gelbe Karten:<\/td>\n<td>Klinger (32.), Lener (40.), Sgorbatti (78.), Aichner (88.); Karner (75.)\n<\/td>\n<\/tr>\n<tr>\n<td>Gelb-rote Karten:<\/td>\n<td>\n<\/td>\n<\/tr>\n<tr>\n<td>Rote Karten:<\/td>\n<td>\n<\/td>\n<\/tr>\n<tr>\n<td>Schiedsrichter:<\/td>\n<td>Robert Sch\u00f6rgenhofer\n<\/td>\n<\/tr>\n<tr>\n<td>Stadion:<\/td>\n<td>Innsbruck-H\u00f6tting\n<\/td>\n<\/tr>\n<tr>\n<td>Zuschauer:<\/td>\n<td>\n<\/td>\n<\/tr>\n<\/tbody>\n<\/table>\n<\/div>\n","protected":false},"excerpt":{"rendered":"<p>Regionalliga West -&#160;?. Spieltag, 24. Mai 2006, 19 Uhr Innsbrucker SK gegen Red Bull Juniors, 0:5 Aufstellung: Martin Eisl Johann Eder Maximilian Karner Adolf H\u00fctter Dominik Borozni Ingo Enzenberger Erwin Keil Mohammed Suleiman Richard Kitzbichler Peter Orosz Markus Felfernig Wechsel: Cem Emem f\u00fcr Suleiman (58.), Christoph Voitswinkler f\u00fcr Kitzbichler (84.), Georg Seidl f\u00fcr Karner (90.) [&hellip;]<\/p>\n","protected":false},"author":1,"featured_media":0,"parent":0,"menu_order":0,"comment_status":"closed","ping_status":"closed","template":"","meta":{"footnotes":""},"class_list":["post-4729","page","type-page","status-publish","hentry"],"_links":{"self":[{"href":"https:\/\/wiki.s12.at\/index.php\/wp-json\/wp\/v2\/pages\/4729","targetHints":{"allow":["GET"]}}],"collection":[{"href":"https:\/\/wiki.s12.at\/index.php\/wp-json\/wp\/v2\/pages"}],"about":[{"href":"https:\/\/wiki.s12.at\/index.php\/wp-json\/wp\/v2\/types\/page"}],"author":[{"embeddable":true,"href":"https:\/\/wiki.s12.at\/index.php\/wp-json\/wp\/v2\/users\/1"}],"replies":[{"embeddable":true,"href":"https:\/\/wiki.s12.at\/index.php\/wp-json\/wp\/v2\/comments?post=4729"}],"version-history":[{"count":0,"href":"https:\/\/wiki.s12.at\/index.php\/wp-json\/wp\/v2\/pages\/4729\/revisions"}],"wp:attachment":[{"href":"https:\/\/wiki.s12.at\/index.php\/wp-json\/wp\/v2\/media?parent=4729"}],"curies":[{"name":"wp","href":"https:\/\/api.w.org\/{rel}","templated":true}]}}