{"id":4712,"date":"2026-05-06T16:02:32","date_gmt":"2026-05-06T14:02:32","guid":{"rendered":"https:\/\/wiki.s12.at\/index.php\/ignace-van-der-brempt\/"},"modified":"2026-05-06T16:02:32","modified_gmt":"2026-05-06T14:02:32","slug":"ignace-van-der-brempt","status":"publish","type":"page","link":"https:\/\/wiki.s12.at\/index.php\/ignace-van-der-brempt\/","title":{"rendered":"Ignace Van der Brempt"},"content":{"rendered":"<div class=\"mw-parser-output\">\n<div class=\"thumb tright\">\n<div class=\"thumbinner\" style=\"width:302px;\"><a href=\"\/Datei:FC_Salzburg_gegen_FC_Bayern_M%C3%BCnchen_(Championsleague_Achtelfinale_Hinspiel_16._Februar_2022)_15.jpg\" class=\"image\"><img fetchpriority=\"high\" alt=\"FC Salzburg gegen FC Bayern M\u00fcnchen (Championsleague Achtelfinale Hinspiel 16. Februar 2022) 15.jpg\" src=\"\/images\/thumb\/f\/f0\/FC_Salzburg_gegen_FC_Bayern_M%C3%BCnchen_%28Championsleague_Achtelfinale_Hinspiel_16._Februar_2022%29_15.jpg\/330px-FC_Salzburg_gegen_FC_Bayern_M%C3%BCnchen_%28Championsleague_Achtelfinale_Hinspiel_16._Februar_2022%29_15.jpg%3Futm_source%3Dcommons.wikimedia.org%26utm_campaign%3Dimageinfo%26utm_content%3Dthumbnail\" decoding=\"async\" width=\"300\" height=\"461\" class=\"thumbimage\" srcset=\"\/images\/thumb\/f\/f0\/FC_Salzburg_gegen_FC_Bayern_M%C3%BCnchen_%28Championsleague_Achtelfinale_Hinspiel_16._Februar_2022%29_15.jpg\/500px-FC_Salzburg_gegen_FC_Bayern_M%C3%BCnchen_%28Championsleague_Achtelfinale_Hinspiel_16._Februar_2022%29_15.jpg%3Futm_source%3Dcommons.wikimedia.org%26utm_campaign%3Dimageinfo%26utm_content%3Dthumbnail 1.5x, \/images\/thumb\/f\/f0\/FC_Salzburg_gegen_FC_Bayern_M%C3%BCnchen_%28Championsleague_Achtelfinale_Hinspiel_16._Februar_2022%29_15.jpg\/960px-FC_Salzburg_gegen_FC_Bayern_M%C3%BCnchen_%28Championsleague_Achtelfinale_Hinspiel_16._Februar_2022%29_15.jpg%3Futm_source%3Dcommons.wikimedia.org%26utm_campaign%3Dimageinfo%26utm_content%3Dthumbnail 2x\" \/><\/a>  <\/p>\n<div class=\"thumbcaption\">\n<div class=\"magnify\"><a href=\"\/Datei:FC_Salzburg_gegen_FC_Bayern_M%C3%BCnchen_(Championsleague_Achtelfinale_Hinspiel_16._Februar_2022)_15.jpg\" class=\"internal\" title=\"vergr\u00f6\u00dfern\"><\/a><\/div>\n<\/div>\n<\/div>\n<\/div>\n<ul>\n<li>Name: <b>Ignace Van der Brempt<\/b><\/li>\n<li>Geburtstag: 1. April 2002<\/li>\n<li>Geburtsort:  Antwerpen<\/li>\n<li>Geburtsland: Belgien<\/li>\n<li>Nationalit\u00e4t: Belgier <a href=\"\/Datei:Flag_of_Belgium.svg\" class=\"image\" title=\"Belgier\"><img alt=\"Belgier\" src=\"\/images\/thumb\/6\/65\/Flag_of_Belgium.svg\/langde-20px-Flag_of_Belgium.svg.png%3Futm_source%3Dcommons.wikimedia.org%26utm_campaign%3Dimageinfo%26utm_content%3Dthumbnail\" decoding=\"async\" width=\"20\" height=\"17\" srcset=\"\/images\/thumb\/6\/65\/Flag_of_Belgium.svg\/langde-40px-Flag_of_Belgium.svg.png%3Futm_source%3Dcommons.wikimedia.org%26utm_campaign%3Dimageinfo%26utm_content%3Dthumbnail 1.5x\" \/><\/a><\/li>\n<li>Gr\u00f6\u00dfe: 187 cm<\/li>\n<li>Position: Verteidigung<\/li>\n<li>Nationalmannschaft:Belgien (U15, U16, U19, U21)<\/li>\n<li>R\u00fcckennummer: 2<\/li>\n<\/ul>\n<h2><span class=\"mw-headline\" id=\"Stationen\">Stationen<\/span><a href=\"\/index.php?title=Ignace_Van_der_Brempt&amp;action=edit&amp;section=1\" title=\"Abschnitt bearbeiten: Stationen\">Bearbeiten<\/a><span class=\"mw-editsection-bracket\">]<\/span><\/span><\/h2>\n<ul>\n<li>Mechelen, FC Br\u00fcgge (Jugend)<\/li>\n<li>FC Br\u00fcgge (U18)<\/li>\n<li>FC Br\u00fcgge<\/li>\n<li>FC Red Bull Salzburg<\/li>\n<li>Hamburger SV (Leihe)<\/li>\n<\/ul>\n<h2><span class=\"mw-headline\" id=\"Erfolge\">Erfolge<\/span><a href=\"\/index.php?title=Ignace_Van_der_Brempt&amp;action=edit&amp;section=2\" title=\"Abschnitt bearbeiten: Erfolge\">Bearbeiten<\/a><span class=\"mw-editsection-bracket\">]<\/span><\/span><\/h2>\n<ul>\n<li>\u00d6sterreichischer Meister: 2022, 2023<\/li>\n<li>\u00d6sterreichischer Cupsieger: 2022<\/li>\n<\/ul>\n<h2><span class=\"mw-headline\" id=\"Bilder\">Bilder<\/span><a href=\"\/index.php?title=Ignace_Van_der_Brempt&amp;action=edit&amp;section=3\" title=\"Abschnitt bearbeiten: Bilder\">Bearbeiten<\/a><span class=\"mw-editsection-bracket\">]<\/span><\/span><\/h2>\n<p><img alt=\"\" src=\"\/images\/thumb\/4\/4a\/Commons-logo.svg\/langde-20px-Commons-logo.svg.png%3Futm_source%3Dcommons.wikimedia.org%26utm_campaign%3Dimageinfo%26utm_content%3Dthumbnail\" decoding=\"async\" title=\"Commons\" width=\"12\" height=\"16\" srcset=\"\/images\/thumb\/4\/4a\/Commons-logo.svg\/langde-40px-Commons-logo.svg.png%3Futm_source%3Dcommons.wikimedia.org%26utm_campaign%3Dimageinfo%26utm_content%3Dthumbnail 2x\" \/>&#160;<b><a href=\"http:\/\/commons.wikimedia.org\/wiki\/Category:Ignace_Van_der_Brempt\" class=\"extiw\" title=\"commons:Category:Ignace Van der Brempt\">Ignace Van der Brempt<\/a><\/b>&#160;\u2013 Sammlung von Bildern, Videos und Audiodateien auf <a href=\"\/Wikimedia_Commons\" title=\"Wikimedia Commons\">Wikimedia Commons<\/a>\n<\/p>\n<\/div>\n","protected":false},"excerpt":{"rendered":"<p>Name: Ignace Van der Brempt Geburtstag: 1. April 2002 Geburtsort: Antwerpen Geburtsland: Belgien Nationalit\u00e4t: Belgier Gr\u00f6\u00dfe: 187 cm Position: Verteidigung Nationalmannschaft:Belgien (U15, U16, U19, U21) R\u00fcckennummer: 2 StationenBearbeiten] Mechelen, FC Br\u00fcgge (Jugend) FC Br\u00fcgge (U18) FC Br\u00fcgge FC Red Bull Salzburg Hamburger SV (Leihe) ErfolgeBearbeiten] \u00d6sterreichischer Meister: 2022, 2023 \u00d6sterreichischer Cupsieger: 2022 BilderBearbeiten] &#160;Ignace Van [&hellip;]<\/p>\n","protected":false},"author":1,"featured_media":0,"parent":0,"menu_order":0,"comment_status":"closed","ping_status":"closed","template":"","meta":{"footnotes":""},"class_list":["post-4712","page","type-page","status-publish","hentry"],"_links":{"self":[{"href":"https:\/\/wiki.s12.at\/index.php\/wp-json\/wp\/v2\/pages\/4712","targetHints":{"allow":["GET"]}}],"collection":[{"href":"https:\/\/wiki.s12.at\/index.php\/wp-json\/wp\/v2\/pages"}],"about":[{"href":"https:\/\/wiki.s12.at\/index.php\/wp-json\/wp\/v2\/types\/page"}],"author":[{"embeddable":true,"href":"https:\/\/wiki.s12.at\/index.php\/wp-json\/wp\/v2\/users\/1"}],"replies":[{"embeddable":true,"href":"https:\/\/wiki.s12.at\/index.php\/wp-json\/wp\/v2\/comments?post=4712"}],"version-history":[{"count":0,"href":"https:\/\/wiki.s12.at\/index.php\/wp-json\/wp\/v2\/pages\/4712\/revisions"}],"wp:attachment":[{"href":"https:\/\/wiki.s12.at\/index.php\/wp-json\/wp\/v2\/media?parent=4712"}],"curies":[{"name":"wp","href":"https:\/\/api.w.org\/{rel}","templated":true}]}}