{"id":4638,"date":"2026-05-06T15:59:54","date_gmt":"2026-05-06T13:59:54","guid":{"rendered":"https:\/\/wiki.s12.at\/index.php\/heimo-pfeifenberger\/"},"modified":"2026-05-06T15:59:54","modified_gmt":"2026-05-06T13:59:54","slug":"heimo-pfeifenberger","status":"publish","type":"page","link":"https:\/\/wiki.s12.at\/index.php\/heimo-pfeifenberger\/","title":{"rendered":"Heimo Pfeifenberger"},"content":{"rendered":"<div class=\"mw-parser-output\">\n<div class=\"thumb tright\">\n<div class=\"thumbinner\" style=\"width:302px;\"><a href=\"\/Datei:Heimo_Pfeifenberger_-_SV_Gr%C3%B6dig.jpg\" class=\"image\"><img fetchpriority=\"high\" alt=\"Heimo Pfeifenberger - SV Gr\u00f6dig.jpg\" src=\"\/images\/thumb\/a\/a0\/Heimo_Pfeifenberger_-_SV_Gr%C3%B6dig.jpg\/330px-Heimo_Pfeifenberger_-_SV_Gr%C3%B6dig.jpg%3Futm_source%3Dcommons.wikimedia.org%26utm_campaign%3Dimageinfo%26utm_content%3Dthumbnail\" decoding=\"async\" width=\"300\" height=\"200\" class=\"thumbimage\" srcset=\"\/images\/thumb\/a\/a0\/Heimo_Pfeifenberger_-_SV_Gr%C3%B6dig.jpg\/500px-Heimo_Pfeifenberger_-_SV_Gr%C3%B6dig.jpg%3Futm_source%3Dcommons.wikimedia.org%26utm_campaign%3Dimageinfo%26utm_content%3Dthumbnail 1.5x, \/images\/thumb\/a\/a0\/Heimo_Pfeifenberger_-_SV_Gr%C3%B6dig.jpg\/960px-Heimo_Pfeifenberger_-_SV_Gr%C3%B6dig.jpg%3Futm_source%3Dcommons.wikimedia.org%26utm_campaign%3Dimageinfo%26utm_content%3Dthumbnail 2x\" \/><\/a>  <\/p>\n<div class=\"thumbcaption\">\n<div class=\"magnify\"><a href=\"\/Datei:Heimo_Pfeifenberger_-_SV_Gr%C3%B6dig.jpg\" class=\"internal\" title=\"vergr\u00f6\u00dfern\"><\/a><\/div>\n<\/div>\n<\/div>\n<\/div>\n<ul>\n<li>Name: <b>Heimo Pfeifenberger<\/b><\/li>\n<li>Geburtstag:  29. Dezember 1966<\/li>\n<li>Geburtsort: Zederhaus<\/li>\n<li>Geburtsland: \u00d6sterreich<\/li>\n<li>Nationalit\u00e4t: \u00d6sterreicher <a href=\"\/Datei:Flag_of_Austria.svg\" class=\"image\" title=\"\u00d6sterreicher\"><img alt=\"\u00d6sterreicher\" src=\"\/images\/thumb\/4\/41\/Flag_of_Austria.svg\/langde-20px-Flag_of_Austria.svg.png%3Futm_source%3Dcommons.wikimedia.org%26utm_campaign%3Dimageinfo%26utm_content%3Dthumbnail\" decoding=\"async\" width=\"20\" height=\"13\" srcset=\"\/images\/thumb\/4\/41\/Flag_of_Austria.svg\/langde-40px-Flag_of_Austria.svg.png%3Futm_source%3Dcommons.wikimedia.org%26utm_campaign%3Dimageinfo%26utm_content%3Dthumbnail 1.5x\" \/><\/a><\/li>\n<li>Gr\u00f6\u00dfe: 183 cm<\/li>\n<li>Position: St\u00fcrmer<\/li>\n<li>Starker Fu\u00df: Rechts<\/li>\n<li>Spiele f\u00fcr Salzburg: 243 Spiele (86 Tore)<\/li>\n<li>Nationalmannschaft: 40 Spiele (9 Tore) f\u00fcr \u00d6sterreich<\/li>\n<\/ul>\n<h2><span class=\"mw-headline\" id=\"Stationen\">Stationen<\/span><a href=\"\/index.php?title=Heimo_Pfeifenberger&amp;action=edit&amp;section=1\" title=\"Abschnitt bearbeiten: Stationen\">Bearbeiten<\/a><span class=\"mw-editsection-bracket\">]<\/span><\/span><\/h2>\n<h3><span class=\"mw-headline\" id=\"als_Spieler\">als Spieler<\/span><a href=\"\/index.php?title=Heimo_Pfeifenberger&amp;action=edit&amp;section=2\" title=\"Abschnitt bearbeiten: als Spieler\">Bearbeiten<\/a><span class=\"mw-editsection-bracket\">]<\/span><\/span><\/h3>\n<div class=\"thumb tright\">\n<div class=\"thumbinner\" style=\"width:302px;\"><a href=\"\/Datei:Trainerstab_%C3%96sterreich_U-21_(1).jpg\" class=\"image\"><img alt=\"\" src=\"\/images\/thumb\/c\/cc\/Trainerstab_%C3%96sterreich_U-21_%281%29.jpg\/330px-Trainerstab_%C3%96sterreich_U-21_%281%29.jpg%3Futm_source%3Dcommons.wikimedia.org%26utm_campaign%3Dimageinfo%26utm_content%3Dthumbnail\" decoding=\"async\" width=\"300\" height=\"200\" class=\"thumbimage\" srcset=\"\/images\/thumb\/c\/cc\/Trainerstab_%C3%96sterreich_U-21_%281%29.jpg\/500px-Trainerstab_%C3%96sterreich_U-21_%281%29.jpg%3Futm_source%3Dcommons.wikimedia.org%26utm_campaign%3Dimageinfo%26utm_content%3Dthumbnail 1.5x, \/images\/thumb\/c\/cc\/Trainerstab_%C3%96sterreich_U-21_%281%29.jpg\/960px-Trainerstab_%C3%96sterreich_U-21_%281%29.jpg%3Futm_source%3Dcommons.wikimedia.org%26utm_campaign%3Dimageinfo%26utm_content%3Dthumbnail 2x\" \/><\/a>  <\/p>\n<div class=\"thumbcaption\">\n<div class=\"magnify\"><a href=\"\/Datei:Trainerstab_%C3%96sterreich_U-21_(1).jpg\" class=\"internal\" title=\"vergr\u00f6\u00dfern\"><\/a><\/div>\n<p>Co-Trainer U21 mit <a href=\"\/Otto_Konrad\" title=\"Otto Konrad\">Otto Konrad<\/a>(l.) und Andreas Herzog<\/div>\n<\/div>\n<\/div>\n<ul>\n<li>USV Zederhaus (-1987)<\/li>\n<li>SV Austria Salzburg (1987-1988)<\/li>\n<li>SK Rapid Wien (1988-1992)<\/li>\n<li>SV Austria Salzburg (1992-1996)<\/li>\n<li>SV Werder Bremen (1996-1998)<\/li>\n<li>SV Austria Salzburg (1998-2004)<\/li>\n<li>SV Seekirchen 1945 (2007)<\/li>\n<li>SV Gr\u00f6dig (2007)<\/li>\n<\/ul>\n<h3><span class=\"mw-headline\" id=\"als_Trainer\">als Trainer<\/span><a href=\"\/index.php?title=Heimo_Pfeifenberger&amp;action=edit&amp;section=3\" title=\"Abschnitt bearbeiten: als Trainer\">Bearbeiten<\/a><span class=\"mw-editsection-bracket\">]<\/span><\/span><\/h3>\n<ul>\n<li>FC Red Bull Salzburg (Jugend) (2005-2007)<\/li>\n<li>SV Gr\u00f6dig (2007-2009)<\/li>\n<li>\u00d6sterreich U-21 (Co-Trainer) (2009-2010)<\/li>\n<li>SPG Axams-G\u00f6tzens (2010)<\/li>\n<li>SV Gr\u00f6dig (2010-2012)<\/li>\n<li>SC Wr. Neustadt (2012- 2015 )<\/li>\n<li>Wolfsberger AC<\/li>\n<\/ul>\n<h2><span class=\"mw-headline\" id=\"Erfolge\">Erfolge<\/span><a href=\"\/index.php?title=Heimo_Pfeifenberger&amp;action=edit&amp;section=4\" title=\"Abschnitt bearbeiten: Erfolge\">Bearbeiten<\/a><span class=\"mw-editsection-bracket\">]<\/span><\/span><\/h2>\n<ul>\n<li>2x \u00d6sterreichischer Meister mit Austria Salzburg: (1993\/94, 1994\/95)<\/li>\n<li>2x Supercup-Sieger mit Austria Salzburg: 1994, 1995<\/li>\n<li>1x \u00d6FB-Cup-Finalist mit Austria Salzburg: 2000<\/li>\n<li>1x Torsch\u00fctzenk\u00f6nig (Bundesliga \u00d6sterreich): 1993\/94 (14 Tore wie auch Vereinskollege Nicola Jurcevic)<\/li>\n<li>1x Fu\u00dfballer des Jahres in \u00d6sterreich 1994<\/li>\n<li>Elfter in der ewigen Bundesliga-Torsch\u00fctzenliste mit 117 Toren (Stand Jan. 2011)<\/li>\n<li>2x Teilnahmen an Fu\u00dfball-Weltmeisterschaften: Italien 1990, Frankreich 1998<\/li>\n<li>1x UEFA-Cup-Finale mit Austria Salzburg: 1994 gegen Inter Mailand (0:1,0:1)<\/li>\n<li>1x Champions-League-Teilnahme mit Austra Salzburg: 1994\/95<\/li>\n<\/ul>\n<h2><span class=\"mw-headline\" id=\"Presse\">Presse<\/span><a href=\"\/index.php?title=Heimo_Pfeifenberger&amp;action=edit&amp;section=5\" title=\"Abschnitt bearbeiten: Presse\">Bearbeiten<\/a><span class=\"mw-editsection-bracket\">]<\/span><\/span><\/h2>\n<p><b>Tauziehen um Pfeifenberger<\/b>\n<\/p>\n<p>Um Austria Salzburgs St\u00fcrmertalent Heimo Pfeifenberger ist ein Tauziehen entbrannt: Nicht nur \u00f6sterreichische Spitzenklubs wollen den 22j\u00e4hrigen Lungauer, der gegen Ungarn in der kommenden Woche wieder im U21-Team spielt, engagieren, sondern es gibt auch ausl\u00e4ndische Interessenten (Erstdivision\u00e4r aus der Schweiz).\n<\/p>\n<p>Wie in den SN bereits berichtet, meldete sich nach Pfeifenbergers j\u00fcngsten U21-Auftritt in Tulln gegen D\u00e4nemark Viennas sportlicher Leiter Hans Buzek beim Austria St\u00fcrmer. Sicher ist vorerst nur, da\u00df Pfeifenberger die Profilaufbahn einschlagen will.<br \/>\n(SN 11.Mai 1988)\n<\/p>\n<\/div>\n","protected":false},"excerpt":{"rendered":"<p>Name: Heimo Pfeifenberger Geburtstag: 29. Dezember 1966 Geburtsort: Zederhaus Geburtsland: \u00d6sterreich Nationalit\u00e4t: \u00d6sterreicher Gr\u00f6\u00dfe: 183 cm Position: St\u00fcrmer Starker Fu\u00df: Rechts Spiele f\u00fcr Salzburg: 243 Spiele (86 Tore) Nationalmannschaft: 40 Spiele (9 Tore) f\u00fcr \u00d6sterreich StationenBearbeiten] als SpielerBearbeiten] Co-Trainer U21 mit Otto Konrad(l.) und Andreas Herzog USV Zederhaus (-1987) SV Austria Salzburg (1987-1988) SK Rapid [&hellip;]<\/p>\n","protected":false},"author":1,"featured_media":0,"parent":0,"menu_order":0,"comment_status":"closed","ping_status":"closed","template":"","meta":{"footnotes":""},"class_list":["post-4638","page","type-page","status-publish","hentry"],"_links":{"self":[{"href":"https:\/\/wiki.s12.at\/index.php\/wp-json\/wp\/v2\/pages\/4638","targetHints":{"allow":["GET"]}}],"collection":[{"href":"https:\/\/wiki.s12.at\/index.php\/wp-json\/wp\/v2\/pages"}],"about":[{"href":"https:\/\/wiki.s12.at\/index.php\/wp-json\/wp\/v2\/types\/page"}],"author":[{"embeddable":true,"href":"https:\/\/wiki.s12.at\/index.php\/wp-json\/wp\/v2\/users\/1"}],"replies":[{"embeddable":true,"href":"https:\/\/wiki.s12.at\/index.php\/wp-json\/wp\/v2\/comments?post=4638"}],"version-history":[{"count":0,"href":"https:\/\/wiki.s12.at\/index.php\/wp-json\/wp\/v2\/pages\/4638\/revisions"}],"wp:attachment":[{"href":"https:\/\/wiki.s12.at\/index.php\/wp-json\/wp\/v2\/media?parent=4638"}],"curies":[{"name":"wp","href":"https:\/\/api.w.org\/{rel}","templated":true}]}}