{"id":4519,"date":"2026-05-06T15:49:41","date_gmt":"2026-05-06T13:49:41","guid":{"rendered":"https:\/\/wiki.s12.at\/index.php\/gabriel-alleoni\/"},"modified":"2026-05-06T15:49:41","modified_gmt":"2026-05-06T13:49:41","slug":"gabriel-alleoni","status":"publish","type":"page","link":"https:\/\/wiki.s12.at\/index.php\/gabriel-alleoni\/","title":{"rendered":"Gabriel Alleoni"},"content":{"rendered":"<div class=\"mw-parser-output\">\n<div class=\"thumb tright\">\n<div class=\"thumbinner\" style=\"width:302px;\"><a href=\"\/Datei:Gabriel_Alleoni.JPG\" class=\"image\"><img fetchpriority=\"high\" alt=\"Gabriel Alleoni.JPG\" src=\"\/images\/thumb\/e\/e1\/Gabriel_Alleoni.JPG\/330px-Gabriel_Alleoni.JPG%3Futm_source%3Dcommons.wikimedia.org%26utm_campaign%3Dimageinfo%26utm_content%3Dthumbnail\" decoding=\"async\" width=\"300\" height=\"588\" class=\"thumbimage\" srcset=\"\/images\/thumb\/e\/e1\/Gabriel_Alleoni.JPG\/500px-Gabriel_Alleoni.JPG%3Futm_source%3Dcommons.wikimedia.org%26utm_campaign%3Dimageinfo%26utm_content%3Dthumbnail 1.5x, \/images\/thumb\/e\/e1\/Gabriel_Alleoni.JPG\/Gabriel_Alleoni.JPG%3Futm_source%3Dcommons.wikimedia.org%26utm_campaign%3Dimageinfo%26utm_content%3Dthumbnail_unscaled 2x\" \/><\/a>  <\/p>\n<div class=\"thumbcaption\">\n<div class=\"magnify\"><a href=\"\/Datei:Gabriel_Alleoni.JPG\" class=\"internal\" title=\"vergr\u00f6\u00dfern\"><\/a><\/div>\n<\/div>\n<\/div>\n<\/div>\n<ul>\n<li>Name: <b>Gabriel Alleoni<\/b><\/li>\n<li>Langname: Gabriel Carvalho Alleoni<\/li>\n<li>Geburtstag:  8. Juli 1992<\/li>\n<li>Geburtsort: Limeira<\/li>\n<li>Geburtsland: Brasilien<\/li>\n<li>Nationalit\u00e4t: Brasilianer <a href=\"\/Datei:Flag_of_Brazil.svg\" class=\"image\" title=\"Brasilianer\"><img alt=\"Brasilianer\" src=\"\/images\/thumb\/0\/05\/Flag_of_Brazil.svg\/langde-20px-Flag_of_Brazil.svg.png%3Futm_source%3Dcommons.wikimedia.org%26utm_campaign%3Dimageinfo%26utm_content%3Dthumbnail\" decoding=\"async\" width=\"20\" height=\"14\" srcset=\"\/images\/thumb\/0\/05\/Flag_of_Brazil.svg\/langde-40px-Flag_of_Brazil.svg.png%3Futm_source%3Dcommons.wikimedia.org%26utm_campaign%3Dimageinfo%26utm_content%3Dthumbnail 1.5x\" \/><\/a><\/li>\n<li>Gr\u00f6\u00dfe: 190 cm<\/li>\n<li>Position: Mittelst\u00fcrmer<\/li>\n<li>R\u00fcckennummer: 24<\/li>\n<li>Spiele f\u00fcr die Juniors: 14 Spiele (2 Tore)<\/li>\n<\/ul>\n<h2><span class=\"mw-headline\" id=\"Stationen\">Stationen<\/span><a href=\"\/index.php?title=Gabriel_Alleoni&amp;action=edit&amp;section=1\" title=\"Abschnitt bearbeiten: Stationen\">Bearbeiten<\/a><span class=\"mw-editsection-bracket\">]<\/span><\/span><\/h2>\n<ul>\n<li>Red Bull Juniors (2010-2012)<\/li>\n<li>Associa\u00e7\u00e3o Atl\u00e9tica Internacional (2012- )<\/li>\n<\/ul>\n<h2><span id=\"Titel_.26_Erfolge\"><\/span><span class=\"mw-headline\" id=\"Titel_&amp;_Erfolge\">Titel &amp; Erfolge<\/span><a href=\"\/index.php?title=Gabriel_Alleoni&amp;action=edit&amp;section=2\" title=\"Abschnitt bearbeiten: Titel &amp; Erfolge\">Bearbeiten<\/a><span class=\"mw-editsection-bracket\">]<\/span><\/span><\/h2>\n<ul>\n<li>1x Meister Regionalliga West 2011<\/li>\n<\/ul>\n<\/div>\n","protected":false},"excerpt":{"rendered":"<p>Name: Gabriel Alleoni Langname: Gabriel Carvalho Alleoni Geburtstag: 8. Juli 1992 Geburtsort: Limeira Geburtsland: Brasilien Nationalit\u00e4t: Brasilianer Gr\u00f6\u00dfe: 190 cm Position: Mittelst\u00fcrmer R\u00fcckennummer: 24 Spiele f\u00fcr die Juniors: 14 Spiele (2 Tore) StationenBearbeiten] Red Bull Juniors (2010-2012) Associa\u00e7\u00e3o Atl\u00e9tica Internacional (2012- ) Titel &amp; ErfolgeBearbeiten] 1x Meister Regionalliga West 2011<\/p>\n","protected":false},"author":1,"featured_media":0,"parent":0,"menu_order":0,"comment_status":"closed","ping_status":"closed","template":"","meta":{"footnotes":""},"class_list":["post-4519","page","type-page","status-publish","hentry"],"_links":{"self":[{"href":"https:\/\/wiki.s12.at\/index.php\/wp-json\/wp\/v2\/pages\/4519","targetHints":{"allow":["GET"]}}],"collection":[{"href":"https:\/\/wiki.s12.at\/index.php\/wp-json\/wp\/v2\/pages"}],"about":[{"href":"https:\/\/wiki.s12.at\/index.php\/wp-json\/wp\/v2\/types\/page"}],"author":[{"embeddable":true,"href":"https:\/\/wiki.s12.at\/index.php\/wp-json\/wp\/v2\/users\/1"}],"replies":[{"embeddable":true,"href":"https:\/\/wiki.s12.at\/index.php\/wp-json\/wp\/v2\/comments?post=4519"}],"version-history":[{"count":0,"href":"https:\/\/wiki.s12.at\/index.php\/wp-json\/wp\/v2\/pages\/4519\/revisions"}],"wp:attachment":[{"href":"https:\/\/wiki.s12.at\/index.php\/wp-json\/wp\/v2\/media?parent=4519"}],"curies":[{"name":"wp","href":"https:\/\/api.w.org\/{rel}","templated":true}]}}