{"id":4498,"date":"2026-05-06T15:48:40","date_gmt":"2026-05-06T13:48:40","guid":{"rendered":"https:\/\/wiki.s12.at\/index.php\/frauenfussball-akademie-ooe-gegen-fc-red-bull-salzburg-u20w\/"},"modified":"2026-05-06T15:48:40","modified_gmt":"2026-05-06T13:48:40","slug":"frauenfussball-akademie-ooe-gegen-fc-red-bull-salzburg-u20w","status":"publish","type":"page","link":"https:\/\/wiki.s12.at\/index.php\/frauenfussball-akademie-ooe-gegen-fc-red-bull-salzburg-u20w\/","title":{"rendered":"Frauenfussball Akademie O\u00d6 gegen FC Red Bull Salzburg U20w"},"content":{"rendered":"<div class=\"mw-parser-output\">\n<table class=\"toptextcells toccolours\">\n<tbody>\n<tr>\n<th colspan=\"2\" style=\"text-align: center; vertical-align: top; padding: 0.3em 0.8em; font-size: 125%; background-color: lightsteelblue;\">Frauenfussball Akademie O\u00d6 gegen FC Red Bull Salzburg U20w, 0:4\n<\/th>\n<\/tr>\n<tr>\n<th style=\"text-align:left;\"><b>Spieltag<\/b>\n<\/th>\n<th style=\"text-align:left;\">Frauen &#8211; Future League, 1. Runde\n<\/th>\n<\/tr>\n<tr>\n<th style=\"text-align:left;\"><b>Datum<\/b>\n<\/th>\n<th style=\"text-align:left;\">16. August 2025\n<\/th>\n<\/tr>\n<tr>\n<th style=\"text-align:left;\"><b>Anpfiff<\/b>\n<\/th>\n<th style=\"text-align:left;\">16 Uhr\n<\/th>\n<\/tr>\n<tr>\n<td colspan=\"2\" style=\"text-align:center;\" bgcolor=\"lightgray\"><b>Aufstellung<\/b>\n<\/td>\n<\/tr>\n<tr>\n<th style=\"text-align:left;\"><b>Tor<\/b>\n<\/th>\n<th><a href=\"\/Marlene_La%C3%9Fl\" title=\"Marlene La\u00dfl\">Marlene La\u00dfl<\/a>\n<\/th>\n<\/tr>\n<tr>\n<th style=\"text-align:left;\"><b>Verteidigung<\/b>\n<\/th>\n<th><a href=\"\/Emma_Remich\" title=\"Emma Remich\">Emma Remich<\/a> &#8211;  <a href=\"\/Louisa_Toferer\" title=\"Louisa Toferer\">Louisa Toferer<\/a> &#8211; <a href=\"\/Petra_Zengic\" title=\"Petra Zengic\">Petra Zengic<\/a> &#8211; <a href=\"\/Neele_St%C3%B6hr\" title=\"Neele St\u00f6hr\">Neele St\u00f6hr<\/a>\n<\/th>\n<\/tr>\n<tr>\n<th style=\"text-align:left;\"><b>Mittelfeld<\/b>\n<\/th>\n<th><a href=\"\/Alina_Schuh\" title=\"Alina Schuh\">Alina Schuh<\/a> &#8211; <a href=\"\/Valentina_Lutz\" title=\"Valentina Lutz\">Valentina Lutz<\/a>  &#8211;  <a href=\"\/Lea_B%C3%B6hmer\" title=\"Lea B\u00f6hmer\">Lea B\u00f6hmer<\/a>\n<\/th>\n<\/tr>\n<tr>\n<th style=\"text-align:left;\"><b>Sturm<\/b>\n<\/th>\n<th><a href=\"\/Valentina_Akrap\" title=\"Valentina Akrap\">Valentina  Akrap<\/a> &#8211; <a href=\"\/Annika_Huber\" title=\"Annika Huber\">Annika Huber<\/a> &#8211; <a href=\"\/Laura_Talwieser\" title=\"Laura Talwieser\">Laura Talwieser<\/a>\n<\/th>\n<\/tr>\n<tr>\n<td colspan=\"2\" style=\"text-align:center;\" bgcolor=\"lightgray\"><b>Wechsel<\/b>\n<\/td>\n<\/tr>\n<tr>\n<th style=\"text-align:left;\"><b>Wechsel<\/b>\n<\/th>\n<th style=\"text-align:left;\"><a href=\"\/Tamaya_Baumann\" title=\"Tamaya Baumann\">Tamaya Baumann<\/a> f\u00fcr  Akrap (46.),  <a href=\"\/Marlene_Egger\" title=\"Marlene Egger\">Marlene Egger<\/a> f\u00fcr Huber  (58.),  <a href=\"\/Elisabeth_H%C3%B6dlmoser\" title=\"Elisabeth H\u00f6dlmoser\">Elisabeth H\u00f6dlmoser<\/a> f\u00fcr Toferer(78.), <br \/><a href=\"\/Mia_Rose\" title=\"Mia Rose\">Mia Rose<\/a> f\u00fcr Schuh(66.), <a href=\"\/Iris_Hiebl\" title=\"Iris Hiebl\">Iris Hiebl<\/a> f\u00fcr St\u00f6r (74.)\n<\/th>\n<\/tr>\n<tr>\n<td colspan=\"2\" style=\"text-align:center;\" bgcolor=\"lightgray\"><b>Statistik<\/b>\n<\/td>\n<\/tr>\n<tr>\n<th style=\"text-align:left;\"><b>Endstand<\/b>\n<\/th>\n<th style=\"text-align:left;\">0:4 (0:3)\n<\/th>\n<\/tr>\n<tr>\n<th style=\"text-align:left;\"><b>Torsch\u00fctzen<\/b>\n<\/th>\n<th style=\"text-align:left;\">Huber (33.), Akrap  (38.), B\u00f6hmer (44.), Lutz (74.)\n<\/th>\n<\/tr>\n<tr>\n<th style=\"text-align:left;\"><b>Gelbe Karten<\/b>\n<\/th>\n<th style=\"text-align:left;\">Grgic (71.)\n<\/th>\n<\/tr>\n<tr>\n<th style=\"text-align:left;\"><b>Rote Karten<\/b>\n<\/th>\n<th style=\"text-align:left;\">\n<\/th>\n<\/tr>\n<tr>\n<th style=\"text-align:left;\"><b>Schiedsrichter<\/b>\n<\/th>\n<th style=\"text-align:left;\">Stephan Bauer\n<\/th>\n<\/tr>\n<tr>\n<th style=\"text-align:left;\"><b>Stadion<\/b>\n<\/th>\n<th style=\"text-align:left;\">Andrea Binder Arena, Linz- Kleinm\u00fcnchen\n<\/th>\n<\/tr>\n<tr>\n<th style=\"text-align:left;\"><b>Zuschauer<\/b>\n<\/th>\n<th style=\"text-align:left;\">80\n<\/th>\n<\/tr>\n<\/tbody>\n<\/table>\n<h2><span class=\"mw-headline\" id=\"Spielbericht\">Spielbericht<\/span><a href=\"\/index.php?title=Frauenfussball_Akademie_O%C3%96_gegen_FC_Red_Bull_Salzburg_U20w&amp;action=edit&amp;section=1\" title=\"Abschnitt bearbeiten: Spielbericht\">Bearbeiten<\/a><span class=\"mw-editsection-bracket\">]<\/span><\/span><\/h2>\n<p><a rel=\"nofollow\" class=\"external text\" href=\"https:\/\/www.oefb.at\/oefb\/Spiel\/Spielbericht\/3877823\/?Frauenfussball-Akademie-OOE-vs-FC-Red-Bull-Salzburg-U20w\">Spielbericht <\/a>\n<\/p>\n<\/div>\n","protected":false},"excerpt":{"rendered":"<p>Frauenfussball Akademie O\u00d6 gegen FC Red Bull Salzburg U20w, 0:4 Spieltag Frauen &#8211; Future League, 1. Runde Datum 16. August 2025 Anpfiff 16 Uhr Aufstellung Tor Marlene La\u00dfl Verteidigung Emma Remich &#8211; Louisa Toferer &#8211; Petra Zengic &#8211; Neele St\u00f6hr Mittelfeld Alina Schuh &#8211; Valentina Lutz &#8211; Lea B\u00f6hmer Sturm Valentina Akrap &#8211; Annika Huber [&hellip;]<\/p>\n","protected":false},"author":1,"featured_media":0,"parent":0,"menu_order":0,"comment_status":"closed","ping_status":"closed","template":"","meta":{"footnotes":""},"class_list":["post-4498","page","type-page","status-publish","hentry"],"_links":{"self":[{"href":"https:\/\/wiki.s12.at\/index.php\/wp-json\/wp\/v2\/pages\/4498","targetHints":{"allow":["GET"]}}],"collection":[{"href":"https:\/\/wiki.s12.at\/index.php\/wp-json\/wp\/v2\/pages"}],"about":[{"href":"https:\/\/wiki.s12.at\/index.php\/wp-json\/wp\/v2\/types\/page"}],"author":[{"embeddable":true,"href":"https:\/\/wiki.s12.at\/index.php\/wp-json\/wp\/v2\/users\/1"}],"replies":[{"embeddable":true,"href":"https:\/\/wiki.s12.at\/index.php\/wp-json\/wp\/v2\/comments?post=4498"}],"version-history":[{"count":0,"href":"https:\/\/wiki.s12.at\/index.php\/wp-json\/wp\/v2\/pages\/4498\/revisions"}],"wp:attachment":[{"href":"https:\/\/wiki.s12.at\/index.php\/wp-json\/wp\/v2\/media?parent=4498"}],"curies":[{"name":"wp","href":"https:\/\/api.w.org\/{rel}","templated":true}]}}