{"id":4475,"date":"2026-05-06T15:48:28","date_gmt":"2026-05-06T13:48:28","guid":{"rendered":"https:\/\/wiki.s12.at\/index.php\/frans-kraetzig\/"},"modified":"2026-05-06T15:48:28","modified_gmt":"2026-05-06T13:48:28","slug":"frans-kraetzig","status":"publish","type":"page","link":"https:\/\/wiki.s12.at\/index.php\/frans-kraetzig\/","title":{"rendered":"Frans Kr\u00e4tzig"},"content":{"rendered":"<div class=\"mw-parser-output\">\n<div class=\"thumb tright\">\n<div class=\"thumbinner\" style=\"width:302px;\"><a href=\"\/Datei:FC_Salzburg_gegen_SK_Brann_Bergen_(2025-07-30_Championsleague_Qualifikation_Zweite_Runde_R%C3%BCckspiel)_24.jpg\" class=\"image\"><img fetchpriority=\"high\" alt=\"FC Salzburg gegen SK Brann Bergen (2025-07-30 Championsleague Qualifikation Zweite Runde R\u00fcckspiel) 24.jpg\" src=\"\/images\/thumb\/b\/bd\/FC_Salzburg_gegen_SK_Brann_Bergen_%282025-07-30_Championsleague_Qualifikation_Zweite_Runde_R%C3%BCckspiel%29_24.jpg\/330px-FC_Salzburg_gegen_SK_Brann_Bergen_%282025-07-30_Championsleague_Qualifikation_Zweite_Runde_R%C3%BCckspiel%29_24.jpg%3Futm_source%3Dcommons.wikimedia.org%26utm_campaign%3Dimageinfo%26utm_content%3Dthumbnail\" decoding=\"async\" width=\"300\" height=\"359\" class=\"thumbimage\" srcset=\"\/images\/thumb\/b\/bd\/FC_Salzburg_gegen_SK_Brann_Bergen_%282025-07-30_Championsleague_Qualifikation_Zweite_Runde_R%C3%BCckspiel%29_24.jpg\/500px-FC_Salzburg_gegen_SK_Brann_Bergen_%282025-07-30_Championsleague_Qualifikation_Zweite_Runde_R%C3%BCckspiel%29_24.jpg%3Futm_source%3Dcommons.wikimedia.org%26utm_campaign%3Dimageinfo%26utm_content%3Dthumbnail 1.5x, \/images\/thumb\/b\/bd\/FC_Salzburg_gegen_SK_Brann_Bergen_%282025-07-30_Championsleague_Qualifikation_Zweite_Runde_R%C3%BCckspiel%29_24.jpg\/960px-FC_Salzburg_gegen_SK_Brann_Bergen_%282025-07-30_Championsleague_Qualifikation_Zweite_Runde_R%C3%BCckspiel%29_24.jpg%3Futm_source%3Dcommons.wikimedia.org%26utm_campaign%3Dimageinfo%26utm_content%3Dthumbnail 2x\" \/><\/a>  <\/p>\n<div class=\"thumbcaption\">\n<div class=\"magnify\"><a href=\"\/Datei:FC_Salzburg_gegen_SK_Brann_Bergen_(2025-07-30_Championsleague_Qualifikation_Zweite_Runde_R%C3%BCckspiel)_24.jpg\" class=\"internal\" title=\"vergr\u00f6\u00dfern\"><\/a><\/div>\n<\/div>\n<\/div>\n<\/div>\n<ul>\n<li>Name: <b>Frans Kr\u00e4tzig<\/b><\/li>\n<li>Geburtstag: 14. J\u00e4nner 2003<\/li>\n<li>Geburtsort: N\u00fcrnberg<\/li>\n<li>Geburtsland: Deutschland<\/li>\n<li>Nationalit\u00e4t: Deutscher <a href=\"\/Datei:Flag_of_Germany.svg\" class=\"image\" title=\"Deutscher\"><img alt=\"Deutscher\" src=\"\/images\/thumb\/b\/ba\/Flag_of_Germany.svg\/langde-20px-Flag_of_Germany.svg.png%3Futm_source%3Dcommons.wikimedia.org%26utm_campaign%3Dimageinfo%26utm_content%3Dthumbnail\" decoding=\"async\" width=\"20\" height=\"12\" srcset=\"\/images\/thumb\/b\/ba\/Flag_of_Germany.svg\/langde-40px-Flag_of_Germany.svg.png%3Futm_source%3Dcommons.wikimedia.org%26utm_campaign%3Dimageinfo%26utm_content%3Dthumbnail 1.5x\" \/><\/a><\/li>\n<li>Gr\u00f6\u00dfe: 177 cm<\/li>\n<li>Position: Mittelfeld, Verteidiger<\/li>\n<li>Nationalmannschaft: Deutschland U20, U21<\/li>\n<\/ul>\n<h2><span class=\"mw-headline\" id=\"Stationen\">Stationen<\/span><a href=\"\/index.php?title=Frans_Kr%C3%A4tzig&amp;action=edit&amp;section=1\" title=\"Abschnitt bearbeiten: Stationen\">Bearbeiten<\/a><span class=\"mw-editsection-bracket\">]<\/span><\/span><\/h2>\n<ul>\n<li>Post SV N\u00fcrnberg<\/li>\n<li>1. FC N\u00fcrnberg<\/li>\n<li>FC Bayern M\u00fcnchen II<\/li>\n<li>FC Bayern M\u00fcnchen<\/li>\n<li>FK Austria Wien (Leihe)<\/li>\n<li>VfB Stuttgart (Leihe)<\/li>\n<li>1. FC Heidenheim (Leihe)<\/li>\n<li>FC Red Bull Salzburg<\/li>\n<\/ul>\n<\/div>\n","protected":false},"excerpt":{"rendered":"<p>Name: Frans Kr\u00e4tzig Geburtstag: 14. J\u00e4nner 2003 Geburtsort: N\u00fcrnberg Geburtsland: Deutschland Nationalit\u00e4t: Deutscher Gr\u00f6\u00dfe: 177 cm Position: Mittelfeld, Verteidiger Nationalmannschaft: Deutschland U20, U21 StationenBearbeiten] Post SV N\u00fcrnberg 1. FC N\u00fcrnberg FC Bayern M\u00fcnchen II FC Bayern M\u00fcnchen FK Austria Wien (Leihe) VfB Stuttgart (Leihe) 1. FC Heidenheim (Leihe) FC Red Bull Salzburg<\/p>\n","protected":false},"author":1,"featured_media":0,"parent":0,"menu_order":0,"comment_status":"closed","ping_status":"closed","template":"","meta":{"footnotes":""},"class_list":["post-4475","page","type-page","status-publish","hentry"],"_links":{"self":[{"href":"https:\/\/wiki.s12.at\/index.php\/wp-json\/wp\/v2\/pages\/4475","targetHints":{"allow":["GET"]}}],"collection":[{"href":"https:\/\/wiki.s12.at\/index.php\/wp-json\/wp\/v2\/pages"}],"about":[{"href":"https:\/\/wiki.s12.at\/index.php\/wp-json\/wp\/v2\/types\/page"}],"author":[{"embeddable":true,"href":"https:\/\/wiki.s12.at\/index.php\/wp-json\/wp\/v2\/users\/1"}],"replies":[{"embeddable":true,"href":"https:\/\/wiki.s12.at\/index.php\/wp-json\/wp\/v2\/comments?post=4475"}],"version-history":[{"count":0,"href":"https:\/\/wiki.s12.at\/index.php\/wp-json\/wp\/v2\/pages\/4475\/revisions"}],"wp:attachment":[{"href":"https:\/\/wiki.s12.at\/index.php\/wp-json\/wp\/v2\/media?parent=4475"}],"curies":[{"name":"wp","href":"https:\/\/api.w.org\/{rel}","templated":true}]}}