{"id":4472,"date":"2026-05-06T15:48:27","date_gmt":"2026-05-06T13:48:27","guid":{"rendered":"https:\/\/wiki.s12.at\/index.php\/frank-kramer\/"},"modified":"2026-05-06T15:48:27","modified_gmt":"2026-05-06T13:48:27","slug":"frank-kramer","status":"publish","type":"page","link":"https:\/\/wiki.s12.at\/index.php\/frank-kramer\/","title":{"rendered":"Frank Kramer"},"content":{"rendered":"<div class=\"mw-parser-output\">\n<div class=\"thumb tright\">\n<div class=\"thumbinner\" style=\"width:302px;\"><a href=\"\/Datei:Frank-Kramer-2015-07.jpg\" class=\"image\"><img fetchpriority=\"high\" alt=\"\" src=\"\/images\/thumb\/1\/15\/Frank-Kramer-2015-07.jpg\/330px-Frank-Kramer-2015-07.jpg%3Futm_source%3Dcommons.wikimedia.org%26utm_campaign%3Dimageinfo%26utm_content%3Dthumbnail\" decoding=\"async\" width=\"300\" height=\"400\" class=\"thumbimage\" srcset=\"\/images\/thumb\/1\/15\/Frank-Kramer-2015-07.jpg\/500px-Frank-Kramer-2015-07.jpg%3Futm_source%3Dcommons.wikimedia.org%26utm_campaign%3Dimageinfo%26utm_content%3Dthumbnail 1.5x, \/images\/thumb\/1\/15\/Frank-Kramer-2015-07.jpg\/960px-Frank-Kramer-2015-07.jpg%3Futm_source%3Dcommons.wikimedia.org%26utm_campaign%3Dimageinfo%26utm_content%3Dthumbnail 2x\" \/><\/a>  <\/p>\n<div class=\"thumbcaption\">\n<div class=\"magnify\"><a href=\"\/Datei:Frank-Kramer-2015-07.jpg\" class=\"internal\" title=\"vergr\u00f6\u00dfern\"><\/a><\/div>\n<p>2015<\/p><\/div>\n<\/div>\n<\/div>\n<p><b>Frank Kramer<\/b> (* 3. Mai 1972 in Memmingen) ist ein deutscher Fu\u00dfballtrainer und ehemaliger Fu\u00dfballspieler, der als Nachfolger von Ernst Tanner Leiter der Akademie FC Red Bull Salzburg ist.\n<\/p>\n<h2><span class=\"mw-headline\" id=\"Stationen_als_Spieler\">Stationen als Spieler<\/span><a href=\"\/index.php?title=Frank_Kramer&amp;action=edit&amp;section=1\" title=\"Abschnitt bearbeiten: Stationen als Spieler\">Bearbeiten<\/a><span class=\"mw-editsection-bracket\">]<\/span><\/span><\/h2>\n<ul>\n<li>FC Memmingen<\/li>\n<li>FC Bayern M\u00fcnchen Amateure<\/li>\n<li>TSV Vestenbergsgreuth<\/li>\n<li>SC Weismain<\/li>\n<li>1. FC N\u00fcrnberg II<\/li>\n<li>SpVgg Greuther F\u00fcrth II<\/li>\n<li>1. SC Feucht \t26 (1)<\/li>\n<li>SpVgg Greuther F\u00fcrth II<\/li>\n<\/ul>\n<h2><span class=\"mw-headline\" id=\"Stationen_als_Trainer\">Stationen als Trainer<\/span><a href=\"\/index.php?title=Frank_Kramer&amp;action=edit&amp;section=2\" title=\"Abschnitt bearbeiten: Stationen als Trainer\">Bearbeiten<\/a><span class=\"mw-editsection-bracket\">]<\/span><\/span><\/h2>\n<ul>\n<li>SpVgg Greuther F\u00fcrth II (Spielertrainer)<\/li>\n<li>SpVgg Greuther F\u00fcrth U-19<\/li>\n<li>SpVgg Greuther F\u00fcrth II<\/li>\n<li>TSG 1899 Hoffenheim II<\/li>\n<li>TSG 1899 Hoffenheim (interim)<\/li>\n<li>SpVgg Greuther F\u00fcrth<\/li>\n<li>Fortuna D\u00fcsseldorf<\/li>\n<li>Deutschland U19<\/li>\n<li>Deutschland U20<\/li>\n<li>Deutschland U18<\/li>\n<li>FC Red Bull Salzburg U19<\/li>\n<li>Arminia Bielefeld<\/li>\n<li>Schalke04<\/li>\n<\/ul>\n<h2><span class=\"mw-headline\" id=\"Besonderes\">Besonderes<\/span><a href=\"\/index.php?title=Frank_Kramer&amp;action=edit&amp;section=3\" title=\"Abschnitt bearbeiten: Besonderes\">Bearbeiten<\/a><span class=\"mw-editsection-bracket\">]<\/span><\/span><\/h2>\n<p>Kramer leitete die Nachwuchsabteilung der Salzburger 2019\/20.\n<\/p>\n<\/div>\n","protected":false},"excerpt":{"rendered":"<p>2015 Frank Kramer (* 3. Mai 1972 in Memmingen) ist ein deutscher Fu\u00dfballtrainer und ehemaliger Fu\u00dfballspieler, der als Nachfolger von Ernst Tanner Leiter der Akademie FC Red Bull Salzburg ist. Stationen als SpielerBearbeiten] FC Memmingen FC Bayern M\u00fcnchen Amateure TSV Vestenbergsgreuth SC Weismain 1. FC N\u00fcrnberg II SpVgg Greuther F\u00fcrth II 1. SC Feucht 26 [&hellip;]<\/p>\n","protected":false},"author":1,"featured_media":0,"parent":0,"menu_order":0,"comment_status":"closed","ping_status":"closed","template":"","meta":{"footnotes":""},"class_list":["post-4472","page","type-page","status-publish","hentry"],"_links":{"self":[{"href":"https:\/\/wiki.s12.at\/index.php\/wp-json\/wp\/v2\/pages\/4472","targetHints":{"allow":["GET"]}}],"collection":[{"href":"https:\/\/wiki.s12.at\/index.php\/wp-json\/wp\/v2\/pages"}],"about":[{"href":"https:\/\/wiki.s12.at\/index.php\/wp-json\/wp\/v2\/types\/page"}],"author":[{"embeddable":true,"href":"https:\/\/wiki.s12.at\/index.php\/wp-json\/wp\/v2\/users\/1"}],"replies":[{"embeddable":true,"href":"https:\/\/wiki.s12.at\/index.php\/wp-json\/wp\/v2\/comments?post=4472"}],"version-history":[{"count":0,"href":"https:\/\/wiki.s12.at\/index.php\/wp-json\/wp\/v2\/pages\/4472\/revisions"}],"wp:attachment":[{"href":"https:\/\/wiki.s12.at\/index.php\/wp-json\/wp\/v2\/media?parent=4472"}],"curies":[{"name":"wp","href":"https:\/\/api.w.org\/{rel}","templated":true}]}}