{"id":4456,"date":"2026-05-06T15:47:44","date_gmt":"2026-05-06T13:47:44","guid":{"rendered":"https:\/\/wiki.s12.at\/index.php\/flavius-daniliuc\/"},"modified":"2026-05-06T15:47:44","modified_gmt":"2026-05-06T13:47:44","slug":"flavius-daniliuc","status":"publish","type":"page","link":"https:\/\/wiki.s12.at\/index.php\/flavius-daniliuc\/","title":{"rendered":"Flavius Daniliuc"},"content":{"rendered":"<div class=\"mw-parser-output\">\n<div class=\"thumb tright\">\n<div class=\"thumbinner\" style=\"width:302px;\"><a href=\"\/Datei:FC_RB_salzburg_gegen_SK_Sturm_Graz_(2024-02-09)_16.jpg\" class=\"image\"><img fetchpriority=\"high\" alt=\"FC RB salzburg gegen SK Sturm Graz (2024-02-09) 16.jpg\" src=\"\/images\/thumb\/d\/dc\/FC_RB_salzburg_gegen_SK_Sturm_Graz_%282024-02-09%29_16.jpg\/330px-FC_RB_salzburg_gegen_SK_Sturm_Graz_%282024-02-09%29_16.jpg%3Futm_source%3Dcommons.wikimedia.org%26utm_campaign%3Dimageinfo%26utm_content%3Dthumbnail\" decoding=\"async\" width=\"300\" height=\"351\" class=\"thumbimage\" srcset=\"\/images\/thumb\/d\/dc\/FC_RB_salzburg_gegen_SK_Sturm_Graz_%282024-02-09%29_16.jpg\/500px-FC_RB_salzburg_gegen_SK_Sturm_Graz_%282024-02-09%29_16.jpg%3Futm_source%3Dcommons.wikimedia.org%26utm_campaign%3Dimageinfo%26utm_content%3Dthumbnail 1.5x, \/images\/thumb\/d\/dc\/FC_RB_salzburg_gegen_SK_Sturm_Graz_%282024-02-09%29_16.jpg\/960px-FC_RB_salzburg_gegen_SK_Sturm_Graz_%282024-02-09%29_16.jpg%3Futm_source%3Dcommons.wikimedia.org%26utm_campaign%3Dimageinfo%26utm_content%3Dthumbnail 2x\" \/><\/a>  <\/p>\n<div class=\"thumbcaption\">\n<div class=\"magnify\"><a href=\"\/Datei:FC_RB_salzburg_gegen_SK_Sturm_Graz_(2024-02-09)_16.jpg\" class=\"internal\" title=\"vergr\u00f6\u00dfern\"><\/a><\/div>\n<\/div>\n<\/div>\n<\/div>\n<ul>\n<li>Name: <b>Flavius Daniliuc<\/b><\/li>\n<li>Geburtstag: 27. April 2001<\/li>\n<li>Geburtsort: Wien<\/li>\n<li>Geburtsland: \u00d6sterreich<\/li>\n<li>Gr\u00f6\u00dfe: 188 cm<\/li>\n<li>Position: Verteidiger<\/li>\n<li>Nationalmannschaft: \u00d6sterreich U15, U16, U17, U18, U21;  \u00d6sterreich<\/li>\n<\/ul>\n<h2><span class=\"mw-headline\" id=\"Stationen\">Stationen<\/span><a href=\"\/index.php?title=Flavius_Daniliuc&amp;action=edit&amp;section=1\" title=\"Abschnitt bearbeiten: Stationen\">Bearbeiten<\/a><span class=\"mw-editsection-bracket\">]<\/span><\/span><\/h2>\n<ul>\n<li>FC Bayern M\u00fcnchen II<\/li>\n<li>OGC Nizza<\/li>\n<li>US Salernitana<\/li>\n<li>FC Red Bull Salzburg (Leihe)<\/li>\n<li>Hellas Verona (Leihe)<\/li>\n<li>FC Basel<\/li>\n<\/ul>\n<h2><span class=\"mw-headline\" id=\"Bilder\">Bilder<\/span><a href=\"\/index.php?title=Flavius_Daniliuc&amp;action=edit&amp;section=2\" title=\"Abschnitt bearbeiten: Bilder\">Bearbeiten<\/a><span class=\"mw-editsection-bracket\">]<\/span><\/span><\/h2>\n<p><img alt=\"\" src=\"\/images\/thumb\/4\/4a\/Commons-logo.svg\/langde-20px-Commons-logo.svg.png%3Futm_source%3Dcommons.wikimedia.org%26utm_campaign%3Dimageinfo%26utm_content%3Dthumbnail\" decoding=\"async\" title=\"Commons\" width=\"12\" height=\"16\" srcset=\"\/images\/thumb\/4\/4a\/Commons-logo.svg\/langde-40px-Commons-logo.svg.png%3Futm_source%3Dcommons.wikimedia.org%26utm_campaign%3Dimageinfo%26utm_content%3Dthumbnail 2x\" \/>&#160;<b><a href=\"http:\/\/commons.wikimedia.org\/wiki\/Category:Flavius_Daniliuc\" class=\"extiw\" title=\"commons:Category:Flavius Daniliuc\">Flavius Daniliuc<\/a><\/b>&#160;\u2013 Sammlung von Bildern, Videos und Audiodateien auf <a href=\"\/Wikimedia_Commons\" title=\"Wikimedia Commons\">Wikimedia Commons<\/a>\n<\/p>\n<\/div>\n","protected":false},"excerpt":{"rendered":"<p>Name: Flavius Daniliuc Geburtstag: 27. April 2001 Geburtsort: Wien Geburtsland: \u00d6sterreich Gr\u00f6\u00dfe: 188 cm Position: Verteidiger Nationalmannschaft: \u00d6sterreich U15, U16, U17, U18, U21; \u00d6sterreich StationenBearbeiten] FC Bayern M\u00fcnchen II OGC Nizza US Salernitana FC Red Bull Salzburg (Leihe) Hellas Verona (Leihe) FC Basel BilderBearbeiten] &#160;Flavius Daniliuc&#160;\u2013 Sammlung von Bildern, Videos und Audiodateien auf Wikimedia Commons<\/p>\n","protected":false},"author":1,"featured_media":0,"parent":0,"menu_order":0,"comment_status":"closed","ping_status":"closed","template":"","meta":{"footnotes":""},"class_list":["post-4456","page","type-page","status-publish","hentry"],"_links":{"self":[{"href":"https:\/\/wiki.s12.at\/index.php\/wp-json\/wp\/v2\/pages\/4456","targetHints":{"allow":["GET"]}}],"collection":[{"href":"https:\/\/wiki.s12.at\/index.php\/wp-json\/wp\/v2\/pages"}],"about":[{"href":"https:\/\/wiki.s12.at\/index.php\/wp-json\/wp\/v2\/types\/page"}],"author":[{"embeddable":true,"href":"https:\/\/wiki.s12.at\/index.php\/wp-json\/wp\/v2\/users\/1"}],"replies":[{"embeddable":true,"href":"https:\/\/wiki.s12.at\/index.php\/wp-json\/wp\/v2\/comments?post=4456"}],"version-history":[{"count":0,"href":"https:\/\/wiki.s12.at\/index.php\/wp-json\/wp\/v2\/pages\/4456\/revisions"}],"wp:attachment":[{"href":"https:\/\/wiki.s12.at\/index.php\/wp-json\/wp\/v2\/media?parent=4456"}],"curies":[{"name":"wp","href":"https:\/\/api.w.org\/{rel}","templated":true}]}}