{"id":4414,"date":"2026-05-06T15:46:38","date_gmt":"2026-05-06T13:46:38","guid":{"rendered":"https:\/\/wiki.s12.at\/index.php\/fabian-windhager\/"},"modified":"2026-05-06T15:46:38","modified_gmt":"2026-05-06T13:46:38","slug":"fabian-windhager","status":"publish","type":"page","link":"https:\/\/wiki.s12.at\/index.php\/fabian-windhager\/","title":{"rendered":"Fabian Windhager"},"content":{"rendered":"<div class=\"mw-parser-output\">\n<div class=\"thumb tright\">\n<div class=\"thumbinner\" style=\"width:302px;\"><a href=\"\/Datei:FC_Liefering_versus._FC_Wacker_Innsbruck_(21._September_2019)_05.jpg\" class=\"image\"><img fetchpriority=\"high\" alt=\"FC Liefering versus. FC Wacker Innsbruck (21. September 2019) 05.jpg\" src=\"\/images\/thumb\/8\/87\/FC_Liefering_versus._FC_Wacker_Innsbruck_%2821._September_2019%29_05.jpg\/330px-FC_Liefering_versus._FC_Wacker_Innsbruck_%2821._September_2019%29_05.jpg%3Futm_source%3Dcommons.wikimedia.org%26utm_campaign%3Dimageinfo%26utm_content%3Dthumbnail\" decoding=\"async\" width=\"300\" height=\"431\" class=\"thumbimage\" srcset=\"\/images\/thumb\/8\/87\/FC_Liefering_versus._FC_Wacker_Innsbruck_%2821._September_2019%29_05.jpg\/500px-FC_Liefering_versus._FC_Wacker_Innsbruck_%2821._September_2019%29_05.jpg%3Futm_source%3Dcommons.wikimedia.org%26utm_campaign%3Dimageinfo%26utm_content%3Dthumbnail 1.5x, \/images\/thumb\/8\/87\/FC_Liefering_versus._FC_Wacker_Innsbruck_%2821._September_2019%29_05.jpg\/960px-FC_Liefering_versus._FC_Wacker_Innsbruck_%2821._September_2019%29_05.jpg%3Futm_source%3Dcommons.wikimedia.org%26utm_campaign%3Dimageinfo%26utm_content%3Dthumbnail 2x\" \/><\/a>  <\/p>\n<div class=\"thumbcaption\">\n<div class=\"magnify\"><a href=\"\/Datei:FC_Liefering_versus._FC_Wacker_Innsbruck_(21._September_2019)_05.jpg\" class=\"internal\" title=\"vergr\u00f6\u00dfern\"><\/a><\/div>\n<\/div>\n<\/div>\n<\/div>\n<ul>\n<li>Name: <b>Fabian Windhager<\/b><\/li>\n<li>Geburtstag: 7. September 2001<\/li>\n<li>Geburtsort:<\/li>\n<li>Geburtsland: \u00d6sterreich<\/li>\n<li>Nationalit\u00e4t: \u00d6sterreicher <a href=\"\/Datei:Flag_of_Austria.svg\" class=\"image\" title=\"\u00d6sterreicher\"><img alt=\"\u00d6sterreicher\" src=\"\/images\/thumb\/4\/41\/Flag_of_Austria.svg\/langde-20px-Flag_of_Austria.svg.png%3Futm_source%3Dcommons.wikimedia.org%26utm_campaign%3Dimageinfo%26utm_content%3Dthumbnail\" decoding=\"async\" width=\"20\" height=\"13\" srcset=\"\/images\/thumb\/4\/41\/Flag_of_Austria.svg\/langde-40px-Flag_of_Austria.svg.png%3Futm_source%3Dcommons.wikimedia.org%26utm_campaign%3Dimageinfo%26utm_content%3Dthumbnail 1.5x\" \/><\/a><\/li>\n<li>Position: Verteidiger<\/li>\n<\/ul>\n<p>\n<\/p>\n<h2><span class=\"mw-headline\" id=\"Stationen\">Stationen<\/span><a href=\"\/index.php?title=Fabian_Windhager&amp;action=edit&amp;section=1\" title=\"Abschnitt bearbeiten: Stationen\">Bearbeiten<\/a><span class=\"mw-editsection-bracket\">]<\/span><\/span><\/h2>\n<ul>\n<li>Mattighofen<\/li>\n<li>Red Bull Salzburg (Jugend)<\/li>\n<li>Akademie Red Bull Salzburg (U15, U16, U18)<\/li>\n<li>FC Liefering<\/li>\n<li>USK Anif (Leihe)<\/li>\n<li>FC Blau-Wei\u00df Linz<\/li>\n<li>SV Austria Salzburg<\/li>\n<\/ul>\n<h2><span class=\"mw-headline\" id=\"Bilder\">Bilder<\/span><a href=\"\/index.php?title=Fabian_Windhager&amp;action=edit&amp;section=2\" title=\"Abschnitt bearbeiten: Bilder\">Bearbeiten<\/a><span class=\"mw-editsection-bracket\">]<\/span><\/span><\/h2>\n<p><img alt=\"\" src=\"\/images\/thumb\/4\/4a\/Commons-logo.svg\/langde-20px-Commons-logo.svg.png%3Futm_source%3Dcommons.wikimedia.org%26utm_campaign%3Dimageinfo%26utm_content%3Dthumbnail\" decoding=\"async\" title=\"Commons\" width=\"12\" height=\"16\" srcset=\"\/images\/thumb\/4\/4a\/Commons-logo.svg\/langde-40px-Commons-logo.svg.png%3Futm_source%3Dcommons.wikimedia.org%26utm_campaign%3Dimageinfo%26utm_content%3Dthumbnail 2x\" \/>&#160;<b><a href=\"http:\/\/commons.wikimedia.org\/wiki\/Category:Fabian_Windhager\" class=\"extiw\" title=\"commons:Category:Fabian Windhager\">Fabian Windhager<\/a><\/b>&#160;\u2013 Sammlung von Bildern, Videos und Audiodateien auf <a href=\"\/Wikimedia_Commons\" title=\"Wikimedia Commons\">Wikimedia Commons<\/a>\n<\/p>\n<\/div>\n","protected":false},"excerpt":{"rendered":"<p>Name: Fabian Windhager Geburtstag: 7. September 2001 Geburtsort: Geburtsland: \u00d6sterreich Nationalit\u00e4t: \u00d6sterreicher Position: Verteidiger StationenBearbeiten] Mattighofen Red Bull Salzburg (Jugend) Akademie Red Bull Salzburg (U15, U16, U18) FC Liefering USK Anif (Leihe) FC Blau-Wei\u00df Linz SV Austria Salzburg BilderBearbeiten] &#160;Fabian Windhager&#160;\u2013 Sammlung von Bildern, Videos und Audiodateien auf Wikimedia Commons<\/p>\n","protected":false},"author":1,"featured_media":0,"parent":0,"menu_order":0,"comment_status":"closed","ping_status":"closed","template":"","meta":{"footnotes":""},"class_list":["post-4414","page","type-page","status-publish","hentry"],"_links":{"self":[{"href":"https:\/\/wiki.s12.at\/index.php\/wp-json\/wp\/v2\/pages\/4414","targetHints":{"allow":["GET"]}}],"collection":[{"href":"https:\/\/wiki.s12.at\/index.php\/wp-json\/wp\/v2\/pages"}],"about":[{"href":"https:\/\/wiki.s12.at\/index.php\/wp-json\/wp\/v2\/types\/page"}],"author":[{"embeddable":true,"href":"https:\/\/wiki.s12.at\/index.php\/wp-json\/wp\/v2\/users\/1"}],"replies":[{"embeddable":true,"href":"https:\/\/wiki.s12.at\/index.php\/wp-json\/wp\/v2\/comments?post=4414"}],"version-history":[{"count":0,"href":"https:\/\/wiki.s12.at\/index.php\/wp-json\/wp\/v2\/pages\/4414\/revisions"}],"wp:attachment":[{"href":"https:\/\/wiki.s12.at\/index.php\/wp-json\/wp\/v2\/media?parent=4414"}],"curies":[{"name":"wp","href":"https:\/\/api.w.org\/{rel}","templated":true}]}}