{"id":4412,"date":"2026-05-06T15:46:35","date_gmt":"2026-05-06T13:46:35","guid":{"rendered":"https:\/\/wiki.s12.at\/index.php\/fabian-bredlow\/"},"modified":"2026-05-06T15:46:35","modified_gmt":"2026-05-06T13:46:35","slug":"fabian-bredlow","status":"publish","type":"page","link":"https:\/\/wiki.s12.at\/index.php\/fabian-bredlow\/","title":{"rendered":"Fabian Bredlow"},"content":{"rendered":"<div class=\"mw-parser-output\">\n<div class=\"thumb tright\">\n<div class=\"thumbinner\" style=\"width:302px;\"><a href=\"\/Datei:Testspiel_Red_Bull_Salzburg_vs._Schachtar_Donezk_05.JPG\" class=\"image\"><img fetchpriority=\"high\" alt=\"\" src=\"\/images\/thumb\/d\/d6\/Testspiel_Red_Bull_Salzburg_vs._Schachtar_Donezk_05.JPG\/330px-Testspiel_Red_Bull_Salzburg_vs._Schachtar_Donezk_05.JPG%3Futm_source%3Dcommons.wikimedia.org%26utm_campaign%3Dimageinfo%26utm_content%3Dthumbnail\" decoding=\"async\" width=\"300\" height=\"291\" class=\"thumbimage\" srcset=\"\/images\/thumb\/d\/d6\/Testspiel_Red_Bull_Salzburg_vs._Schachtar_Donezk_05.JPG\/500px-Testspiel_Red_Bull_Salzburg_vs._Schachtar_Donezk_05.JPG%3Futm_source%3Dcommons.wikimedia.org%26utm_campaign%3Dimageinfo%26utm_content%3Dthumbnail 1.5x, \/images\/thumb\/d\/d6\/Testspiel_Red_Bull_Salzburg_vs._Schachtar_Donezk_05.JPG\/960px-Testspiel_Red_Bull_Salzburg_vs._Schachtar_Donezk_05.JPG%3Futm_source%3Dcommons.wikimedia.org%26utm_campaign%3Dimageinfo%26utm_content%3Dthumbnail 2x\" \/><\/a>  <\/p>\n<div class=\"thumbcaption\">\n<div class=\"magnify\"><a href=\"\/Datei:Testspiel_Red_Bull_Salzburg_vs._Schachtar_Donezk_05.JPG\" class=\"internal\" title=\"vergr\u00f6\u00dfern\"><\/a><\/div>\n<p>Wikimedia Commons<\/p><\/div>\n<\/div>\n<\/div>\n<ul>\n<li>Name: <b>Fabian Bredlow<\/b><\/li>\n<li>Geburtstag: 2. M\u00e4rz 1995<\/li>\n<li>Geburtsort:<\/li>\n<li>Geburtsland: Deutschland<\/li>\n<li>Nationalit\u00e4t: Deutscher <a href=\"\/Datei:Flag_of_Germany.svg\" class=\"image\" title=\"Deutscher\"><img alt=\"Deutscher\" src=\"\/images\/thumb\/b\/ba\/Flag_of_Germany.svg\/langde-20px-Flag_of_Germany.svg.png%3Futm_source%3Dcommons.wikimedia.org%26utm_campaign%3Dimageinfo%26utm_content%3Dthumbnail\" decoding=\"async\" width=\"20\" height=\"12\" srcset=\"\/images\/thumb\/b\/ba\/Flag_of_Germany.svg\/langde-40px-Flag_of_Germany.svg.png%3Futm_source%3Dcommons.wikimedia.org%26utm_campaign%3Dimageinfo%26utm_content%3Dthumbnail 1.5x\" \/><\/a><\/li>\n<li>Gr\u00f6\u00dfe 191 cm<\/li>\n<li>Position: Torh\u00fcter<\/li>\n<li>Nationalmannschaft: Deutschland U19<\/li>\n<\/ul>\n<h2><span class=\"mw-headline\" id=\"Stationen\">Stationen<\/span><a href=\"\/index.php?title=Fabian_Bredlow&amp;action=edit&amp;section=1\" title=\"Abschnitt bearbeiten: Stationen\">Bearbeiten<\/a><span class=\"mw-editsection-bracket\">]<\/span><\/span><\/h2>\n<ul>\n<li>Hertha 03 Zehlendorf<\/li>\n<li>RB Leipzig (U 19)<\/li>\n<li>FC Liefering (2014-2015)<\/li>\n<li>Hallescher FC (2015 &#8211; 2017 )<\/li>\n<li>1. FC N\u00fcrnberg (2017 -2019)<\/li>\n<li>VfB Stuttgart (2019- )<\/li>\n<\/ul>\n<h2><span class=\"mw-headline\" id=\"Bilder\">Bilder<\/span><a href=\"\/index.php?title=Fabian_Bredlow&amp;action=edit&amp;section=2\" title=\"Abschnitt bearbeiten: Bilder\">Bearbeiten<\/a><span class=\"mw-editsection-bracket\">]<\/span><\/span><\/h2>\n<p><img alt=\"\" src=\"\/images\/thumb\/4\/4a\/Commons-logo.svg\/langde-20px-Commons-logo.svg.png%3Futm_source%3Dcommons.wikimedia.org%26utm_campaign%3Dimageinfo%26utm_content%3Dthumbnail\" decoding=\"async\" title=\"Commons\" width=\"12\" height=\"16\" srcset=\"\/images\/thumb\/4\/4a\/Commons-logo.svg\/langde-40px-Commons-logo.svg.png%3Futm_source%3Dcommons.wikimedia.org%26utm_campaign%3Dimageinfo%26utm_content%3Dthumbnail 2x\" \/>&#160;<b><a href=\"http:\/\/commons.wikimedia.org\/wiki\/Category:Fabian_Bredlow\" class=\"extiw\" title=\"commons:Category:Fabian Bredlow\">Fabian Bredlow<\/a><\/b>&#160;\u2013 Sammlung von Bildern, Videos und Audiodateien auf <a href=\"\/Wikimedia_Commons\" title=\"Wikimedia Commons\">Wikimedia Commons<\/a>\n<\/p>\n<\/div>\n","protected":false},"excerpt":{"rendered":"<p>Wikimedia Commons Name: Fabian Bredlow Geburtstag: 2. M\u00e4rz 1995 Geburtsort: Geburtsland: Deutschland Nationalit\u00e4t: Deutscher Gr\u00f6\u00dfe 191 cm Position: Torh\u00fcter Nationalmannschaft: Deutschland U19 StationenBearbeiten] Hertha 03 Zehlendorf RB Leipzig (U 19) FC Liefering (2014-2015) Hallescher FC (2015 &#8211; 2017 ) 1. FC N\u00fcrnberg (2017 -2019) VfB Stuttgart (2019- ) BilderBearbeiten] &#160;Fabian Bredlow&#160;\u2013 Sammlung von Bildern, Videos [&hellip;]<\/p>\n","protected":false},"author":1,"featured_media":0,"parent":0,"menu_order":0,"comment_status":"closed","ping_status":"closed","template":"","meta":{"footnotes":""},"class_list":["post-4412","page","type-page","status-publish","hentry"],"_links":{"self":[{"href":"https:\/\/wiki.s12.at\/index.php\/wp-json\/wp\/v2\/pages\/4412","targetHints":{"allow":["GET"]}}],"collection":[{"href":"https:\/\/wiki.s12.at\/index.php\/wp-json\/wp\/v2\/pages"}],"about":[{"href":"https:\/\/wiki.s12.at\/index.php\/wp-json\/wp\/v2\/types\/page"}],"author":[{"embeddable":true,"href":"https:\/\/wiki.s12.at\/index.php\/wp-json\/wp\/v2\/users\/1"}],"replies":[{"embeddable":true,"href":"https:\/\/wiki.s12.at\/index.php\/wp-json\/wp\/v2\/comments?post=4412"}],"version-history":[{"count":0,"href":"https:\/\/wiki.s12.at\/index.php\/wp-json\/wp\/v2\/pages\/4412\/revisions"}],"wp:attachment":[{"href":"https:\/\/wiki.s12.at\/index.php\/wp-json\/wp\/v2\/media?parent=4412"}],"curies":[{"name":"wp","href":"https:\/\/api.w.org\/{rel}","templated":true}]}}