{"id":4337,"date":"2026-05-06T15:43:39","date_gmt":"2026-05-06T13:43:39","guid":{"rendered":"https:\/\/wiki.s12.at\/index.php\/fc-salzburg-in-der-uefa-youth-league\/"},"modified":"2026-05-06T15:43:39","modified_gmt":"2026-05-06T13:43:39","slug":"fc-salzburg-in-der-uefa-youth-league","status":"publish","type":"page","link":"https:\/\/wiki.s12.at\/index.php\/fc-salzburg-in-der-uefa-youth-league\/","title":{"rendered":"FC Salzburg in der UEFA Youth League"},"content":{"rendered":"<div class=\"mw-parser-output\">\n<p><b>FC Salzburg in der UEFA Youth League<\/b> zeigt die Ergebnisse der Salzburger in der UEFA Youth League.\n<\/p>\n<h2><span id=\"Saison_2013.2F14_und_Saison_2014.2F15\"><\/span><span class=\"mw-headline\" id=\"Saison_2013\/14_und_Saison_2014\/15\">Saison 2013\/14 und Saison 2014\/15<\/span><a href=\"\/index.php?title=FC_Salzburg_in_der_UEFA_Youth_League&amp;action=edit&amp;section=1\" title=\"Abschnitt bearbeiten: Saison 2013\/14 und Saison 2014\/15\">Bearbeiten<\/a><span class=\"mw-editsection-bracket\">]<\/span><\/span><\/h2>\n<p>Keine Teilnahme, da nur die U19- Mannschaften der Championsleague-Teilnehmer spielberechtigt waren.\n<\/p>\n<h2><span id=\"Saison_2015.2F16\"><\/span><span class=\"mw-headline\" id=\"Saison_2015\/16\">Saison 2015\/16<\/span><a href=\"\/index.php?title=FC_Salzburg_in_der_UEFA_Youth_League&amp;action=edit&amp;section=2\" title=\"Abschnitt bearbeiten: Saison 2015\/16\">Bearbeiten<\/a><span class=\"mw-editsection-bracket\">]<\/span><\/span><\/h2>\n<p>Neben den Championsleague-Teilnehmern spielten die  32 Jugendmeister der st\u00e4rksten Nationen der UEFA  im Bewerb.  War eine Mannschaft bereits \u00fcber den Champions-League-Weg f\u00fcr diese Saison qualifiziert, r\u00fcckte automatisch der Jugendmeister der n\u00e4chsten Nation der F\u00fcnfjahreswertung nach.\n<\/p>\n<h3><span class=\"mw-headline\" id=\"1._Runde_Meisterweg\">1. Runde Meisterweg<\/span><a href=\"\/index.php?title=FC_Salzburg_in_der_UEFA_Youth_League&amp;action=edit&amp;section=3\" title=\"Abschnitt bearbeiten: 1. Runde Meisterweg\">Bearbeiten<\/a><span class=\"mw-editsection-bracket\">]<\/span><\/span><\/h3>\n<ul>\n<li>FC Salzburg gegen FK \u017deljezni\u010dar Sarajevo  5:2 (4:0; 1:2)<\/li>\n<\/ul>\n<h3><span class=\"mw-headline\" id=\"2._Runde_Meisterweg\">2. Runde Meisterweg<\/span><a href=\"\/index.php?title=FC_Salzburg_in_der_UEFA_Youth_League&amp;action=edit&amp;section=4\" title=\"Abschnitt bearbeiten: 2. Runde Meisterweg\">Bearbeiten<\/a><span class=\"mw-editsection-bracket\">]<\/span><\/span><\/h3>\n<ul>\n<li>Be\u015fikta\u015f Istanbul   gegen   FC Salzburg 2:5 (1:0;1:5 )<\/li>\n<\/ul>\n<h3><span class=\"mw-headline\" id=\"Play_off\">Play off<\/span><a href=\"\/index.php?title=FC_Salzburg_in_der_UEFA_Youth_League&amp;action=edit&amp;section=5\" title=\"Abschnitt bearbeiten: Play off\">Bearbeiten<\/a><span class=\"mw-editsection-bracket\">]<\/span><\/span><\/h3>\n<ul>\n<li>FC Salzburg gegen AS Rom 0:4<\/li>\n<\/ul>\n<ul class=\"gallery mw-gallery-traditional\">\n<li class=\"gallerybox\" style=\"width: 155px\">\n<div style=\"width: 155px\">\n<div class=\"thumb\" style=\"width: 150px;\">\n<div style=\"margin:38px auto;\"><a href=\"\/Datei:FC_Salzburg_gegen_FK_Zeljeznicar_Sarajewo_21.JPG\" class=\"image\" title=\"FK Zeljeznicar Sarajewo\"><img alt=\"FK Zeljeznicar Sarajewo\" src=\"\/images\/thumb\/a\/ae\/FC_Salzburg_gegen_FK_Zeljeznicar_Sarajewo_21.JPG\/120px-FC_Salzburg_gegen_FK_Zeljeznicar_Sarajewo_21.JPG%3Futm_source%3Dcommons.wikimedia.org%26utm_campaign%3Dimageinfo%26utm_content%3Dthumbnail\" decoding=\"async\" width=\"120\" height=\"74\" srcset=\"\/images\/thumb\/a\/ae\/FC_Salzburg_gegen_FK_Zeljeznicar_Sarajewo_21.JPG\/250px-FC_Salzburg_gegen_FK_Zeljeznicar_Sarajewo_21.JPG%3Futm_source%3Dcommons.wikimedia.org%26utm_campaign%3Dimageinfo%26utm_content%3Dthumbnail 1.5x\" \/><\/a><\/div>\n<\/div>\n<div class=\"gallerytext\">\n<p>FK Zeljeznicar Sarajewo\n<\/p>\n<\/p><\/div>\n<\/p><\/div>\n<\/li>\n<li class=\"gallerybox\" style=\"width: 155px\">\n<div style=\"width: 155px\">\n<div class=\"thumb\" style=\"width: 150px;\">\n<div style=\"margin:41.5px auto;\"><a href=\"\/Datei:UEFA_Youth_League_FC_Salzburg_vs._AS_Roma_22.JPG\" class=\"image\" title=\"AS Roma\"><img alt=\"AS Roma\" src=\"\/images\/thumb\/3\/39\/UEFA_Youth_League_FC_Salzburg_vs._AS_Roma_22.JPG\/120px-UEFA_Youth_League_FC_Salzburg_vs._AS_Roma_22.JPG%3Futm_source%3Dcommons.wikimedia.org%26utm_campaign%3Dimageinfo%26utm_content%3Dthumbnail\" decoding=\"async\" width=\"120\" height=\"67\" srcset=\"\/images\/thumb\/3\/39\/UEFA_Youth_League_FC_Salzburg_vs._AS_Roma_22.JPG\/250px-UEFA_Youth_League_FC_Salzburg_vs._AS_Roma_22.JPG%3Futm_source%3Dcommons.wikimedia.org%26utm_campaign%3Dimageinfo%26utm_content%3Dthumbnail 1.5x\" \/><\/a><\/div>\n<\/div>\n<div class=\"gallerytext\">\n<p>AS Roma\n<\/p>\n<\/p><\/div>\n<\/p><\/div>\n<\/li>\n<\/ul>\n<h2><span id=\"Saison_2016.2F17\"><\/span><span class=\"mw-headline\" id=\"Saison_2016\/17\">Saison 2016\/17<\/span><a href=\"\/index.php?title=FC_Salzburg_in_der_UEFA_Youth_League&amp;action=edit&amp;section=6\" title=\"Abschnitt bearbeiten: Saison 2016\/17\">Bearbeiten<\/a><span class=\"mw-editsection-bracket\">]<\/span><\/span><\/h2>\n<h3><span class=\"mw-headline\" id=\"1._Runde_Meisterweg_2\">1. Runde Meisterweg<\/span><a href=\"\/index.php?title=FC_Salzburg_in_der_UEFA_Youth_League&amp;action=edit&amp;section=7\" title=\"Abschnitt bearbeiten: 1. Runde Meisterweg\">Bearbeiten<\/a><span class=\"mw-editsection-bracket\">]<\/span><\/span><\/h3>\n<ul>\n<li>FC Salzburg gegen  Vardar Skopje 8:0 (5:0;3:0)<\/li>\n<\/ul>\n<h3><span class=\"mw-headline\" id=\"2._Runde_Meisterweg_2\">2. Runde Meisterweg<\/span><a href=\"\/index.php?title=FC_Salzburg_in_der_UEFA_Youth_League&amp;action=edit&amp;section=8\" title=\"Abschnitt bearbeiten: 2. Runde Meisterweg\">Bearbeiten<\/a><span class=\"mw-editsection-bracket\">]<\/span><\/span><\/h3>\n<ul>\n<li>FC Salzburg gegen  FK Qairat Almaty 9:1 (8:1;1:0)<\/li>\n<\/ul>\n<h3><span class=\"mw-headline\" id=\"Play_off_2\">Play off<\/span><a href=\"\/index.php?title=FC_Salzburg_in_der_UEFA_Youth_League&amp;action=edit&amp;section=9\" title=\"Abschnitt bearbeiten: Play off\">Bearbeiten<\/a><span class=\"mw-editsection-bracket\">]<\/span><\/span><\/h3>\n<ul>\n<li>FC Salzburg gegen  Manchester City 1:1 (4:3 im Elfmeterschie\u00dfen)<\/li>\n<\/ul>\n<h3><span class=\"mw-headline\" id=\"Achtelfinale\">Achtelfinale<\/span><a href=\"\/index.php?title=FC_Salzburg_in_der_UEFA_Youth_League&amp;action=edit&amp;section=10\" title=\"Abschnitt bearbeiten: Achtelfinale\">Bearbeiten<\/a><span class=\"mw-editsection-bracket\">]<\/span><\/span><\/h3>\n<ul>\n<li>FC Salzburg gegen  Paris Saint-Germain 5:0<\/li>\n<\/ul>\n<h3><span class=\"mw-headline\" id=\"Viertelfinale\">Viertelfinale<\/span><a href=\"\/index.php?title=FC_Salzburg_in_der_UEFA_Youth_League&amp;action=edit&amp;section=11\" title=\"Abschnitt bearbeiten: Viertelfinale\">Bearbeiten<\/a><span class=\"mw-editsection-bracket\">]<\/span><\/span><\/h3>\n<ul>\n<li>FC Salzburg gegen Atl\u00e9tico Madrid 2:1<\/li>\n<\/ul>\n<h3><span class=\"mw-headline\" id=\"Halbfinale\">Halbfinale<\/span><a href=\"\/index.php?title=FC_Salzburg_in_der_UEFA_Youth_League&amp;action=edit&amp;section=12\" title=\"Abschnitt bearbeiten: Halbfinale\">Bearbeiten<\/a><span class=\"mw-editsection-bracket\">]<\/span><\/span><\/h3>\n<ul>\n<li>FC Barcelona gegen  FC Salzburg 1:2<\/li>\n<\/ul>\n<h3><span class=\"mw-headline\" id=\"Finale\">Finale<\/span><a href=\"\/index.php?title=FC_Salzburg_in_der_UEFA_Youth_League&amp;action=edit&amp;section=13\" title=\"Abschnitt bearbeiten: Finale\">Bearbeiten<\/a><span class=\"mw-editsection-bracket\">]<\/span><\/span><\/h3>\n<ul>\n<li>Benfica Lissabon gegen FC Salzburg 1:2<\/li>\n<\/ul>\n<ul class=\"gallery mw-gallery-traditional\">\n<li class=\"gallerybox\" style=\"width: 155px\">\n<div style=\"width: 155px\">\n<div class=\"thumb\" style=\"width: 150px;\">\n<div style=\"margin:24px auto;\"><a href=\"\/Datei:FC_Red_Bull_Salzburg_versus_Atletico_Madrid_(UEFA_Youth_League_7._M%C3%A4rz_2017)_02.jpg\" class=\"image\" title=\"Atletico Madrid\"><img alt=\"Atletico Madrid\" src=\"\/images\/thumb\/7\/79\/FC_Red_Bull_Salzburg_versus_Atletico_Madrid_%28UEFA_Youth_League_7._M%C3%A4rz_2017%29_02.jpg\/120px-FC_Red_Bull_Salzburg_versus_Atletico_Madrid_%28UEFA_Youth_League_7._M%C3%A4rz_2017%29_02.jpg%3Futm_source%3Dcommons.wikimedia.org%26utm_campaign%3Dimageinfo%26utm_content%3Dthumbnail\" decoding=\"async\" width=\"120\" height=\"102\" srcset=\"\/images\/thumb\/7\/79\/FC_Red_Bull_Salzburg_versus_Atletico_Madrid_%28UEFA_Youth_League_7._M%C3%A4rz_2017%29_02.jpg\/250px-FC_Red_Bull_Salzburg_versus_Atletico_Madrid_%28UEFA_Youth_League_7._M%C3%A4rz_2017%29_02.jpg%3Futm_source%3Dcommons.wikimedia.org%26utm_campaign%3Dimageinfo%26utm_content%3Dthumbnail 1.5x\" \/><\/a><\/div>\n<\/div>\n<div class=\"gallerytext\">\n<p>Atletico Madrid\n<\/p>\n<\/p><\/div>\n<\/p><\/div>\n<\/li>\n<li class=\"gallerybox\" style=\"width: 155px\">\n<div style=\"width: 155px\">\n<div class=\"thumb\" style=\"width: 150px;\">\n<div style=\"margin:26.5px auto;\"><a href=\"\/Datei:Youth_League_FC_Salzburg_gegen_Manchester_City_FC_(8._Februar_2017)_14.jpg\" class=\"image\" title=\"Manchester City\"><img loading=\"lazy\" alt=\"Manchester City\" src=\"\/images\/thumb\/8\/88\/Youth_League_FC_Salzburg_gegen_Manchester_City_FC_%288._Februar_2017%29_14.jpg\/120px-Youth_League_FC_Salzburg_gegen_Manchester_City_FC_%288._Februar_2017%29_14.jpg%3Futm_source%3Dcommons.wikimedia.org%26utm_campaign%3Dimageinfo%26utm_content%3Dthumbnail\" decoding=\"async\" width=\"120\" height=\"97\" srcset=\"\/images\/thumb\/8\/88\/Youth_League_FC_Salzburg_gegen_Manchester_City_FC_%288._Februar_2017%29_14.jpg\/250px-Youth_League_FC_Salzburg_gegen_Manchester_City_FC_%288._Februar_2017%29_14.jpg%3Futm_source%3Dcommons.wikimedia.org%26utm_campaign%3Dimageinfo%26utm_content%3Dthumbnail 1.5x\" \/><\/a><\/div>\n<\/div>\n<div class=\"gallerytext\">\n<p>Manchester City\n<\/p>\n<\/p><\/div>\n<\/p><\/div>\n<\/li>\n<li class=\"gallerybox\" style=\"width: 155px\">\n<div style=\"width: 155px\">\n<div class=\"thumb\" style=\"width: 150px;\">\n<div style=\"margin:35.5px auto;\"><a href=\"\/Datei:FC_Salzburg_gegen_Paris_St._Germain_(UEFA_Youth_League-21._Februar_2017)_23.jpg\" class=\"image\" title=\"Paris Saint Germain\"><img loading=\"lazy\" alt=\"Paris Saint Germain\" src=\"\/images\/thumb\/0\/07\/FC_Salzburg_gegen_Paris_St._Germain_%28UEFA_Youth_League-21._Februar_2017%29_23.jpg\/120px-FC_Salzburg_gegen_Paris_St._Germain_%28UEFA_Youth_League-21._Februar_2017%29_23.jpg%3Futm_source%3Dcommons.wikimedia.org%26utm_campaign%3Dimageinfo%26utm_content%3Dthumbnail\" decoding=\"async\" width=\"120\" height=\"79\" srcset=\"\/images\/thumb\/0\/07\/FC_Salzburg_gegen_Paris_St._Germain_%28UEFA_Youth_League-21._Februar_2017%29_23.jpg\/250px-FC_Salzburg_gegen_Paris_St._Germain_%28UEFA_Youth_League-21._Februar_2017%29_23.jpg%3Futm_source%3Dcommons.wikimedia.org%26utm_campaign%3Dimageinfo%26utm_content%3Dthumbnail 1.5x\" \/><\/a><\/div>\n<\/div>\n<div class=\"gallerytext\">\n<p>Paris Saint Germain\n<\/p>\n<\/p><\/div>\n<\/p><\/div>\n<\/li>\n<\/ul>\n<h2><span id=\"Saison_2017.2F18\"><\/span><span class=\"mw-headline\" id=\"Saison_2017\/18\">Saison 2017\/18<\/span><a href=\"\/index.php?title=FC_Salzburg_in_der_UEFA_Youth_League&amp;action=edit&amp;section=14\" title=\"Abschnitt bearbeiten: Saison 2017\/18\">Bearbeiten<\/a><span class=\"mw-editsection-bracket\">]<\/span><\/span><\/h2>\n<h3><span class=\"mw-headline\" id=\"1._Runde_Meisterweg_3\">1. Runde Meisterweg<\/span><a href=\"\/index.php?title=FC_Salzburg_in_der_UEFA_Youth_League&amp;action=edit&amp;section=15\" title=\"Abschnitt bearbeiten: 1. Runde Meisterweg\">Bearbeiten<\/a><span class=\"mw-editsection-bracket\">]<\/span><\/span><\/h3>\n<ul>\n<li>Girondins Bordeaux gegen  FC Salzburg 0:5 \t(0:1; 0:4 )<\/li>\n<\/ul>\n<h3><span class=\"mw-headline\" id=\"2._Runde_Meisterweg_3\">2. Runde Meisterweg<\/span><a href=\"\/index.php?title=FC_Salzburg_in_der_UEFA_Youth_League&amp;action=edit&amp;section=16\" title=\"Abschnitt bearbeiten: 2. Runde Meisterweg\">Bearbeiten<\/a><span class=\"mw-editsection-bracket\">]<\/span><\/span><\/h3>\n<ul>\n<li>Sparta Prag gegen  FC Salzburg   2:6 \t(2:4; 0:2)<\/li>\n<\/ul>\n<h3><span class=\"mw-headline\" id=\"Play_off_3\">Play off<\/span><a href=\"\/index.php?title=FC_Salzburg_in_der_UEFA_Youth_League&amp;action=edit&amp;section=17\" title=\"Abschnitt bearbeiten: Play off\">Bearbeiten<\/a><span class=\"mw-editsection-bracket\">]<\/span><\/span><\/h3>\n<p>FC Salzburg gegen  Sporting Lissabon 5:2\n<\/p>\n<h3><span class=\"mw-headline\" id=\"Achtelfinale_2\">Achtelfinale<\/span><a href=\"\/index.php?title=FC_Salzburg_in_der_UEFA_Youth_League&amp;action=edit&amp;section=18\" title=\"Abschnitt bearbeiten: Achtelfinale\">Bearbeiten<\/a><span class=\"mw-editsection-bracket\">]<\/span><\/span><\/h3>\n<ul>\n<li>FC Porto  gegen FC Salzburg 3:1<\/li>\n<\/ul>\n<ul class=\"gallery mw-gallery-traditional\">\n<li class=\"gallerybox\" style=\"width: 155px\">\n<div style=\"width: 155px\">\n<div class=\"thumb\" style=\"width: 150px;\">\n<div style=\"margin:22px auto;\"><a href=\"\/Datei:FC_Salzburg_versus_Sporting_Lissabon_(UEFA_Youth_League_Play_off,_7._Februar_2018).jpg_04.jpg\" class=\"image\" title=\"Sporting Lissabon\"><img loading=\"lazy\" alt=\"Sporting Lissabon\" src=\"\/images\/thumb\/4\/45\/FC_Salzburg_versus_Sporting_Lissabon_%28UEFA_Youth_League_Play_off%2C_7._Februar_2018%29.jpg_04.jpg\/120px-FC_Salzburg_versus_Sporting_Lissabon_%28UEFA_Youth_League_Play_off%2C_7._Februar_2018%29.jpg_04.jpg%3Futm_source%3Dcommons.wikimedia.org%26utm_campaign%3Dimageinfo%26utm_content%3Dthumbnail\" decoding=\"async\" width=\"120\" height=\"106\" srcset=\"\/images\/thumb\/4\/45\/FC_Salzburg_versus_Sporting_Lissabon_%28UEFA_Youth_League_Play_off%2C_7._Februar_2018%29.jpg_04.jpg\/250px-FC_Salzburg_versus_Sporting_Lissabon_%28UEFA_Youth_League_Play_off%2C_7._Februar_2018%29.jpg_04.jpg%3Futm_source%3Dcommons.wikimedia.org%26utm_campaign%3Dimageinfo%26utm_content%3Dthumbnail 1.5x\" \/><\/a><\/div>\n<\/div>\n<div class=\"gallerytext\">\n<p>Sporting Lissabon\n<\/p>\n<\/p><\/div>\n<\/p><\/div>\n<\/li>\n<li class=\"gallerybox\" style=\"width: 155px\">\n<div style=\"width: 155px\">\n<div class=\"thumb\" style=\"width: 150px;\">\n<div style=\"margin:39px auto;\"><a href=\"\/Datei:FC_Salzburg_gegen_Sporting_Lissabon_(UEFA_Youth_League_Play_off,_7._Februar_2018)_23.jpg\" class=\"image\" title=\"Sporting Lissabon\"><img loading=\"lazy\" alt=\"Sporting Lissabon\" src=\"\/images\/thumb\/2\/2f\/FC_Salzburg_gegen_Sporting_Lissabon_%28UEFA_Youth_League_Play_off%2C_7._Februar_2018%29_23.jpg\/120px-FC_Salzburg_gegen_Sporting_Lissabon_%28UEFA_Youth_League_Play_off%2C_7._Februar_2018%29_23.jpg%3Futm_source%3Dcommons.wikimedia.org%26utm_campaign%3Dimageinfo%26utm_content%3Dthumbnail\" decoding=\"async\" width=\"120\" height=\"72\" srcset=\"\/images\/thumb\/2\/2f\/FC_Salzburg_gegen_Sporting_Lissabon_%28UEFA_Youth_League_Play_off%2C_7._Februar_2018%29_23.jpg\/250px-FC_Salzburg_gegen_Sporting_Lissabon_%28UEFA_Youth_League_Play_off%2C_7._Februar_2018%29_23.jpg%3Futm_source%3Dcommons.wikimedia.org%26utm_campaign%3Dimageinfo%26utm_content%3Dthumbnail 1.5x\" \/><\/a><\/div>\n<\/div>\n<div class=\"gallerytext\">\n<p>Sporting Lissabon\n<\/p>\n<\/p><\/div>\n<\/p><\/div>\n<\/li>\n<li class=\"gallerybox\" style=\"width: 155px\">\n<div style=\"width: 155px\">\n<div class=\"thumb\" style=\"width: 150px;\">\n<div style=\"margin:40px auto;\"><a href=\"\/Datei:FC_Salzburg_gegen_AC_Sparta_Prag_(UEFA_Youth-League_21._November_2017)_09.jpg\" class=\"image\" title=\"Sparta Prag\"><img loading=\"lazy\" alt=\"Sparta Prag\" src=\"\/images\/thumb\/d\/d3\/FC_Salzburg_gegen_AC_Sparta_Prag_%28UEFA_Youth-League_21._November_2017%29_09.jpg\/120px-FC_Salzburg_gegen_AC_Sparta_Prag_%28UEFA_Youth-League_21._November_2017%29_09.jpg%3Futm_source%3Dcommons.wikimedia.org%26utm_campaign%3Dimageinfo%26utm_content%3Dthumbnail\" decoding=\"async\" width=\"120\" height=\"70\" srcset=\"\/images\/thumb\/d\/d3\/FC_Salzburg_gegen_AC_Sparta_Prag_%28UEFA_Youth-League_21._November_2017%29_09.jpg\/250px-FC_Salzburg_gegen_AC_Sparta_Prag_%28UEFA_Youth-League_21._November_2017%29_09.jpg%3Futm_source%3Dcommons.wikimedia.org%26utm_campaign%3Dimageinfo%26utm_content%3Dthumbnail 1.5x\" \/><\/a><\/div>\n<\/div>\n<div class=\"gallerytext\">\n<p>Sparta Prag\n<\/p>\n<\/p><\/div>\n<\/p><\/div>\n<\/li>\n<\/ul>\n<h2><span id=\"Saison_2018.2F19\"><\/span><span class=\"mw-headline\" id=\"Saison_2018\/19\">Saison 2018\/19<\/span><a href=\"\/index.php?title=FC_Salzburg_in_der_UEFA_Youth_League&amp;action=edit&amp;section=19\" title=\"Abschnitt bearbeiten: Saison 2018\/19\">Bearbeiten<\/a><span class=\"mw-editsection-bracket\">]<\/span><\/span><\/h2>\n<p>Keine Teilnahme, da Admira Wacker als \u00f6sterreichischer Meister spielberechtigt war.\n<\/p>\n<h2><span id=\"Saison_2019.2F20\"><\/span><span class=\"mw-headline\" id=\"Saison_2019\/20\">Saison 2019\/20<\/span><a href=\"\/index.php?title=FC_Salzburg_in_der_UEFA_Youth_League&amp;action=edit&amp;section=20\" title=\"Abschnitt bearbeiten: Saison 2019\/20\">Bearbeiten<\/a><span class=\"mw-editsection-bracket\">]<\/span><\/span><\/h2>\n<p>Da sich der FC Salzburg erstmals f\u00fcr die Gruppenphase der Championsleague qualifizierte, spielte auch die U19 erstmals im Champions-League-Weg. Als Gruppenzweiter der Gruppe E qualifizierte sich der FC Salzburg f\u00fcr das Play off.\n<\/p>\n<ul>\n<li>FC Salzburg  gegen  \tKRC Genk 1:1<\/li>\n<li>FC Liverpool gegen FC Salzburg 4:2<\/li>\n<li>FC Salzburg  gegen\tSSC Neapel 7:2<\/li>\n<li>SSC Neapel gegen FC Salzburg 1:5<\/li>\n<li>KRC Genk gegen\tFC Salzburg 0:2<\/li>\n<li>FC Salzburg gegen FC Liverpool 2:3<\/li>\n<\/ul>\n<table style=\"border-style:solid;border-width:1px;border-color:#808080;background-color:#EFEFEF\" cellspacing=\"2\" cellpadding=\"2\" width=\"300px\">\n<tbody>\n<tr bgcolor=\"#EFEFEF\">\n<th>Platz\n<\/th>\n<th>Verein\n<\/th>\n<th>S\n<\/th>\n<th>U\n<\/th>\n<th>N\n<\/th>\n<th>Tore\n<\/th>\n<th>Punkte\n<\/th>\n<\/tr>\n<tr align=\"left\" valign=\"top\" bgcolor=\"#ccffcc\">\n<td align=\"center\">1\n<\/td>\n<td align=\"center\">Liverpool FC\n<\/td>\n<td align=\"center\">4\n<\/td>\n<td align=\"center\">1\n<\/td>\n<td align=\"center\">1\n<\/td>\n<td align=\"center\">17:6\n<\/td>\n<td align=\"center\">13\n<\/td>\n<\/tr>\n<tr align=\"left\" valign=\"top\" bgcolor=\"#ccffcc\">\n<td align=\"center\">2\n<\/td>\n<td align=\"center\">FC Salzburg\n<\/td>\n<td align=\"center\">3\n<\/td>\n<td align=\"center\">1\n<\/td>\n<td align=\"center\">2\n<\/td>\n<td align=\"center\">19:11\n<\/td>\n<td align=\"center\">10\n<\/td>\n<\/tr>\n<tr align=\"left\" valign=\"top\" bgcolor=\"#ccffcc\">\n<td align=\"center\">3\n<\/td>\n<td align=\"center\">KRC Genk\n<\/td>\n<td align=\"center\">2\n<\/td>\n<td align=\"center\">2\n<\/td>\n<td align=\"center\">2\n<\/td>\n<td align=\"center\">5:6\n<\/td>\n<td align=\"center\">8\n<\/td>\n<\/tr>\n<tr align=\"left\" valign=\"top\" bgcolor=\"#ccffcc\">\n<td align=\"center\">4\n<\/td>\n<td align=\"center\">SSC Napoli\n<\/td>\n<td align=\"center\">0\n<\/td>\n<td align=\"center\">2\n<\/td>\n<td align=\"center\">4\n<\/td>\n<td align=\"center\">5:23\n<\/td>\n<td align=\"center\">2\n<\/td>\n<\/tr>\n<\/tbody>\n<\/table>\n<h3><span class=\"mw-headline\" id=\"Play_off_4\">Play off<\/span><a href=\"\/index.php?title=FC_Salzburg_in_der_UEFA_Youth_League&amp;action=edit&amp;section=21\" title=\"Abschnitt bearbeiten: Play off\">Bearbeiten<\/a><span class=\"mw-editsection-bracket\">]<\/span><\/span><\/h3>\n<p>FC Porto gegen FC Salzburg 1:1 (6:7 im Elfmeterschie\u00dfen)\n<\/p>\n<h3><span class=\"mw-headline\" id=\"Achtelfinale_3\">Achtelfinale<\/span><a href=\"\/index.php?title=FC_Salzburg_in_der_UEFA_Youth_League&amp;action=edit&amp;section=22\" title=\"Abschnitt bearbeiten: Achtelfinale\">Bearbeiten<\/a><span class=\"mw-editsection-bracket\">]<\/span><\/span><\/h3>\n<ul>\n<li>FC Salzburg gegen Derby County 4:1<\/li>\n<\/ul>\n<h3><span class=\"mw-headline\" id=\"Viertelfinale_2\">Viertelfinale<\/span><a href=\"\/index.php?title=FC_Salzburg_in_der_UEFA_Youth_League&amp;action=edit&amp;section=23\" title=\"Abschnitt bearbeiten: Viertelfinale\">Bearbeiten<\/a><span class=\"mw-editsection-bracket\">]<\/span><\/span><\/h3>\n<ul>\n<li>FC Salzburg gegen Olympique Lyon 4:3<\/li>\n<\/ul>\n<h3><span class=\"mw-headline\" id=\"Halbfinale_2\">Halbfinale<\/span><a href=\"\/index.php?title=FC_Salzburg_in_der_UEFA_Youth_League&amp;action=edit&amp;section=24\" title=\"Abschnitt bearbeiten: Halbfinale\">Bearbeiten<\/a><span class=\"mw-editsection-bracket\">]<\/span><\/span><\/h3>\n<ul>\n<li>FC Salzburg gegen Real Madrid 1:2<\/li>\n<\/ul>\n<ul class=\"gallery mw-gallery-traditional\">\n<li class=\"gallerybox\" style=\"width: 155px\">\n<div style=\"width: 155px\">\n<div class=\"thumb\" style=\"width: 150px;\">\n<div style=\"margin:28.5px auto;\"><a href=\"\/Datei:FC_Salzburg_(U19)_versus_KRC_Genk_(U19)_(UEFA_Youth_League_17._September_2019)_13.jpg\" class=\"image\" title=\"KRC Genk\"><img loading=\"lazy\" alt=\"KRC Genk\" src=\"\/images\/thumb\/4\/4c\/FC_Salzburg_%28U19%29_versus_KRC_Genk_%28U19%29_%28UEFA_Youth_League_17._September_2019%29_13.jpg\/120px-FC_Salzburg_%28U19%29_versus_KRC_Genk_%28U19%29_%28UEFA_Youth_League_17._September_2019%29_13.jpg%3Futm_source%3Dcommons.wikimedia.org%26utm_campaign%3Dimageinfo%26utm_content%3Dthumbnail\" decoding=\"async\" width=\"120\" height=\"93\" srcset=\"\/images\/thumb\/4\/4c\/FC_Salzburg_%28U19%29_versus_KRC_Genk_%28U19%29_%28UEFA_Youth_League_17._September_2019%29_13.jpg\/250px-FC_Salzburg_%28U19%29_versus_KRC_Genk_%28U19%29_%28UEFA_Youth_League_17._September_2019%29_13.jpg%3Futm_source%3Dcommons.wikimedia.org%26utm_campaign%3Dimageinfo%26utm_content%3Dthumbnail 1.5x\" \/><\/a><\/div>\n<\/div>\n<div class=\"gallerytext\">\n<p>KRC Genk\n<\/p>\n<\/p><\/div>\n<\/p><\/div>\n<\/li>\n<li class=\"gallerybox\" style=\"width: 155px\">\n<div style=\"width: 155px\">\n<div class=\"thumb\" style=\"width: 150px;\">\n<div style=\"margin:35.5px auto;\"><a href=\"\/Datei:FC_Salzburg_(U19)_gegen_SSC_Napoli_(U19)_UEFA_Youth-League_2019-23.jpg\" class=\"image\" title=\"SSC Napoli\"><img loading=\"lazy\" alt=\"SSC Napoli\" src=\"\/images\/thumb\/c\/c6\/FC_Salzburg_%28U19%29_gegen_SSC_Napoli_%28U19%29_UEFA_Youth-League_2019-23.jpg\/120px-FC_Salzburg_%28U19%29_gegen_SSC_Napoli_%28U19%29_UEFA_Youth-League_2019-23.jpg%3Futm_source%3Dcommons.wikimedia.org%26utm_campaign%3Dimageinfo%26utm_content%3Dthumbnail\" decoding=\"async\" width=\"120\" height=\"79\" srcset=\"\/images\/thumb\/c\/c6\/FC_Salzburg_%28U19%29_gegen_SSC_Napoli_%28U19%29_UEFA_Youth-League_2019-23.jpg\/250px-FC_Salzburg_%28U19%29_gegen_SSC_Napoli_%28U19%29_UEFA_Youth-League_2019-23.jpg%3Futm_source%3Dcommons.wikimedia.org%26utm_campaign%3Dimageinfo%26utm_content%3Dthumbnail 1.5x\" \/><\/a><\/div>\n<\/div>\n<div class=\"gallerytext\">\n<p>SSC Napoli\n<\/p>\n<\/p><\/div>\n<\/p><\/div>\n<\/li>\n<li class=\"gallerybox\" style=\"width: 155px\">\n<div style=\"width: 155px\">\n<div class=\"thumb\" style=\"width: 150px;\">\n<div style=\"margin:35.5px auto;\"><a href=\"\/Datei:FC_Salzburg_U19_gegen_Derby_County_U19_(4._M%C3%A4rz_2020_UEFA_Youth_League_Achtelfinale)_51.jpg\" class=\"image\" title=\"Derby County\"><img loading=\"lazy\" alt=\"Derby County\" src=\"\/images\/thumb\/b\/b0\/FC_Salzburg_U19_gegen_Derby_County_U19_%284._M%C3%A4rz_2020_UEFA_Youth_League_Achtelfinale%29_51.jpg\/120px-FC_Salzburg_U19_gegen_Derby_County_U19_%284._M%C3%A4rz_2020_UEFA_Youth_League_Achtelfinale%29_51.jpg%3Futm_source%3Dcommons.wikimedia.org%26utm_campaign%3Dimageinfo%26utm_content%3Dthumbnail\" decoding=\"async\" width=\"120\" height=\"79\" srcset=\"\/images\/thumb\/b\/b0\/FC_Salzburg_U19_gegen_Derby_County_U19_%284._M%C3%A4rz_2020_UEFA_Youth_League_Achtelfinale%29_51.jpg\/250px-FC_Salzburg_U19_gegen_Derby_County_U19_%284._M%C3%A4rz_2020_UEFA_Youth_League_Achtelfinale%29_51.jpg%3Futm_source%3Dcommons.wikimedia.org%26utm_campaign%3Dimageinfo%26utm_content%3Dthumbnail 1.5x\" \/><\/a><\/div>\n<\/div>\n<div class=\"gallerytext\">\n<p>Derby County\n<\/p>\n<\/p><\/div>\n<\/p><\/div>\n<\/li>\n<li class=\"gallerybox\" style=\"width: 155px\">\n<div style=\"width: 155px\">\n<div class=\"thumb\" style=\"width: 150px;\">\n<div style=\"margin:21px auto;\"><a href=\"\/Datei:FC_Salzburg_U19_gegen_Liverpool_FC_U19(UEFA_Youth_League_10.Dezember_2019)_42.jpg\" class=\"image\" title=\"FC Liverpool\"><img loading=\"lazy\" alt=\"FC Liverpool\" src=\"\/images\/thumb\/c\/c9\/FC_Salzburg_U19_gegen_Liverpool_FC_U19%28UEFA_Youth_League_10.Dezember_2019%29_42.jpg\/120px-FC_Salzburg_U19_gegen_Liverpool_FC_U19%28UEFA_Youth_League_10.Dezember_2019%29_42.jpg%3Futm_source%3Dcommons.wikimedia.org%26utm_campaign%3Dimageinfo%26utm_content%3Dthumbnail\" decoding=\"async\" width=\"120\" height=\"108\" srcset=\"\/images\/thumb\/c\/c9\/FC_Salzburg_U19_gegen_Liverpool_FC_U19%28UEFA_Youth_League_10.Dezember_2019%29_42.jpg\/250px-FC_Salzburg_U19_gegen_Liverpool_FC_U19%28UEFA_Youth_League_10.Dezember_2019%29_42.jpg%3Futm_source%3Dcommons.wikimedia.org%26utm_campaign%3Dimageinfo%26utm_content%3Dthumbnail 1.5x\" \/><\/a><\/div>\n<\/div>\n<div class=\"gallerytext\">\n<p>FC Liverpool\n<\/p>\n<\/p><\/div>\n<\/p><\/div>\n<\/li>\n<\/ul>\n<h2><span id=\"Saison_2020.2F21\"><\/span><span class=\"mw-headline\" id=\"Saison_2020\/21\">Saison 2020\/21<\/span><a href=\"\/index.php?title=FC_Salzburg_in_der_UEFA_Youth_League&amp;action=edit&amp;section=25\" title=\"Abschnitt bearbeiten: Saison 2020\/21\">Bearbeiten<\/a><span class=\"mw-editsection-bracket\">]<\/span><\/span><\/h2>\n<p>Der Bewerb wurde aufgrund der SARS-Covid Pandemie nicht ausgespielt.\n<\/p>\n<h2><span id=\"Saison_2021.2F22\"><\/span><span class=\"mw-headline\" id=\"Saison_2021\/22\">Saison 2021\/22<\/span><a href=\"\/index.php?title=FC_Salzburg_in_der_UEFA_Youth_League&amp;action=edit&amp;section=26\" title=\"Abschnitt bearbeiten: Saison 2021\/22\">Bearbeiten<\/a><span class=\"mw-editsection-bracket\">]<\/span><\/span><\/h2>\n<p>Der FC Salzburg U19 spielte im Championsweg Gruppe G.\n<\/p>\n<ul>\n<li>FC Sevilla  gegen FC Salzburg 2:0<\/li>\n<li>FC Salzburg \tgegen OSC Lille 3:1<\/li>\n<li>FC Salzburg  gegen \tVfL Wolfsburg 3:0<\/li>\n<li>VfL Wolfsburg \tgegen\tFC Salzburg 1:2<\/li>\n<li>OSC Lille gegen \tFC Salzburg 1:0<\/li>\n<li>FC Salzburg gegen \tFC Sevilla  2:0<\/li>\n<\/ul>\n<table style=\"border: 1px solid #7FA7CF; background-color: #7FA7CF;\" cellspacing=\"0\" cellpadding=\"0\" width=\"500\">\n<tbody>\n<tr bgcolor=\"#EFEFEF\">\n<th>\n<\/th>\n<th>Verein\n<\/th>\n<th>Sp\n<\/th>\n<th>S\n<\/th>\n<th>U\n<\/th>\n<th>N\n<\/th>\n<th>Tore\n<\/th>\n<th>Punkte\n<\/th>\n<\/tr>\n<tr style=\"background-color:#CCFFCC\">\n<td align=\"right\" style=\"padding:2px 4px;\">1\n<\/td>\n<td style=\"padding:2px 4px;\"><b>FC Salzburg<\/b>\n<\/td>\n<td style=\"padding:2px 4px;\">6\n<\/td>\n<td align=\"right\" style=\"padding:2px 4px;\">4\n<\/td>\n<td align=\"right\" style=\"padding:2px 4px;\">0\n<\/td>\n<td align=\"right\" style=\"padding:2px 4px;\">2\n<\/td>\n<td align=\"center\" style=\"padding:2px 4px;\">10:5\n<\/td>\n<td align=\"center\" style=\"padding:2px 4px;\">12\n<\/td>\n<\/tr>\n<tr style=\"background-color:#CCFFCC\">\n<td align=\"right\" style=\"padding:2px 4px;\">2\n<\/td>\n<td style=\"padding:2px 4px;\">FC Sevilla\n<\/td>\n<td style=\"padding:2px 4px;\">6\n<\/td>\n<td align=\"right\" style=\"padding:2px 4px;\">3\n<\/td>\n<td align=\"right\" style=\"padding:2px 4px;\">2\n<\/td>\n<td align=\"right\" style=\"padding:2px 4px;\">1\n<\/td>\n<td align=\"center\" style=\"padding:2px 4px;\">8:3\n<\/td>\n<td align=\"center\" style=\"padding:2px 4px;\">11*\n<\/td>\n<\/tr>\n<tr style=\"background-color:#FFFFFF\">\n<td align=\"right\" style=\"padding:2px 4px;\">3\n<\/td>\n<td style=\"padding:2px 4px;\">OSC Lille\n<\/td>\n<td style=\"padding:2px 4px;\">6\n<\/td>\n<td align=\"right\" style=\"padding:2px 4px;\">3\n<\/td>\n<td align=\"right\" style=\"padding:2px 4px;\">1\n<\/td>\n<td align=\"right\" style=\"padding:2px 4px;\">2\n<\/td>\n<td align=\"center\" style=\"padding:2px 4px;\">7:6\n<\/td>\n<td align=\"center\" style=\"padding:2px 4px;\">10\n<\/td>\n<\/tr>\n<tr style=\"background-color:#FFFFFF\">\n<td align=\"right\" style=\"padding:2px 4px;\">4\n<\/td>\n<td style=\"padding:2px 4px;\">VfL Wolfsburg\n<\/td>\n<td style=\"padding:2px 4px;\">6\n<\/td>\n<td align=\"right\" style=\"padding:2px 4px;\">0\n<\/td>\n<td align=\"right\" style=\"padding:2px 4px;\">1\n<\/td>\n<td align=\"right\" style=\"padding:2px 4px;\">5\n<\/td>\n<td align=\"center\" style=\"padding:2px 4px;\">2:13\n<\/td>\n<td align=\"center\" style=\"padding:2px 4px;\">1\n<\/td>\n<\/tr>\n<\/tbody>\n<\/table>\n<p>Als Gruppensieger qualifizierte sich Salzburg direkt f\u00fcr das Achtelfinale.\n<\/p>\n<h3><span class=\"mw-headline\" id=\"Achtelfinale_4\">Achtelfinale<\/span><a href=\"\/index.php?title=FC_Salzburg_in_der_UEFA_Youth_League&amp;action=edit&amp;section=27\" title=\"Abschnitt bearbeiten: Achtelfinale\">Bearbeiten<\/a><span class=\"mw-editsection-bracket\">]<\/span><\/span><\/h3>\n<ul>\n<li>M\u0160K \u017dilina gegen  FC Salzburg 1:1 (3:4 im Elfmeterschie\u00dfen)<\/li>\n<\/ul>\n<h3><span class=\"mw-headline\" id=\"Viertelfinale_3\">Viertelfinale<\/span><a href=\"\/index.php?title=FC_Salzburg_in_der_UEFA_Youth_League&amp;action=edit&amp;section=28\" title=\"Abschnitt bearbeiten: Viertelfinale\">Bearbeiten<\/a><span class=\"mw-editsection-bracket\">]<\/span><\/span><\/h3>\n<ul>\n<li>Paris Saint-Germain gegen FC Salzburg 1:3<\/li>\n<\/ul>\n<h3><span class=\"mw-headline\" id=\"Halbfinale_3\">Halbfinale<\/span><a href=\"\/index.php?title=FC_Salzburg_in_der_UEFA_Youth_League&amp;action=edit&amp;section=29\" title=\"Abschnitt bearbeiten: Halbfinale\">Bearbeiten<\/a><span class=\"mw-editsection-bracket\">]<\/span><\/span><\/h3>\n<ul>\n<li>Atl\u00e9tico Madrid gegen FC Salzburg 0:5<\/li>\n<\/ul>\n<h3><span class=\"mw-headline\" id=\"Finale_2\">Finale<\/span><a href=\"\/index.php?title=FC_Salzburg_in_der_UEFA_Youth_League&amp;action=edit&amp;section=30\" title=\"Abschnitt bearbeiten: Finale\">Bearbeiten<\/a><span class=\"mw-editsection-bracket\">]<\/span><\/span><\/h3>\n<ul>\n<li>Benfica Lissabon gegen FC Salzburg 6:0<\/li>\n<\/ul>\n<h2><span id=\"Saison_2022.2F23\"><\/span><span class=\"mw-headline\" id=\"Saison_2022\/23\">Saison 2022\/23<\/span><a href=\"\/index.php?title=FC_Salzburg_in_der_UEFA_Youth_League&amp;action=edit&amp;section=31\" title=\"Abschnitt bearbeiten: Saison 2022\/23\">Bearbeiten<\/a><span class=\"mw-editsection-bracket\">]<\/span><\/span><\/h2>\n<ul>\n<li>FC Salzburg U19 gegen  AC Milan U19 1:1<\/li>\n<li>FC Chelsea U19 gegen FC Salzburg U19 1:1<\/li>\n<li>FC Salzburg U19 gegen Dinamo Zagreb U19 2:0<\/li>\n<li>Dinamo Zagreb U19 gegen FC Salzburg U19 2:1<\/li>\n<li>FC Salzburg U19 gegen  FC Chelsea U19 5:1 2:1<\/li>\n<li>AC Milan U19 gegen FC Salzburg U19<\/li>\n<\/ul>\n<table style=\"border: 1px solid #7FA7CF; background-color: #7FA7CF;\" cellspacing=\"0\" cellpadding=\"0\" width=\"500\">\n<tbody>\n<tr bgcolor=\"#EFEFEF\">\n<th>\n<\/th>\n<th>Verein\n<\/th>\n<th>Sp\n<\/th>\n<th>S\n<\/th>\n<th>U\n<\/th>\n<th>N\n<\/th>\n<th>Tore\n<\/th>\n<th>Punkte\n<\/th>\n<\/tr>\n<tr style=\"background-color:#CCFFCC\">\n<td align=\"right\" style=\"padding:2px 4px;\">1\n<\/td>\n<td style=\"padding:2px 4px;\">AC Mailand\n<\/td>\n<td style=\"padding:2px 4px;\">6\n<\/td>\n<td align=\"right\" style=\"padding:2px 4px;\">4\n<\/td>\n<td align=\"right\" style=\"padding:2px 4px;\">2\n<\/td>\n<td align=\"right\" style=\"padding:2px 4px;\">0\n<\/td>\n<td align=\"center\" style=\"padding:2px 4px;\">12:5\n<\/td>\n<td align=\"center\" style=\"padding:2px 4px;\">14\n<\/td>\n<\/tr>\n<tr style=\"background-color:#CCFFCC\">\n<td align=\"right\" style=\"padding:2px 4px;\">2\n<\/td>\n<td style=\"padding:2px 4px;\"><b>FC Salzburg<\/b>\n<\/td>\n<td style=\"padding:2px 4px;\">6\n<\/td>\n<td align=\"right\" style=\"padding:2px 4px;\">2\n<\/td>\n<td align=\"right\" style=\"padding:2px 4px;\">2\n<\/td>\n<td align=\"right\" style=\"padding:2px 4px;\">2\n<\/td>\n<td align=\"center\" style=\"padding:2px 4px;\">11:7\n<\/td>\n<td align=\"center\" style=\"padding:2px 4px;\">8\n<\/td>\n<\/tr>\n<tr style=\"background-color:#FFFFFF\">\n<td align=\"right\" style=\"padding:2px 4px;\">3\n<\/td>\n<td style=\"padding:2px 4px;\">Dinamo Zagreb\n<\/td>\n<td style=\"padding:2px 4px;\">6\n<\/td>\n<td align=\"right\" style=\"padding:2px 4px;\">2\n<\/td>\n<td align=\"right\" style=\"padding:2px 4px;\">0\n<\/td>\n<td align=\"right\" style=\"padding:2px 4px;\">4\n<\/td>\n<td align=\"center\" style=\"padding:2px 4px;\">7:14\n<\/td>\n<td align=\"center\" style=\"padding:2px 4px;\">6\n<\/td>\n<\/tr>\n<tr style=\"background-color:#FFFFFF\">\n<td align=\"right\" style=\"padding:2px 4px;\">4\n<\/td>\n<td style=\"padding:2px 4px;\">FC Chelsea\n<\/td>\n<td style=\"padding:2px 4px;\">6\n<\/td>\n<td align=\"right\" style=\"padding:2px 4px;\">1\n<\/td>\n<td align=\"right\" style=\"padding:2px 4px;\">2\n<\/td>\n<td align=\"right\" style=\"padding:2px 4px;\">3\n<\/td>\n<td align=\"center\" style=\"padding:2px 4px;\">10:14\n<\/td>\n<td align=\"center\" style=\"padding:2px 4px;\">5\n<\/td>\n<\/tr>\n<\/tbody>\n<\/table>\n<h3><span class=\"mw-headline\" id=\"Play_off_5\">Play off<\/span><a href=\"\/index.php?title=FC_Salzburg_in_der_UEFA_Youth_League&amp;action=edit&amp;section=32\" title=\"Abschnitt bearbeiten: Play off\">Bearbeiten<\/a><span class=\"mw-editsection-bracket\">]<\/span><\/span><\/h3>\n<p>Young Boys Bern U19 gegen FC Salzburg U19 2:3\n<\/p>\n<h3><span class=\"mw-headline\" id=\"Achtelfinale_5\">Achtelfinale<\/span><a href=\"\/index.php?title=FC_Salzburg_in_der_UEFA_Youth_League&amp;action=edit&amp;section=33\" title=\"Abschnitt bearbeiten: Achtelfinale\">Bearbeiten<\/a><span class=\"mw-editsection-bracket\">]<\/span><\/span><\/h3>\n<p>Real Madrid U19 gegen FC Salzburg U19 3:1\n<\/p>\n<h2><span id=\"Saison_2024.2F25\"><\/span><span class=\"mw-headline\" id=\"Saison_2024\/25\">Saison 2024\/25<\/span><a href=\"\/index.php?title=FC_Salzburg_in_der_UEFA_Youth_League&amp;action=edit&amp;section=34\" title=\"Abschnitt bearbeiten: Saison 2024\/25\">Bearbeiten<\/a><span class=\"mw-editsection-bracket\">]<\/span><\/span><\/h2>\n<p>In der Saison 2024\/25 wurde wie in den anderen internationalen Bewerben erstmals ein Ligasystem gespielt.\n<\/p>\n<dl>\n<dt>Heimspiele<\/dt>\n<\/dl>\n<ul>\n<li>FC Salzburg U19 gegen Stade Brest U19  5:1<\/li>\n<li>FC Salzburg U19  gegen Dinamo Zagreb U19  3:2<\/li>\n<li>FC Salzburg U19 gegen Paris Saint-Germain  U19  3:2<\/li>\n<\/ul>\n<dl>\n<dt>Ausw\u00e4rtsspiele<\/dt>\n<\/dl>\n<ul>\n<li>Sparta Prag U19  gegen FC Salzburg U19  2:3<\/li>\n<li>Feyenoord Rotterdam U19  gegen FC Salzburg U19   2:2<\/li>\n<li>Bayer 04 Leverkusen U19  gegen FC Salzburg U19  0:1<\/li>\n<\/ul>\n<table class=\"wikitable\">\n<tbody>\n<tr bgcolor=\"#EFEFEF\">\n<th>Rang<\/th>\n<th>Verein<\/th>\n<th>SP<\/th>\n<th>S<\/th>\n<th>U<\/th>\n<th>N<\/th>\n<th>Tore<\/th>\n<th>P\n<\/th>\n<\/tr>\n<tr>\n<td>1<\/td>\n<td>Inter Mailand<\/td>\n<td>6<\/td>\n<td>6<\/td>\n<td>0<\/td>\n<td>0<\/td>\n<td>19:7<\/td>\n<td>18\n<\/td>\n<\/tr>\n<tr>\n<td>2<\/td>\n<td>Sporting Lissabon<\/td>\n<td>6<\/td>\n<td>5<\/td>\n<td>1<\/td>\n<td>0<\/td>\n<td>13:3<\/td>\n<td>16\n<\/td>\n<\/tr>\n<tr>\n<td>3<\/td>\n<td><b>FC Salzburg<\/b><\/td>\n<td>6<\/td>\n<td>5<\/td>\n<td>1<\/td>\n<td>0<\/td>\n<td>17:9<\/td>\n<td>16\n<\/td>\n<\/tr>\n<tr>\n<td>4<\/td>\n<td>CF Barcelona<\/td>\n<td>6<\/td>\n<td>5<\/td>\n<td>0<\/td>\n<td>1<\/td>\n<td>17:10<\/td>\n<td>15\n<\/td>\n<\/tr>\n<tr>\n<td>5<\/td>\n<td>VfB Stuttgart<\/td>\n<td>6<\/td>\n<td>4<\/td>\n<td>1<\/td>\n<td>1<\/td>\n<td>13:6<\/td>\n<td>13\n<\/td>\n<\/tr>\n<tr>\n<td>6<\/td>\n<td>Real Madrid<\/td>\n<td>6<\/td>\n<td>4<\/td>\n<td>0<\/td>\n<td>2<\/td>\n<td>10:5<\/td>\n<td>12\n<\/td>\n<\/tr>\n<\/tbody>\n<\/table>\n<h3><span class=\"mw-headline\" id=\"Sechzehntelfinale\">Sechzehntelfinale<\/span><a href=\"\/index.php?title=FC_Salzburg_in_der_UEFA_Youth_League&amp;action=edit&amp;section=35\" title=\"Abschnitt bearbeiten: Sechzehntelfinale\">Bearbeiten<\/a><span class=\"mw-editsection-bracket\">]<\/span><\/span><\/h3>\n<ul>\n<li>FC Salzburg U19 gegen Celtic Glasgow U19 1:1 (4:2 im Elfmeterschie\u00dfen)<\/li>\n<\/ul>\n<h3><span class=\"mw-headline\" id=\"Achtelfinale_6\">Achtelfinale<\/span><a href=\"\/index.php?title=FC_Salzburg_in_der_UEFA_Youth_League&amp;action=edit&amp;section=36\" title=\"Abschnitt bearbeiten: Achtelfinale\">Bearbeiten<\/a><span class=\"mw-editsection-bracket\">]<\/span><\/span><\/h3>\n<ul>\n<li>FC Salzburg U19 gegen Atletico Madrid U19 2:1<\/li>\n<\/ul>\n<h3><span class=\"mw-headline\" id=\"Viertelfinale_4\">Viertelfinale<\/span><a href=\"\/index.php?title=FC_Salzburg_in_der_UEFA_Youth_League&amp;action=edit&amp;section=37\" title=\"Abschnitt bearbeiten: Viertelfinale\">Bearbeiten<\/a><span class=\"mw-editsection-bracket\">]<\/span><\/span><\/h3>\n<ul>\n<li>FC Salzburg U19 gegen Olympiakos Pir\u00e4us U19  1:0<\/li>\n<\/ul>\n<h3><span class=\"mw-headline\" id=\"Halbfinale_4\">Halbfinale<\/span><a href=\"\/index.php?title=FC_Salzburg_in_der_UEFA_Youth_League&amp;action=edit&amp;section=38\" title=\"Abschnitt bearbeiten: Halbfinale\">Bearbeiten<\/a><span class=\"mw-editsection-bracket\">]<\/span><\/span><\/h3>\n<ul>\n<li>FC Salzburg U19 gegen Trabzonspor U19 1:2<\/li>\n<\/ul>\n<p>Gemeinsam mit Matwij Ponomarenko (Dynamo Kiew) und Mahamadou Sangar\u00e9 (Paris Saint-Germain) wurde <a href=\"\/Phillip_Verhounig\" title=\"Phillip Verhounig\">Phillip Verhounig<\/a> (FC Salzburg) mit 8 Toren bester Torsch\u00fctze des Bewerbs.\n<\/p>\n<ul class=\"gallery mw-gallery-traditional\">\n<li class=\"gallerybox\" style=\"width: 155px\">\n<div style=\"width: 155px\">\n<div class=\"thumb\" style=\"width: 150px;\">\n<div style=\"margin:40.5px auto;\"><a href=\"\/Datei:Feyenoord_Rotterdam_U19_vs._FC_Salburg_U19_(Uefa_Youth_League_2024-11-06_Vierte_Runde)_03.jpg\" class=\"image\" title=\"Feyenoord Rotterdam\"><img loading=\"lazy\" alt=\"Feyenoord Rotterdam\" src=\"\/images\/thumb\/6\/6e\/Feyenoord_Rotterdam_U19_vs._FC_Salburg_U19_%28Uefa_Youth_League_2024-11-06_Vierte_Runde%29_03.jpg\/120px-Feyenoord_Rotterdam_U19_vs._FC_Salburg_U19_%28Uefa_Youth_League_2024-11-06_Vierte_Runde%29_03.jpg%3Futm_source%3Dcommons.wikimedia.org%26utm_campaign%3Dimageinfo%26utm_content%3Dthumbnail\" decoding=\"async\" width=\"120\" height=\"69\" srcset=\"\/images\/thumb\/6\/6e\/Feyenoord_Rotterdam_U19_vs._FC_Salburg_U19_%28Uefa_Youth_League_2024-11-06_Vierte_Runde%29_03.jpg\/250px-Feyenoord_Rotterdam_U19_vs._FC_Salburg_U19_%28Uefa_Youth_League_2024-11-06_Vierte_Runde%29_03.jpg%3Futm_source%3Dcommons.wikimedia.org%26utm_campaign%3Dimageinfo%26utm_content%3Dthumbnail 1.5x\" \/><\/a><\/div>\n<\/div>\n<div class=\"gallerytext\">\n<p>Feyenoord Rotterdam\n<\/p>\n<\/p><\/div>\n<\/p><\/div>\n<\/li>\n<li class=\"gallerybox\" style=\"width: 155px\">\n<div style=\"width: 155px\">\n<div class=\"thumb\" style=\"width: 150px;\">\n<div style=\"margin:15px auto;\"><a href=\"\/Datei:Feyenoord_Rotterdam_U19_vs._FC_Salburg_U19_(Uefa_Youth_League_2024-11-06_Vierte_Runde)_13.jpg\" class=\"image\" title=\"Feyenoord Rotterdam\"><img loading=\"lazy\" alt=\"Feyenoord Rotterdam\" src=\"\/images\/thumb\/c\/c4\/Feyenoord_Rotterdam_U19_vs._FC_Salburg_U19_%28Uefa_Youth_League_2024-11-06_Vierte_Runde%29_13.jpg\/120px-Feyenoord_Rotterdam_U19_vs._FC_Salburg_U19_%28Uefa_Youth_League_2024-11-06_Vierte_Runde%29_13.jpg%3Futm_source%3Dcommons.wikimedia.org%26utm_campaign%3Dimageinfo%26utm_content%3Dthumbnail\" decoding=\"async\" width=\"91\" height=\"120\" srcset=\"\/images\/thumb\/c\/c4\/Feyenoord_Rotterdam_U19_vs._FC_Salburg_U19_%28Uefa_Youth_League_2024-11-06_Vierte_Runde%29_13.jpg\/250px-Feyenoord_Rotterdam_U19_vs._FC_Salburg_U19_%28Uefa_Youth_League_2024-11-06_Vierte_Runde%29_13.jpg%3Futm_source%3Dcommons.wikimedia.org%26utm_campaign%3Dimageinfo%26utm_content%3Dthumbnail 1.5x\" \/><\/a><\/div>\n<\/div>\n<div class=\"gallerytext\">\n<p>Feyenoord Rotterdam\n<\/p>\n<\/p><\/div>\n<\/p><\/div>\n<\/li>\n<li class=\"gallerybox\" style=\"width: 155px\">\n<div style=\"width: 155px\">\n<div class=\"thumb\" style=\"width: 150px;\">\n<div style=\"margin:34px auto;\"><a href=\"\/Datei:FC_Salzburg_U19_gegen_Celtic_FC_U19_(2025-02-12_UEFA_Youth_League_)_17.jpg\" class=\"image\" title=\"Celtic Glasgow\"><img loading=\"lazy\" alt=\"Celtic Glasgow\" src=\"\/images\/thumb\/2\/26\/FC_Salzburg_U19_gegen_Celtic_FC_U19_%282025-02-12_UEFA_Youth_League_%29_17.jpg\/120px-FC_Salzburg_U19_gegen_Celtic_FC_U19_%282025-02-12_UEFA_Youth_League_%29_17.jpg%3Futm_source%3Dcommons.wikimedia.org%26utm_campaign%3Dimageinfo%26utm_content%3Dthumbnail\" decoding=\"async\" width=\"120\" height=\"82\" srcset=\"\/images\/thumb\/2\/26\/FC_Salzburg_U19_gegen_Celtic_FC_U19_%282025-02-12_UEFA_Youth_League_%29_17.jpg\/250px-FC_Salzburg_U19_gegen_Celtic_FC_U19_%282025-02-12_UEFA_Youth_League_%29_17.jpg%3Futm_source%3Dcommons.wikimedia.org%26utm_campaign%3Dimageinfo%26utm_content%3Dthumbnail 1.5x\" \/><\/a><\/div>\n<\/div>\n<div class=\"gallerytext\">\n<p>Celtic Glasgow\n<\/p>\n<\/p><\/div>\n<\/p><\/div>\n<\/li>\n<li class=\"gallerybox\" style=\"width: 155px\">\n<div style=\"width: 155px\">\n<div class=\"thumb\" style=\"width: 150px;\">\n<div style=\"margin:18px auto;\"><a href=\"\/Datei:FC_Salzburg_U19_gegen_Celtic_FC_U19_(2025-02-12_UEFA_Youth_League_)_25.jpg\" class=\"image\" title=\"Celtic Glasgow\"><img loading=\"lazy\" alt=\"Celtic Glasgow\" src=\"\/images\/thumb\/e\/e1\/FC_Salzburg_U19_gegen_Celtic_FC_U19_%282025-02-12_UEFA_Youth_League_%29_25.jpg\/120px-FC_Salzburg_U19_gegen_Celtic_FC_U19_%282025-02-12_UEFA_Youth_League_%29_25.jpg%3Futm_source%3Dcommons.wikimedia.org%26utm_campaign%3Dimageinfo%26utm_content%3Dthumbnail\" decoding=\"async\" width=\"120\" height=\"114\" srcset=\"\/images\/thumb\/e\/e1\/FC_Salzburg_U19_gegen_Celtic_FC_U19_%282025-02-12_UEFA_Youth_League_%29_25.jpg\/250px-FC_Salzburg_U19_gegen_Celtic_FC_U19_%282025-02-12_UEFA_Youth_League_%29_25.jpg%3Futm_source%3Dcommons.wikimedia.org%26utm_campaign%3Dimageinfo%26utm_content%3Dthumbnail 1.5x\" \/><\/a><\/div>\n<\/div>\n<div class=\"gallerytext\">\n<p>Celtic Glasgow\n<\/p>\n<\/p><\/div>\n<\/p><\/div>\n<\/li>\n<li class=\"gallerybox\" style=\"width: 155px\">\n<div style=\"width: 155px\">\n<div class=\"thumb\" style=\"width: 150px;\">\n<div style=\"margin:35px auto;\"><a href=\"\/Datei:FC_Salzburg_U19_gegen_Olympiakos_Pir%C3%A4us_U19_(2025-04-01_UEFA_Youth_League_Viertelfinale)_41.jpg\" class=\"image\" title=\"Olympiakos Pir\u00e4us\"><img loading=\"lazy\" alt=\"Olympiakos Pir\u00e4us\" src=\"\/images\/thumb\/d\/df\/FC_Salzburg_U19_gegen_Olympiakos_Pir%C3%A4us_U19_%282025-04-01_UEFA_Youth_League_Viertelfinale%29_41.jpg\/120px-FC_Salzburg_U19_gegen_Olympiakos_Pir%C3%A4us_U19_%282025-04-01_UEFA_Youth_League_Viertelfinale%29_41.jpg%3Futm_source%3Dcommons.wikimedia.org%26utm_campaign%3Dimageinfo%26utm_content%3Dthumbnail\" decoding=\"async\" width=\"120\" height=\"80\" srcset=\"\/images\/thumb\/d\/df\/FC_Salzburg_U19_gegen_Olympiakos_Pir%C3%A4us_U19_%282025-04-01_UEFA_Youth_League_Viertelfinale%29_41.jpg\/250px-FC_Salzburg_U19_gegen_Olympiakos_Pir%C3%A4us_U19_%282025-04-01_UEFA_Youth_League_Viertelfinale%29_41.jpg%3Futm_source%3Dcommons.wikimedia.org%26utm_campaign%3Dimageinfo%26utm_content%3Dthumbnail 1.5x\" \/><\/a><\/div>\n<\/div>\n<div class=\"gallerytext\">\n<p>Olympiakos Pir\u00e4us\n<\/p>\n<\/p><\/div>\n<\/p><\/div>\n<\/li>\n<li class=\"gallerybox\" style=\"width: 155px\">\n<div style=\"width: 155px\">\n<div class=\"thumb\" style=\"width: 150px;\">\n<div style=\"margin:15px auto;\"><a href=\"\/Datei:FC_Salzburg_U19_gegen_Olympiakos_Pir%C3%A4us_U19_(2025-04-01_UEFA_Youth_League_Viertelfinale)_62.jpg\" class=\"image\" title=\"Olympiakos Pir\u00e4us\"><img loading=\"lazy\" alt=\"Olympiakos Pir\u00e4us\" src=\"\/images\/thumb\/a\/a3\/FC_Salzburg_U19_gegen_Olympiakos_Pir%C3%A4us_U19_%282025-04-01_UEFA_Youth_League_Viertelfinale%29_62.jpg\/120px-FC_Salzburg_U19_gegen_Olympiakos_Pir%C3%A4us_U19_%282025-04-01_UEFA_Youth_League_Viertelfinale%29_62.jpg%3Futm_source%3Dcommons.wikimedia.org%26utm_campaign%3Dimageinfo%26utm_content%3Dthumbnail\" decoding=\"async\" width=\"118\" height=\"120\" srcset=\"\/images\/thumb\/a\/a3\/FC_Salzburg_U19_gegen_Olympiakos_Pir%C3%A4us_U19_%282025-04-01_UEFA_Youth_League_Viertelfinale%29_62.jpg\/250px-FC_Salzburg_U19_gegen_Olympiakos_Pir%C3%A4us_U19_%282025-04-01_UEFA_Youth_League_Viertelfinale%29_62.jpg%3Futm_source%3Dcommons.wikimedia.org%26utm_campaign%3Dimageinfo%26utm_content%3Dthumbnail 1.5x\" \/><\/a><\/div>\n<\/div>\n<div class=\"gallerytext\">\n<p>Olympiakos Pir\u00e4us\n<\/p>\n<\/p><\/div>\n<\/p><\/div>\n<\/li>\n<\/ul>\n<h2><span id=\"Saison_2025.2F26\"><\/span><span class=\"mw-headline\" id=\"Saison_2025\/26\">Saison 2025\/26<\/span><a href=\"\/index.php?title=FC_Salzburg_in_der_UEFA_Youth_League&amp;action=edit&amp;section=39\" title=\"Abschnitt bearbeiten: Saison 2025\/26\">Bearbeiten<\/a><span class=\"mw-editsection-bracket\">]<\/span><\/span><\/h2>\n<p>Keine Teilnahme, da sich die Erste Mannschaft nicht f\u00fcr die Champions-League qualifizierte. F\u00fcr den Meisterweg qualifizierte sich Austria Wien.\n<\/p>\n<\/div>\n","protected":false},"excerpt":{"rendered":"<p>FC Salzburg in der UEFA Youth League zeigt die Ergebnisse der Salzburger in der UEFA Youth League. Saison 2013\/14 und Saison 2014\/15Bearbeiten] Keine Teilnahme, da nur die U19- Mannschaften der Championsleague-Teilnehmer spielberechtigt waren. Saison 2015\/16Bearbeiten] Neben den Championsleague-Teilnehmern spielten die 32 Jugendmeister der st\u00e4rksten Nationen der UEFA im Bewerb. War eine Mannschaft bereits \u00fcber den [&hellip;]<\/p>\n","protected":false},"author":1,"featured_media":0,"parent":0,"menu_order":0,"comment_status":"closed","ping_status":"closed","template":"","meta":{"footnotes":""},"class_list":["post-4337","page","type-page","status-publish","hentry"],"_links":{"self":[{"href":"https:\/\/wiki.s12.at\/index.php\/wp-json\/wp\/v2\/pages\/4337","targetHints":{"allow":["GET"]}}],"collection":[{"href":"https:\/\/wiki.s12.at\/index.php\/wp-json\/wp\/v2\/pages"}],"about":[{"href":"https:\/\/wiki.s12.at\/index.php\/wp-json\/wp\/v2\/types\/page"}],"author":[{"embeddable":true,"href":"https:\/\/wiki.s12.at\/index.php\/wp-json\/wp\/v2\/users\/1"}],"replies":[{"embeddable":true,"href":"https:\/\/wiki.s12.at\/index.php\/wp-json\/wp\/v2\/comments?post=4337"}],"version-history":[{"count":0,"href":"https:\/\/wiki.s12.at\/index.php\/wp-json\/wp\/v2\/pages\/4337\/revisions"}],"wp:attachment":[{"href":"https:\/\/wiki.s12.at\/index.php\/wp-json\/wp\/v2\/media?parent=4337"}],"curies":[{"name":"wp","href":"https:\/\/api.w.org\/{rel}","templated":true}]}}