{"id":4319,"date":"2026-05-06T15:43:12","date_gmt":"2026-05-06T13:43:12","guid":{"rendered":"https:\/\/wiki.s12.at\/index.php\/fc-salzburg-gegen-partizani-tirana\/"},"modified":"2026-05-06T15:43:12","modified_gmt":"2026-05-06T13:43:12","slug":"fc-salzburg-gegen-partizani-tirana","status":"publish","type":"page","link":"https:\/\/wiki.s12.at\/index.php\/fc-salzburg-gegen-partizani-tirana\/","title":{"rendered":"FC Salzburg gegen Partizani Tirana"},"content":{"rendered":"<div class=\"mw-parser-output\">\n<h2><span class=\"mw-headline\" id=\"Fakten\">Fakten<\/span><a href=\"\/index.php?title=FC_Salzburg_gegen_Partizani_Tirana&amp;action=edit&amp;section=1\" title=\"Abschnitt bearbeiten: Fakten\">Bearbeiten<\/a><span class=\"mw-editsection-bracket\">]<\/span><\/span><\/h2>\n<table class=\"toptextcells toccolours\">\n<tbody>\n<tr>\n<th colspan=\"2\" style=\"text-align: center; vertical-align: top; padding: 0.3em 0.8em; font-size: 125%; background-color: lightsteelblue;\">FC Salzburg gegen Partizani Tirana, 2:0\n<\/th>\n<\/tr>\n<tr>\n<th style=\"text-align:left;\"><b>Spieltag<\/b>\n<\/th>\n<th style=\"text-align:left;\">Championsleague-Qualifikation 3. Runde, R\u00fcckspiel\n<\/th>\n<\/tr>\n<tr>\n<th style=\"text-align:left;\"><b>Datum<\/b>\n<\/th>\n<th style=\"text-align:left;\">3. August 2016\n<\/th>\n<\/tr>\n<tr>\n<th style=\"text-align:left;\"><b>Anpfiff<\/b>\n<\/th>\n<th style=\"text-align:left;\">20.30 Uhr\n<\/th>\n<\/tr>\n<tr>\n<td colspan=\"2\" style=\"text-align:center;\" bgcolor=\"lightgray\"><b>Aufstellung<\/b>\n<\/td>\n<\/tr>\n<tr>\n<th style=\"text-align:left;\"><b>Tor<\/b>\n<\/th>\n<th><a href=\"\/Alexander_Walke\" title=\"Alexander Walke\">Alexander Walke<\/a>\n<\/th>\n<\/tr>\n<tr>\n<th style=\"text-align:left;\"><b>Verteidigung<\/b>\n<\/th>\n<th><a href=\"\/Christian_Schwegler\" title=\"Christian Schwegler\">Christian Schwegler<\/a> &#8211; <a href=\"\/Duje_Caleta-Car\" title=\"Duje Caleta-Car\">Duje Caleta-Car<\/a> &#8211; <a href=\"\/Martin_Hinteregger\" title=\"Martin Hinteregger\">Martin Hinteregger<\/a> &#8211; <a href=\"\/Andreas_Ulmer\" title=\"Andreas Ulmer\">Andreas Ulmer<\/a>\n<\/th>\n<\/tr>\n<tr>\n<th style=\"text-align:left;\"><b>Mittelfeld<\/b>\n<\/th>\n<th><a href=\"\/Konrad_Laimer\" title=\"Konrad Laimer\">Konrad Laimer<\/a> &#8211; <a href=\"\/Bernardo\" title=\"Bernardo\">Bernardo<\/a> &#8211; <a href=\"\/Valon_Berisha\" title=\"Valon Berisha\">Valon Berisha<\/a>\n<\/th>\n<\/tr>\n<tr>\n<th style=\"text-align:left;\"><b>Sturm<\/b>\n<\/th>\n<th><a href=\"\/Munas_Dabbur\" title=\"Munas Dabbur\">Munas Dabbur<\/a> &#8211; <a href=\"\/Jonathan_Soriano\" class=\"mw-redirect\" title=\"Jonathan Soriano\">Jonathan Soriano<\/a> &#8211; <a href=\"\/Valentino_Lazaro\" title=\"Valentino Lazaro\">Valentino Lazaro<\/a>\n<\/th>\n<\/tr>\n<tr>\n<td colspan=\"2\" style=\"text-align:center;\" bgcolor=\"lightgray\"><b>Wechsel<\/b>\n<\/td>\n<\/tr>\n<tr>\n<th style=\"text-align:left;\"><b>Wechsel<\/b>\n<\/th>\n<th style=\"text-align:left;\"><a href=\"\/Wanderson\" title=\"Wanderson\">Wanderson<\/a> f\u00fcr Dabbur (46.), <a href=\"\/Konrad_Laimer\" title=\"Konrad Laimer\">Konrad Laimer<\/a> f\u00fcr Lazaro (74.), <a href=\"\/Fredrik_Gulbrandsen\" title=\"Fredrik Gulbrandsen\">Fredrik Gulbrandsen<\/a> f\u00fcr Soriano(84.)\n<\/th>\n<\/tr>\n<tr>\n<td colspan=\"2\" style=\"text-align:center;\" bgcolor=\"lightgray\"><b>Statistik<\/b>\n<\/td>\n<\/tr>\n<tr>\n<th style=\"text-align:left;\"><b>Endstand<\/b>\n<\/th>\n<th style=\"text-align:left;\">2:0 (0:0)\n<\/th>\n<\/tr>\n<tr>\n<th style=\"text-align:left;\"><b>Torsch\u00fctzen<\/b>\n<\/th>\n<th style=\"text-align:left;\">Soriano (76.), Wanderson (81.)\n<\/th>\n<\/tr>\n<tr>\n<th style=\"text-align:left;\"><b>Gelbe Karten<\/b>\n<\/th>\n<th style=\"text-align:left;\">Lazaro (45.); Vila (51.\/Foul)\n<\/th>\n<\/tr>\n<tr>\n<th style=\"text-align:left;\"><b>Rote Karten<\/b>\n<\/th>\n<th style=\"text-align:left;\">\n<\/th>\n<\/tr>\n<tr>\n<th style=\"text-align:left;\"><b>Schiedsrichter<\/b>\n<\/th>\n<th style=\"text-align:left;\">Ivan Kru\u017eliak  (SVK)\n<\/th>\n<\/tr>\n<tr>\n<th style=\"text-align:left;\"><b>Stadion<\/b>\n<\/th>\n<th style=\"text-align:left;\">EM Stadion Wals-Siezenheim\n<\/th>\n<\/tr>\n<tr>\n<th style=\"text-align:left;\"><b>Zuschauer<\/b>\n<\/th>\n<th style=\"text-align:left;\">7 859\n<\/th>\n<\/tr>\n<\/tbody>\n<\/table>\n<p>Wanderson feierte sein internationales Deb\u00fct f\u00fcr Salzburg.\n<\/p>\n<h2><span class=\"mw-headline\" id=\"Weblinks\">Weblinks<\/span><a href=\"\/index.php?title=FC_Salzburg_gegen_Partizani_Tirana&amp;action=edit&amp;section=2\" title=\"Abschnitt bearbeiten: Weblinks\">Bearbeiten<\/a><span class=\"mw-editsection-bracket\">]<\/span><\/span><\/h2>\n<p><a rel=\"nofollow\" class=\"external text\" href=\"http:\/\/www.redbullsalzburg.at\/de\/fc-red-bull-salzburg\/news\/saison_2016_17\/rote-bullen-schaffen-aufstieg-ins-cl-play-off.html\">Spielbericht Vereinshomepage<\/a>\n<\/p>\n<p><a rel=\"nofollow\" class=\"external text\" href=\"https:\/\/www.salzburg12.at\/2016\/08\/schoen-wars-nicht-effektiv-salzburg-zieht-mit-20-ins-play-off-ein\/\">Spielbericht salzburg12.at<\/a>\n<\/p>\n<h2><span class=\"mw-headline\" id=\"Bilder\">Bilder<\/span><a href=\"\/index.php?title=FC_Salzburg_gegen_Partizani_Tirana&amp;action=edit&amp;section=3\" title=\"Abschnitt bearbeiten: Bilder\">Bearbeiten<\/a><span class=\"mw-editsection-bracket\">]<\/span><\/span><\/h2>\n<p>&lt;\/gallery&gt;\n<\/p>\n<ul>\n<li>(c)GEPA<\/li>\n<\/ul>\n<ul class=\"gallery mw-gallery-traditional\">\n<li class=\"gallerybox\" style=\"width: 155px\">\n<div style=\"width: 155px\">\n<div class=\"thumb\" style=\"width: 150px;\">\n<div style=\"margin:35.5px auto;\"><a href=\"\/Datei:SBG_Tiranant.PNG\" class=\"image\"><img alt=\"SBG Tiranant.PNG\" src=\"\/images\/thumb\/e\/ec\/SBG_Tiranant.PNG\/120px-SBG_Tiranant.PNG\" decoding=\"async\" width=\"120\" height=\"79\" srcset=\"\/images\/thumb\/e\/ec\/SBG_Tiranant.PNG\/180px-SBG_Tiranant.PNG 1.5x, \/images\/thumb\/e\/ec\/SBG_Tiranant.PNG\/240px-SBG_Tiranant.PNG 2x\" \/><\/a><\/div>\n<\/div>\n<div class=\"gallerytext\">\n\t\t\t<\/div>\n<\/p><\/div>\n<\/li>\n<li class=\"gallerybox\" style=\"width: 155px\">\n<div style=\"width: 155px\">\n<div class=\"thumb\" style=\"width: 150px;\">\n<div style=\"margin:41px auto;\"><a href=\"\/Datei:SBG_TIrana_(1).jpg\" class=\"image\"><img alt=\"SBG TIrana (1).jpg\" src=\"\/images\/thumb\/a\/aa\/SBG_TIrana_%281%29.jpg\/120px-SBG_TIrana_%281%29.jpg\" decoding=\"async\" width=\"120\" height=\"68\" srcset=\"\/images\/thumb\/a\/aa\/SBG_TIrana_%281%29.jpg\/180px-SBG_TIrana_%281%29.jpg 1.5x, \/images\/thumb\/a\/aa\/SBG_TIrana_%281%29.jpg\/240px-SBG_TIrana_%281%29.jpg 2x\" \/><\/a><\/div>\n<\/div>\n<div class=\"gallerytext\">\n\t\t\t<\/div>\n<\/p><\/div>\n<\/li>\n<li class=\"gallerybox\" style=\"width: 155px\">\n<div style=\"width: 155px\">\n<div class=\"thumb\" style=\"width: 150px;\">\n<div style=\"margin:41px auto;\"><a href=\"\/Datei:SBG_TIrana_(2).jpg\" class=\"image\"><img alt=\"SBG TIrana (2).jpg\" src=\"\/images\/thumb\/e\/ef\/SBG_TIrana_%282%29.jpg\/120px-SBG_TIrana_%282%29.jpg\" decoding=\"async\" width=\"120\" height=\"68\" srcset=\"\/images\/thumb\/e\/ef\/SBG_TIrana_%282%29.jpg\/180px-SBG_TIrana_%282%29.jpg 1.5x, \/images\/thumb\/e\/ef\/SBG_TIrana_%282%29.jpg\/240px-SBG_TIrana_%282%29.jpg 2x\" \/><\/a><\/div>\n<\/div>\n<div class=\"gallerytext\">\n\t\t\t<\/div>\n<\/p><\/div>\n<\/li>\n<li class=\"gallerybox\" style=\"width: 155px\">\n<div style=\"width: 155px\">\n<div class=\"thumb\" style=\"width: 150px;\">\n<div style=\"margin:41px auto;\"><a href=\"\/Datei:SBG_TIrana_(3).jpg\" class=\"image\"><img loading=\"lazy\" alt=\"SBG TIrana (3).jpg\" src=\"\/images\/thumb\/6\/60\/SBG_TIrana_%283%29.jpg\/120px-SBG_TIrana_%283%29.jpg\" decoding=\"async\" width=\"120\" height=\"68\" srcset=\"\/images\/thumb\/6\/60\/SBG_TIrana_%283%29.jpg\/180px-SBG_TIrana_%283%29.jpg 1.5x, \/images\/thumb\/6\/60\/SBG_TIrana_%283%29.jpg\/240px-SBG_TIrana_%283%29.jpg 2x\" \/><\/a><\/div>\n<\/div>\n<div class=\"gallerytext\">\n\t\t\t<\/div>\n<\/p><\/div>\n<\/li>\n<li class=\"gallerybox\" style=\"width: 155px\">\n<div style=\"width: 155px\">\n<div class=\"thumb\" style=\"width: 150px;\">\n<div style=\"margin:41px auto;\"><a href=\"\/Datei:SBG_TIrana_(4).jpg\" class=\"image\"><img loading=\"lazy\" alt=\"SBG TIrana (4).jpg\" src=\"\/images\/thumb\/9\/90\/SBG_TIrana_%284%29.jpg\/120px-SBG_TIrana_%284%29.jpg\" decoding=\"async\" width=\"120\" height=\"68\" srcset=\"\/images\/thumb\/9\/90\/SBG_TIrana_%284%29.jpg\/180px-SBG_TIrana_%284%29.jpg 1.5x, \/images\/thumb\/9\/90\/SBG_TIrana_%284%29.jpg\/240px-SBG_TIrana_%284%29.jpg 2x\" \/><\/a><\/div>\n<\/div>\n<div class=\"gallerytext\">\n\t\t\t<\/div>\n<\/p><\/div>\n<\/li>\n<\/ul>\n<ul>\n<li>Fanfotos<\/li>\n<\/ul>\n<ul class=\"gallery mw-gallery-traditional\">\n<li class=\"gallerybox\" style=\"width: 155px\">\n<div style=\"width: 155px\">\n<div class=\"thumb\" style=\"width: 150px;\">\n<div style=\"margin:30px auto;\"><a href=\"\/Datei:FCS_TI_(3).jpg\" class=\"image\"><img loading=\"lazy\" alt=\"FCS TI (3).jpg\" src=\"\/images\/thumb\/0\/05\/FCS_TI_%283%29.jpg\/120px-FCS_TI_%283%29.jpg\" decoding=\"async\" width=\"120\" height=\"90\" srcset=\"\/images\/thumb\/0\/05\/FCS_TI_%283%29.jpg\/180px-FCS_TI_%283%29.jpg 1.5x, \/images\/thumb\/0\/05\/FCS_TI_%283%29.jpg\/240px-FCS_TI_%283%29.jpg 2x\" \/><\/a><\/div>\n<\/div>\n<div class=\"gallerytext\">\n\t\t\t<\/div>\n<\/p><\/div>\n<\/li>\n<li class=\"gallerybox\" style=\"width: 155px\">\n<div style=\"width: 155px\">\n<div class=\"thumb\" style=\"width: 150px;\">\n<div style=\"margin:35px auto;\"><a href=\"\/Datei:FCS_TI_(2).jpg\" class=\"image\"><img loading=\"lazy\" alt=\"FCS TI (2).jpg\" src=\"\/images\/thumb\/1\/11\/FCS_TI_%282%29.jpg\/120px-FCS_TI_%282%29.jpg\" decoding=\"async\" width=\"120\" height=\"80\" srcset=\"\/images\/thumb\/1\/11\/FCS_TI_%282%29.jpg\/180px-FCS_TI_%282%29.jpg 1.5x, \/images\/thumb\/1\/11\/FCS_TI_%282%29.jpg\/240px-FCS_TI_%282%29.jpg 2x\" \/><\/a><\/div>\n<\/div>\n<div class=\"gallerytext\">\n\t\t\t<\/div>\n<\/p><\/div>\n<\/li>\n<li class=\"gallerybox\" style=\"width: 155px\">\n<div style=\"width: 155px\">\n<div class=\"thumb\" style=\"width: 150px;\">\n<div style=\"margin:30px auto;\"><a href=\"\/Datei:FCS_TI_(1).jpg\" class=\"image\"><img loading=\"lazy\" alt=\"FCS TI (1).jpg\" src=\"\/images\/thumb\/b\/b4\/FCS_TI_%281%29.jpg\/120px-FCS_TI_%281%29.jpg\" decoding=\"async\" width=\"120\" height=\"90\" srcset=\"\/images\/thumb\/b\/b4\/FCS_TI_%281%29.jpg\/180px-FCS_TI_%281%29.jpg 1.5x, \/images\/thumb\/b\/b4\/FCS_TI_%281%29.jpg\/240px-FCS_TI_%281%29.jpg 2x\" \/><\/a><\/div>\n<\/div>\n<div class=\"gallerytext\">\n\t\t\t<\/div>\n<\/p><\/div>\n<\/li>\n<\/ul>\n<h2><span class=\"mw-headline\" id=\"Stimmen_zum_Spiel\">Stimmen zum Spiel<\/span><a href=\"\/index.php?title=FC_Salzburg_gegen_Partizani_Tirana&amp;action=edit&amp;section=4\" title=\"Abschnitt bearbeiten: Stimmen zum Spiel\">Bearbeiten<\/a><span class=\"mw-editsection-bracket\">]<\/span><\/span><\/h2>\n<p><b>Oscar Garcia:<\/b> Wir haben in den letzten Minuten der ersten Halbzeit sowie in der gesamten zweiten Spielh\u00e4lfte ein anderes System angewandt, wodurch wir besser gespielt, mehr Chancen erk\u00e4mpft und somit auch das Spiel gewonnen haben. Wir m\u00fcssen f\u00fcr jedes Match ein eigenes System entwickeln und finden, insgesamt bin ich mit unserer heutigen Leistung zufrieden.\n<\/p>\n<p><b>Valentino Lazaro<\/b> Wir konnten uns oft in die N\u00e4he des gegnerischen Sechzehners spielen, aber der letzte Pass bzw. die Abschl\u00fcsse haben gefehlt \u2013 daran m\u00fcssen wir weiterhin hart arbeiten. Wir haben in der Halbzeit einiges ver\u00e4ndert, das war notwendig. In Durchgang zwei haben wir uns in der Offensive viel leichter getan. Ich bin froh, dass uns der Aufstieg ins Play-off gegl\u00fcckt ist.\n<\/p>\n<\/div>\n","protected":false},"excerpt":{"rendered":"<p>FaktenBearbeiten] FC Salzburg gegen Partizani Tirana, 2:0 Spieltag Championsleague-Qualifikation 3. Runde, R\u00fcckspiel Datum 3. August 2016 Anpfiff 20.30 Uhr Aufstellung Tor Alexander Walke Verteidigung Christian Schwegler &#8211; Duje Caleta-Car &#8211; Martin Hinteregger &#8211; Andreas Ulmer Mittelfeld Konrad Laimer &#8211; Bernardo &#8211; Valon Berisha Sturm Munas Dabbur &#8211; Jonathan Soriano &#8211; Valentino Lazaro Wechsel Wechsel Wanderson [&hellip;]<\/p>\n","protected":false},"author":1,"featured_media":0,"parent":0,"menu_order":0,"comment_status":"closed","ping_status":"closed","template":"","meta":{"footnotes":""},"class_list":["post-4319","page","type-page","status-publish","hentry"],"_links":{"self":[{"href":"https:\/\/wiki.s12.at\/index.php\/wp-json\/wp\/v2\/pages\/4319","targetHints":{"allow":["GET"]}}],"collection":[{"href":"https:\/\/wiki.s12.at\/index.php\/wp-json\/wp\/v2\/pages"}],"about":[{"href":"https:\/\/wiki.s12.at\/index.php\/wp-json\/wp\/v2\/types\/page"}],"author":[{"embeddable":true,"href":"https:\/\/wiki.s12.at\/index.php\/wp-json\/wp\/v2\/users\/1"}],"replies":[{"embeddable":true,"href":"https:\/\/wiki.s12.at\/index.php\/wp-json\/wp\/v2\/comments?post=4319"}],"version-history":[{"count":0,"href":"https:\/\/wiki.s12.at\/index.php\/wp-json\/wp\/v2\/pages\/4319\/revisions"}],"wp:attachment":[{"href":"https:\/\/wiki.s12.at\/index.php\/wp-json\/wp\/v2\/media?parent=4319"}],"curies":[{"name":"wp","href":"https:\/\/api.w.org\/{rel}","templated":true}]}}