{"id":4314,"date":"2026-05-06T15:42:47","date_gmt":"2026-05-06T13:42:47","guid":{"rendered":"https:\/\/wiki.s12.at\/index.php\/fc-salzburg-gegen-manchester-city-academy\/"},"modified":"2026-05-06T15:42:47","modified_gmt":"2026-05-06T13:42:47","slug":"fc-salzburg-gegen-manchester-city-academy","status":"publish","type":"page","link":"https:\/\/wiki.s12.at\/index.php\/fc-salzburg-gegen-manchester-city-academy\/","title":{"rendered":"FC Salzburg gegen Manchester City Academy"},"content":{"rendered":"<div class=\"mw-parser-output\">\n<h2><span class=\"mw-headline\" id=\"Fakten\">Fakten<\/span><a href=\"\/index.php?title=FC_Salzburg_gegen_Manchester_City_Academy&amp;action=edit&amp;section=1\" title=\"Abschnitt bearbeiten: Fakten\">Bearbeiten<\/a><span class=\"mw-editsection-bracket\">]<\/span><\/span><\/h2>\n<table class=\"toptextcells toccolours\">\n<tbody>\n<tr>\n<th colspan=\"2\" style=\"text-align: center; vertical-align: top; padding: 0.3em 0.8em; font-size: 125%; background-color: lightsteelblue;\">FC Red Bull Salzburg (U19) gegen Manchester City (U19), 1:1 (4:3 Elmeterschie\u00dfen)\n<\/th>\n<\/tr>\n<tr>\n<th style=\"text-align:left;\"><b>Spieltag<\/b>\n<\/th>\n<th style=\"text-align:left;\">UEFA Youth League Play-off\n<\/th>\n<\/tr>\n<tr>\n<th style=\"text-align:left;\"><b>Datum<\/b>\n<\/th>\n<th style=\"text-align:left;\">8. Februar 2017\n<\/th>\n<\/tr>\n<tr>\n<th style=\"text-align:left;\"><b>Anpfiff<\/b>\n<\/th>\n<th style=\"text-align:left;\">18 Uhr\n<\/th>\n<\/tr>\n<tr>\n<td colspan=\"2\" style=\"text-align:center;\" bgcolor=\"lightgray\"><b>Aufstellung<\/b>\n<\/td>\n<\/tr>\n<tr>\n<th style=\"text-align:left;\"><b>Tor<\/b>\n<\/th>\n<th><a href=\"\/Bartlomiej_Zynel\" class=\"mw-redirect\" title=\"Bartlomiej Zynel\">Bartlomiej Zynel<\/a>\n<\/th>\n<\/tr>\n<tr>\n<th style=\"text-align:left;\"><b>Verteidigung<\/b>\n<\/th>\n<th><a href=\"\/Sandro_Ingolitsch\" title=\"Sandro Ingolitsch\">Sandro Ingolitsch<\/a> &#8211; <a href=\"\/Igor\" class=\"mw-redirect\" title=\"Igor\">Igor<\/a> &#8211; <a href=\"\/Luca_Meisl\" title=\"Luca Meisl\">Luca Meisl<\/a> &#8211; <a href=\"\/Gideon_Mensah\" title=\"Gideon Mensah\">Gideon Mensah<\/a>\n<\/th>\n<\/tr>\n<tr>\n<th style=\"text-align:left;\"><b>Mittelfeld<\/b>\n<\/th>\n<th><a href=\"\/Xaver_Schlager\" title=\"Xaver Schlager\">Xaver Schlager<\/a> (C)- <a href=\"\/Amadou_Haidara\" title=\"Amadou Haidara\">Amadou Haidara<\/a> &#8211; <a href=\"\/Nico_Gorzel\" title=\"Nico Gorzel\">Nico Gorzel<\/a> &#8211; <a href=\"\/Hannes_Wolf\" title=\"Hannes Wolf\">Hannes Wolf<\/a>\n<\/th>\n<\/tr>\n<tr>\n<th style=\"text-align:left;\"><b>Sturm<\/b>\n<\/th>\n<th><a href=\"\/Oliver_Filip\" title=\"Oliver Filip\">Oliver Filip<\/a> &#8211; <a href=\"\/Mergim_Berisha\" title=\"Mergim Berisha\">Mergim Berisha<\/a>\n<\/th>\n<\/tr>\n<tr>\n<td colspan=\"2\" style=\"text-align:center;\" bgcolor=\"lightgray\"><b>Wechsel<\/b>\n<\/td>\n<\/tr>\n<tr>\n<th style=\"text-align:left;\"><b>Wechsel<\/b>\n<\/th>\n<th style=\"text-align:left;\"><a href=\"\/Nicolas_Meister\" title=\"Nicolas Meister\">Nicolas Meister<\/a> f\u00fcr Filip (71.), <a href=\"\/Philipp_Sturm\" title=\"Philipp Sturm\">Philipp Sturm<\/a> f\u00fcr Schlager (90.)\n<\/th>\n<\/tr>\n<tr>\n<td colspan=\"2\" style=\"text-align:center;\" bgcolor=\"lightgray\"><b>Statistik<\/b>\n<\/td>\n<\/tr>\n<tr>\n<th style=\"text-align:left;\"><b>Endstand<\/b>\n<\/th>\n<th style=\"text-align:left;\">1:1 (1:1); 4:3 im Elfmeterschie\u00dfen\n<\/th>\n<\/tr>\n<tr>\n<th style=\"text-align:left;\"><b>Torsch\u00fctzen<\/b>\n<\/th>\n<th style=\"text-align:left;\">Wolf (12.); Nmecha (30.)\n<\/th>\n<\/tr>\n<tr>\n<th style=\"text-align:left;\"><b>Gelbe Karten<\/b>\n<\/th>\n<th style=\"text-align:left;\">Mensah (87.);Adarabioyo (38.), Smith (73.), Kongolo (75.), Fernandes Cantin (88.), Grimshaw (Elfmeterschie\u00dfen)\n<\/th>\n<\/tr>\n<tr>\n<th style=\"text-align:left;\"><b>Rote Karten<\/b>\n<\/th>\n<th style=\"text-align:left;\">\n<\/th>\n<\/tr>\n<tr>\n<th style=\"text-align:left;\"><b>Schiedsrichter<\/b>\n<\/th>\n<th style=\"text-align:left;\">Kristo Tohver (EST)\n<\/th>\n<\/tr>\n<tr>\n<th style=\"text-align:left;\"><b>Stadion<\/b>\n<\/th>\n<th style=\"text-align:left;\">Red Bull Arena, Salzburg\n<\/th>\n<\/tr>\n<tr>\n<th style=\"text-align:left;\"><b>Zuschauer<\/b>\n<\/th>\n<th style=\"text-align:left;\">1890\n<\/th>\n<\/tr>\n<\/tbody>\n<\/table>\n<h2><span class=\"mw-headline\" id=\"Weblinks\">Weblinks<\/span><a href=\"\/index.php?title=FC_Salzburg_gegen_Manchester_City_Academy&amp;action=edit&amp;section=2\" title=\"Abschnitt bearbeiten: Weblinks\">Bearbeiten<\/a><span class=\"mw-editsection-bracket\">]<\/span><\/span><\/h2>\n<ul>\n<li><a rel=\"nofollow\" class=\"external text\" href=\"http:\/\/www.redbullsalzburg.at\/de\/fc-red-bull-salzburg\/news\/saison_2016_17\/jungbullen-stehen-nach-grandiosem-sieg-im-achtelfinale-.html\">Spielbericht Vereinshomepage<\/a><\/li>\n<\/ul>\n<h2><span class=\"mw-headline\" id=\"Bilder\">Bilder<\/span><a href=\"\/index.php?title=FC_Salzburg_gegen_Manchester_City_Academy&amp;action=edit&amp;section=3\" title=\"Abschnitt bearbeiten: Bilder\">Bearbeiten<\/a><span class=\"mw-editsection-bracket\">]<\/span><\/span><\/h2>\n<ul class=\"gallery mw-gallery-traditional\">\n<li class=\"gallerybox\" style=\"width: 155px\">\n<div style=\"width: 155px\">\n<div class=\"thumb\" style=\"width: 150px;\">\n<div style=\"margin:39.5px auto;\"><a href=\"\/Datei:FC_Salzburg_gegen_Manchester_City_FC_(U19_8._Februar_2017)_33.jpg\" class=\"image\"><img alt=\"FC Salzburg gegen Manchester City FC (U19 8. Februar 2017) 33.jpg\" src=\"\/images\/thumb\/4\/4e\/FC_Salzburg_gegen_Manchester_City_FC_%28U19_8._Februar_2017%29_33.jpg\/120px-FC_Salzburg_gegen_Manchester_City_FC_%28U19_8._Februar_2017%29_33.jpg%3Futm_source%3Dcommons.wikimedia.org%26utm_campaign%3Dimageinfo%26utm_content%3Dthumbnail\" decoding=\"async\" width=\"120\" height=\"71\" srcset=\"\/images\/thumb\/4\/4e\/FC_Salzburg_gegen_Manchester_City_FC_%28U19_8._Februar_2017%29_33.jpg\/250px-FC_Salzburg_gegen_Manchester_City_FC_%28U19_8._Februar_2017%29_33.jpg%3Futm_source%3Dcommons.wikimedia.org%26utm_campaign%3Dimageinfo%26utm_content%3Dthumbnail 1.5x\" \/><\/a><\/div>\n<\/div>\n<div class=\"gallerytext\">\n\t\t\t<\/div>\n<\/p><\/div>\n<\/li>\n<li class=\"gallerybox\" style=\"width: 155px\">\n<div style=\"width: 155px\">\n<div class=\"thumb\" style=\"width: 150px;\">\n<div style=\"margin:19.5px auto;\"><a href=\"\/Datei:FC_Salzburg_gegen_Manchester_City_FC_(U19_8._Februar_2017)_37.jpg\" class=\"image\"><img alt=\"FC Salzburg gegen Manchester City FC (U19 8. Februar 2017) 37.jpg\" src=\"\/images\/thumb\/9\/9f\/FC_Salzburg_gegen_Manchester_City_FC_%28U19_8._Februar_2017%29_37.jpg\/120px-FC_Salzburg_gegen_Manchester_City_FC_%28U19_8._Februar_2017%29_37.jpg%3Futm_source%3Dcommons.wikimedia.org%26utm_campaign%3Dimageinfo%26utm_content%3Dthumbnail\" decoding=\"async\" width=\"120\" height=\"111\" srcset=\"\/images\/thumb\/9\/9f\/FC_Salzburg_gegen_Manchester_City_FC_%28U19_8._Februar_2017%29_37.jpg\/250px-FC_Salzburg_gegen_Manchester_City_FC_%28U19_8._Februar_2017%29_37.jpg%3Futm_source%3Dcommons.wikimedia.org%26utm_campaign%3Dimageinfo%26utm_content%3Dthumbnail 1.5x\" \/><\/a><\/div>\n<\/div>\n<div class=\"gallerytext\">\n\t\t\t<\/div>\n<\/p><\/div>\n<\/li>\n<li class=\"gallerybox\" style=\"width: 155px\">\n<div style=\"width: 155px\">\n<div class=\"thumb\" style=\"width: 150px;\">\n<div style=\"margin:22.5px auto;\"><a href=\"\/Datei:UEFA_Youth_League_FC_Salzburg_gegen_Manchester_City_FC_(_8._Februar_2017)_66.jpg\" class=\"image\"><img alt=\"UEFA Youth League FC Salzburg gegen Manchester City FC ( 8. Februar 2017) 66.jpg\" src=\"\/images\/thumb\/6\/6c\/UEFA_Youth_League_FC_Salzburg_gegen_Manchester_City_FC_%28_8._Februar_2017%29_66.jpg\/120px-UEFA_Youth_League_FC_Salzburg_gegen_Manchester_City_FC_%28_8._Februar_2017%29_66.jpg%3Futm_source%3Dcommons.wikimedia.org%26utm_campaign%3Dimageinfo%26utm_content%3Dthumbnail\" decoding=\"async\" width=\"120\" height=\"105\" srcset=\"\/images\/thumb\/6\/6c\/UEFA_Youth_League_FC_Salzburg_gegen_Manchester_City_FC_%28_8._Februar_2017%29_66.jpg\/250px-UEFA_Youth_League_FC_Salzburg_gegen_Manchester_City_FC_%28_8._Februar_2017%29_66.jpg%3Futm_source%3Dcommons.wikimedia.org%26utm_campaign%3Dimageinfo%26utm_content%3Dthumbnail 1.5x\" \/><\/a><\/div>\n<\/div>\n<div class=\"gallerytext\">\n\t\t\t<\/div>\n<\/p><\/div>\n<\/li>\n<li class=\"gallerybox\" style=\"width: 155px\">\n<div style=\"width: 155px\">\n<div class=\"thumb\" style=\"width: 150px;\">\n<div style=\"margin:15px auto;\"><a href=\"\/Datei:UEFA_Youth_League_FC_Salzburg_gegen_Manchester_City_FC_(_8._Februar_2017)_72.jpg\" class=\"image\"><img loading=\"lazy\" alt=\"UEFA Youth League FC Salzburg gegen Manchester City FC ( 8. Februar 2017) 72.jpg\" src=\"\/images\/thumb\/2\/23\/UEFA_Youth_League_FC_Salzburg_gegen_Manchester_City_FC_%28_8._Februar_2017%29_72.jpg\/120px-UEFA_Youth_League_FC_Salzburg_gegen_Manchester_City_FC_%28_8._Februar_2017%29_72.jpg%3Futm_source%3Dcommons.wikimedia.org%26utm_campaign%3Dimageinfo%26utm_content%3Dthumbnail\" decoding=\"async\" width=\"97\" height=\"120\" srcset=\"\/images\/thumb\/2\/23\/UEFA_Youth_League_FC_Salzburg_gegen_Manchester_City_FC_%28_8._Februar_2017%29_72.jpg\/250px-UEFA_Youth_League_FC_Salzburg_gegen_Manchester_City_FC_%28_8._Februar_2017%29_72.jpg%3Futm_source%3Dcommons.wikimedia.org%26utm_campaign%3Dimageinfo%26utm_content%3Dthumbnail 1.5x\" \/><\/a><\/div>\n<\/div>\n<div class=\"gallerytext\">\n\t\t\t<\/div>\n<\/p><\/div>\n<\/li>\n<\/ul>\n<p><img loading=\"lazy\" alt=\"\" src=\"\/images\/thumb\/4\/4a\/Commons-logo.svg\/langde-20px-Commons-logo.svg.png%3Futm_source%3Dcommons.wikimedia.org%26utm_campaign%3Dimageinfo%26utm_content%3Dthumbnail\" decoding=\"async\" title=\"Commons\" width=\"12\" height=\"16\" srcset=\"\/images\/thumb\/4\/4a\/Commons-logo.svg\/langde-40px-Commons-logo.svg.png%3Futm_source%3Dcommons.wikimedia.org%26utm_campaign%3Dimageinfo%26utm_content%3Dthumbnail 2x\" \/>&#160;<b><a href=\"http:\/\/commons.wikimedia.org\/wiki\/Category:FC_Salzburg_gegen_Manchester_City_FC_(UEFA_Youth_League_U19)\" class=\"extiw\" title=\"commons:Category:FC Salzburg gegen Manchester City FC (UEFA Youth League U19)\">FC Salzburg gegen Manchester City Academy<\/a><\/b>&#160;\u2013 Sammlung von Bildern, Videos und Audiodateien auf <a href=\"\/Wikimedia_Commons\" title=\"Wikimedia Commons\">Wikimedia Commons<\/a>\n<\/p>\n<h2><span class=\"mw-headline\" id=\"Stimmen_zum_Spiel\">Stimmen zum Spiel<\/span><a href=\"\/index.php?title=FC_Salzburg_gegen_Manchester_City_Academy&amp;action=edit&amp;section=4\" title=\"Abschnitt bearbeiten: Stimmen zum Spiel\">Bearbeiten<\/a><span class=\"mw-editsection-bracket\">]<\/span><\/span><\/h2>\n<p><b>Marco Rose:<\/b> Ich bin sehr stolz auf die Leistung meiner Mannschaft und ich denke, dass es selten einen verdienteren Sieg gab. Wir haben das Geschehen bestimmt, uns mehr Chancen erarbeitet und einen wirklich gro\u00dfen Fight abgeliefert. Uns war bewusst, dass wir gegen eine gute Mannschaft spielen und in manchen Phasen auch geduldig agieren m\u00fcssen \u2013 die Jungs haben das klasse gemacht. Mich freut es, dass wir nun unseren Verein auch weiterhin international vertreten d\u00fcrfen.\n<\/p>\n<p><b>Hannes Wolf:<\/b> Ich habe in meinem ganzen Leben noch nie so ein Spiel erlebt. Wir haben bis zum Ende geschlossen gefightet und h\u00e4tten die Partie schon nach der regul\u00e4ren Spielzeit entscheiden m\u00fcssen. Leider haben wir viele gute M\u00f6glichkeiten ausgelassen. Das Elfmeterschie\u00dfen hat ganz schlecht f\u00fcr uns begonnen, aber dann hat sich das Ganze noch zu unseren Gunsten gedreht. Jetzt sind wir \u00fcbergl\u00fccklich, dass wir uns f\u00fcrs Achtelfinale qualifiziert haben. Es ist aktuell noch schwer, die richtigen Worte zu finden.\n<\/p>\n<\/div>\n","protected":false},"excerpt":{"rendered":"<p>FaktenBearbeiten] FC Red Bull Salzburg (U19) gegen Manchester City (U19), 1:1 (4:3 Elmeterschie\u00dfen) Spieltag UEFA Youth League Play-off Datum 8. Februar 2017 Anpfiff 18 Uhr Aufstellung Tor Bartlomiej Zynel Verteidigung Sandro Ingolitsch &#8211; Igor &#8211; Luca Meisl &#8211; Gideon Mensah Mittelfeld Xaver Schlager (C)- Amadou Haidara &#8211; Nico Gorzel &#8211; Hannes Wolf Sturm Oliver Filip [&hellip;]<\/p>\n","protected":false},"author":1,"featured_media":0,"parent":0,"menu_order":0,"comment_status":"closed","ping_status":"closed","template":"","meta":{"footnotes":""},"class_list":["post-4314","page","type-page","status-publish","hentry"],"_links":{"self":[{"href":"https:\/\/wiki.s12.at\/index.php\/wp-json\/wp\/v2\/pages\/4314","targetHints":{"allow":["GET"]}}],"collection":[{"href":"https:\/\/wiki.s12.at\/index.php\/wp-json\/wp\/v2\/pages"}],"about":[{"href":"https:\/\/wiki.s12.at\/index.php\/wp-json\/wp\/v2\/types\/page"}],"author":[{"embeddable":true,"href":"https:\/\/wiki.s12.at\/index.php\/wp-json\/wp\/v2\/users\/1"}],"replies":[{"embeddable":true,"href":"https:\/\/wiki.s12.at\/index.php\/wp-json\/wp\/v2\/comments?post=4314"}],"version-history":[{"count":0,"href":"https:\/\/wiki.s12.at\/index.php\/wp-json\/wp\/v2\/pages\/4314\/revisions"}],"wp:attachment":[{"href":"https:\/\/wiki.s12.at\/index.php\/wp-json\/wp\/v2\/media?parent=4314"}],"curies":[{"name":"wp","href":"https:\/\/api.w.org\/{rel}","templated":true}]}}