{"id":4306,"date":"2026-05-06T15:41:48","date_gmt":"2026-05-06T13:41:48","guid":{"rendered":"https:\/\/wiki.s12.at\/index.php\/fc-salzburg-gegen-fc-schalke04\/"},"modified":"2026-05-06T15:41:48","modified_gmt":"2026-05-06T13:41:48","slug":"fc-salzburg-gegen-fc-schalke04","status":"publish","type":"page","link":"https:\/\/wiki.s12.at\/index.php\/fc-salzburg-gegen-fc-schalke04\/","title":{"rendered":"FC Salzburg gegen FC Schalke04"},"content":{"rendered":"<div class=\"mw-parser-output\">\n<h2><span class=\"mw-headline\" id=\"Fakten\">Fakten<\/span><a href=\"\/index.php?title=FC_Salzburg_gegen_FC_Schalke04&amp;action=edit&amp;section=1\" title=\"Abschnitt bearbeiten: Fakten\">Bearbeiten<\/a><span class=\"mw-editsection-bracket\">]<\/span><\/span><\/h2>\n<table class=\"toptextcells toccolours\">\n<tbody>\n<tr>\n<th colspan=\"2\" style=\"text-align: center; vertical-align: top; padding: 0.3em 0.8em; font-size: 125%; background-color: lightsteelblue;\">FC Salzburg gegen FC Schalke 04, 2:0\n<\/th>\n<\/tr>\n<tr>\n<th style=\"text-align:left;\"><b>Spieltag<\/b>\n<\/th>\n<th style=\"text-align:left;\">UEFA Euro-League\n<\/th>\n<\/tr>\n<tr>\n<th style=\"text-align:left;\"><b>Datum<\/b>\n<\/th>\n<th style=\"text-align:left;\">8. Dezember 2016\n<\/th>\n<\/tr>\n<tr>\n<th style=\"text-align:left;\"><b>Anpfiff<\/b>\n<\/th>\n<th style=\"text-align:left;\">21.05 Uhr\n<\/th>\n<\/tr>\n<tr>\n<td colspan=\"2\" style=\"text-align:center;\" bgcolor=\"lightgray\"><b>Aufstellung<\/b>\n<\/td>\n<\/tr>\n<tr>\n<th style=\"text-align:left;\"><b>Tor<\/b>\n<\/th>\n<th><a href=\"\/Cican_Stankovic\" title=\"Cican Stankovic\">Cican Stankovic<\/a>\n<\/th>\n<\/tr>\n<tr>\n<th style=\"text-align:left;\"><b>Verteidigung<\/b>\n<\/th>\n<th><a href=\"\/Christian_Schwegler\" title=\"Christian Schwegler\">Christian Schwegler<\/a> &#8211; <a href=\"\/Andre_Wisdom\" title=\"Andre Wisdom\">Andre Wisdom<\/a> &#8211; <a href=\"\/Duje_Caleta-Car\" title=\"Duje Caleta-Car\">Duje Caleta-Car<\/a> &#8211; <a href=\"\/Stefan_Lainer\" title=\"Stefan Lainer\">Stefan Lainer<\/a>\n<\/th>\n<\/tr>\n<tr>\n<th style=\"text-align:left;\"><b>Mittelfeld<\/b>\n<\/th>\n<th><a href=\"\/Konrad_Laimer\" title=\"Konrad Laimer\">Konrad Laimer<\/a> &#8211; <a href=\"\/Josip_Radosevic\" title=\"Josip Radosevic\">Josip Radosevic<\/a> &#8211; <a href=\"\/Marc_Rzatkowski\" title=\"Marc Rzatkowski\">Marc Rzatkowski<\/a> &#8211; <a href=\"\/Xaver_Schlager\" title=\"Xaver Schlager\">Xaver Schlager<\/a>\n<\/th>\n<\/tr>\n<tr>\n<th style=\"text-align:left;\"><b>Sturm<\/b>\n<\/th>\n<th>&#8211; <a href=\"\/Valentino_Lazaro\" title=\"Valentino Lazaro\">Valentino Lazaro<\/a> &#8211; <a href=\"\/Takumi_Minamino\" title=\"Takumi Minamino\">Takumi Minamino<\/a>\n<\/th>\n<\/tr>\n<tr>\n<td colspan=\"2\" style=\"text-align:center;\" bgcolor=\"lightgray\"><b>Wechsel<\/b>\n<\/td>\n<\/tr>\n<tr>\n<th style=\"text-align:left;\"><b>Wechsel<\/b>\n<\/th>\n<th style=\"text-align:left;\"><a href=\"\/Diadie_Samassekou\" title=\"Diadie Samassekou\">Diadie Samassekou<\/a> f\u00fcr Laimer (60.), <a href=\"\/Hannes_Wolf\" title=\"Hannes Wolf\">Hannes Wolf<\/a> f\u00fcr Lazaro (75.), <a href=\"\/Reinhold_Yabo\" title=\"Reinhold Yabo\">Reinhold Yabo<\/a> f\u00fcr Schlager (85.)\n<\/th>\n<\/tr>\n<tr>\n<td colspan=\"2\" style=\"text-align:center;\" bgcolor=\"lightgray\"><b>Statistik<\/b>\n<\/td>\n<\/tr>\n<tr>\n<th style=\"text-align:left;\"><b>Endstand<\/b>\n<\/th>\n<th style=\"text-align:left;\">2:0 (1:0)\n<\/th>\n<\/tr>\n<tr>\n<th style=\"text-align:left;\"><b>Torsch\u00fctzen<\/b>\n<\/th>\n<th style=\"text-align:left;\">Schlager (22.), Radosevic (94.)\n<\/th>\n<\/tr>\n<tr>\n<th style=\"text-align:left;\"><b>Gelbe Karten<\/b>\n<\/th>\n<th style=\"text-align:left;\">Hwang (85.), Laimer (88.); Dalbert (71.)\n<\/th>\n<\/tr>\n<tr>\n<th style=\"text-align:left;\"><b>Rote Karten<\/b>\n<\/th>\n<th style=\"text-align:left;\">\n<\/th>\n<\/tr>\n<tr>\n<th style=\"text-align:left;\"><b>Schiedsrichter<\/b>\n<\/th>\n<th style=\"text-align:left;\">Radu Petrescu (Rum\u00e4nien)\n<\/th>\n<\/tr>\n<tr>\n<th style=\"text-align:left;\"><b>Stadion<\/b>\n<\/th>\n<th style=\"text-align:left;\">EM Stadion Wals-Siezenheim, Salzburg\n<\/th>\n<\/tr>\n<tr>\n<th style=\"text-align:left;\"><b>Zuschauer<\/b>\n<\/th>\n<th style=\"text-align:left;\">23 133\n<\/th>\n<\/tr>\n<\/tbody>\n<\/table>\n<ul>\n<li>Xaver Schlager schoss sein erstes Tor f\u00fcr die Bullen<\/li>\n<li>Der 17j\u00e4hrige Hannes Wolf feierte sein Deb\u00fct in der ersten Mannschaft und kam gleich auf eine Torvorlage.<\/li>\n<\/ul>\n<h2><span class=\"mw-headline\" id=\"Weblinks\">Weblinks<\/span><a href=\"\/index.php?title=FC_Salzburg_gegen_FC_Schalke04&amp;action=edit&amp;section=2\" title=\"Abschnitt bearbeiten: Weblinks\">Bearbeiten<\/a><span class=\"mw-editsection-bracket\">]<\/span><\/span><\/h2>\n<p><a rel=\"nofollow\" class=\"external text\" href=\"http:\/\/www.redbullsalzburg.at\/de\/fc-red-bull-salzburg\/news\/saison_2016_17\/salzburg-siegt-gegen-schalke-zum-abschluss-der-el-gruppenphase.html\">Spielbericht Vereinshomepage<\/a>\n<\/p>\n<h2><span class=\"mw-headline\" id=\"Bilder\">Bilder<\/span><a href=\"\/index.php?title=FC_Salzburg_gegen_FC_Schalke04&amp;action=edit&amp;section=3\" title=\"Abschnitt bearbeiten: Bilder\">Bearbeiten<\/a><span class=\"mw-editsection-bracket\">]<\/span><\/span><\/h2>\n<p>(c)GEPA\n<\/p>\n<ul class=\"gallery mw-gallery-traditional\">\n<li class=\"gallerybox\" style=\"width: 155px\">\n<div style=\"width: 155px\">\n<div class=\"thumb\" style=\"width: 150px;\">\n<div style=\"margin:35px auto;\"><a href=\"\/Datei:SchalkeSBG_(1).jpg\" class=\"image\"><img alt=\"SchalkeSBG (1).jpg\" src=\"\/images\/thumb\/e\/e9\/SchalkeSBG_%281%29.jpg\/120px-SchalkeSBG_%281%29.jpg\" decoding=\"async\" width=\"120\" height=\"80\" srcset=\"\/images\/thumb\/e\/e9\/SchalkeSBG_%281%29.jpg\/180px-SchalkeSBG_%281%29.jpg 1.5x, \/images\/thumb\/e\/e9\/SchalkeSBG_%281%29.jpg\/240px-SchalkeSBG_%281%29.jpg 2x\" \/><\/a><\/div>\n<\/div>\n<div class=\"gallerytext\">\n\t\t\t<\/div>\n<\/p><\/div>\n<\/li>\n<li class=\"gallerybox\" style=\"width: 155px\">\n<div style=\"width: 155px\">\n<div class=\"thumb\" style=\"width: 150px;\">\n<div style=\"margin:15px auto;\"><a href=\"\/Datei:FCS_SCHALKE04_(1).PNG\" class=\"image\"><img alt=\"FCS SCHALKE04 (1).PNG\" src=\"\/images\/thumb\/7\/78\/FCS_SCHALKE04_%281%29.PNG\/106px-FCS_SCHALKE04_%281%29.PNG\" decoding=\"async\" width=\"106\" height=\"120\" srcset=\"\/images\/thumb\/7\/78\/FCS_SCHALKE04_%281%29.PNG\/158px-FCS_SCHALKE04_%281%29.PNG 1.5x, \/images\/thumb\/7\/78\/FCS_SCHALKE04_%281%29.PNG\/211px-FCS_SCHALKE04_%281%29.PNG 2x\" \/><\/a><\/div>\n<\/div>\n<div class=\"gallerytext\">\n\t\t\t<\/div>\n<\/p><\/div>\n<\/li>\n<li class=\"gallerybox\" style=\"width: 155px\">\n<div style=\"width: 155px\">\n<div class=\"thumb\" style=\"width: 150px;\">\n<div style=\"margin:26px auto;\"><a href=\"\/Datei:FCS_SCHALKE04_Schlager_(1).jpg\" class=\"image\"><img alt=\"FCS SCHALKE04 Schlager (1).jpg\" src=\"\/images\/thumb\/1\/1d\/FCS_SCHALKE04_Schlager_%281%29.jpg\/120px-FCS_SCHALKE04_Schlager_%281%29.jpg\" decoding=\"async\" width=\"120\" height=\"98\" srcset=\"\/images\/thumb\/1\/1d\/FCS_SCHALKE04_Schlager_%281%29.jpg\/180px-FCS_SCHALKE04_Schlager_%281%29.jpg 1.5x, \/images\/thumb\/1\/1d\/FCS_SCHALKE04_Schlager_%281%29.jpg\/240px-FCS_SCHALKE04_Schlager_%281%29.jpg 2x\" \/><\/a><\/div>\n<\/div>\n<div class=\"gallerytext\">\n\t\t\t<\/div>\n<\/p><\/div>\n<\/li>\n<li class=\"gallerybox\" style=\"width: 155px\">\n<div style=\"width: 155px\">\n<div class=\"thumb\" style=\"width: 150px;\">\n<div style=\"margin:35px auto;\"><a href=\"\/Datei:FCS_SCHALKE04_(2).jpg\" class=\"image\"><img loading=\"lazy\" alt=\"FCS SCHALKE04 (2).jpg\" src=\"\/images\/thumb\/5\/5f\/FCS_SCHALKE04_%282%29.jpg\/120px-FCS_SCHALKE04_%282%29.jpg\" decoding=\"async\" width=\"120\" height=\"80\" srcset=\"\/images\/thumb\/5\/5f\/FCS_SCHALKE04_%282%29.jpg\/180px-FCS_SCHALKE04_%282%29.jpg 1.5x, \/images\/thumb\/5\/5f\/FCS_SCHALKE04_%282%29.jpg\/240px-FCS_SCHALKE04_%282%29.jpg 2x\" \/><\/a><\/div>\n<\/div>\n<div class=\"gallerytext\">\n\t\t\t<\/div>\n<\/p><\/div>\n<\/li>\n<li class=\"gallerybox\" style=\"width: 155px\">\n<div style=\"width: 155px\">\n<div class=\"thumb\" style=\"width: 150px;\">\n<div style=\"margin:15px auto;\"><a href=\"\/Datei:FCS_SCHALKE04_(3).jpg\" class=\"image\"><img loading=\"lazy\" alt=\"FCS SCHALKE04 (3).jpg\" src=\"\/images\/thumb\/1\/16\/FCS_SCHALKE04_%283%29.jpg\/80px-FCS_SCHALKE04_%283%29.jpg\" decoding=\"async\" width=\"80\" height=\"120\" srcset=\"\/images\/thumb\/1\/16\/FCS_SCHALKE04_%283%29.jpg\/119px-FCS_SCHALKE04_%283%29.jpg 1.5x, \/images\/thumb\/1\/16\/FCS_SCHALKE04_%283%29.jpg\/159px-FCS_SCHALKE04_%283%29.jpg 2x\" \/><\/a><\/div>\n<\/div>\n<div class=\"gallerytext\">\n\t\t\t<\/div>\n<\/p><\/div>\n<\/li>\n<li class=\"gallerybox\" style=\"width: 155px\">\n<div style=\"width: 155px\">\n<div class=\"thumb\" style=\"width: 150px;\">\n<div style=\"margin:15px auto;\"><a href=\"\/Datei:FCS_SCHALKE04_(4).jpg\" class=\"image\"><img loading=\"lazy\" alt=\"FCS SCHALKE04 (4).jpg\" src=\"\/images\/thumb\/0\/06\/FCS_SCHALKE04_%284%29.jpg\/80px-FCS_SCHALKE04_%284%29.jpg\" decoding=\"async\" width=\"80\" height=\"120\" srcset=\"\/images\/thumb\/0\/06\/FCS_SCHALKE04_%284%29.jpg\/120px-FCS_SCHALKE04_%284%29.jpg 1.5x, \/images\/thumb\/0\/06\/FCS_SCHALKE04_%284%29.jpg\/160px-FCS_SCHALKE04_%284%29.jpg 2x\" \/><\/a><\/div>\n<\/div>\n<div class=\"gallerytext\">\n\t\t\t<\/div>\n<\/p><\/div>\n<\/li>\n<\/ul>\n<h2><span class=\"mw-headline\" id=\"Stimmen_zum_Spiel\">Stimmen zum Spiel<\/span><a href=\"\/index.php?title=FC_Salzburg_gegen_FC_Schalke04&amp;action=edit&amp;section=4\" title=\"Abschnitt bearbeiten: Stimmen zum Spiel\">Bearbeiten<\/a><span class=\"mw-editsection-bracket\">]<\/span><\/span><\/h2>\n<p><b>Oscar Garcia:<\/b> Ich bin sehr gl\u00fccklich \u00fcber die Leistung meiner Mannschaft, die heute wirklich sehr gut gespielt hat und jene Spieler, die in letzter Zeit oft zum Einsatz gekommen sind, sehr gut kompensiert. Wir waren in der ersten Halbzeit sicherlich die bessere Mannschaft, in der zweiten H\u00e4lfte hat der Gegner dann den Druck auf uns erh\u00f6ht, dennoch konnten wir dem standhalten und haben mehr auf Konter gespielt, aber insgesamt bin ich mit dem heutigen Ergebnis und der Art und Weise, wie wir aufgetreten sind, sehr zufrieden.\n<\/p>\n<p><b>Christian Schwegler:<\/b> Wir wollten uns heute gut verkaufen \u2013 das ist uns definitiv gelungen. Wir haben Schalke gut im Griff gehabt, auch wenn so eine Mannschaft immer zu Chancen kommt \u2013 das ist normal. Ich denke, das war Werbung in eigener Sache und ich hoffe, dass es f\u00fcr unsere Fans wieder ein Anreiz ist, um gegen den Wolfsberger AC noch einmal ins Stadion zu kommen. Das Selbstvertrauen m\u00f6chten wir jetzt in die Ausw\u00e4rtspartie gegen Sturm Graz mitnehmen.\n<\/p>\n<p><b>Xaver Schlager:<\/b> Wir haben heute \u00fcber 90 Minuten wirklich eine hervorragende Leistung gezeigt und uns w\u00fcrdig aus der Europa League verabschiedet. Es macht richtig Spa\u00df, vor so einer tollen Kulisse zu spielen. Ich bin sehr froh, dass wir gegen Schalke 04 gewonnen haben, es war meiner Meinung nach ein mehr als verdienter Erfolg. \u00dcber meinen ersten Treffer bin ich nat\u00fcrlich \u00fcbergl\u00fccklich \u2013 mit Sicherheit ein Highlight meiner bisherigen Karriere.\n<\/p>\n<\/div>\n","protected":false},"excerpt":{"rendered":"<p>FaktenBearbeiten] FC Salzburg gegen FC Schalke 04, 2:0 Spieltag UEFA Euro-League Datum 8. Dezember 2016 Anpfiff 21.05 Uhr Aufstellung Tor Cican Stankovic Verteidigung Christian Schwegler &#8211; Andre Wisdom &#8211; Duje Caleta-Car &#8211; Stefan Lainer Mittelfeld Konrad Laimer &#8211; Josip Radosevic &#8211; Marc Rzatkowski &#8211; Xaver Schlager Sturm &#8211; Valentino Lazaro &#8211; Takumi Minamino Wechsel Wechsel [&hellip;]<\/p>\n","protected":false},"author":1,"featured_media":0,"parent":0,"menu_order":0,"comment_status":"closed","ping_status":"closed","template":"","meta":{"footnotes":""},"class_list":["post-4306","page","type-page","status-publish","hentry"],"_links":{"self":[{"href":"https:\/\/wiki.s12.at\/index.php\/wp-json\/wp\/v2\/pages\/4306","targetHints":{"allow":["GET"]}}],"collection":[{"href":"https:\/\/wiki.s12.at\/index.php\/wp-json\/wp\/v2\/pages"}],"about":[{"href":"https:\/\/wiki.s12.at\/index.php\/wp-json\/wp\/v2\/types\/page"}],"author":[{"embeddable":true,"href":"https:\/\/wiki.s12.at\/index.php\/wp-json\/wp\/v2\/users\/1"}],"replies":[{"embeddable":true,"href":"https:\/\/wiki.s12.at\/index.php\/wp-json\/wp\/v2\/comments?post=4306"}],"version-history":[{"count":0,"href":"https:\/\/wiki.s12.at\/index.php\/wp-json\/wp\/v2\/pages\/4306\/revisions"}],"wp:attachment":[{"href":"https:\/\/wiki.s12.at\/index.php\/wp-json\/wp\/v2\/media?parent=4306"}],"curies":[{"name":"wp","href":"https:\/\/api.w.org\/{rel}","templated":true}]}}